{"id":425,"date":"2025-08-29T21:43:42","date_gmt":"2025-08-29T19:43:42","guid":{"rendered":"https:\/\/seal.transport-manager.net\/IsereSKI\/?page_id=425"},"modified":"2026-02-26T22:00:07","modified_gmt":"2026-02-26T21:00:07","slug":"lignes-urbaines","status":"publish","type":"page","link":"https:\/\/seal.transport-manager.net\/IsereSKI\/lignes-urbaines\/","title":{"rendered":"Lignes Structurantes"},"content":{"rendered":"\n<p class=\"has-black-color has-text-color has-link-color wp-elements-18406a5799cd4422b635729cf3550a0c\" style=\"font-style:italic;font-weight:400\">Lignes Chronos : fr\u00e9quences heures de pointes : 4 \u00e0 7 mim<\/p>\n\n\n\n<div class=\"wp-block-columns is-layout-flex wp-container-core-columns-is-layout-9d6595d7 wp-block-columns-is-layout-flex\">\n<div class=\"wp-block-column is-layout-flow wp-block-column-is-layout-flow\">\n<div style=\"max-width:720px;margin:20px auto;background:#efe4d6;padding:16px;border-radius:14px;align-items:center;gap:12px\">\n<div style=\"background:#f7f7f7;padding:16px;margin:14px 0;border-radius:12px;align-items:center;gap:12px\">\n\n  <img decoding=\"async\" src=\"https:\/\/i.postimg.cc\/52S6cLwx\/Capture-decran-2025-11-01-a-14-30-12-(1).png\" style=\"width:42px;height:42px;border-radius:8px;object-fit:cover\">\n\n  <div style=\"flex:1\">\n    <div style=\"font-weight:700\">Ligne C1 \u2014 Palluel \u2194 Gares<\/div>\n    <div style=\"font-size:14px;color:#555\">\ud83d\ude8d 9,8 km \u2022 19 min \u2022 17 arr\u00eats<\/div>\n<div style=\"margin-top:8px;font-weight:700;color:#E39B38\">\n\u23f1 7 min en pointe\n<\/div>\n<\/div>\n\n   \n <a href=\"https:\/\/seal.transport-manager.net\/IsereSKI\/vos-deplacement\/les-lignes\/ligne-1\/\" style=\"margin-top:10px;padding:8px 14px;background:#E39B38;color:white;text-decoration:none;border-radius:8px;font-size:14px;font-weight:600\">\n      Voir la ligne \u2192\n    <\/a>\n  <\/div>\n\n<\/div>\n<\/div>\n\n\n\n<div class=\"wp-block-column is-layout-flow wp-block-column-is-layout-flow\">\n<div style=\"max-width:720px;margin:20px auto;background:#efe4d6;padding:16px;border-radius:14px;align-items:center;gap:12px\">\n<div style=\"background:#f7f7f7;padding:16px;margin:14px 0;border-radius:12px;align-items:center;gap:12px\">\n\n  <img decoding=\"async\" src=\"https:\/\/i.postimg.cc\/RFLBhLVp\/Capture-d-e-cran-2025-11-01-a-14-28-58.png\" style=\"width:42px;height:42px;border-radius:8px;object-fit:cover\">\n\n  <div style=\"flex:1\">\n    <div style=\"font-weight:700\">Ligne C2 \u2014 Les Claverins \u2194 Gares<\/div>\n    <div style=\"font-size:14px;color:#555\">\ud83d\ude8d 14 km \u2022 40 min \u2022 25 arr\u00eats<\/div>\n<div style=\"margin-top:8px;font-weight:700;color:#E39B38\">\n\u23f1 6 min en pointe\n<\/div>\n<\/div>\n\n   \n <a href=\"https:\/\/seal.transport-manager.net\/IsereSKI\/vos-deplacement\/les-lignes\/ligne-2\/\" style=\"margin-top:10px;padding:8px 14px;background:#E39B38;color:white;text-decoration:none;border-radius:8px;font-size:14px;font-weight:600\">\n      Voir la ligne \u2192\n    <\/a>\n  <\/div>\n\n<\/div>\n<\/div>\n\n\n\n<div class=\"wp-block-column is-layout-flow wp-block-column-is-layout-flow\">\n<div style=\"max-width:720px;margin:20px auto;background:#efe4d6;padding:16px;border-radius:14px;align-items:center;gap:12px\">\n<div style=\"background:#f7f7f7;padding:16px;margin:14px 0;border-radius:12px;align-items:center;gap:12px\">\n\n  <img decoding=\"async\" src=\"https:\/\/i.postimg.cc\/X7z0rJ4f\/Capture-d-e-cran-2025-11-01-a-14-29-22.png\" style=\"width:42px;height:42px;border-radius:8px;object-fit:cover\">\n\n  <div style=\"flex:1\">\n    <div style=\"font-weight:700\">Ligne C3 \u2014 La Valonne \u2194 Gares<\/div>\n    <div style=\"font-size:14px;color:#555\">\ud83d\ude8d 18 km \u2022 28 min \u2022 34 arr\u00eats<\/div>\n<div style=\"margin-top:8px;font-weight:700;color:#E39B38\">\n\u23f1 5 min en pointe\n<\/div>\n<\/div>\n\n   \n <a href=\"https:\/\/seal.transport-manager.net\/IsereSKI\/vos-deplacement\/les-lignes\/ligne-3\/\" style=\"margin-top:10px;padding:8px 14px;background:#E39B38;color:white;text-decoration:none;border-radius:8px;font-size:14px;font-weight:600\">\n      Voir la ligne \u2192\n    <\/a>\n  <\/div>\n\n<\/div>\n<\/div>\n<\/div>\n\n\n\n<p class=\"has-black-color has-text-color has-link-color wp-elements-9b9a5fc3bcc0d2d03a289e95c465d1ab\" style=\"font-style:italic;font-weight:400\">Lignes Urbaines : fr\u00e9quences heures de pointes : 8 \u00e0 15 min<\/p>\n\n\n\n<div class=\"wp-block-columns is-layout-flex wp-container-core-columns-is-layout-9d6595d7 wp-block-columns-is-layout-flex\">\n<div class=\"wp-block-column is-layout-flow wp-block-column-is-layout-flow\">\n<div style=\"max-width:720px;margin:20px auto;background:#efe4d6;padding:16px;border-radius:14px;align-items:center;gap:12px\">\n<div style=\"background:#fff4e6;padding:16px;margin:14px 0;border-radius:12px;align-items:center;gap:12px\">\n\n  <img decoding=\"async\" src=\"https:\/\/i.postimg.cc\/D0pgn0HR\/Capture-d-e-cran-2025-11-01-a-17-18-17.png\" style=\"width:42px;height:42px;border-radius:8px;object-fit:cover\">\n\n  <div style=\"flex:1\">\n    <div style=\"font-weight:700\">Ligne 4 \u2014 Lyc\u00e9e du Gr\u00e9sivaudan \u2194 Gares<\/div>\n    <div style=\"font-size:14px;color:#555\">\ud83d\ude8d 7,4 km \u2022 23 min \u2022 23 arr\u00eats<\/div>\n<div style=\"margin-top:8px;font-weight:700;color:#E39B38\">\n\u23f1 14 min en pointe\n<\/div>\n<\/div>\n\n   \n <a href=\"https:\/\/seal.transport-manager.net\/IsereSKI\/vos-deplacement\/les-lignes\/ligne-4\/\" style=\"margin-top:10px;padding:8px 14px;background:#E39B38;color:white;text-decoration:none;border-radius:8px;font-size:14px;font-weight:600\">\n      Voir la ligne \u2192\n    <\/a>\n  <\/div>\n\n<\/div>\n<\/div>\n\n\n\n<div class=\"wp-block-column is-layout-flow wp-block-column-is-layout-flow\">\n<div style=\"max-width:720px;margin:20px auto;background:#efe4d6;padding:16px;border-radius:14px;align-items:center;gap:12px\">\n<div style=\"background:#fff4e6;padding:16px;margin:14px 0;border-radius:12px;align-items:center;gap:12px\">\n\n  <img decoding=\"async\" src=\"https:\/\/i.postimg.cc\/Dzc17mXT\/Capture-d-e-cran-2025-11-02-a-08-45-54.png\" style=\"width:42px;height:42px;border-radius:8px;object-fit:cover\">\n\n  <div style=\"flex:1\">\n    <div style=\"font-weight:700\">Ligne 5 \u2014 Le Prisme \u2194 Universit\u00e9s Biblioth\u00e8ques<\/div>\n    <div style=\"font-size:14px;color:#555\">\ud83d\ude8d 10 km \u2022 32 min \u2022 24 arr\u00eats<\/div>\n<div style=\"margin-top:8px;font-weight:700;color:#E39B38\">\n\u23f1 10 min en pointe\n<\/div>\n<\/div>\n\n   \n <a href=\"https:\/\/seal.transport-manager.net\/IsereSKI\/vos-deplacement\/les-lignes\/ligne-5\/\" style=\"margin-top:10px;padding:8px 14px;background:#E39B38;color:white;text-decoration:none;border-radius:8px;font-size:14px;font-weight:600\">\n      Voir la ligne \u2192\n    <\/a>\n  <\/div>\n\n<\/div>\n<\/div>\n\n\n\n<div class=\"wp-block-column is-layout-flow wp-block-column-is-layout-flow\">\n<div style=\"max-width:720px;margin:20px auto;background:#efe4d6;padding:16px;border-radius:14px;align-items:center;gap:12px\">\n<div style=\"background:#fff4e6;padding:16px;margin:14px 0;border-radius:12px;align-items:center;gap:12px\">\n\n  <img decoding=\"async\" src=\"https:\/\/i.postimg.cc\/nVXTGYmb\/Capture-d-e-cran-2025-11-02-a-09-01-54.png\" style=\"width:42px;height:42px;border-radius:8px;object-fit:cover\">\n\n  <div style=\"flex:1\">\n    <div style=\"font-weight:700\">Ligne 6 \u2014 Grand&rsquo;Place \u2194 Universit\u00e9s Biblioth\u00e8ques<\/div>\n    <div style=\"font-size:14px;color:#555\">\ud83d\ude8d 12 km \u2022 36 min \u2022 28 arr\u00eats<\/div>\n<div style=\"margin-top:8px;font-weight:700;color:#E39B38\">\n\u23f1 8 min en pointe\n<\/div>\n<\/div>\n\n   \n <a href=\"https:\/\/seal.transport-manager.net\/IsereSKI\/vos-deplacement\/les-lignes\/ligne-6\/\" style=\"margin-top:10px;padding:8px 14px;background:#E39B38;color:white;text-decoration:none;border-radius:8px;font-size:14px;font-weight:600\">\n      Voir la ligne \u2192\n    <\/a>\n  <\/div>\n\n<\/div>\n<\/div>\n<\/div>\n\n\n\n<div class=\"wp-block-columns is-layout-flex wp-container-core-columns-is-layout-9d6595d7 wp-block-columns-is-layout-flex\">\n<div class=\"wp-block-column is-layout-flow wp-block-column-is-layout-flow\">\n<div style=\"max-width:720px;margin:20px auto;background:#efe4d6;padding:16px;border-radius:14px;align-items:center;gap:12px\">\n<div style=\"background:#fff4e6;padding:16px;margin:14px 0;border-radius:12px;align-items:center;gap:12px\">\n\n  <img decoding=\"async\" src=\"https:\/\/i.postimg.cc\/pXNQYNx6\/Capture-d-e-cran-2025-11-02-a-10-06-52.png\" style=\"width:42px;height:42px;border-radius:8px;object-fit:cover\">\n\n  <div style=\"flex:1\">\n    <div style=\"font-weight:700\">Ligne 7 \u2014 Centre du Graphisme \u2194 Victor Hugo<\/div>\n    <div style=\"font-size:14px;color:#555\">\ud83d\ude8d 13 km \u2022 41 min \u2022 41 arr\u00eats<\/div>\n<div style=\"margin-top:8px;font-weight:700;color:#E39B38\">\n\u23f1 14 min en pointe\n<\/div>\n<\/div>\n\n   \n <a href=\"https:\/\/seal.transport-manager.net\/IsereSKI\/vos-deplacement\/les-lignes\/ligne-7\/\" style=\"margin-top:10px;padding:8px 14px;background:#E39B38;color:white;text-decoration:none;border-radius:8px;font-size:14px;font-weight:600\">\n      Voir la ligne \u2192\n    <\/a>\n  <\/div>\n\n<\/div>\n<\/div>\n\n\n\n<div class=\"wp-block-column is-layout-flow wp-block-column-is-layout-flow\">\n<div style=\"max-width:720px;margin:20px auto;background:#efe4d6;padding:16px;border-radius:14px;align-items:center;gap:12px\">\n<div style=\"background:#fff4e6;padding:16px;margin:14px 0;border-radius:12px;align-items:center;gap:12px\">\n\n  <img decoding=\"async\" src=\"https:\/\/i.postimg.cc\/q7gCHQ4p\/Capture-d-e-cran-2025-11-02-a-15-09-55.png\" style=\"width:42px;height:42px;border-radius:8px;object-fit:cover\">\n\n  <div style=\"flex:1\">\n    <div style=\"font-weight:700\">Ligne 8 \u2014 Chantefeuille \u2194 Univerit\u00e9s Biblioth\u00e8ques<\/div>\n    <div style=\"font-size:14px;color:#555\">\ud83d\ude8d 19 km \u2022 56 min \u2022 29 arr\u00eats<\/div>\n<div style=\"margin-top:8px;font-weight:700;color:#E39B38\">\n\u23f1 9 min en pointe\n<\/div>\n<\/div>\n\n   \n <a href=\"https:\/\/seal.transport-manager.net\/IsereSKI\/vos-deplacement\/les-lignes\/ligne-8\/\" style=\"margin-top:10px;padding:8px 14px;background:#E39B38;color:white;text-decoration:none;border-radius:8px;font-size:14px;font-weight:600\">\n      Voir la ligne \u2192\n    <\/a>\n  <\/div>\n\n<\/div>\n<\/div>\n\n\n\n<div class=\"wp-block-column is-layout-flow wp-block-column-is-layout-flow\">\n<div style=\"max-width:720px;margin:20px auto;background:#efe4d6;padding:16px;border-radius:14px;align-items:center;gap:12px\">\n<div style=\"background:#fff4e6;padding:16px;margin:14px 0;border-radius:12px;align-items:center;gap:12px\">\n\n  <img decoding=\"async\" src=\"https:\/\/i.postimg.cc\/2ypgQH22\/Capture-d-e-cran-2025-11-02-a-21-01-20.png\" style=\"width:42px;height:42px;border-radius:8px;object-fit:cover\">\n\n  <div style=\"flex:1\">\n    <div style=\"font-weight:700\">Ligne 9 \u2014 L&rsquo;Ovalie \u2194 Cit\u00e9 Jean Mac\u00e9<\/div>\n    <div style=\"font-size:14px;color:#555\">\ud83d\ude8d 19 km \u2022 55 min \u2022 36 arr\u00eats<\/div>\n<div style=\"margin-top:8px;font-weight:700;color:#E39B38\">\n\u23f1 6 min en pointe (Provisoire)\n<\/div>\n<\/div>\n\n   \n <a href=\"https:\/\/seal.transport-manager.net\/IsereSKI\/vos-deplacement\/les-lignes\/ligne-9\/\" style=\"margin-top:10px;padding:8px 14px;background:#E39B38;color:white;text-decoration:none;border-radius:8px;font-size:14px;font-weight:600\">\n      Voir la ligne \u2192\n    <\/a>\n  <\/div>\n\n<\/div>\n<\/div>\n<\/div>\n\n\n\n<div class=\"wp-block-columns is-layout-flex wp-container-core-columns-is-layout-9d6595d7 wp-block-columns-is-layout-flex\">\n<div class=\"wp-block-column is-layout-flow wp-block-column-is-layout-flow\">\n<div style=\"max-width:720px;margin:20px auto;background:#efe4d6;padding:16px;border-radius:14px;align-items:center;gap:12px\">\n<div style=\"background:#fff4e6;padding:16px;margin:14px 0;border-radius:12px;align-items:center;gap:12px\">\n\n  <img decoding=\"async\" src=\"https:\/\/i.postimg.cc\/xCm41vns\/Capture-d-e-cran-2025-11-02-a-21-29-43.png\" style=\"width:42px;height:42px;border-radius:8px;object-fit:cover\">\n\n  <div style=\"flex:1\">\n    <div style=\"font-weight:700\">Ligne 10 \u2014 Les Claverins \u2194 Palais de Justice Gares<\/div>\n    <div style=\"font-size:14px;color:#555\">\ud83d\ude8d 19 km \u2022 58 min \u2022 39 arr\u00eats<\/div>\n<div style=\"margin-top:8px;font-weight:700;color:#E39B38\">\n\u23f1 12 min en pointe\n<\/div>\n<\/div>\n\n   \n <a href=\"https:\/\/seal.transport-manager.net\/IsereSKI\/vos-deplacement\/les-lignes\/ligne-10\/\" style=\"margin-top:10px;padding:8px 14px;background:#E39B38;color:white;text-decoration:none;border-radius:8px;font-size:14px;font-weight:600\">\n      Voir la ligne \u2192\n    <\/a>\n  <\/div>\n\n<\/div>\n<\/div>\n\n\n\n<div class=\"wp-block-column is-layout-flow wp-block-column-is-layout-flow\">\n<div style=\"max-width:720px;margin:20px auto;background:#efe4d6;padding:16px;border-radius:14px;align-items:center;gap:12px\">\n<div style=\"background:#fff4e6;padding:16px;margin:14px 0;border-radius:12px;align-items:center;gap:12px\">\n\n  <img decoding=\"async\" src=\"https:\/\/i.postimg.cc\/CxKrqTwS\/Capture-d-e-cran-2025-11-02-a-21-53-23.png\" style=\"width:42px;height:42px;border-radius:8px;object-fit:cover\">\n\n  <div style=\"flex:1\">\n    <div style=\"font-weight:700\">Ligne 11 \u2014 Le P\u00e9age \u2194 Verdun Pr\u00e9fecture<\/div>\n    <div style=\"font-size:14px;color:#555\">\ud83d\ude8d 23 km \u2022 29 min \u2022 19 arr\u00eats<\/div>\n<div style=\"margin-top:8px;font-weight:700;color:#E39B38\">\n\u23f1 7 min en pointe\n<\/div>\n<\/div>\n\n   \n <a href=\"https:\/\/seal.transport-manager.net\/IsereSKI\/vos-deplacement\/les-lignes\/ligne-11\/\" style=\"margin-top:10px;padding:8px 14px;background:#E39B38;color:white;text-decoration:none;border-radius:8px;font-size:14px;font-weight:600\">\n      Voir la ligne \u2192\n    <\/a>\n  <\/div>\n\n<\/div>\n<\/div>\n\n\n\n<div class=\"wp-block-column is-layout-flow wp-block-column-is-layout-flow\"><\/div>\n<\/div>\n\n\n\n<p class=\"has-black-color has-text-color has-link-color wp-elements-6c31c1a3f33f33d6da80d00964e6bea7\" style=\"font-style:italic;font-weight:400\">Lignes de Proximit\u00e9s : fr\u00e9quence heures de pointes 10 \u00e0 25 min<\/p>\n\n\n\n<div class=\"wp-block-columns is-layout-flex wp-container-core-columns-is-layout-9d6595d7 wp-block-columns-is-layout-flex\">\n<div class=\"wp-block-column is-layout-flow wp-block-column-is-layout-flow\">\n<div style=\"max-width:720px;margin:20px auto;background:#efe4d6;padding:16px;border-radius:14px;align-items:center;gap:12px\">\n<div style=\"background:#E3F4ED;padding:16px;margin:14px 0;border-radius:12px;align-items:center;gap:12px\">\n\n  <img decoding=\"async\" src=\"https:\/\/i.postimg.cc\/zG3pfCk7\/Capture-d-e-cran-2025-11-02-a-22-04-12.png\" style=\"width:42px;height:42px;border-radius:8px;object-fit:cover\">\n\n  <div style=\"flex:1\">\n    <div style=\"font-weight:700\">Ligne 60 \u2014 Grand&rsquo;Place \u2194 Office de Tourisme<\/div>\n    <div style=\"font-size:14px;color:#555\">\ud83d\ude8d 4,7 km \u2022 14 min \u2022 19 arr\u00eats<\/div>\n<div style=\"margin-top:8px;font-weight:700;color:#E39B38\">\n\u23f1 10 min en pointe\n<\/div>\n<\/div>\n\n   \n <a href=\"https:\/\/seal.transport-manager.net\/IsereSKI\/vos-deplacement\/les-lignes\/ligne-60\/\" style=\"margin-top:10px;padding:8px 14px;background:#E39B38;color:white;text-decoration:none;border-radius:8px;font-size:14px;font-weight:600\">\n      Voir la ligne \u2192\n    <\/a>\n  <\/div>\n\n<\/div>\n<\/div>\n\n\n\n<div class=\"wp-block-column is-layout-flow wp-block-column-is-layout-flow\">\n<div style=\"max-width:720px;margin:20px auto;background:#efe4d6;padding:16px;border-radius:14px;align-items:center;gap:12px\">\n<div style=\"background:#E3F4ED;padding:16px;margin:14px 0;border-radius:12px;align-items:center;gap:12px\">\n\n  <img decoding=\"async\" src=\"https:\/\/i.postimg.cc\/DzTWNF0H\/Capture-d-e-cran-2025-11-03-a-18-11-16.png\" style=\"width:42px;height:42px;border-radius:8px;object-fit:cover\">\n\n  <div style=\"flex:1\">\n    <div style=\"font-weight:700\">Ligne 61 \u2014 Gi\u00e8res Gare Universit\u00e9s \u2194 Universit\u00e9s Biblioth\u00e8ques<\/div>\n    <div style=\"font-size:14px;color:#555\">\ud83d\ude8d 6,6 km \u2022 14 min \u2022 22 arr\u00eats<\/div>\n<div style=\"margin-top:8px;font-weight:700;color:#E39B38\">\n\u23f1 21 min en pointe\n<\/div>\n<\/div>\n\n   \n <a href=\"https:\/\/seal.transport-manager.net\/IsereSKI\/vos-deplacement\/les-lignes\/ligne-61\/\" style=\"margin-top:10px;padding:8px 14px;background:#E39B38;color:white;text-decoration:none;border-radius:8px;font-size:14px;font-weight:600\">\n      Voir la ligne \u2192\n    <\/a>\n  <\/div>\n\n<\/div>\n<\/div>\n\n\n\n<div class=\"wp-block-column is-layout-flow wp-block-column-is-layout-flow\"><\/div>\n<\/div>\n\n\n\n<p class=\"has-text-align-center has-vivid-cyan-blue-color has-text-color has-link-color has-x-large-font-size wp-elements-4c6d16865f842f80a83f59856ebf260b\"><em><strong>\u00c0 retrouver aussi<\/strong><\/em><\/p>\n\n\n\n<div class=\"wp-block-buttons is-content-justification-center is-layout-flex wp-container-core-buttons-is-layout-16018d1d wp-block-buttons-is-layout-flex\">\n<div class=\"wp-block-button\"><a class=\"wp-block-button__link wp-element-button\" href=\"https:\/\/seal.transport-manager.net\/IsereSKI\/vos-deplacement\/les-lignes-tad\/\">Les lignes TAD<\/a><\/div>\n\n\n\n<div class=\"wp-block-button\"><a class=\"wp-block-button__link has-text-align-center wp-element-button\" href=\"https:\/\/seal.transport-manager.net\/IsereSKI\/vos-deplacement\/ligne-nocturne\/\">La ligne nocturne<\/a><\/div>\n<\/div>\n","protected":false},"excerpt":{"rendered":"<p>Lignes Chronos : fr\u00e9quences heures de pointes : 4 \u00e0 7 mim Ligne C1 \u2014 Palluel \u2194 Gares \ud83d\ude8d 9,8 km \u2022 19 min \u2022 17 arr\u00eats \u23f1 7 min en pointe Voir la ligne \u2192 Ligne C2 \u2014 Les Claverins \u2194 Gares \ud83d\ude8d 14 km \u2022 40 min \u2022 25 arr\u00eats \u23f1 6 min&nbsp;&hellip;<\/p>\n","protected":false},"author":510,"featured_media":0,"parent":0,"menu_order":0,"comment_status":"closed","ping_status":"closed","template":"","meta":{"footnotes":""},"class_list":["post-425","page","type-page","status-publish","hentry"],"_links":{"self":[{"href":"https:\/\/seal.transport-manager.net\/IsereSKI\/wp-json\/wp\/v2\/pages\/425","targetHints":{"allow":["GET"]}}],"collection":[{"href":"https:\/\/seal.transport-manager.net\/IsereSKI\/wp-json\/wp\/v2\/pages"}],"about":[{"href":"https:\/\/seal.transport-manager.net\/IsereSKI\/wp-json\/wp\/v2\/types\/page"}],"author":[{"embeddable":true,"href":"https:\/\/seal.transport-manager.net\/IsereSKI\/wp-json\/wp\/v2\/users\/510"}],"replies":[{"embeddable":true,"href":"https:\/\/seal.transport-manager.net\/IsereSKI\/wp-json\/wp\/v2\/comments?post=425"}],"version-history":[{"count":57,"href":"https:\/\/seal.transport-manager.net\/IsereSKI\/wp-json\/wp\/v2\/pages\/425\/revisions"}],"predecessor-version":[{"id":859,"href":"https:\/\/seal.transport-manager.net\/IsereSKI\/wp-json\/wp\/v2\/pages\/425\/revisions\/859"}],"wp:attachment":[{"href":"https:\/\/seal.transport-manager.net\/IsereSKI\/wp-json\/wp\/v2\/media?parent=425"}],"curies":[{"name":"wp","href":"https:\/\/api.w.org\/{rel}","templated":true}]}}