{"id":231,"date":"2024-10-26T15:00:47","date_gmt":"2024-10-26T13:00:47","guid":{"rendered":"https:\/\/seal.transport-manager.net\/PikaaxYT\/?page_id=231"},"modified":"2025-10-09T18:50:53","modified_gmt":"2025-10-09T16:50:53","slug":"nos-lignes","status":"publish","type":"page","link":"https:\/\/seal.transport-manager.net\/PikaaxYT\/nos-lignes\/","title":{"rendered":"Nos lignes"},"content":{"rendered":"\n<h1 class=\"wp-block-heading\">Nos lignes r\u00e9guli\u00e8res<\/h1>\n\n\n\n<h3 class=\"wp-block-heading\">Ligne 1: Denain Espace Villars &lt;&gt; Neuville Cimeti\u00e8re<\/h3>\n\n\n\n<p>V\u00e9hicules utilis\u00e9s: Scania Citywide 12 E, Irizar ie bus 15<\/p>\n\n\n\n<h3 class=\"wp-block-heading\">Ligne 2: Denain Espace Villars &lt;&gt; Bouchain Gare<\/h3>\n\n\n\n<p>V\u00e9hicules utilis\u00e9s: Iveco Crealis 18 GNC<\/p>\n\n\n\n<h3 class=\"wp-block-heading\">Ligne 3: Denain Espace Villars &lt;&gt; Rouvignies \u00c9glise<\/h3>\n\n\n\n<p>V\u00e9hicules utilis\u00e9s: Iveco Crealis 12 GNC<\/p>\n\n\n\n<h3 class=\"wp-block-heading\">Ligne 4: Denain Espace Villars &lt;&gt; Noyelles Centre<\/h3>\n\n\n\n<p>V\u00e9hicules utilis\u00e9s: Mercedes Citaro K C2<\/p>\n\n\n\n<h3 class=\"wp-block-heading\">Ligne 5: Lieu Saint Amand Mairie &lt;&gt; Escaudain Stade<\/h3>\n\n\n\n<p>V\u00e9hicules utilis\u00e9s: Articul\u00e9s<\/p>\n\n\n\n<h3 class=\"wp-block-heading\">Ligne 6: Trarieux &lt;&gt; Haulchin Centre<\/h3>\n\n\n\n<p>V\u00e9hicules utilis\u00e9s: Iveco Urbanway 12 MH<\/p>\n\n\n\n<h3 class=\"wp-block-heading\">Ligne 7: Trarieux &lt;&gt; Lieu Saint Amand Mairie<\/h3>\n\n\n\n<p>V\u00e9hicules utilis\u00e9s: Iveco Urbanway 12 MH<\/p>\n\n\n\n<h3 class=\"wp-block-heading\">Ligne 8: Douchy Mairie Annexe &lt;&gt; Coll\u00e8ge \u00c9mile Littr\u00e9<\/h3>\n\n\n\n<p>V\u00e9hicules utilis\u00e9s: Mercedes Citaro C2 NGT, Isuzu Citiport, Iveco Urbanway 12 MH<\/p>\n\n\n\n<h3 class=\"wp-block-heading\">Ligne 11: Coll\u00e8ge \u00c9mile Littr\u00e9 &lt;&gt; Rouvignies Mairie<\/h3>\n\n\n\n<p>V\u00e9hicules utilis\u00e9s: Iveco Urbanway 12 MH<\/p>\n\n\n\n<h3 class=\"wp-block-heading\">Ligne 60: F\u00e9licien Joly &lt;&gt; Coll\u00e8ge Voltaire<\/h3>\n\n\n\n<p>V\u00e9hciules utilis\u00e9s: Bluebus 6<\/p>\n\n\n\n<h3 class=\"wp-block-heading\">Ligne 61: Julien Renard &lt;&gt; Lourches Gare<\/h3>\n\n\n\n<p>V\u00e9hicules utilis\u00e9s: Divers standards<\/p>\n\n\n\n<h1 class=\"wp-block-heading\">Nos lignes sp\u00e9ciales<\/h1>\n\n\n\n<h3 class=\"wp-block-heading\">Ligne 804: Denain Espace Villars &lt;&gt; Denain Espace Villars (navette circulaire)<\/h3>\n\n\n\n<p>V\u00e9hicules utilis\u00e9s:&nbsp;<em>Cette ligne n\u2019est pas en service pour le moment<\/em><\/p>\n\n\n\n<p>Ligne 813: Denain Espace Villars &lt;&gt; Patrick Roy<\/p>\n\n\n\n<p>V\u00e9hicules utilis\u00e9s:<em><em>&nbsp;<\/em>Cette ligne n\u2019est pas en service pour le moment<\/em><\/p>\n\n\n\n<h1 class=\"wp-block-heading\">Plan du r\u00e9seau<\/h1>\n\n\n\n<div class=\"wp-block-buttons is-layout-flex wp-block-buttons-is-layout-flex\">\n<div class=\"wp-block-button\"><a class=\"wp-block-button__link wp-element-button\" href=\"https:\/\/metrodreamin.com\/view\/N0tKS3BQbXNSUGRESko2NlJlZVpjYVlnOEY2M3wyMg%3D%3D\">Consulter le plan interactif<\/a><\/div>\n<\/div>\n","protected":false},"excerpt":{"rendered":"<p>Nos lignes r\u00e9guli\u00e8res Ligne 1: Denain Espace Villars &lt;&gt; Neuville Cimeti\u00e8re V\u00e9hicules utilis\u00e9s: Scania Citywide 12 E, Irizar ie bus 15 Ligne 2: Denain Espace Villars &lt;&gt; Bouchain Gare V\u00e9hicules utilis\u00e9s: Iveco Crealis 18 GNC Ligne 3: Denain Espace Villars &lt;&gt; Rouvignies \u00c9glise V\u00e9hicules utilis\u00e9s: Iveco Crealis 12 GNC Ligne [&hellip;]<\/p>\n","protected":false},"author":427,"featured_media":0,"parent":0,"menu_order":0,"comment_status":"closed","ping_status":"closed","template":"","meta":{"footnotes":""},"class_list":["post-231","page","type-page","status-publish","hentry"],"_links":{"self":[{"href":"https:\/\/seal.transport-manager.net\/PikaaxYT\/wp-json\/wp\/v2\/pages\/231","targetHints":{"allow":["GET"]}}],"collection":[{"href":"https:\/\/seal.transport-manager.net\/PikaaxYT\/wp-json\/wp\/v2\/pages"}],"about":[{"href":"https:\/\/seal.transport-manager.net\/PikaaxYT\/wp-json\/wp\/v2\/types\/page"}],"author":[{"embeddable":true,"href":"https:\/\/seal.transport-manager.net\/PikaaxYT\/wp-json\/wp\/v2\/users\/427"}],"replies":[{"embeddable":true,"href":"https:\/\/seal.transport-manager.net\/PikaaxYT\/wp-json\/wp\/v2\/comments?post=231"}],"version-history":[{"count":11,"href":"https:\/\/seal.transport-manager.net\/PikaaxYT\/wp-json\/wp\/v2\/pages\/231\/revisions"}],"predecessor-version":[{"id":440,"href":"https:\/\/seal.transport-manager.net\/PikaaxYT\/wp-json\/wp\/v2\/pages\/231\/revisions\/440"}],"wp:attachment":[{"href":"https:\/\/seal.transport-manager.net\/PikaaxYT\/wp-json\/wp\/v2\/media?parent=231"}],"curies":[{"name":"wp","href":"https:\/\/api.w.org\/{rel}","templated":true}]}}