{"id":2209,"date":"2024-04-21T18:12:23","date_gmt":"2024-04-21T16:12:23","guid":{"rendered":"https:\/\/seal.transport-manager.net\/marshall\/?page_id=2209"},"modified":"2025-12-21T08:35:42","modified_gmt":"2025-12-21T07:35:42","slug":"ligne-bvl-city-express-cx-2","status":"publish","type":"page","link":"https:\/\/seal.transport-manager.net\/marshall\/ligne-bvl-city-express-cx-2\/","title":{"rendered":"Ligne Citycanard Express CX-2"},"content":{"rendered":"\n<h3 class=\"wp-block-heading\">Arnolpheville &#8211; Gare Centrale &lt;&gt; A\u00e9roport d&rsquo;Arnolpheville-La Beaut\u00e9<\/h3>\n\n\n\n<div class=\"wp-block-buttons is-content-justification-center is-layout-flex wp-container-core-buttons-is-layout-16018d1d wp-block-buttons-is-layout-flex\">\n<div class=\"wp-block-button\"><a class=\"wp-block-button__link has-base-3-color has-text-color has-background has-link-color has-text-align-center wp-element-button\" href=\"https:\/\/i.ibb.co\/QjXZ2yDN\/Plan-Canardline-CX-2.png\" style=\"background-color:#9364cc\">Plan d\u00e9taill\u00e9 de la ligne Citycanard Express CX-2<\/a><\/div>\n\n\n\n<div class=\"wp-block-button\"><a class=\"wp-block-button__link has-base-3-color has-text-color has-background has-link-color wp-element-button\" href=\"https:\/\/i.ibb.co\/fY0zRYWK\/Timetable-Canard-CX-2.png\" style=\"background-color:#9364cc\">Fiche-horaire de la ligne Citycanard Express CX-2<\/a><\/div>\n<\/div>\n\n\n\n<figure class=\"wp-block-table aligncenter is-style-stripes\"><table><tbody><tr><td class=\"has-text-align-center\" data-align=\"center\"><img loading=\"lazy\" decoding=\"async\" width=\"111\" height=\"73\" class=\"wp-image-1424\" style=\"width: 111px\" src=\"https:\/\/seal.transport-manager.net\/marshall\/wp-content\/uploads\/sites\/76\/2023\/02\/CX-zwei.png\" alt=\"\"><\/td><td class=\"has-text-align-center\" data-align=\"center\"><img loading=\"lazy\" decoding=\"async\" width=\"280\" height=\"80\" class=\"wp-image-2211\" style=\"width: 280px\" src=\"https:\/\/seal.transport-manager.net\/marshall\/wp-content\/uploads\/sites\/76\/2024\/04\/25UH.png\" alt=\"\"><\/td><\/tr><tr><td class=\"has-text-align-center\" data-align=\"center\">longueur<\/td><td class=\"has-text-align-center\" data-align=\"center\">10,2 km<\/td><\/tr><tr><td class=\"has-text-align-center\" data-align=\"center\">temps de trajet indicatif<\/td><td class=\"has-text-align-center\" data-align=\"center\">40 minutes<\/td><\/tr><tr><td class=\"has-text-align-center\" data-align=\"center\">nombre de stations<\/td><td class=\"has-text-align-center\" data-align=\"center\">34<\/td><\/tr><tr><td class=\"has-text-align-center\" data-align=\"center\">communes desservies<\/td><td class=\"has-text-align-center\" data-align=\"center\">Arnolpheville<br>La Beaut\u00e9-sur-Arnolphe<\/td><\/tr><tr><td class=\"has-text-align-center\" data-align=\"center\">mat\u00e9riel roulant<\/td><td class=\"has-text-align-center\" data-align=\"center\">LighTram 25 TOSA<\/td><\/tr><\/tbody><\/table><\/figure>\n","protected":false},"excerpt":{"rendered":"<p>Arnolpheville &#8211; Gare Centrale &lt;&gt; A\u00e9roport d&rsquo;Arnolpheville-La Beaut\u00e9 longueur 10,2 km temps de trajet indicatif 40 minutes nombre de stations 34 communes desservies ArnolphevilleLa Beaut\u00e9-sur-Arnolphe mat\u00e9riel roulant LighTram 25 TOSA<\/p>\n","protected":false},"author":76,"featured_media":1424,"parent":0,"menu_order":0,"comment_status":"closed","ping_status":"closed","template":"","meta":{"footnotes":""},"class_list":["post-2209","page","type-page","status-publish","has-post-thumbnail"],"_links":{"self":[{"href":"https:\/\/seal.transport-manager.net\/marshall\/wp-json\/wp\/v2\/pages\/2209","targetHints":{"allow":["GET"]}}],"collection":[{"href":"https:\/\/seal.transport-manager.net\/marshall\/wp-json\/wp\/v2\/pages"}],"about":[{"href":"https:\/\/seal.transport-manager.net\/marshall\/wp-json\/wp\/v2\/types\/page"}],"author":[{"embeddable":true,"href":"https:\/\/seal.transport-manager.net\/marshall\/wp-json\/wp\/v2\/users\/76"}],"replies":[{"embeddable":true,"href":"https:\/\/seal.transport-manager.net\/marshall\/wp-json\/wp\/v2\/comments?post=2209"}],"version-history":[{"count":30,"href":"https:\/\/seal.transport-manager.net\/marshall\/wp-json\/wp\/v2\/pages\/2209\/revisions"}],"predecessor-version":[{"id":4280,"href":"https:\/\/seal.transport-manager.net\/marshall\/wp-json\/wp\/v2\/pages\/2209\/revisions\/4280"}],"wp:featuredmedia":[{"embeddable":true,"href":"https:\/\/seal.transport-manager.net\/marshall\/wp-json\/wp\/v2\/media\/1424"}],"wp:attachment":[{"href":"https:\/\/seal.transport-manager.net\/marshall\/wp-json\/wp\/v2\/media?parent=2209"}],"curies":[{"name":"wp","href":"https:\/\/api.w.org\/{rel}","templated":true}]}}