{"id":2221,"date":"2024-04-21T18:47:09","date_gmt":"2024-04-21T16:47:09","guid":{"rendered":"https:\/\/seal.transport-manager.net\/marshall\/?page_id=2221"},"modified":"2026-01-11T07:10:49","modified_gmt":"2026-01-11T06:10:49","slug":"ligne-bvl-city-5","status":"publish","type":"page","link":"https:\/\/seal.transport-manager.net\/marshall\/ligne-bvl-city-5\/","title":{"rendered":"Ligne Citycanard 5"},"content":{"rendered":"\n<h3 class=\"wp-block-heading\">Cit\u00e9 de l&rsquo;Art Contemporain &lt;&gt; La Beaut\u00e9 &#8211; P\u00f4le Caffarelli<\/h3>\n\n\n\n<div class=\"wp-block-buttons is-content-justification-center is-layout-flex wp-container-core-buttons-is-layout-16018d1d wp-block-buttons-is-layout-flex\">\n<div class=\"wp-block-button\"><a class=\"wp-block-button__link has-base-3-color has-text-color has-background has-link-color has-text-align-center wp-element-button\" href=\"https:\/\/i.ibb.co\/cSvBbHWz\/Plan-Canardline5.png\" style=\"background-color:#e86a10\">Plan d\u00e9taill\u00e9 de la ligne Citycanard 5<\/a><\/div>\n\n\n\n<div class=\"wp-block-button\"><a class=\"wp-block-button__link has-base-3-color has-text-color has-background has-link-color wp-element-button\" href=\"https:\/\/i.ibb.co\/DHq9pyrj\/Fichehoraire-Canardline5.png\" style=\"background-color:#e86a10\">Fiche-horaire de la ligne Citycanard 5<\/a><\/div>\n<\/div>\n\n\n\n<figure class=\"wp-block-table aligncenter is-style-stripes\"><table><tbody><tr><td class=\"has-text-align-center\" data-align=\"center\"><img loading=\"lazy\" decoding=\"async\" width=\"73\" height=\"73\" class=\"wp-image-1408\" style=\"width: 73px\" src=\"https:\/\/seal.transport-manager.net\/marshall\/wp-content\/uploads\/sites\/76\/2023\/02\/funf.png\" alt=\"\"><\/td><td class=\"has-text-align-center\" data-align=\"center\"><img loading=\"lazy\" decoding=\"async\" width=\"220\" height=\"80\" class=\"wp-image-2222\" style=\"width: 220px\" src=\"https:\/\/seal.transport-manager.net\/marshall\/wp-content\/uploads\/sites\/76\/2024\/04\/18U.png\" alt=\"\"><\/td><\/tr><tr><td class=\"has-text-align-center\" data-align=\"center\">longueur<\/td><td class=\"has-text-align-center\" data-align=\"center\">9,3 km<\/td><\/tr><tr><td class=\"has-text-align-center\" data-align=\"center\">temps de trajet indicatif<\/td><td class=\"has-text-align-center\" data-align=\"center\">40 minutes<\/td><\/tr><tr><td class=\"has-text-align-center\" data-align=\"center\">nombre de stations<\/td><td class=\"has-text-align-center\" data-align=\"center\">34<\/td><\/tr><tr><td class=\"has-text-align-center\" data-align=\"center\">communes desservies<\/td><td class=\"has-text-align-center\" data-align=\"center\">Fr\u00e2chay-la-Vindicte<br>Arnolpheville<br>La Beaut\u00e9-sur-Arnolphe<\/td><\/tr><tr><td class=\"has-text-align-center\" data-align=\"center\">mat\u00e9riel roulant<\/td><td class=\"has-text-align-center\" data-align=\"center\">LighTram 19 TOSA<br>7900A Hybrid<br>7900A E<\/td><\/tr><\/tbody><\/table><\/figure>\n","protected":false},"excerpt":{"rendered":"<p>Cit\u00e9 de l&rsquo;Art Contemporain &lt;&gt; La Beaut\u00e9 &#8211; P\u00f4le Caffarelli longueur 9,3 km temps de trajet indicatif 40 minutes nombre de stations 34 communes desservies Fr\u00e2chay-la-VindicteArnolphevilleLa Beaut\u00e9-sur-Arnolphe mat\u00e9riel roulant LighTram &#8230; <a title=\"Ligne Citycanard 5\" class=\"read-more\" href=\"https:\/\/seal.transport-manager.net\/marshall\/ligne-bvl-city-5\/\" aria-label=\"En savoir plus sur Ligne Citycanard 5\">Lire la suite<\/a><\/p>\n","protected":false},"author":76,"featured_media":1408,"parent":0,"menu_order":0,"comment_status":"closed","ping_status":"closed","template":"","meta":{"footnotes":""},"class_list":["post-2221","page","type-page","status-publish","has-post-thumbnail"],"_links":{"self":[{"href":"https:\/\/seal.transport-manager.net\/marshall\/wp-json\/wp\/v2\/pages\/2221","targetHints":{"allow":["GET"]}}],"collection":[{"href":"https:\/\/seal.transport-manager.net\/marshall\/wp-json\/wp\/v2\/pages"}],"about":[{"href":"https:\/\/seal.transport-manager.net\/marshall\/wp-json\/wp\/v2\/types\/page"}],"author":[{"embeddable":true,"href":"https:\/\/seal.transport-manager.net\/marshall\/wp-json\/wp\/v2\/users\/76"}],"replies":[{"embeddable":true,"href":"https:\/\/seal.transport-manager.net\/marshall\/wp-json\/wp\/v2\/comments?post=2221"}],"version-history":[{"count":27,"href":"https:\/\/seal.transport-manager.net\/marshall\/wp-json\/wp\/v2\/pages\/2221\/revisions"}],"predecessor-version":[{"id":4339,"href":"https:\/\/seal.transport-manager.net\/marshall\/wp-json\/wp\/v2\/pages\/2221\/revisions\/4339"}],"wp:featuredmedia":[{"embeddable":true,"href":"https:\/\/seal.transport-manager.net\/marshall\/wp-json\/wp\/v2\/media\/1408"}],"wp:attachment":[{"href":"https:\/\/seal.transport-manager.net\/marshall\/wp-json\/wp\/v2\/media?parent=2221"}],"curies":[{"name":"wp","href":"https:\/\/api.w.org\/{rel}","templated":true}]}}