{"id":3100,"date":"2025-04-18T08:40:44","date_gmt":"2025-04-18T06:40:44","guid":{"rendered":"https:\/\/seal.transport-manager.net\/marshall\/?page_id=3100"},"modified":"2025-07-31T19:54:35","modified_gmt":"2025-07-31T17:54:35","slug":"ch14000-hess-lightram-25","status":"publish","type":"page","link":"https:\/\/seal.transport-manager.net\/marshall\/ch14000-hess-lightram-25\/","title":{"rendered":"CH14000 &#8211; Hess LighTram 25"},"content":{"rendered":"<div class=\"wp-block-image\">\n<figure class=\"aligncenter size-full\"><a href=\"https:\/\/i.ibb.co\/RGCCtg6f\/Lightram25-Canard.png\"><img loading=\"lazy\" decoding=\"async\" width=\"1440\" height=\"360\" src=\"https:\/\/seal.transport-manager.net\/marshall\/wp-content\/uploads\/sites\/76\/2025\/02\/Lightram25Canard.png\" alt=\"\" class=\"wp-image-2977\" srcset=\"https:\/\/seal.transport-manager.net\/marshall\/wp-content\/uploads\/sites\/76\/2025\/02\/Lightram25Canard.png 1440w, https:\/\/seal.transport-manager.net\/marshall\/wp-content\/uploads\/sites\/76\/2025\/02\/Lightram25Canard-300x75.png 300w, https:\/\/seal.transport-manager.net\/marshall\/wp-content\/uploads\/sites\/76\/2025\/02\/Lightram25Canard-1024x256.png 1024w, https:\/\/seal.transport-manager.net\/marshall\/wp-content\/uploads\/sites\/76\/2025\/02\/Lightram25Canard-768x192.png 768w\" sizes=\"auto, (max-width: 1440px) 100vw, 1440px\" \/><\/a><figcaption class=\"wp-element-caption\"><a href=\"https:\/\/i.ibb.co\/RGCCtg6f\/Lightram25-Canard.png\">cliquez pour agrandir<\/a><\/figcaption><\/figure>\n<\/div>\n\n\n<div class=\"wp-block-columns is-layout-flex wp-container-core-columns-is-layout-9d6595d7 wp-block-columns-is-layout-flex\">\n<div class=\"wp-block-column is-layout-flow wp-block-column-is-layout-flow\">\n<figure class=\"wp-block-table is-style-stripes\"><table class=\"has-fixed-layout\"><tbody><tr><td class=\"has-text-align-center\" data-align=\"center\">mise en service<\/td><td class=\"has-text-align-center\" data-align=\"center\">2023-2024<\/td><\/tr><tr><td class=\"has-text-align-center\" data-align=\"center\">statut<\/td><td class=\"has-text-align-center\" data-align=\"center\">en service<\/td><\/tr><tr><td class=\"has-text-align-center\" data-align=\"center\">effectif<\/td><td class=\"has-text-align-center\" data-align=\"center\">23<\/td><\/tr><tr><td class=\"has-text-align-center\" data-align=\"center\">d\u00e9p\u00f4t <\/td><td class=\"has-text-align-center\" data-align=\"center\">Bellevarde<\/td><\/tr><tr><td class=\"has-text-align-center\" data-align=\"center\">affectation<\/td><td class=\"has-text-align-center\" data-align=\"center\"><img loading=\"lazy\" decoding=\"async\" width=\"111\" height=\"73\" class=\"wp-image-1424\" style=\"width: 111px\" src=\"https:\/\/seal.transport-manager.net\/marshall\/wp-content\/uploads\/sites\/76\/2023\/02\/CX-zwei.png\" alt=\"\"><\/td><\/tr><\/tbody><\/table><\/figure>\n\n\n\n<h3 class=\"wp-block-heading\">Carri\u00e8re r\u00e9sum\u00e9e<\/h3>\n\n\n\n<p>Le LighTram 25 est command\u00e9 en 23 exemplaires par Transports Canard en 2023. Num\u00e9rot\u00e9e CH14000 (<strong>C<\/strong>arrosserie <strong>H<\/strong>ess s\u00e9rie 14000), la s\u00e9rie est livr\u00e9e de juin 2023 \u00e0 avril 2024 et est mise en service sur la ligne rapide en site propre CX-2 du r\u00e9seau Citycanard Express, nouvellement mise en place en remplacement de l&rsquo;ancienne ligne 2 et dont elle constitue l&rsquo;unique mat\u00e9riel. Elle remplace sur cet itin\u00e9raire un parc de Scania Omnicity G de premi\u00e8re et deuxi\u00e8me s\u00e9rie et de Volvo 7900A Hybrid.<\/p>\n\n\n\n<p>Mod\u00e8le vitrine du parc roulant, il s&rsquo;agit du mat\u00e9riel roulant le plus grand, le plus capacitaire et le plus cher du r\u00e9seau Transports Canard. <\/p>\n<\/div>\n\n\n\n<div class=\"wp-block-column is-layout-flow wp-block-column-is-layout-flow\">\n<figure class=\"wp-block-table is-style-stripes\"><table class=\"has-fixed-layout\"><tbody><tr><td class=\"has-text-align-center\" data-align=\"center\">gamme<\/td><td class=\"has-text-align-center\" data-align=\"center\">LighTram 4<\/td><\/tr><tr><td class=\"has-text-align-center\" data-align=\"center\">constructeur<\/td><td class=\"has-text-align-center\" data-align=\"center\"><img loading=\"lazy\" decoding=\"async\" width=\"15\" height=\"15\" class=\"wp-image-3101\" style=\"width: 15px\" src=\"https:\/\/seal.transport-manager.net\/marshall\/wp-content\/uploads\/sites\/76\/2025\/04\/Suiza.png\" alt=\"\"> Carrosserie Hess<\/td><\/tr><tr><td class=\"has-text-align-center\" data-align=\"center\">cat\u00e9gorie<\/td><td class=\"has-text-align-center\" data-align=\"center\">urbain BHNS bi-articul\u00e9<\/td><\/tr><tr><td class=\"has-text-align-center\" data-align=\"center\">propulsion<\/td><td class=\"has-text-align-center\" data-align=\"center\"><img loading=\"lazy\" decoding=\"async\" width=\"61\" height=\"61\" class=\"wp-image-1352\" style=\"width: 61px\" src=\"https:\/\/seal.transport-manager.net\/marshall\/wp-content\/uploads\/sites\/76\/2023\/01\/EV.png\" alt=\"\"><\/td><\/tr><tr><td class=\"has-text-align-center\" data-align=\"center\">commercialisation<\/td><td class=\"has-text-align-center\" data-align=\"center\">depuis 2016<\/td><\/tr><tr><td class=\"has-text-align-center\" data-align=\"center\">l x L x h<\/td><td class=\"has-text-align-center\" data-align=\"center\">24,5 m x 2,55 m x 3,5 m<\/td><\/tr><tr><td class=\"has-text-align-center\" data-align=\"center\">capacit\u00e9<\/td><td class=\"has-text-align-center\" data-align=\"center\">200 pax (dont 40 assis)<\/td><\/tr><tr><td class=\"has-text-align-center\" data-align=\"center\">moteur<\/td><td class=\"has-text-align-center\" data-align=\"center\">Siemens 1DB2022<br>\u00e9lectromoteurs sur les deux essieux centraux <\/td><\/tr><tr><td class=\"has-text-align-center\" data-align=\"center\">puissance<\/td><td class=\"has-text-align-center\" data-align=\"center\">320 kW &#8211; 435 ch<\/td><\/tr><tr><td class=\"has-text-align-center\" data-align=\"center\">site de fabrication<\/td><td class=\"has-text-align-center\" data-align=\"center\"><img loading=\"lazy\" decoding=\"async\" width=\"15\" height=\"15\" class=\"wp-image-3101\" style=\"width: 15px\" src=\"https:\/\/seal.transport-manager.net\/marshall\/wp-content\/uploads\/sites\/76\/2025\/04\/Suiza.png\" alt=\"\"> Bellach<\/td><\/tr><tr><td class=\"has-text-align-center\" data-align=\"center\">mod\u00e8les concurrents<br><em>(p\u00e9riode 2023-2024)<\/em><\/td><td class=\"has-text-align-center\" data-align=\"center\">Van Hool Exquicity 24 E<\/td><\/tr><\/tbody><\/table><\/figure>\n<\/div>\n<\/div>\n\n\n\n<h3 class=\"wp-block-heading\">R\u00e9f\u00e9rencement du parc<\/h3>\n\n\n\n<figure class=\"wp-block-table is-style-stripes\"><table><tbody><tr><td class=\"has-text-align-center\" data-align=\"center\">n\u00b0<\/td><td class=\"has-text-align-center\" data-align=\"center\">date de m.e.s<\/td><td class=\"has-text-align-center\" data-align=\"center\">statut<\/td><td class=\"has-text-align-center\" data-align=\"center\">affectation courante<br>\/ date de retrait<\/td><td class=\"has-text-align-center\" data-align=\"center\">immat.<\/td><td>historique des affectations<\/td><\/tr><tr><td class=\"has-text-align-center\" data-align=\"center\">CH14001<\/td><td class=\"has-text-align-center\" data-align=\"center\">13 Juin 2023<\/td><td class=\"has-text-align-center\" data-align=\"center\">en service<\/td><td class=\"has-text-align-center\" data-align=\"center\"><img loading=\"lazy\" decoding=\"async\" width=\"111\" height=\"73\" src=\"https:\/\/seal.transport-manager.net\/groupebvl\/wp-content\/uploads\/sites\/307\/2024\/06\/CX-zwei.png\" alt=\"\"><\/td><td class=\"has-text-align-center\" data-align=\"center\">TM-839-24<\/td><td><img loading=\"lazy\" decoding=\"async\" width=\"111\" height=\"73\" class=\"wp-image-1424\" style=\"width: 55px\" src=\"https:\/\/seal.transport-manager.net\/marshall\/wp-content\/uploads\/sites\/76\/2023\/02\/CX-zwei.png\" alt=\"\">: depuis Juin 2023<\/td><\/tr><tr><td class=\"has-text-align-center\" data-align=\"center\">CH14002<\/td><td class=\"has-text-align-center\" data-align=\"center\">20 Juin 2023<\/td><td class=\"has-text-align-center\" data-align=\"center\">en service<\/td><td class=\"has-text-align-center\" data-align=\"center\"><img loading=\"lazy\" decoding=\"async\" width=\"111\" height=\"73\" src=\"https:\/\/seal.transport-manager.net\/groupebvl\/wp-content\/uploads\/sites\/307\/2024\/06\/CX-zwei.png\" alt=\"\"><\/td><td class=\"has-text-align-center\" data-align=\"center\">TM-843-80<\/td><td><img loading=\"lazy\" decoding=\"async\" width=\"111\" height=\"73\" class=\"wp-image-1424\" style=\"width: 55px\" src=\"https:\/\/seal.transport-manager.net\/marshall\/wp-content\/uploads\/sites\/76\/2023\/02\/CX-zwei.png\" alt=\"\">: depuis Juin 2023<\/td><\/tr><tr><td class=\"has-text-align-center\" data-align=\"center\">CH14003<\/td><td class=\"has-text-align-center\" data-align=\"center\">26 Juin 2023<\/td><td class=\"has-text-align-center\" data-align=\"center\">en service<\/td><td class=\"has-text-align-center\" data-align=\"center\"><img loading=\"lazy\" decoding=\"async\" width=\"111\" height=\"73\" src=\"https:\/\/seal.transport-manager.net\/groupebvl\/wp-content\/uploads\/sites\/307\/2024\/06\/CX-zwei.png\" alt=\"\"><\/td><td class=\"has-text-align-center\" data-align=\"center\">TM-847-33<\/td><td><img loading=\"lazy\" decoding=\"async\" width=\"111\" height=\"73\" class=\"wp-image-1424\" style=\"width: 55px\" src=\"https:\/\/seal.transport-manager.net\/marshall\/wp-content\/uploads\/sites\/76\/2023\/02\/CX-zwei.png\" alt=\"\">: depuis Juin 2023<\/td><\/tr><tr><td class=\"has-text-align-center\" data-align=\"center\">CH14004<\/td><td class=\"has-text-align-center\" data-align=\"center\">3 Juillet 2023<\/td><td class=\"has-text-align-center\" data-align=\"center\">en service<\/td><td class=\"has-text-align-center\" data-align=\"center\"><img loading=\"lazy\" decoding=\"async\" width=\"111\" height=\"73\" src=\"https:\/\/seal.transport-manager.net\/groupebvl\/wp-content\/uploads\/sites\/307\/2024\/06\/CX-zwei.png\" alt=\"\"><\/td><td class=\"has-text-align-center\" data-align=\"center\">TM-850-98<\/td><td><img loading=\"lazy\" decoding=\"async\" width=\"111\" height=\"73\" class=\"wp-image-1424\" style=\"width: 55px\" src=\"https:\/\/seal.transport-manager.net\/marshall\/wp-content\/uploads\/sites\/76\/2023\/02\/CX-zwei.png\" alt=\"\">: depuis Juillet 2023<\/td><\/tr><tr><td class=\"has-text-align-center\" data-align=\"center\">CH14005<\/td><td class=\"has-text-align-center\" data-align=\"center\">3 Juillet 2023<\/td><td class=\"has-text-align-center\" data-align=\"center\">en service<\/td><td class=\"has-text-align-center\" data-align=\"center\"><img loading=\"lazy\" decoding=\"async\" width=\"111\" height=\"73\" src=\"https:\/\/seal.transport-manager.net\/groupebvl\/wp-content\/uploads\/sites\/307\/2024\/06\/CX-zwei.png\" alt=\"\"><\/td><td class=\"has-text-align-center\" data-align=\"center\">TM-850-99<\/td><td><img loading=\"lazy\" decoding=\"async\" width=\"111\" height=\"73\" class=\"wp-image-1424\" style=\"width: 55px\" src=\"https:\/\/seal.transport-manager.net\/marshall\/wp-content\/uploads\/sites\/76\/2023\/02\/CX-zwei.png\" alt=\"\">: depuis Juillet 2023<\/td><\/tr><tr><td class=\"has-text-align-center\" data-align=\"center\">CH14006<\/td><td class=\"has-text-align-center\" data-align=\"center\">23 Juillet 2023<\/td><td class=\"has-text-align-center\" data-align=\"center\">en service<\/td><td class=\"has-text-align-center\" data-align=\"center\"><img loading=\"lazy\" decoding=\"async\" width=\"111\" height=\"73\" src=\"https:\/\/seal.transport-manager.net\/groupebvl\/wp-content\/uploads\/sites\/307\/2024\/06\/CX-zwei.png\" alt=\"\"><\/td><td class=\"has-text-align-center\" data-align=\"center\">TM-864-72<\/td><td><img loading=\"lazy\" decoding=\"async\" width=\"111\" height=\"73\" class=\"wp-image-1424\" style=\"width: 55px\" src=\"https:\/\/seal.transport-manager.net\/marshall\/wp-content\/uploads\/sites\/76\/2023\/02\/CX-zwei.png\" alt=\"\">: depuis Juillet 2023<\/td><\/tr><tr><td class=\"has-text-align-center\" data-align=\"center\">CH14007<\/td><td class=\"has-text-align-center\" data-align=\"center\">17 Ao\u00fbt 2023<\/td><td class=\"has-text-align-center\" data-align=\"center\">en service<\/td><td class=\"has-text-align-center\" data-align=\"center\"><img loading=\"lazy\" decoding=\"async\" width=\"111\" height=\"73\" src=\"https:\/\/seal.transport-manager.net\/groupebvl\/wp-content\/uploads\/sites\/307\/2024\/06\/CX-zwei.png\" alt=\"\"><\/td><td class=\"has-text-align-center\" data-align=\"center\">TM-881-38<\/td><td><img loading=\"lazy\" decoding=\"async\" width=\"111\" height=\"73\" class=\"wp-image-1424\" style=\"width: 55px\" src=\"https:\/\/seal.transport-manager.net\/marshall\/wp-content\/uploads\/sites\/76\/2023\/02\/CX-zwei.png\" alt=\"\">: depuis Ao\u00fbt 2023<\/td><\/tr><tr><td class=\"has-text-align-center\" data-align=\"center\">CH14008<\/td><td class=\"has-text-align-center\" data-align=\"center\">24 Ao\u00fbt 2023<\/td><td class=\"has-text-align-center\" data-align=\"center\">en service<\/td><td class=\"has-text-align-center\" data-align=\"center\"><img loading=\"lazy\" decoding=\"async\" width=\"111\" height=\"73\" src=\"https:\/\/seal.transport-manager.net\/groupebvl\/wp-content\/uploads\/sites\/307\/2024\/06\/CX-zwei.png\" alt=\"\"><\/td><td class=\"has-text-align-center\" data-align=\"center\">TM-884-74<\/td><td><img loading=\"lazy\" decoding=\"async\" width=\"111\" height=\"73\" class=\"wp-image-1424\" style=\"width: 55px\" src=\"https:\/\/seal.transport-manager.net\/marshall\/wp-content\/uploads\/sites\/76\/2023\/02\/CX-zwei.png\" alt=\"\">: depuis Ao\u00fbt 2023<\/td><\/tr><tr><td class=\"has-text-align-center\" data-align=\"center\">CH14009<\/td><td class=\"has-text-align-center\" data-align=\"center\">6 Septembre 2023<\/td><td class=\"has-text-align-center\" data-align=\"center\">en service<\/td><td class=\"has-text-align-center\" data-align=\"center\"><img loading=\"lazy\" decoding=\"async\" width=\"111\" height=\"73\" src=\"https:\/\/seal.transport-manager.net\/groupebvl\/wp-content\/uploads\/sites\/307\/2024\/06\/CX-zwei.png\" alt=\"\"><\/td><td class=\"has-text-align-center\" data-align=\"center\">TM-894-67<\/td><td><img loading=\"lazy\" decoding=\"async\" width=\"111\" height=\"73\" class=\"wp-image-1424\" style=\"width: 55px\" src=\"https:\/\/seal.transport-manager.net\/marshall\/wp-content\/uploads\/sites\/76\/2023\/02\/CX-zwei.png\" alt=\"\">: depuis Septembre 2023<\/td><\/tr><tr><td class=\"has-text-align-center\" data-align=\"center\">CH14010<\/td><td class=\"has-text-align-center\" data-align=\"center\">23 Septembre 2023<\/td><td class=\"has-text-align-center\" data-align=\"center\">en service<\/td><td class=\"has-text-align-center\" data-align=\"center\"><img loading=\"lazy\" decoding=\"async\" width=\"111\" height=\"73\" src=\"https:\/\/seal.transport-manager.net\/groupebvl\/wp-content\/uploads\/sites\/307\/2024\/06\/CX-zwei.png\" alt=\"\"><\/td><td class=\"has-text-align-center\" data-align=\"center\">TM-905-70<\/td><td><img loading=\"lazy\" decoding=\"async\" width=\"111\" height=\"73\" class=\"wp-image-1424\" style=\"width: 55px\" src=\"https:\/\/seal.transport-manager.net\/marshall\/wp-content\/uploads\/sites\/76\/2023\/02\/CX-zwei.png\" alt=\"\">: depuis Septembre 2023<\/td><\/tr><tr><td class=\"has-text-align-center\" data-align=\"center\">CH14011<\/td><td class=\"has-text-align-center\" data-align=\"center\">7 Octobre 2023<\/td><td class=\"has-text-align-center\" data-align=\"center\">en service<\/td><td class=\"has-text-align-center\" data-align=\"center\"><img loading=\"lazy\" decoding=\"async\" width=\"111\" height=\"73\" src=\"https:\/\/seal.transport-manager.net\/groupebvl\/wp-content\/uploads\/sites\/307\/2024\/06\/CX-zwei.png\" alt=\"\"><\/td><td class=\"has-text-align-center\" data-align=\"center\">TM-914-50<\/td><td><img loading=\"lazy\" decoding=\"async\" width=\"111\" height=\"73\" class=\"wp-image-1424\" style=\"width: 55px\" src=\"https:\/\/seal.transport-manager.net\/marshall\/wp-content\/uploads\/sites\/76\/2023\/02\/CX-zwei.png\" alt=\"\">: depuis Octobre 2023<\/td><\/tr><tr><td class=\"has-text-align-center\" data-align=\"center\">CH14012<\/td><td class=\"has-text-align-center\" data-align=\"center\">16 Octobre 2023<\/td><td class=\"has-text-align-center\" data-align=\"center\">en service<\/td><td class=\"has-text-align-center\" data-align=\"center\"><img loading=\"lazy\" decoding=\"async\" width=\"111\" height=\"73\" src=\"https:\/\/seal.transport-manager.net\/groupebvl\/wp-content\/uploads\/sites\/307\/2024\/06\/CX-zwei.png\" alt=\"\"><\/td><td class=\"has-text-align-center\" data-align=\"center\">TM-920-50<\/td><td><img loading=\"lazy\" decoding=\"async\" width=\"111\" height=\"73\" class=\"wp-image-1424\" style=\"width: 55px\" src=\"https:\/\/seal.transport-manager.net\/marshall\/wp-content\/uploads\/sites\/76\/2023\/02\/CX-zwei.png\" alt=\"\">: depuis Octobre 2023<\/td><\/tr><tr><td class=\"has-text-align-center\" data-align=\"center\">CH14013<\/td><td class=\"has-text-align-center\" data-align=\"center\">31 Octobre 2023<\/td><td class=\"has-text-align-center\" data-align=\"center\">en service<\/td><td class=\"has-text-align-center\" data-align=\"center\"><img loading=\"lazy\" decoding=\"async\" width=\"111\" height=\"73\" src=\"https:\/\/seal.transport-manager.net\/groupebvl\/wp-content\/uploads\/sites\/307\/2024\/06\/CX-zwei.png\" alt=\"\"><\/td><td class=\"has-text-align-center\" data-align=\"center\">TM-931-52<\/td><td><img loading=\"lazy\" decoding=\"async\" width=\"111\" height=\"73\" class=\"wp-image-1424\" style=\"width: 55px\" src=\"https:\/\/seal.transport-manager.net\/marshall\/wp-content\/uploads\/sites\/76\/2023\/02\/CX-zwei.png\" alt=\"\">: depuis Novembre 2023<\/td><\/tr><tr><td class=\"has-text-align-center\" data-align=\"center\">CH14014<\/td><td class=\"has-text-align-center\" data-align=\"center\">13 Novembre 2023<\/td><td class=\"has-text-align-center\" data-align=\"center\">en service<\/td><td class=\"has-text-align-center\" data-align=\"center\"><img loading=\"lazy\" decoding=\"async\" width=\"111\" height=\"73\" src=\"https:\/\/seal.transport-manager.net\/groupebvl\/wp-content\/uploads\/sites\/307\/2024\/06\/CX-zwei.png\" alt=\"\"><\/td><td class=\"has-text-align-center\" data-align=\"center\">TM-941-56<\/td><td><img loading=\"lazy\" decoding=\"async\" width=\"111\" height=\"73\" class=\"wp-image-1424\" style=\"width: 55px\" src=\"https:\/\/seal.transport-manager.net\/marshall\/wp-content\/uploads\/sites\/76\/2023\/02\/CX-zwei.png\" alt=\"\">: depuis Novembre 2023<\/td><\/tr><tr><td class=\"has-text-align-center\" data-align=\"center\">CH14015<\/td><td class=\"has-text-align-center\" data-align=\"center\">8 Janvier 2024<\/td><td class=\"has-text-align-center\" data-align=\"center\">en service<\/td><td class=\"has-text-align-center\" data-align=\"center\"><img loading=\"lazy\" decoding=\"async\" width=\"111\" height=\"73\" src=\"https:\/\/seal.transport-manager.net\/groupebvl\/wp-content\/uploads\/sites\/307\/2024\/06\/CX-zwei.png\" alt=\"\"><\/td><td class=\"has-text-align-center\" data-align=\"center\">TM-981-32<\/td><td><img loading=\"lazy\" decoding=\"async\" width=\"111\" height=\"73\" class=\"wp-image-1424\" style=\"width: 55px\" src=\"https:\/\/seal.transport-manager.net\/marshall\/wp-content\/uploads\/sites\/76\/2023\/02\/CX-zwei.png\" alt=\"\">: depuis Janvier 2024<\/td><\/tr><tr><td class=\"has-text-align-center\" data-align=\"center\">CH14016<\/td><td class=\"has-text-align-center\" data-align=\"center\">12 Janvier 2024<\/td><td class=\"has-text-align-center\" data-align=\"center\">en service<\/td><td class=\"has-text-align-center\" data-align=\"center\"><img loading=\"lazy\" decoding=\"async\" width=\"111\" height=\"73\" src=\"https:\/\/seal.transport-manager.net\/groupebvl\/wp-content\/uploads\/sites\/307\/2024\/06\/CX-zwei.png\" alt=\"\"><\/td><td class=\"has-text-align-center\" data-align=\"center\">TM-984-35<\/td><td><img loading=\"lazy\" decoding=\"async\" width=\"111\" height=\"73\" class=\"wp-image-1424\" style=\"width: 55px\" src=\"https:\/\/seal.transport-manager.net\/marshall\/wp-content\/uploads\/sites\/76\/2023\/02\/CX-zwei.png\" alt=\"\">: depuis Janvier 2024<\/td><\/tr><tr><td class=\"has-text-align-center\" data-align=\"center\">CH14017<\/td><td class=\"has-text-align-center\" data-align=\"center\">27 Janvier 2024<\/td><td class=\"has-text-align-center\" data-align=\"center\">en service<\/td><td class=\"has-text-align-center\" data-align=\"center\"><img loading=\"lazy\" decoding=\"async\" width=\"111\" height=\"73\" src=\"https:\/\/seal.transport-manager.net\/groupebvl\/wp-content\/uploads\/sites\/307\/2024\/06\/CX-zwei.png\" alt=\"\"><\/td><td class=\"has-text-align-center\" data-align=\"center\">TM-996-17<\/td><td><img loading=\"lazy\" decoding=\"async\" width=\"111\" height=\"73\" class=\"wp-image-1424\" style=\"width: 55px\" src=\"https:\/\/seal.transport-manager.net\/marshall\/wp-content\/uploads\/sites\/76\/2023\/02\/CX-zwei.png\" alt=\"\">: depuis F\u00e9vrier 2024<\/td><\/tr><tr><td class=\"has-text-align-center\" data-align=\"center\">CH14018<\/td><td class=\"has-text-align-center\" data-align=\"center\">2 F\u00e9vier 2024<\/td><td class=\"has-text-align-center\" data-align=\"center\">en service<\/td><td class=\"has-text-align-center\" data-align=\"center\"><img loading=\"lazy\" decoding=\"async\" width=\"111\" height=\"73\" src=\"https:\/\/seal.transport-manager.net\/groupebvl\/wp-content\/uploads\/sites\/307\/2024\/06\/CX-zwei.png\" alt=\"\"><\/td><td class=\"has-text-align-center\" data-align=\"center\">01-000-22<\/td><td><img loading=\"lazy\" decoding=\"async\" width=\"111\" height=\"73\" class=\"wp-image-1424\" style=\"width: 55px\" src=\"https:\/\/seal.transport-manager.net\/marshall\/wp-content\/uploads\/sites\/76\/2023\/02\/CX-zwei.png\" alt=\"\">: depuis F\u00e9vrier 2024<\/td><\/tr><tr><td class=\"has-text-align-center\" data-align=\"center\">CH14019<\/td><td class=\"has-text-align-center\" data-align=\"center\">17 F\u00e9vrier 2024<\/td><td class=\"has-text-align-center\" data-align=\"center\">en service<\/td><td class=\"has-text-align-center\" data-align=\"center\"><img loading=\"lazy\" decoding=\"async\" width=\"111\" height=\"73\" src=\"https:\/\/seal.transport-manager.net\/groupebvl\/wp-content\/uploads\/sites\/307\/2024\/06\/CX-zwei.png\" alt=\"\"><\/td><td class=\"has-text-align-center\" data-align=\"center\">01-012-19<\/td><td><img loading=\"lazy\" decoding=\"async\" width=\"111\" height=\"73\" class=\"wp-image-1424\" style=\"width: 55px\" src=\"https:\/\/seal.transport-manager.net\/marshall\/wp-content\/uploads\/sites\/76\/2023\/02\/CX-zwei.png\" alt=\"\">: depuis F\u00e9vrier 2024<\/td><\/tr><tr><td class=\"has-text-align-center\" data-align=\"center\">CH14020<\/td><td class=\"has-text-align-center\" data-align=\"center\">2 Mars 2024<\/td><td class=\"has-text-align-center\" data-align=\"center\">en service<\/td><td class=\"has-text-align-center\" data-align=\"center\"><img loading=\"lazy\" decoding=\"async\" width=\"111\" height=\"73\" src=\"https:\/\/seal.transport-manager.net\/groupebvl\/wp-content\/uploads\/sites\/307\/2024\/06\/CX-zwei.png\" alt=\"\"><\/td><td class=\"has-text-align-center\" data-align=\"center\">01-022-02<\/td><td><img loading=\"lazy\" decoding=\"async\" width=\"111\" height=\"73\" class=\"wp-image-1424\" style=\"width: 55px\" src=\"https:\/\/seal.transport-manager.net\/marshall\/wp-content\/uploads\/sites\/76\/2023\/02\/CX-zwei.png\" alt=\"\">: depuis Mars 2024<\/td><\/tr><tr><td class=\"has-text-align-center\" data-align=\"center\">CH14021<\/td><td class=\"has-text-align-center\" data-align=\"center\">14 Mars 2024<\/td><td class=\"has-text-align-center\" data-align=\"center\">en service<\/td><td class=\"has-text-align-center\" data-align=\"center\"><img loading=\"lazy\" decoding=\"async\" width=\"111\" height=\"73\" src=\"https:\/\/seal.transport-manager.net\/groupebvl\/wp-content\/uploads\/sites\/307\/2024\/06\/CX-zwei.png\" alt=\"\"><\/td><td class=\"has-text-align-center\" data-align=\"center\">01-030-34<\/td><td><img loading=\"lazy\" decoding=\"async\" width=\"111\" height=\"73\" class=\"wp-image-1424\" style=\"width: 55px\" src=\"https:\/\/seal.transport-manager.net\/marshall\/wp-content\/uploads\/sites\/76\/2023\/02\/CX-zwei.png\" alt=\"\">: depuis Mars 2024<\/td><\/tr><tr><td class=\"has-text-align-center\" data-align=\"center\">CH14022<\/td><td class=\"has-text-align-center\" data-align=\"center\">27 Mars 2024<\/td><td class=\"has-text-align-center\" data-align=\"center\">en service<\/td><td class=\"has-text-align-center\" data-align=\"center\"><img loading=\"lazy\" decoding=\"async\" width=\"111\" height=\"73\" src=\"https:\/\/seal.transport-manager.net\/groupebvl\/wp-content\/uploads\/sites\/307\/2024\/06\/CX-zwei.png\" alt=\"\"><\/td><td class=\"has-text-align-center\" data-align=\"center\">01-037-37<\/td><td><img loading=\"lazy\" decoding=\"async\" width=\"111\" height=\"73\" class=\"wp-image-1424\" style=\"width: 55px\" src=\"https:\/\/seal.transport-manager.net\/marshall\/wp-content\/uploads\/sites\/76\/2023\/02\/CX-zwei.png\" alt=\"\">: depuis Avril 2024<\/td><\/tr><tr><td class=\"has-text-align-center\" data-align=\"center\">CH14023<\/td><td class=\"has-text-align-center\" data-align=\"center\">4 Avril 2024<\/td><td class=\"has-text-align-center\" data-align=\"center\">en service<\/td><td class=\"has-text-align-center\" data-align=\"center\"><img loading=\"lazy\" decoding=\"async\" width=\"111\" height=\"73\" src=\"https:\/\/seal.transport-manager.net\/groupebvl\/wp-content\/uploads\/sites\/307\/2024\/06\/CX-zwei.png\" alt=\"\"><\/td><td class=\"has-text-align-center\" data-align=\"center\">01-042-38<\/td><td><img loading=\"lazy\" decoding=\"async\" width=\"111\" height=\"73\" class=\"wp-image-1424\" style=\"width: 55px\" src=\"https:\/\/seal.transport-manager.net\/marshall\/wp-content\/uploads\/sites\/76\/2023\/02\/CX-zwei.png\" alt=\"\">: depuis Avril 2024<\/td><\/tr><\/tbody><\/table><\/figure>\n\n\n\n<p><\/p>\n","protected":false},"excerpt":{"rendered":"<p>mise en service 2023-2024 statut en service effectif 23 d\u00e9p\u00f4t Bellevarde affectation Carri\u00e8re r\u00e9sum\u00e9e Le LighTram 25 est command\u00e9 en 23 exemplaires par Transports Canard en 2023. Num\u00e9rot\u00e9e CH14000 (Carrosserie &#8230; <a title=\"CH14000 &#8211; Hess LighTram 25\" class=\"read-more\" href=\"https:\/\/seal.transport-manager.net\/marshall\/ch14000-hess-lightram-25\/\" aria-label=\"En savoir plus sur CH14000 &#8211; Hess LighTram 25\">Lire la suite<\/a><\/p>\n","protected":false},"author":76,"featured_media":3644,"parent":0,"menu_order":0,"comment_status":"closed","ping_status":"closed","template":"","meta":{"footnotes":""},"class_list":["post-3100","page","type-page","status-publish","has-post-thumbnail"],"_links":{"self":[{"href":"https:\/\/seal.transport-manager.net\/marshall\/wp-json\/wp\/v2\/pages\/3100","targetHints":{"allow":["GET"]}}],"collection":[{"href":"https:\/\/seal.transport-manager.net\/marshall\/wp-json\/wp\/v2\/pages"}],"about":[{"href":"https:\/\/seal.transport-manager.net\/marshall\/wp-json\/wp\/v2\/types\/page"}],"author":[{"embeddable":true,"href":"https:\/\/seal.transport-manager.net\/marshall\/wp-json\/wp\/v2\/users\/76"}],"replies":[{"embeddable":true,"href":"https:\/\/seal.transport-manager.net\/marshall\/wp-json\/wp\/v2\/comments?post=3100"}],"version-history":[{"count":3,"href":"https:\/\/seal.transport-manager.net\/marshall\/wp-json\/wp\/v2\/pages\/3100\/revisions"}],"predecessor-version":[{"id":3553,"href":"https:\/\/seal.transport-manager.net\/marshall\/wp-json\/wp\/v2\/pages\/3100\/revisions\/3553"}],"wp:featuredmedia":[{"embeddable":true,"href":"https:\/\/seal.transport-manager.net\/marshall\/wp-json\/wp\/v2\/media\/3644"}],"wp:attachment":[{"href":"https:\/\/seal.transport-manager.net\/marshall\/wp-json\/wp\/v2\/media?parent=3100"}],"curies":[{"name":"wp","href":"https:\/\/api.w.org\/{rel}","templated":true}]}}