{"id":3109,"date":"2025-04-18T09:36:46","date_gmt":"2025-04-18T07:36:46","guid":{"rendered":"https:\/\/seal.transport-manager.net\/marshall\/?page_id=3109"},"modified":"2025-12-08T19:06:27","modified_gmt":"2025-12-08T18:06:27","slug":"sn3300-scania-omnicity-g-ii","status":"publish","type":"page","link":"https:\/\/seal.transport-manager.net\/marshall\/sn3300-scania-omnicity-g-ii\/","title":{"rendered":"SN3300 &#8211; Scania Omnicity G II"},"content":{"rendered":"<div class=\"wp-block-image\">\n<figure class=\"aligncenter size-full\"><a href=\"https:\/\/i.ibb.co\/cSKngrJv\/Omnicity-Gfacelift-Canard.png\"><img loading=\"lazy\" decoding=\"async\" width=\"1094\" height=\"360\" src=\"https:\/\/seal.transport-manager.net\/marshall\/wp-content\/uploads\/sites\/76\/2025\/02\/OmnicityGfaceliftCanard.png\" alt=\"\" class=\"wp-image-2983\" srcset=\"https:\/\/seal.transport-manager.net\/marshall\/wp-content\/uploads\/sites\/76\/2025\/02\/OmnicityGfaceliftCanard.png 1094w, https:\/\/seal.transport-manager.net\/marshall\/wp-content\/uploads\/sites\/76\/2025\/02\/OmnicityGfaceliftCanard-300x99.png 300w, https:\/\/seal.transport-manager.net\/marshall\/wp-content\/uploads\/sites\/76\/2025\/02\/OmnicityGfaceliftCanard-1024x337.png 1024w, https:\/\/seal.transport-manager.net\/marshall\/wp-content\/uploads\/sites\/76\/2025\/02\/OmnicityGfaceliftCanard-768x253.png 768w\" sizes=\"auto, (max-width: 1094px) 100vw, 1094px\" \/><\/a><figcaption class=\"wp-element-caption\"><a href=\"https:\/\/i.ibb.co\/cSKngrJv\/Omnicity-Gfacelift-Canard.png\">cliquez pour agrandir<\/a><\/figcaption><\/figure>\n<\/div>\n\n\n<div class=\"wp-block-columns is-layout-flex wp-container-core-columns-is-layout-9d6595d7 wp-block-columns-is-layout-flex\">\n<div class=\"wp-block-column is-layout-flow wp-block-column-is-layout-flow\">\n<figure class=\"wp-block-table is-style-stripes\"><table class=\"has-fixed-layout\"><tbody><tr><td class=\"has-text-align-center\" data-align=\"center\">mise en service<\/td><td class=\"has-text-align-center\" data-align=\"center\">2010<\/td><\/tr><tr><td class=\"has-text-align-center\" data-align=\"center\">statut<\/td><td class=\"has-text-align-center\" data-align=\"center\">en service<\/td><\/tr><tr><td class=\"has-text-align-center\" data-align=\"center\">effectif<\/td><td class=\"has-text-align-center\" data-align=\"center\">6<\/td><\/tr><tr><td class=\"has-text-align-center\" data-align=\"center\">d\u00e9p\u00f4t<\/td><td class=\"has-text-align-center\" data-align=\"center\">Archambaud<\/td><\/tr><tr><td class=\"has-text-align-center\" data-align=\"center\">affectation<\/td><td class=\"has-text-align-center\" data-align=\"center\"><img loading=\"lazy\" decoding=\"async\" width=\"84\" height=\"73\" class=\"wp-image-4081\" style=\"width: 84px\" src=\"https:\/\/seal.transport-manager.net\/marshall\/wp-content\/uploads\/sites\/76\/2025\/11\/zeins.png\" alt=\"\"><img loading=\"lazy\" decoding=\"async\" width=\"84\" height=\"73\" class=\"wp-image-4084\" style=\"width: 84px\" src=\"https:\/\/seal.transport-manager.net\/marshall\/wp-content\/uploads\/sites\/76\/2025\/11\/zzwei.png\" alt=\"\"><\/td><\/tr><\/tbody><\/table><\/figure>\n\n\n\n<h3 class=\"wp-block-heading\">Carri\u00e8re r\u00e9sum\u00e9e<\/h3>\n\n\n\n<p>Le Omnicity G de deuxi\u00e8me s\u00e9rie est command\u00e9 en 6 exemplaires par Transports Canard en 2010. Nomm\u00e9e SN3300 en interne (<strong>S<\/strong>ca<strong>n<\/strong>ia s\u00e9rie 3300), la s\u00e9rie est livr\u00e9e de janvier \u00e0 d\u00e9cembre 2010. Elle est d\u00e9ploy\u00e9e sur la ligne 2 du r\u00e9seau Citycanard sur laquelle elle \u00e9paule les Omnicity G de premi\u00e8re s\u00e9rie puis est rejointe en 2016 par des 7900A Hybrid. En 2023, la ligne 2 disparait au profit de la ligne en site propre CX-2 et ses LighTram 25. Les trois s\u00e9ries sont alors r\u00e9affect\u00e9s \u00e0 la ligne 5 du r\u00e9seau Citycanard dont l&rsquo;augmentation de fr\u00e9quentation rendait n\u00e9cessaire le passage \u00e0 l&rsquo;articul\u00e9 et o\u00f9 elles remplacent des bus standards Omnicity au gaz naturel. A la fin de l&rsquo;ann\u00e9e 2025, les Omnicity G II quittent la ligne 5, remplac\u00e9s par de nouveaux LighTram 19 \u00e9lectriques, et circulent dor\u00e9navant sur les lignes nocturnes du r\u00e9seau Citycanard Night.<\/p>\n<\/div>\n\n\n\n<div class=\"wp-block-column is-layout-flow wp-block-column-is-layout-flow\">\n<figure class=\"wp-block-table is-style-stripes\"><table class=\"has-fixed-layout\"><tbody><tr><td class=\"has-text-align-center\" data-align=\"center\">gamme<\/td><td class=\"has-text-align-center\" data-align=\"center\">Omnicity II<\/td><\/tr><tr><td class=\"has-text-align-center\" data-align=\"center\">constructeur<\/td><td class=\"has-text-align-center\" data-align=\"center\"><img loading=\"lazy\" decoding=\"async\" width=\"24\" height=\"15\" class=\"wp-image-2518\" style=\"width: 24px\" src=\"https:\/\/seal.transport-manager.net\/marshall\/wp-content\/uploads\/sites\/76\/2024\/09\/Suecia.png\" alt=\"\"> Scania<\/td><\/tr><tr><td class=\"has-text-align-center\" data-align=\"center\">cat\u00e9gorie<\/td><td class=\"has-text-align-center\" data-align=\"center\">urbain articul\u00e9<\/td><\/tr><tr><td class=\"has-text-align-center\" data-align=\"center\">propulsion<\/td><td class=\"has-text-align-center\" data-align=\"center\"><img loading=\"lazy\" decoding=\"async\" width=\"61\" height=\"61\" class=\"wp-image-1029\" style=\"width: 61px\" src=\"https:\/\/seal.transport-manager.net\/marshall\/wp-content\/uploads\/sites\/76\/2022\/10\/D.png\" alt=\"\"><\/td><\/tr><tr><td class=\"has-text-align-center\" data-align=\"center\">commercialisation<\/td><td class=\"has-text-align-center\" data-align=\"center\">2006-2011<\/td><\/tr><tr><td class=\"has-text-align-center\" data-align=\"center\">l x L x h<\/td><td class=\"has-text-align-center\" data-align=\"center\">18,0 m x 2,55 m x 3,0 m<\/td><\/tr><tr><td class=\"has-text-align-center\" data-align=\"center\">capacit\u00e9<\/td><td class=\"has-text-align-center\" data-align=\"center\">182 pax (dont 38 assis)<\/td><\/tr><tr><td class=\"has-text-align-center\" data-align=\"center\">moteur<\/td><td class=\"has-text-align-center\" data-align=\"center\">Scania DC917C02<br>9.0 L 6 cylindres en ligne en position transversale arri\u00e8re<\/td><\/tr><tr><td class=\"has-text-align-center\" data-align=\"center\">puissance<\/td><td class=\"has-text-align-center\" data-align=\"center\">199 kW &#8211; 270 ch<\/td><\/tr><tr><td class=\"has-text-align-center\" data-align=\"center\">site de fabrication<\/td><td class=\"has-text-align-center\" data-align=\"center\"><img loading=\"lazy\" decoding=\"async\" width=\"24\" height=\"15\" class=\"wp-image-2519\" style=\"width: 24px\" src=\"https:\/\/seal.transport-manager.net\/marshall\/wp-content\/uploads\/sites\/76\/2024\/09\/Polonia.png\" alt=\"\"> Slupsk<\/td><\/tr><tr><td class=\"has-text-align-center\" data-align=\"center\">mod\u00e8les concurrents<br><em>(en 2010)<\/em><\/td><td class=\"has-text-align-center\" data-align=\"center\">Mercedes-Benz Citaro G C1 facelift<br>Heuliez GX 427<br>Volvo 7700A<br>Irisbus Citelis 18<br>MAN Lion&rsquo;s City G<br>Solaris Urbino 18 III<br>Van Hool NewAG300<br>VDL Citea SLFA-180<\/td><\/tr><\/tbody><\/table><\/figure>\n<\/div>\n<\/div>\n\n\n\n<h3 class=\"wp-block-heading\">R\u00e9f\u00e9rencement du parc<\/h3>\n\n\n\n<figure class=\"wp-block-table is-style-stripes\"><table><tbody><tr><td class=\"has-text-align-center\" data-align=\"center\">n\u00b0<\/td><td class=\"has-text-align-center\" data-align=\"center\">date de m.e.s<\/td><td class=\"has-text-align-center\" data-align=\"center\">statut<\/td><td class=\"has-text-align-center\" data-align=\"center\">affectation courante<br>\/ date de retrait<\/td><td class=\"has-text-align-center\" data-align=\"center\">immat.<\/td><td>historique des affectations<\/td><\/tr><tr><td class=\"has-text-align-center\" data-align=\"center\">SN3308<\/td><td class=\"has-text-align-center\" data-align=\"center\">19 Janvier 2010<\/td><td class=\"has-text-align-center\" data-align=\"center\">en service<\/td><td class=\"has-text-align-center\" data-align=\"center\"><img loading=\"lazy\" decoding=\"async\" width=\"84\" height=\"73\" class=\"wp-image-4081\" style=\"width: 84px\" src=\"https:\/\/seal.transport-manager.net\/marshall\/wp-content\/uploads\/sites\/76\/2025\/11\/zeins.png\" alt=\"\"><img loading=\"lazy\" decoding=\"async\" width=\"84\" height=\"73\" class=\"wp-image-4084\" style=\"width: 84px\" src=\"https:\/\/seal.transport-manager.net\/marshall\/wp-content\/uploads\/sites\/76\/2025\/11\/zzwei.png\" alt=\"\"><\/td><td class=\"has-text-align-center\" data-align=\"center\">TM-528-15<\/td><td><img loading=\"lazy\" decoding=\"async\" width=\"73\" height=\"73\" class=\"wp-image-1413\" style=\"width: 36px\" src=\"https:\/\/seal.transport-manager.net\/marshall\/wp-content\/uploads\/sites\/76\/2023\/02\/zwei.png\" alt=\"\">: de Janvier 2010 \u00e0 Avril 2023<br><img loading=\"lazy\" decoding=\"async\" width=\"111\" height=\"73\" class=\"wp-image-1424\" style=\"width: 55px\" src=\"https:\/\/seal.transport-manager.net\/marshall\/wp-content\/uploads\/sites\/76\/2023\/02\/CX-zwei.png\" alt=\"\">: de Mai 2023 \u00e0 Ao\u00fbt 2023<br><img loading=\"lazy\" decoding=\"async\" width=\"73\" height=\"73\" class=\"wp-image-1408\" style=\"width: 36px\" src=\"https:\/\/seal.transport-manager.net\/marshall\/wp-content\/uploads\/sites\/76\/2023\/02\/funf.png\" alt=\"\">: de Ao\u00fbt 2023 \u00e0 D\u00e9cembre 2025<br><img loading=\"lazy\" decoding=\"async\" width=\"84\" height=\"73\" class=\"wp-image-4081\" style=\"width: 42px\" src=\"https:\/\/seal.transport-manager.net\/marshall\/wp-content\/uploads\/sites\/76\/2025\/11\/zeins.png\" alt=\"\"><img loading=\"lazy\" decoding=\"async\" width=\"84\" height=\"73\" class=\"wp-image-4084\" style=\"width: 42px\" src=\"https:\/\/seal.transport-manager.net\/marshall\/wp-content\/uploads\/sites\/76\/2025\/11\/zzwei.png\" alt=\"\">: depuis Novembre 2025<\/td><\/tr><tr><td class=\"has-text-align-center\" data-align=\"center\">SN3309<\/td><td class=\"has-text-align-center\" data-align=\"center\">19 Janvier 2010<\/td><td class=\"has-text-align-center\" data-align=\"center\">en service<\/td><td class=\"has-text-align-center\" data-align=\"center\"><img loading=\"lazy\" decoding=\"async\" width=\"84\" height=\"73\" class=\"wp-image-4081\" style=\"width: 84px\" src=\"https:\/\/seal.transport-manager.net\/marshall\/wp-content\/uploads\/sites\/76\/2025\/11\/zeins.png\" alt=\"\"><img loading=\"lazy\" decoding=\"async\" width=\"84\" height=\"73\" class=\"wp-image-4084\" style=\"width: 84px\" src=\"https:\/\/seal.transport-manager.net\/marshall\/wp-content\/uploads\/sites\/76\/2025\/11\/zzwei.png\" alt=\"\"><\/td><td class=\"has-text-align-center\" data-align=\"center\">TM-528-14<\/td><td><img loading=\"lazy\" decoding=\"async\" width=\"73\" height=\"73\" class=\"wp-image-1413\" style=\"width: 36px\" src=\"https:\/\/seal.transport-manager.net\/marshall\/wp-content\/uploads\/sites\/76\/2023\/02\/zwei.png\" alt=\"\">: de Janvier 2010 \u00e0 Avril 2023<br><img loading=\"lazy\" decoding=\"async\" width=\"111\" height=\"73\" class=\"wp-image-1424\" style=\"width: 55px\" src=\"https:\/\/seal.transport-manager.net\/marshall\/wp-content\/uploads\/sites\/76\/2023\/02\/CX-zwei.png\" alt=\"\">: de Mai 2023 \u00e0 Septembre 2023<br><img loading=\"lazy\" decoding=\"async\" width=\"73\" height=\"73\" class=\"wp-image-1408\" style=\"width: 36px\" src=\"https:\/\/seal.transport-manager.net\/marshall\/wp-content\/uploads\/sites\/76\/2023\/02\/funf.png\" alt=\"\">: de Septembre 2023 \u00e0 D\u00e9cembre 2025<br><img loading=\"lazy\" decoding=\"async\" width=\"84\" height=\"73\" class=\"wp-image-4081\" style=\"width: 42px\" src=\"https:\/\/seal.transport-manager.net\/marshall\/wp-content\/uploads\/sites\/76\/2025\/11\/zeins.png\" alt=\"\"><img loading=\"lazy\" decoding=\"async\" width=\"84\" height=\"73\" class=\"wp-image-4084\" style=\"width: 42px\" src=\"https:\/\/seal.transport-manager.net\/marshall\/wp-content\/uploads\/sites\/76\/2025\/11\/zzwei.png\" alt=\"\">: depuis Novembre 2025<\/td><\/tr><tr><td class=\"has-text-align-center\" data-align=\"center\">SN3310<\/td><td class=\"has-text-align-center\" data-align=\"center\">14 Mars 2010<\/td><td class=\"has-text-align-center\" data-align=\"center\">en service<\/td><td class=\"has-text-align-center\" data-align=\"center\"><img loading=\"lazy\" decoding=\"async\" width=\"84\" height=\"73\" class=\"wp-image-4081\" style=\"width: 84px\" src=\"https:\/\/seal.transport-manager.net\/marshall\/wp-content\/uploads\/sites\/76\/2025\/11\/zeins.png\" alt=\"\"><img loading=\"lazy\" decoding=\"async\" width=\"84\" height=\"73\" class=\"wp-image-4084\" style=\"width: 84px\" src=\"https:\/\/seal.transport-manager.net\/marshall\/wp-content\/uploads\/sites\/76\/2025\/11\/zzwei.png\" alt=\"\"><\/td><td class=\"has-text-align-center\" data-align=\"center\">TM-535-27<\/td><td><img loading=\"lazy\" decoding=\"async\" width=\"73\" height=\"73\" class=\"wp-image-1413\" style=\"width: 36px\" src=\"https:\/\/seal.transport-manager.net\/marshall\/wp-content\/uploads\/sites\/76\/2023\/02\/zwei.png\" alt=\"\">: de Mars 2010 \u00e0 Avril 2023<br><img loading=\"lazy\" decoding=\"async\" width=\"111\" height=\"73\" class=\"wp-image-1424\" style=\"width: 55px\" src=\"https:\/\/seal.transport-manager.net\/marshall\/wp-content\/uploads\/sites\/76\/2023\/02\/CX-zwei.png\" alt=\"\">: de Mai 2023 \u00e0 Septembre 2023<br><img loading=\"lazy\" decoding=\"async\" width=\"73\" height=\"73\" class=\"wp-image-1408\" style=\"width: 36px\" src=\"https:\/\/seal.transport-manager.net\/marshall\/wp-content\/uploads\/sites\/76\/2023\/02\/funf.png\" alt=\"\">: de Septembre 2023 \u00e0 D\u00e9cembre 2025<br><img loading=\"lazy\" decoding=\"async\" width=\"84\" height=\"73\" class=\"wp-image-4081\" style=\"width: 42px\" src=\"https:\/\/seal.transport-manager.net\/marshall\/wp-content\/uploads\/sites\/76\/2025\/11\/zeins.png\" alt=\"\"><img loading=\"lazy\" decoding=\"async\" width=\"84\" height=\"73\" class=\"wp-image-4084\" style=\"width: 42px\" src=\"https:\/\/seal.transport-manager.net\/marshall\/wp-content\/uploads\/sites\/76\/2025\/11\/zzwei.png\" alt=\"\">: depuis Novembre 2025<\/td><\/tr><tr><td class=\"has-text-align-center\" data-align=\"center\">SN3311<\/td><td class=\"has-text-align-center\" data-align=\"center\">14 Mars 2010<\/td><td class=\"has-text-align-center\" data-align=\"center\">en service<\/td><td class=\"has-text-align-center\" data-align=\"center\"><img loading=\"lazy\" decoding=\"async\" width=\"84\" height=\"73\" class=\"wp-image-4081\" style=\"width: 84px\" src=\"https:\/\/seal.transport-manager.net\/marshall\/wp-content\/uploads\/sites\/76\/2025\/11\/zeins.png\" alt=\"\"><img loading=\"lazy\" decoding=\"async\" width=\"84\" height=\"73\" class=\"wp-image-4084\" style=\"width: 84px\" src=\"https:\/\/seal.transport-manager.net\/marshall\/wp-content\/uploads\/sites\/76\/2025\/11\/zzwei.png\" alt=\"\"><\/td><td class=\"has-text-align-center\" data-align=\"center\">TM-535-26<\/td><td><img loading=\"lazy\" decoding=\"async\" width=\"73\" height=\"73\" class=\"wp-image-1413\" style=\"width: 36px\" src=\"https:\/\/seal.transport-manager.net\/marshall\/wp-content\/uploads\/sites\/76\/2023\/02\/zwei.png\" alt=\"\">: de Mars 2010 \u00e0 Avril 2023<br><img loading=\"lazy\" decoding=\"async\" width=\"111\" height=\"73\" class=\"wp-image-1424\" style=\"width: 55px\" src=\"https:\/\/seal.transport-manager.net\/marshall\/wp-content\/uploads\/sites\/76\/2023\/02\/CX-zwei.png\" alt=\"\">: de Mai 2023 \u00e0 Octobre 2023<br><img loading=\"lazy\" decoding=\"async\" width=\"73\" height=\"73\" class=\"wp-image-1408\" style=\"width: 36px\" src=\"https:\/\/seal.transport-manager.net\/marshall\/wp-content\/uploads\/sites\/76\/2023\/02\/funf.png\" alt=\"\">: de Octobre 2023 \u00e0 D\u00e9cembre 2025<br><img loading=\"lazy\" decoding=\"async\" width=\"84\" height=\"73\" class=\"wp-image-4081\" style=\"width: 42px\" src=\"https:\/\/seal.transport-manager.net\/marshall\/wp-content\/uploads\/sites\/76\/2025\/11\/zeins.png\" alt=\"\"><img loading=\"lazy\" decoding=\"async\" width=\"84\" height=\"73\" class=\"wp-image-4084\" style=\"width: 42px\" src=\"https:\/\/seal.transport-manager.net\/marshall\/wp-content\/uploads\/sites\/76\/2025\/11\/zzwei.png\" alt=\"\">: depuis Novembre 2025<\/td><\/tr><tr><td class=\"has-text-align-center\" data-align=\"center\">SN3312<\/td><td class=\"has-text-align-center\" data-align=\"center\">20 D\u00e9cembre 2010<\/td><td class=\"has-text-align-center\" data-align=\"center\">en service<\/td><td class=\"has-text-align-center\" data-align=\"center\"><img loading=\"lazy\" decoding=\"async\" width=\"84\" height=\"73\" class=\"wp-image-4081\" style=\"width: 84px\" src=\"https:\/\/seal.transport-manager.net\/marshall\/wp-content\/uploads\/sites\/76\/2025\/11\/zeins.png\" alt=\"\"><img loading=\"lazy\" decoding=\"async\" width=\"84\" height=\"73\" class=\"wp-image-4084\" style=\"width: 84px\" src=\"https:\/\/seal.transport-manager.net\/marshall\/wp-content\/uploads\/sites\/76\/2025\/11\/zzwei.png\" alt=\"\"><\/td><td class=\"has-text-align-center\" data-align=\"center\">TM-524-32<\/td><td><img loading=\"lazy\" decoding=\"async\" width=\"73\" height=\"73\" class=\"wp-image-1413\" style=\"width: 36px\" src=\"https:\/\/seal.transport-manager.net\/marshall\/wp-content\/uploads\/sites\/76\/2023\/02\/zwei.png\" alt=\"\">: de D\u00e9cembre 2010 \u00e0 Avril 2023<br><img loading=\"lazy\" decoding=\"async\" width=\"111\" height=\"73\" class=\"wp-image-1424\" style=\"width: 55px\" src=\"https:\/\/seal.transport-manager.net\/marshall\/wp-content\/uploads\/sites\/76\/2023\/02\/CX-zwei.png\" alt=\"\">: de Mai 2023 \u00e0 Octobre 2023<br><img loading=\"lazy\" decoding=\"async\" width=\"73\" height=\"73\" class=\"wp-image-1408\" style=\"width: 36px\" src=\"https:\/\/seal.transport-manager.net\/marshall\/wp-content\/uploads\/sites\/76\/2023\/02\/funf.png\" alt=\"\">: de Octobre 2023 \u00e0 D\u00e9cembre 2025<br><img loading=\"lazy\" decoding=\"async\" width=\"84\" height=\"73\" class=\"wp-image-4081\" style=\"width: 42px\" src=\"https:\/\/seal.transport-manager.net\/marshall\/wp-content\/uploads\/sites\/76\/2025\/11\/zeins.png\" alt=\"\"><img loading=\"lazy\" decoding=\"async\" width=\"84\" height=\"73\" class=\"wp-image-4084\" style=\"width: 42px\" src=\"https:\/\/seal.transport-manager.net\/marshall\/wp-content\/uploads\/sites\/76\/2025\/11\/zzwei.png\" alt=\"\">: depuis Novembre 2025<\/td><\/tr><tr><td class=\"has-text-align-center\" data-align=\"center\">SN3313<\/td><td class=\"has-text-align-center\" data-align=\"center\">20 D\u00e9cembre 2010<\/td><td class=\"has-text-align-center\" data-align=\"center\">en service<\/td><td class=\"has-text-align-center\" data-align=\"center\"><img loading=\"lazy\" decoding=\"async\" width=\"84\" height=\"73\" class=\"wp-image-4081\" style=\"width: 84px\" src=\"https:\/\/seal.transport-manager.net\/marshall\/wp-content\/uploads\/sites\/76\/2025\/11\/zeins.png\" alt=\"\"><img loading=\"lazy\" decoding=\"async\" width=\"84\" height=\"73\" class=\"wp-image-4084\" style=\"width: 84px\" src=\"https:\/\/seal.transport-manager.net\/marshall\/wp-content\/uploads\/sites\/76\/2025\/11\/zzwei.png\" alt=\"\"><\/td><td class=\"has-text-align-center\" data-align=\"center\">TM-524-31<\/td><td><img loading=\"lazy\" decoding=\"async\" width=\"73\" height=\"73\" class=\"wp-image-1413\" style=\"width: 36px\" src=\"https:\/\/seal.transport-manager.net\/marshall\/wp-content\/uploads\/sites\/76\/2023\/02\/zwei.png\" alt=\"\">: de D\u00e9cembre 2010 \u00e0 Avril 2023<br><img loading=\"lazy\" decoding=\"async\" width=\"111\" height=\"73\" class=\"wp-image-1424\" style=\"width: 55px\" src=\"https:\/\/seal.transport-manager.net\/marshall\/wp-content\/uploads\/sites\/76\/2023\/02\/CX-zwei.png\" alt=\"\">: de Mai 2023 \u00e0 Novembre 2023<br><img loading=\"lazy\" decoding=\"async\" width=\"73\" height=\"73\" class=\"wp-image-1408\" style=\"width: 36px\" src=\"https:\/\/seal.transport-manager.net\/marshall\/wp-content\/uploads\/sites\/76\/2023\/02\/funf.png\" alt=\"\">: de Novembre 2023 \u00e0 D\u00e9cembre 2025<br><img loading=\"lazy\" decoding=\"async\" width=\"84\" height=\"73\" class=\"wp-image-4081\" style=\"width: 42px\" src=\"https:\/\/seal.transport-manager.net\/marshall\/wp-content\/uploads\/sites\/76\/2025\/11\/zeins.png\" alt=\"\"><img loading=\"lazy\" decoding=\"async\" width=\"84\" height=\"73\" class=\"wp-image-4084\" style=\"width: 42px\" src=\"https:\/\/seal.transport-manager.net\/marshall\/wp-content\/uploads\/sites\/76\/2025\/11\/zzwei.png\" alt=\"\">: depuis Novembre 2025<\/td><\/tr><\/tbody><\/table><\/figure>\n\n\n\n<p><\/p>\n","protected":false},"excerpt":{"rendered":"<p>mise en service 2010 statut en service effectif 6 d\u00e9p\u00f4t Archambaud affectation Carri\u00e8re r\u00e9sum\u00e9e Le Omnicity G de deuxi\u00e8me s\u00e9rie est command\u00e9 en 6 exemplaires par Transports Canard en 2010. &#8230; <a title=\"SN3300 &#8211; Scania Omnicity G II\" class=\"read-more\" href=\"https:\/\/seal.transport-manager.net\/marshall\/sn3300-scania-omnicity-g-ii\/\" aria-label=\"En savoir plus sur SN3300 &#8211; Scania Omnicity G II\">Lire la suite<\/a><\/p>\n","protected":false},"author":76,"featured_media":3654,"parent":0,"menu_order":0,"comment_status":"closed","ping_status":"closed","template":"","meta":{"footnotes":""},"class_list":["post-3109","page","type-page","status-publish","has-post-thumbnail"],"_links":{"self":[{"href":"https:\/\/seal.transport-manager.net\/marshall\/wp-json\/wp\/v2\/pages\/3109","targetHints":{"allow":["GET"]}}],"collection":[{"href":"https:\/\/seal.transport-manager.net\/marshall\/wp-json\/wp\/v2\/pages"}],"about":[{"href":"https:\/\/seal.transport-manager.net\/marshall\/wp-json\/wp\/v2\/types\/page"}],"author":[{"embeddable":true,"href":"https:\/\/seal.transport-manager.net\/marshall\/wp-json\/wp\/v2\/users\/76"}],"replies":[{"embeddable":true,"href":"https:\/\/seal.transport-manager.net\/marshall\/wp-json\/wp\/v2\/comments?post=3109"}],"version-history":[{"count":11,"href":"https:\/\/seal.transport-manager.net\/marshall\/wp-json\/wp\/v2\/pages\/3109\/revisions"}],"predecessor-version":[{"id":4245,"href":"https:\/\/seal.transport-manager.net\/marshall\/wp-json\/wp\/v2\/pages\/3109\/revisions\/4245"}],"wp:featuredmedia":[{"embeddable":true,"href":"https:\/\/seal.transport-manager.net\/marshall\/wp-json\/wp\/v2\/media\/3654"}],"wp:attachment":[{"href":"https:\/\/seal.transport-manager.net\/marshall\/wp-json\/wp\/v2\/media?parent=3109"}],"curies":[{"name":"wp","href":"https:\/\/api.w.org\/{rel}","templated":true}]}}