{"id":3117,"date":"2025-04-18T10:14:38","date_gmt":"2025-04-18T08:14:38","guid":{"rendered":"https:\/\/seal.transport-manager.net\/marshall\/?page_id=3117"},"modified":"2025-07-31T20:35:46","modified_gmt":"2025-07-31T18:35:46","slug":"vv13700-volvo-7900a-e","status":"publish","type":"page","link":"https:\/\/seal.transport-manager.net\/marshall\/vv13700-volvo-7900a-e\/","title":{"rendered":"VV13700 &#8211; Volvo 7900A E"},"content":{"rendered":"<div class=\"wp-block-image\">\n<figure class=\"aligncenter size-full\"><a href=\"https:\/\/i.ibb.co\/Fbs487hW\/7900-AECanard.png\"><img loading=\"lazy\" decoding=\"async\" width=\"1120\" height=\"360\" src=\"https:\/\/seal.transport-manager.net\/marshall\/wp-content\/uploads\/sites\/76\/2025\/02\/7900AECanard.png\" alt=\"\" class=\"wp-image-2987\" srcset=\"https:\/\/seal.transport-manager.net\/marshall\/wp-content\/uploads\/sites\/76\/2025\/02\/7900AECanard.png 1120w, https:\/\/seal.transport-manager.net\/marshall\/wp-content\/uploads\/sites\/76\/2025\/02\/7900AECanard-300x96.png 300w, https:\/\/seal.transport-manager.net\/marshall\/wp-content\/uploads\/sites\/76\/2025\/02\/7900AECanard-1024x329.png 1024w, https:\/\/seal.transport-manager.net\/marshall\/wp-content\/uploads\/sites\/76\/2025\/02\/7900AECanard-768x247.png 768w\" sizes=\"auto, (max-width: 1120px) 100vw, 1120px\" \/><\/a><figcaption class=\"wp-element-caption\"><a href=\"https:\/\/i.ibb.co\/Fbs487hW\/7900-AECanard.png\">cliquez pour agrandir<\/a><\/figcaption><\/figure>\n<\/div>\n\n\n<div class=\"wp-block-columns is-layout-flex wp-container-core-columns-is-layout-9d6595d7 wp-block-columns-is-layout-flex\">\n<div class=\"wp-block-column is-layout-flow wp-block-column-is-layout-flow\">\n<figure class=\"wp-block-table is-style-stripes\"><table class=\"has-fixed-layout\"><tbody><tr><td class=\"has-text-align-center\" data-align=\"center\">mise en service<\/td><td class=\"has-text-align-center\" data-align=\"center\">2024<\/td><\/tr><tr><td class=\"has-text-align-center\" data-align=\"center\">statut<\/td><td class=\"has-text-align-center\" data-align=\"center\">en service<\/td><\/tr><tr><td class=\"has-text-align-center\" data-align=\"center\">effectif<\/td><td class=\"has-text-align-center\" data-align=\"center\">4<\/td><\/tr><tr><td class=\"has-text-align-center\" data-align=\"center\">d\u00e9p\u00f4t<\/td><td class=\"has-text-align-center\" data-align=\"center\">Bellevarde<\/td><\/tr><tr><td class=\"has-text-align-center\" data-align=\"center\">affectation<\/td><td class=\"has-text-align-center\" data-align=\"center\"><img loading=\"lazy\" decoding=\"async\" width=\"73\" height=\"73\" class=\"wp-image-1408\" style=\"width: 73px\" src=\"https:\/\/seal.transport-manager.net\/marshall\/wp-content\/uploads\/sites\/76\/2023\/02\/funf.png\" alt=\"\"><\/td><\/tr><\/tbody><\/table><\/figure>\n\n\n\n<h3 class=\"wp-block-heading\">Carri\u00e8re r\u00e9sum\u00e9e<\/h3>\n\n\n\n<p>Le 7900A E est command\u00e9 en 4 exemplaires par Transports Canards en 2024. Nomm\u00e9e en interne VV13700 (<strong>V<\/strong>ol<strong>v<\/strong>o s\u00e9rie 13700), la s\u00e9rie est livr\u00e9e d&rsquo;octobre \u00e0 d\u00e9cembre 2024 et est d\u00e9ploy\u00e9e sur la ligne 5 du r\u00e9seau Citycanard o\u00f9 elle remplace les derniers Scania Omnicity G de premi\u00e8re g\u00e9n\u00e9ration, permettant leur retrait d\u00e9finitif.<\/p>\n<\/div>\n\n\n\n<div class=\"wp-block-column is-layout-flow wp-block-column-is-layout-flow\">\n<figure class=\"wp-block-table is-style-stripes\"><table class=\"has-fixed-layout\"><tbody><tr><td class=\"has-text-align-center\" data-align=\"center\">gamme<\/td><td class=\"has-text-align-center\" data-align=\"center\">7900<\/td><\/tr><tr><td class=\"has-text-align-center\" data-align=\"center\">constructeur<\/td><td class=\"has-text-align-center\" data-align=\"center\"><img loading=\"lazy\" decoding=\"async\" width=\"24\" height=\"15\" class=\"wp-image-2518\" style=\"width: 24px\" src=\"https:\/\/seal.transport-manager.net\/marshall\/wp-content\/uploads\/sites\/76\/2024\/09\/Suecia.png\" alt=\"\"> Volvo Buses<\/td><\/tr><tr><td class=\"has-text-align-center\" data-align=\"center\">cat\u00e9gorie<\/td><td class=\"has-text-align-center\" data-align=\"center\">urbain articul\u00e9<\/td><\/tr><tr><td class=\"has-text-align-center\" data-align=\"center\">propulsion<\/td><td class=\"has-text-align-center\" data-align=\"center\"><img loading=\"lazy\" decoding=\"async\" width=\"61\" height=\"61\" class=\"wp-image-1352\" style=\"width: 61px\" src=\"https:\/\/seal.transport-manager.net\/marshall\/wp-content\/uploads\/sites\/76\/2023\/01\/EV.png\" alt=\"\"><\/td><\/tr><tr><td class=\"has-text-align-center\" data-align=\"center\">commercialisation<\/td><td class=\"has-text-align-center\" data-align=\"center\">depuis 2019<\/td><\/tr><tr><td class=\"has-text-align-center\" data-align=\"center\">l x L x h<\/td><td class=\"has-text-align-center\" data-align=\"center\">18,7 m x 2,55 m x 3,3 m<\/td><\/tr><tr><td class=\"has-text-align-center\" data-align=\"center\">capacit\u00e9<\/td><td class=\"has-text-align-center\" data-align=\"center\">146 pax (dont 38 assis)<\/td><\/tr><tr><td class=\"has-text-align-center\" data-align=\"center\">moteur<\/td><td class=\"has-text-align-center\" data-align=\"center\">Volvo R85<br>\u00e9lectromoteurs sur les essieux central et arri\u00e8re<\/td><\/tr><tr><td class=\"has-text-align-center\" data-align=\"center\">puissance<\/td><td class=\"has-text-align-center\" data-align=\"center\">400 kW &#8211; 544 ch<\/td><\/tr><tr><td class=\"has-text-align-center\" data-align=\"center\">site de fabrication<\/td><td class=\"has-text-align-center\" data-align=\"center\"><img loading=\"lazy\" decoding=\"async\" width=\"24\" height=\"15\" class=\"wp-image-2519\" style=\"width: 24px\" src=\"https:\/\/seal.transport-manager.net\/marshall\/wp-content\/uploads\/sites\/76\/2024\/09\/Polonia.png\" alt=\"\"> Wroclaw<\/td><\/tr><tr><td class=\"has-text-align-center\" data-align=\"center\">mod\u00e8les concurrents<br><em>(en 2024)<\/em><\/td><td class=\"has-text-align-center\" data-align=\"center\">Mercedes-Benz eCitaro G<br>Heuliez GX 437 E<br>MAN Lion&rsquo;s City 18E<br>Solaris Urbino 18 IV E<br>VDL Citea SLFA-180 Electric<br>Irizar ie Bus 18<br>Hess LighTram 19<\/td><\/tr><\/tbody><\/table><\/figure>\n<\/div>\n<\/div>\n\n\n\n<h3 class=\"wp-block-heading\">R\u00e9f\u00e9rencement du parc<\/h3>\n\n\n\n<figure class=\"wp-block-table is-style-stripes\"><table><tbody><tr><td class=\"has-text-align-center\" data-align=\"center\">n\u00b0<\/td><td class=\"has-text-align-center\" data-align=\"center\">date de m.e.s<\/td><td class=\"has-text-align-center\" data-align=\"center\">statut<\/td><td class=\"has-text-align-center\" data-align=\"center\">affectation courante<br>\/ date de retrait<\/td><td class=\"has-text-align-center\" data-align=\"center\">immat.<\/td><td>historique des affectations<\/td><\/tr><tr><td class=\"has-text-align-center\" data-align=\"center\">VV13701<\/td><td class=\"has-text-align-center\" data-align=\"center\">18 Octobre 2024<\/td><td class=\"has-text-align-center\" data-align=\"center\">en service<\/td><td class=\"has-text-align-center\" data-align=\"center\"><img loading=\"lazy\" decoding=\"async\" width=\"73\" height=\"73\" src=\"https:\/\/seal.transport-manager.net\/groupebvl\/wp-content\/uploads\/sites\/307\/2024\/06\/funf.png\" alt=\"\"><\/td><td class=\"has-text-align-center\" data-align=\"center\">01-199-33<\/td><td><img loading=\"lazy\" decoding=\"async\" width=\"73\" height=\"73\" class=\"wp-image-1408\" style=\"width: 36px\" src=\"https:\/\/seal.transport-manager.net\/marshall\/wp-content\/uploads\/sites\/76\/2023\/02\/funf.png\" alt=\"\">: depuis Novembre 2024<\/td><\/tr><tr><td class=\"has-text-align-center\" data-align=\"center\">VV13702<\/td><td class=\"has-text-align-center\" data-align=\"center\">4 Novembre 2024<\/td><td class=\"has-text-align-center\" data-align=\"center\">en service<\/td><td class=\"has-text-align-center\" data-align=\"center\"><img loading=\"lazy\" decoding=\"async\" width=\"73\" height=\"73\" src=\"https:\/\/seal.transport-manager.net\/groupebvl\/wp-content\/uploads\/sites\/307\/2024\/06\/funf.png\" alt=\"\"><\/td><td class=\"has-text-align-center\" data-align=\"center\">01-220-75<\/td><td><img loading=\"lazy\" decoding=\"async\" width=\"73\" height=\"73\" class=\"wp-image-1408\" style=\"width: 36px\" src=\"https:\/\/seal.transport-manager.net\/marshall\/wp-content\/uploads\/sites\/76\/2023\/02\/funf.png\" alt=\"\">: depuis Novembre 2024<\/td><\/tr><tr><td class=\"has-text-align-center\" data-align=\"center\">VV13703<\/td><td class=\"has-text-align-center\" data-align=\"center\">18 Novembre 2024<\/td><td class=\"has-text-align-center\" data-align=\"center\">en service<\/td><td class=\"has-text-align-center\" data-align=\"center\"><img loading=\"lazy\" decoding=\"async\" width=\"73\" height=\"73\" src=\"https:\/\/seal.transport-manager.net\/groupebvl\/wp-content\/uploads\/sites\/307\/2024\/06\/funf.png\" alt=\"\"><\/td><td class=\"has-text-align-center\" data-align=\"center\">01-235-85<\/td><td><img loading=\"lazy\" decoding=\"async\" width=\"73\" height=\"73\" class=\"wp-image-1408\" style=\"width: 36px\" src=\"https:\/\/seal.transport-manager.net\/marshall\/wp-content\/uploads\/sites\/76\/2023\/02\/funf.png\" alt=\"\">: depuis Novembre 2024<\/td><\/tr><tr><td class=\"has-text-align-center\" data-align=\"center\">VV13704<\/td><td class=\"has-text-align-center\" data-align=\"center\">2 D\u00e9cembre 2024<\/td><td class=\"has-text-align-center\" data-align=\"center\">en service<\/td><td class=\"has-text-align-center\" data-align=\"center\"><img loading=\"lazy\" decoding=\"async\" width=\"73\" height=\"73\" src=\"https:\/\/seal.transport-manager.net\/groupebvl\/wp-content\/uploads\/sites\/307\/2024\/06\/funf.png\" alt=\"\"><\/td><td class=\"has-text-align-center\" data-align=\"center\">01-246-11<\/td><td><img loading=\"lazy\" decoding=\"async\" width=\"73\" height=\"73\" class=\"wp-image-1408\" style=\"width: 36px\" src=\"https:\/\/seal.transport-manager.net\/marshall\/wp-content\/uploads\/sites\/76\/2023\/02\/funf.png\" alt=\"\">: depuis D\u00e9cembre 2024<\/td><\/tr><\/tbody><\/table><\/figure>\n\n\n\n<p><\/p>\n","protected":false},"excerpt":{"rendered":"<p>mise en service 2024 statut en service effectif 4 d\u00e9p\u00f4t Bellevarde affectation Carri\u00e8re r\u00e9sum\u00e9e Le 7900A E est command\u00e9 en 4 exemplaires par Transports Canards en 2024. Nomm\u00e9e en interne &#8230; <a title=\"VV13700 &#8211; Volvo 7900A E\" class=\"read-more\" href=\"https:\/\/seal.transport-manager.net\/marshall\/vv13700-volvo-7900a-e\/\" aria-label=\"En savoir plus sur VV13700 &#8211; Volvo 7900A E\">Lire la suite<\/a><\/p>\n","protected":false},"author":76,"featured_media":3656,"parent":0,"menu_order":0,"comment_status":"closed","ping_status":"closed","template":"","meta":{"footnotes":""},"class_list":["post-3117","page","type-page","status-publish","has-post-thumbnail"],"_links":{"self":[{"href":"https:\/\/seal.transport-manager.net\/marshall\/wp-json\/wp\/v2\/pages\/3117","targetHints":{"allow":["GET"]}}],"collection":[{"href":"https:\/\/seal.transport-manager.net\/marshall\/wp-json\/wp\/v2\/pages"}],"about":[{"href":"https:\/\/seal.transport-manager.net\/marshall\/wp-json\/wp\/v2\/types\/page"}],"author":[{"embeddable":true,"href":"https:\/\/seal.transport-manager.net\/marshall\/wp-json\/wp\/v2\/users\/76"}],"replies":[{"embeddable":true,"href":"https:\/\/seal.transport-manager.net\/marshall\/wp-json\/wp\/v2\/comments?post=3117"}],"version-history":[{"count":3,"href":"https:\/\/seal.transport-manager.net\/marshall\/wp-json\/wp\/v2\/pages\/3117\/revisions"}],"predecessor-version":[{"id":3299,"href":"https:\/\/seal.transport-manager.net\/marshall\/wp-json\/wp\/v2\/pages\/3117\/revisions\/3299"}],"wp:featuredmedia":[{"embeddable":true,"href":"https:\/\/seal.transport-manager.net\/marshall\/wp-json\/wp\/v2\/media\/3656"}],"wp:attachment":[{"href":"https:\/\/seal.transport-manager.net\/marshall\/wp-json\/wp\/v2\/media?parent=3117"}],"curies":[{"name":"wp","href":"https:\/\/api.w.org\/{rel}","templated":true}]}}