{"id":3129,"date":"2025-04-18T11:48:55","date_gmt":"2025-04-18T09:48:55","guid":{"rendered":"https:\/\/seal.transport-manager.net\/marshall\/?page_id=3129"},"modified":"2025-10-07T07:42:20","modified_gmt":"2025-10-07T05:42:20","slug":"sn4400-scania-omnicity-ii-gnv","status":"publish","type":"page","link":"https:\/\/seal.transport-manager.net\/marshall\/sn4400-scania-omnicity-ii-gnv\/","title":{"rendered":"SN4400 &#8211; Scania Omnicity II GNV"},"content":{"rendered":"<div class=\"wp-block-image\">\n<figure class=\"aligncenter size-full\"><a href=\"https:\/\/i.ibb.co\/KTG747n\/Omnicity-GNVCanard.png\"><img loading=\"lazy\" decoding=\"async\" width=\"794\" height=\"360\" src=\"https:\/\/seal.transport-manager.net\/marshall\/wp-content\/uploads\/sites\/76\/2025\/02\/OmnicityGNVCanard.png\" alt=\"\" class=\"wp-image-2984\" srcset=\"https:\/\/seal.transport-manager.net\/marshall\/wp-content\/uploads\/sites\/76\/2025\/02\/OmnicityGNVCanard.png 794w, https:\/\/seal.transport-manager.net\/marshall\/wp-content\/uploads\/sites\/76\/2025\/02\/OmnicityGNVCanard-300x136.png 300w, https:\/\/seal.transport-manager.net\/marshall\/wp-content\/uploads\/sites\/76\/2025\/02\/OmnicityGNVCanard-768x348.png 768w\" sizes=\"auto, (max-width: 794px) 100vw, 794px\" \/><\/a><figcaption class=\"wp-element-caption\"><a href=\"https:\/\/i.ibb.co\/KTG747n\/Omnicity-GNVCanard.png\">cliquez pour agrandir<\/a><\/figcaption><\/figure>\n<\/div>\n\n\n<div class=\"wp-block-columns is-layout-flex wp-container-core-columns-is-layout-9d6595d7 wp-block-columns-is-layout-flex\">\n<div class=\"wp-block-column is-layout-flow wp-block-column-is-layout-flow\">\n<figure class=\"wp-block-table is-style-stripes\"><table><tbody><tr><td class=\"has-text-align-center\" data-align=\"center\">mise en service<\/td><td class=\"has-text-align-center\" data-align=\"center\">2011<\/td><\/tr><tr><td class=\"has-text-align-center\" data-align=\"center\">statut<\/td><td class=\"has-text-align-center\" data-align=\"center\">en service<\/td><\/tr><tr><td class=\"has-text-align-center\" data-align=\"center\">effectif<\/td><td class=\"has-text-align-center\" data-align=\"center\">27<\/td><\/tr><tr><td class=\"has-text-align-center\" data-align=\"center\">d\u00e9p\u00f4t<\/td><td class=\"has-text-align-center\" data-align=\"center\">Archambaud<\/td><\/tr><tr><td class=\"has-text-align-center\" data-align=\"center\">affectations<\/td><td class=\"has-text-align-center\" data-align=\"center\"><img loading=\"lazy\" decoding=\"async\" width=\"73\" height=\"73\" class=\"wp-image-1409\" style=\"width: 73px\" src=\"https:\/\/seal.transport-manager.net\/marshall\/wp-content\/uploads\/sites\/76\/2023\/02\/vier.png\" alt=\"\"><img loading=\"lazy\" decoding=\"async\" width=\"84\" height=\"73\" class=\"wp-image-1419\" style=\"width: 84px\" src=\"https:\/\/seal.transport-manager.net\/marshall\/wp-content\/uploads\/sites\/76\/2023\/02\/elf.png\" alt=\"\"><img loading=\"lazy\" decoding=\"async\" width=\"111\" height=\"73\" class=\"wp-image-2947\" style=\"width: 111px\" src=\"https:\/\/seal.transport-manager.net\/marshall\/wp-content\/uploads\/sites\/76\/2025\/02\/LTMp.png\" alt=\"\"><\/td><\/tr><\/tbody><\/table><\/figure>\n\n\n\n<h3 class=\"wp-block-heading\">Carri\u00e8re r\u00e9sum\u00e9e<\/h3>\n\n\n\n<p>Le Omnicity GNV est command\u00e9 en 27 exemplaires par Transports Canard en 2011. Nomm\u00e9e SN4400 en interne (<strong>S<\/strong>ca<strong>n<\/strong>ia s\u00e9rie 4400), la s\u00e9rie est livr\u00e9e de janvier \u00e0 d\u00e9cembre 2011. Elle \u00e9quipe d&rsquo;abord les lignes structurantes 3 et 5 du r\u00e9seau Citycanard de 2011 \u00e0 2023 tandis qu&rsquo;une petite partie du parc est affect\u00e9e aux lignes temporaires. En 2023, \u00e0 la faveur du remplacement de la ligne 3 par la ligne en site propre CX-3 et son parc d&rsquo;ie Tram 12 et de la conversion de la ligne 5 \u00e0 l&rsquo;articul\u00e9 grace aux Omnicity G et 7900A Hybrid de l&rsquo;ex-ligne 2, la flotte d&rsquo;Omnicity GNV est redistribu\u00e9e entre les lignes 1,4,8 et 11 du r\u00e9seau Citycanard. Sur les deux premi\u00e8res, ils remplacent respectivement les GX 317 GNV et les S 315 NF, permettant le retrait de ces derniers. En 2025, la ligne 1 disparait au profit de la ligne rapide CX-1 dot\u00e9e d&rsquo;un parc d&rsquo;ie Tram 18. Les Omnicity GNV qui y \u00e9taient affect\u00e9s sont redistribu\u00e9s entre les lignes 4 et 11 et la flotte des lignes temporaires. Fin 2025, la ligne 8 gagne des LighTram 12 suppl\u00e9mentaires, ce qui lui permet de se passer compl\u00e8tement des Omnicity. Les derniers Scania de la ligne 8 sont \u00e0 leur tour repartis sur les lignes 4 et 11.<\/p>\n\n\n\n<p>Avec un parc de 27 voitures, le Omnicity GNV a longtemps \u00e9t\u00e9 le v\u00e9hicule le plus r\u00e9pandu de la flotte Transports Canard avant d&rsquo;\u00eatre devanc\u00e9 par le LighTram 12 et ses 37 voitures.<\/p>\n<\/div>\n\n\n\n<div class=\"wp-block-column is-layout-flow wp-block-column-is-layout-flow\">\n<figure class=\"wp-block-table is-style-stripes\"><table class=\"has-fixed-layout\"><tbody><tr><td class=\"has-text-align-center\" data-align=\"center\">gamme<\/td><td class=\"has-text-align-center\" data-align=\"center\">Omnicity II<\/td><\/tr><tr><td class=\"has-text-align-center\" data-align=\"center\">constructeur<\/td><td class=\"has-text-align-center\" data-align=\"center\"><img loading=\"lazy\" decoding=\"async\" width=\"24\" height=\"15\" class=\"wp-image-2518\" style=\"width: 24px\" src=\"https:\/\/seal.transport-manager.net\/marshall\/wp-content\/uploads\/sites\/76\/2024\/09\/Suecia.png\" alt=\"\"> Scania<\/td><\/tr><tr><td class=\"has-text-align-center\" data-align=\"center\">cat\u00e9gorie<\/td><td class=\"has-text-align-center\" data-align=\"center\">urbain standard<\/td><\/tr><tr><td class=\"has-text-align-center\" data-align=\"center\">propulsion<\/td><td class=\"has-text-align-center\" data-align=\"center\"><img loading=\"lazy\" decoding=\"async\" width=\"61\" height=\"61\" class=\"wp-image-1028\" style=\"width: 61px\" src=\"https:\/\/seal.transport-manager.net\/marshall\/wp-content\/uploads\/sites\/76\/2022\/10\/GN.png\" alt=\"\"><\/td><\/tr><tr><td class=\"has-text-align-center\" data-align=\"center\">commercialisation<\/td><td class=\"has-text-align-center\" data-align=\"center\">2006-2011<\/td><\/tr><tr><td class=\"has-text-align-center\" data-align=\"center\">l x L x h<\/td><td class=\"has-text-align-center\" data-align=\"center\">12,0 m x 2,55 m x 3,2 m<\/td><\/tr><tr><td class=\"has-text-align-center\" data-align=\"center\">capacit\u00e9<\/td><td class=\"has-text-align-center\" data-align=\"center\">114 pax (dont 26 assis)<\/td><\/tr><tr><td class=\"has-text-align-center\" data-align=\"center\">moteur<\/td><td class=\"has-text-align-center\" data-align=\"center\">Scania OC930C01<br>9.0 L 6 cylindres en ligne en position transversale arri\u00e8re<\/td><\/tr><tr><td class=\"has-text-align-center\" data-align=\"center\">puissance<\/td><td class=\"has-text-align-center\" data-align=\"center\">169 kW &#8211; 230 ch<\/td><\/tr><tr><td class=\"has-text-align-center\" data-align=\"center\">site de fabrication<\/td><td class=\"has-text-align-center\" data-align=\"center\"><img loading=\"lazy\" decoding=\"async\" width=\"24\" height=\"15\" class=\"wp-image-2519\" style=\"width: 24px\" src=\"https:\/\/seal.transport-manager.net\/marshall\/wp-content\/uploads\/sites\/76\/2024\/09\/Polonia.png\" alt=\"\"> Slupsk<\/td><\/tr><tr><td class=\"has-text-align-center\" data-align=\"center\">mod\u00e8les concurrents<br><em>(en 2011)<\/em><\/td><td class=\"has-text-align-center\" data-align=\"center\">Mercedes-Benz Citaro C1 facelift<br>Setra S 415 NF<br>Heuliez GX 327<br>Volvo 7700<br>Irisbus Citelis 12<br>MAN Lion&rsquo;s City<br>Solaris Urbino 12 III<br>Van Hool NewA330<br>VDL Citea SLF-120<\/td><\/tr><\/tbody><\/table><\/figure>\n<\/div>\n<\/div>\n\n\n\n<h3 class=\"wp-block-heading\">R\u00e9f\u00e9rencement du parc<\/h3>\n\n\n\n<figure class=\"wp-block-table is-style-stripes\"><table><tbody><tr><td class=\"has-text-align-center\" data-align=\"center\">n\u00b0<\/td><td class=\"has-text-align-center\" data-align=\"center\">date de m.e.s<\/td><td class=\"has-text-align-center\" data-align=\"center\">statut<\/td><td class=\"has-text-align-center\" data-align=\"center\">affectation courante<br>\/ date de retrait<\/td><td class=\"has-text-align-center\" data-align=\"center\">immat.<\/td><td>historique des affectations<\/td><\/tr><tr><td class=\"has-text-align-center\" data-align=\"center\">SN4401<\/td><td class=\"has-text-align-center\" data-align=\"center\">9 Janvier 2011<\/td><td class=\"has-text-align-center\" data-align=\"center\">en service<\/td><td class=\"has-text-align-center\" data-align=\"center\"><img loading=\"lazy\" decoding=\"async\" width=\"111\" height=\"73\" src=\"https:\/\/seal.transport-manager.net\/groupebvl\/wp-content\/uploads\/sites\/307\/2025\/02\/LTMp.png\" alt=\"\"><\/td><td class=\"has-text-align-center\" data-align=\"center\">TM-557-50<\/td><td><img loading=\"lazy\" decoding=\"async\" width=\"73\" height=\"73\" class=\"wp-image-1407\" style=\"width: 36px\" src=\"https:\/\/seal.transport-manager.net\/marshall\/wp-content\/uploads\/sites\/76\/2023\/02\/drei.png\" alt=\"\">: de Janvier 2011 \u00e0 Avril 2023<br><img loading=\"lazy\" decoding=\"async\" width=\"111\" height=\"73\" class=\"wp-image-1425\" style=\"width: 55px\" src=\"https:\/\/seal.transport-manager.net\/marshall\/wp-content\/uploads\/sites\/76\/2023\/02\/CX-drei.png\" alt=\"\">: de Mai 2023 \u00e0 Mai 2023<br><img loading=\"lazy\" decoding=\"async\" width=\"73\" height=\"73\" class=\"wp-image-1405\" style=\"width: 36px\" src=\"https:\/\/seal.transport-manager.net\/marshall\/wp-content\/uploads\/sites\/76\/2023\/02\/eins.png\" alt=\"\">: de Juillet 2023 \u00e0 Janvier 2025<br><img loading=\"lazy\" decoding=\"async\" width=\"111\" height=\"73\" class=\"wp-image-2947\" style=\"width: 55px\" src=\"https:\/\/seal.transport-manager.net\/marshall\/wp-content\/uploads\/sites\/76\/2025\/02\/LTMp.png\" alt=\"\">&nbsp;: depuis Janvier 2025<\/td><\/tr><tr><td class=\"has-text-align-center\" data-align=\"center\">SN4402<\/td><td class=\"has-text-align-center\" data-align=\"center\">9 Janvier 2011<\/td><td class=\"has-text-align-center\" data-align=\"center\">en service<\/td><td class=\"has-text-align-center\" data-align=\"center\"><img loading=\"lazy\" decoding=\"async\" width=\"111\" height=\"73\" src=\"https:\/\/seal.transport-manager.net\/groupebvl\/wp-content\/uploads\/sites\/307\/2025\/02\/LTMp.png\" alt=\"\"><\/td><td class=\"has-text-align-center\" data-align=\"center\">TM-557-51<\/td><td><img loading=\"lazy\" decoding=\"async\" width=\"73\" height=\"73\" class=\"wp-image-1407\" style=\"width: 36px\" src=\"https:\/\/seal.transport-manager.net\/marshall\/wp-content\/uploads\/sites\/76\/2023\/02\/drei.png\" alt=\"\">: de Janvier 2011 \u00e0 Avril 2023<br><img loading=\"lazy\" decoding=\"async\" width=\"111\" height=\"73\" class=\"wp-image-1425\" style=\"width: 55px\" src=\"https:\/\/seal.transport-manager.net\/marshall\/wp-content\/uploads\/sites\/76\/2023\/02\/CX-drei.png\" alt=\"\">: de Mai 2023 \u00e0 Mai 2023<br><img loading=\"lazy\" decoding=\"async\" width=\"73\" height=\"73\" class=\"wp-image-1405\" style=\"width: 36px\" src=\"https:\/\/seal.transport-manager.net\/marshall\/wp-content\/uploads\/sites\/76\/2023\/02\/eins.png\" alt=\"\">: de Juillet 2023 \u00e0 Janvier 2025<br><img loading=\"lazy\" decoding=\"async\" width=\"111\" height=\"73\" class=\"wp-image-2947\" style=\"width: 55px\" src=\"https:\/\/seal.transport-manager.net\/marshall\/wp-content\/uploads\/sites\/76\/2025\/02\/LTMp.png\" alt=\"\">&nbsp;: depuis Janvier 2025<\/td><\/tr><tr><td class=\"has-text-align-center\" data-align=\"center\">SN4403<\/td><td class=\"has-text-align-center\" data-align=\"center\">18 Janvier 2011<\/td><td class=\"has-text-align-center\" data-align=\"center\">en service<\/td><td class=\"has-text-align-center\" data-align=\"center\"><img loading=\"lazy\" decoding=\"async\" width=\"73\" height=\"73\" src=\"https:\/\/seal.transport-manager.net\/groupebvl\/wp-content\/uploads\/sites\/307\/2024\/06\/vier.png\" alt=\"\"><\/td><td class=\"has-text-align-center\" data-align=\"center\">TM-591-91<\/td><td><img loading=\"lazy\" decoding=\"async\" width=\"73\" height=\"73\" class=\"wp-image-1407\" style=\"width: 36px\" src=\"https:\/\/seal.transport-manager.net\/marshall\/wp-content\/uploads\/sites\/76\/2023\/02\/drei.png\" alt=\"\">: de Janvier 2011 \u00e0 Avril 2023<br><img loading=\"lazy\" decoding=\"async\" width=\"111\" height=\"73\" class=\"wp-image-1425\" style=\"width: 55px\" src=\"https:\/\/seal.transport-manager.net\/marshall\/wp-content\/uploads\/sites\/76\/2023\/02\/CX-drei.png\" alt=\"\">: de Mai 2023 \u00e0 Mai 2023<br><img loading=\"lazy\" decoding=\"async\" width=\"73\" height=\"73\" class=\"wp-image-1405\" style=\"width: 36px\" src=\"https:\/\/seal.transport-manager.net\/marshall\/wp-content\/uploads\/sites\/76\/2023\/02\/eins.png\" alt=\"\">: de Juillet 2023 \u00e0 Janvier 2025<br><img loading=\"lazy\" decoding=\"async\" width=\"73\" height=\"73\" class=\"wp-image-1409\" style=\"width: 36px\" src=\"https:\/\/seal.transport-manager.net\/marshall\/wp-content\/uploads\/sites\/76\/2023\/02\/vier.png\" alt=\"\">: depuis Janvier 2025<\/td><\/tr><tr><td class=\"has-text-align-center\" data-align=\"center\">SN4404<\/td><td class=\"has-text-align-center\" data-align=\"center\">18 Janvier 2011<\/td><td class=\"has-text-align-center\" data-align=\"center\">en service<\/td><td class=\"has-text-align-center\" data-align=\"center\"><img loading=\"lazy\" decoding=\"async\" width=\"73\" height=\"73\" src=\"https:\/\/seal.transport-manager.net\/groupebvl\/wp-content\/uploads\/sites\/307\/2024\/06\/vier.png\" alt=\"\"><\/td><td class=\"has-text-align-center\" data-align=\"center\">TM-591-90<\/td><td><img loading=\"lazy\" decoding=\"async\" width=\"73\" height=\"73\" class=\"wp-image-1407\" style=\"width: 36px\" src=\"https:\/\/seal.transport-manager.net\/marshall\/wp-content\/uploads\/sites\/76\/2023\/02\/drei.png\" alt=\"\">: de Mars 2011 \u00e0 Avril 2023<br><img loading=\"lazy\" decoding=\"async\" width=\"111\" height=\"73\" class=\"wp-image-1425\" style=\"width: 55px\" src=\"https:\/\/seal.transport-manager.net\/marshall\/wp-content\/uploads\/sites\/76\/2023\/02\/CX-drei.png\" alt=\"\">: de Mai 2023 \u00e0 Mai 2023<br><img loading=\"lazy\" decoding=\"async\" width=\"73\" height=\"73\" class=\"wp-image-1405\" style=\"width: 36px\" src=\"https:\/\/seal.transport-manager.net\/marshall\/wp-content\/uploads\/sites\/76\/2023\/02\/eins.png\" alt=\"\">: de Juillet 2023 \u00e0 Janvier 2025<br><img loading=\"lazy\" decoding=\"async\" width=\"73\" height=\"73\" class=\"wp-image-1409\" style=\"width: 36px\" src=\"https:\/\/seal.transport-manager.net\/marshall\/wp-content\/uploads\/sites\/76\/2023\/02\/vier.png\" alt=\"\">: depuis Janvier 2025<\/td><\/tr><tr><td class=\"has-text-align-center\" data-align=\"center\">SN4405<\/td><td class=\"has-text-align-center\" data-align=\"center\">14 F\u00e9vrier 2011<\/td><td class=\"has-text-align-center\" data-align=\"center\">en service<\/td><td class=\"has-text-align-center\" data-align=\"center\"><img loading=\"lazy\" decoding=\"async\" width=\"73\" height=\"73\" src=\"https:\/\/seal.transport-manager.net\/groupebvl\/wp-content\/uploads\/sites\/307\/2024\/06\/vier.png\" alt=\"\"><\/td><td class=\"has-text-align-center\" data-align=\"center\">TM-644-82<\/td><td><img loading=\"lazy\" decoding=\"async\" width=\"73\" height=\"73\" class=\"wp-image-1407\" style=\"width: 36px\" src=\"https:\/\/seal.transport-manager.net\/marshall\/wp-content\/uploads\/sites\/76\/2023\/02\/drei.png\" alt=\"\">: de Mars 2011 \u00e0 Avril 2023<br><img loading=\"lazy\" decoding=\"async\" width=\"111\" height=\"73\" class=\"wp-image-1425\" style=\"width: 55px\" src=\"https:\/\/seal.transport-manager.net\/marshall\/wp-content\/uploads\/sites\/76\/2023\/02\/CX-drei.png\" alt=\"\">: de Mai 2023 \u00e0 Juin 2023<br><img loading=\"lazy\" decoding=\"async\" width=\"73\" height=\"73\" class=\"wp-image-1405\" style=\"width: 36px\" src=\"https:\/\/seal.transport-manager.net\/marshall\/wp-content\/uploads\/sites\/76\/2023\/02\/eins.png\" alt=\"\">: de Juillet 2023 \u00e0 Janvier 2025<br><img loading=\"lazy\" decoding=\"async\" width=\"73\" height=\"73\" class=\"wp-image-1409\" style=\"width: 36px\" src=\"https:\/\/seal.transport-manager.net\/marshall\/wp-content\/uploads\/sites\/76\/2023\/02\/vier.png\" alt=\"\">: depuis Janvier 2025<\/td><\/tr><tr><td class=\"has-text-align-center\" data-align=\"center\">SN4406<\/td><td class=\"has-text-align-center\" data-align=\"center\">7 Mars 2011<\/td><td class=\"has-text-align-center\" data-align=\"center\">en service<\/td><td class=\"has-text-align-center\" data-align=\"center\"><img loading=\"lazy\" decoding=\"async\" width=\"73\" height=\"73\" src=\"https:\/\/seal.transport-manager.net\/groupebvl\/wp-content\/uploads\/sites\/307\/2024\/06\/vier.png\" alt=\"\"><\/td><td class=\"has-text-align-center\" data-align=\"center\">TM-550-43<\/td><td><img loading=\"lazy\" decoding=\"async\" width=\"73\" height=\"73\" class=\"wp-image-1407\" style=\"width: 36px\" src=\"https:\/\/seal.transport-manager.net\/marshall\/wp-content\/uploads\/sites\/76\/2023\/02\/drei.png\" alt=\"\">: de Mars 2011 \u00e0 Avril 2023<br><img loading=\"lazy\" decoding=\"async\" width=\"111\" height=\"73\" class=\"wp-image-1425\" style=\"width: 55px\" src=\"https:\/\/seal.transport-manager.net\/marshall\/wp-content\/uploads\/sites\/76\/2023\/02\/CX-drei.png\" alt=\"\">: de Mai 2023 \u00e0 Juin 2023<br><img loading=\"lazy\" decoding=\"async\" width=\"73\" height=\"73\" class=\"wp-image-1405\" style=\"width: 36px\" src=\"https:\/\/seal.transport-manager.net\/marshall\/wp-content\/uploads\/sites\/76\/2023\/02\/eins.png\" alt=\"\">: de Ao\u00fbt 2023 \u00e0 Janvier 2025<br><img loading=\"lazy\" decoding=\"async\" width=\"73\" height=\"73\" class=\"wp-image-1409\" style=\"width: 36px\" src=\"https:\/\/seal.transport-manager.net\/marshall\/wp-content\/uploads\/sites\/76\/2023\/02\/vier.png\" alt=\"\">: depuis Janvier 2025<\/td><\/tr><tr><td class=\"has-text-align-center\" data-align=\"center\">SN4407<\/td><td class=\"has-text-align-center\" data-align=\"center\">7 Mars 2011<\/td><td class=\"has-text-align-center\" data-align=\"center\">en service<\/td><td class=\"has-text-align-center\" data-align=\"center\"><img loading=\"lazy\" decoding=\"async\" width=\"73\" height=\"73\" src=\"https:\/\/seal.transport-manager.net\/groupebvl\/wp-content\/uploads\/sites\/307\/2024\/06\/vier.png\" alt=\"\"><\/td><td class=\"has-text-align-center\" data-align=\"center\">TM-550-44<\/td><td><img loading=\"lazy\" decoding=\"async\" width=\"73\" height=\"73\" class=\"wp-image-1407\" style=\"width: 36px\" src=\"https:\/\/seal.transport-manager.net\/marshall\/wp-content\/uploads\/sites\/76\/2023\/02\/drei.png\" alt=\"\">: de Mars 2011 \u00e0 Avril 2023<br><img loading=\"lazy\" decoding=\"async\" width=\"111\" height=\"73\" class=\"wp-image-1425\" style=\"width: 55px\" src=\"https:\/\/seal.transport-manager.net\/marshall\/wp-content\/uploads\/sites\/76\/2023\/02\/CX-drei.png\" alt=\"\">: de Mai 2023 \u00e0 Juin 2023<br><img loading=\"lazy\" decoding=\"async\" width=\"73\" height=\"73\" class=\"wp-image-1409\" style=\"width: 36px\" src=\"https:\/\/seal.transport-manager.net\/marshall\/wp-content\/uploads\/sites\/76\/2023\/02\/vier.png\" alt=\"\">: depuis Ao\u00fbt 2023<\/td><\/tr><tr><td class=\"has-text-align-center\" data-align=\"center\">SN4408<\/td><td class=\"has-text-align-center\" data-align=\"center\">3 Mai 2011<\/td><td class=\"has-text-align-center\" data-align=\"center\">en service<\/td><td class=\"has-text-align-center\" data-align=\"center\"><img loading=\"lazy\" decoding=\"async\" width=\"73\" height=\"73\" src=\"https:\/\/seal.transport-manager.net\/groupebvl\/wp-content\/uploads\/sites\/307\/2024\/06\/vier.png\" alt=\"\"><\/td><td class=\"has-text-align-center\" data-align=\"center\">TM-596-47<\/td><td><img loading=\"lazy\" decoding=\"async\" width=\"73\" height=\"73\" class=\"wp-image-1407\" style=\"width: 36px\" src=\"https:\/\/seal.transport-manager.net\/marshall\/wp-content\/uploads\/sites\/76\/2023\/02\/drei.png\" alt=\"\">: de Mai 2011 \u00e0 Avril 2023<br><img loading=\"lazy\" decoding=\"async\" width=\"111\" height=\"73\" class=\"wp-image-1425\" style=\"width: 55px\" src=\"https:\/\/seal.transport-manager.net\/marshall\/wp-content\/uploads\/sites\/76\/2023\/02\/CX-drei.png\" alt=\"\">: de Mai 2023 \u00e0 Juin 2023<br><img loading=\"lazy\" decoding=\"async\" width=\"73\" height=\"73\" class=\"wp-image-1409\" style=\"width: 36px\" src=\"https:\/\/seal.transport-manager.net\/marshall\/wp-content\/uploads\/sites\/76\/2023\/02\/vier.png\" alt=\"\">: depuis Ao\u00fbt 2023<\/td><\/tr><tr><td class=\"has-text-align-center\" data-align=\"center\">SN4409<\/td><td class=\"has-text-align-center\" data-align=\"center\">3 Mai 2011<\/td><td class=\"has-text-align-center\" data-align=\"center\">en service<\/td><td class=\"has-text-align-center\" data-align=\"center\"><img loading=\"lazy\" decoding=\"async\" width=\"73\" height=\"73\" src=\"https:\/\/seal.transport-manager.net\/groupebvl\/wp-content\/uploads\/sites\/307\/2024\/06\/vier.png\" alt=\"\"><\/td><td class=\"has-text-align-center\" data-align=\"center\">TM-596-46<\/td><td><img loading=\"lazy\" decoding=\"async\" width=\"73\" height=\"73\" class=\"wp-image-1407\" style=\"width: 36px\" src=\"https:\/\/seal.transport-manager.net\/marshall\/wp-content\/uploads\/sites\/76\/2023\/02\/drei.png\" alt=\"\">: de Mai 2011 \u00e0 Avril 2023<br><img loading=\"lazy\" decoding=\"async\" width=\"111\" height=\"73\" class=\"wp-image-1425\" style=\"width: 55px\" src=\"https:\/\/seal.transport-manager.net\/marshall\/wp-content\/uploads\/sites\/76\/2023\/02\/CX-drei.png\" alt=\"\">: de Mai 2023 \u00e0 Septembre 2023<br><img loading=\"lazy\" decoding=\"async\" width=\"73\" height=\"73\" class=\"wp-image-1409\" style=\"width: 36px\" src=\"https:\/\/seal.transport-manager.net\/marshall\/wp-content\/uploads\/sites\/76\/2023\/02\/vier.png\" alt=\"\">: depuis Septembre 2023<\/td><\/tr><tr><td class=\"has-text-align-center\" data-align=\"center\">SN4410<\/td><td class=\"has-text-align-center\" data-align=\"center\">22 Mai 2011<\/td><td class=\"has-text-align-center\" data-align=\"center\">en service<\/td><td class=\"has-text-align-center\" data-align=\"center\"><img loading=\"lazy\" decoding=\"async\" width=\"73\" height=\"73\" src=\"https:\/\/seal.transport-manager.net\/groupebvl\/wp-content\/uploads\/sites\/307\/2024\/06\/vier.png\" alt=\"\"><\/td><td class=\"has-text-align-center\" data-align=\"center\">TM-570-52<\/td><td><img loading=\"lazy\" decoding=\"async\" width=\"73\" height=\"73\" class=\"wp-image-1407\" style=\"width: 36px\" src=\"https:\/\/seal.transport-manager.net\/marshall\/wp-content\/uploads\/sites\/76\/2023\/02\/drei.png\" alt=\"\">: de Mai 2011 \u00e0 Avril 2023<br><img loading=\"lazy\" decoding=\"async\" width=\"111\" height=\"73\" class=\"wp-image-1425\" style=\"width: 55px\" src=\"https:\/\/seal.transport-manager.net\/marshall\/wp-content\/uploads\/sites\/76\/2023\/02\/CX-drei.png\" alt=\"\">: de Mai 2023 \u00e0 Septembre 2023<br><img loading=\"lazy\" decoding=\"async\" width=\"73\" height=\"73\" class=\"wp-image-1409\" style=\"width: 36px\" src=\"https:\/\/seal.transport-manager.net\/marshall\/wp-content\/uploads\/sites\/76\/2023\/02\/vier.png\" alt=\"\">: depuis Septembre 2023<\/td><\/tr><tr><td class=\"has-text-align-center\" data-align=\"center\">SN4411<\/td><td class=\"has-text-align-center\" data-align=\"center\">8 Juillet 2011<\/td><td class=\"has-text-align-center\" data-align=\"center\">en service<\/td><td class=\"has-text-align-center\" data-align=\"center\"><img loading=\"lazy\" decoding=\"async\" width=\"73\" height=\"73\" src=\"https:\/\/seal.transport-manager.net\/groupebvl\/wp-content\/uploads\/sites\/307\/2024\/06\/vier.png\" alt=\"\"><\/td><td class=\"has-text-align-center\" data-align=\"center\">TM-554-03<\/td><td><img loading=\"lazy\" decoding=\"async\" width=\"73\" height=\"73\" class=\"wp-image-1407\" style=\"width: 36px\" src=\"https:\/\/seal.transport-manager.net\/marshall\/wp-content\/uploads\/sites\/76\/2023\/02\/drei.png\" alt=\"\">: de Juillet 2011 \u00e0 Avril 2023<br><img loading=\"lazy\" decoding=\"async\" width=\"111\" height=\"73\" class=\"wp-image-1425\" style=\"width: 55px\" src=\"https:\/\/seal.transport-manager.net\/marshall\/wp-content\/uploads\/sites\/76\/2023\/02\/CX-drei.png\" alt=\"\">: de Mai 2023 \u00e0 Septembre 2023<br><img loading=\"lazy\" decoding=\"async\" width=\"73\" height=\"73\" class=\"wp-image-1409\" style=\"width: 36px\" src=\"https:\/\/seal.transport-manager.net\/marshall\/wp-content\/uploads\/sites\/76\/2023\/02\/vier.png\" alt=\"\">: depuis Septembre 2023<\/td><\/tr><tr><td class=\"has-text-align-center\" data-align=\"center\">SN4412<\/td><td class=\"has-text-align-center\" data-align=\"center\">8 Juillet 2011<\/td><td class=\"has-text-align-center\" data-align=\"center\">en service<\/td><td class=\"has-text-align-center\" data-align=\"center\"><img loading=\"lazy\" decoding=\"async\" width=\"73\" height=\"73\" src=\"https:\/\/seal.transport-manager.net\/groupebvl\/wp-content\/uploads\/sites\/307\/2024\/06\/vier.png\" alt=\"\"><\/td><td class=\"has-text-align-center\" data-align=\"center\">TM-554-04<\/td><td><img loading=\"lazy\" decoding=\"async\" width=\"73\" height=\"73\" class=\"wp-image-1408\" style=\"width: 36px\" src=\"https:\/\/seal.transport-manager.net\/marshall\/wp-content\/uploads\/sites\/76\/2023\/02\/funf.png\" alt=\"\">: de D\u00e9cembre 2011 \u00e0 Juin 2023<br><img loading=\"lazy\" decoding=\"async\" width=\"73\" height=\"73\" class=\"wp-image-1409\" style=\"width: 36px\" src=\"https:\/\/seal.transport-manager.net\/marshall\/wp-content\/uploads\/sites\/76\/2023\/02\/vier.png\" alt=\"\">: depuis Septembre 2023<\/td><\/tr><tr><td class=\"has-text-align-center\" data-align=\"center\">SN4413<\/td><td class=\"has-text-align-center\" data-align=\"center\">9 Juillet 2011<\/td><td class=\"has-text-align-center\" data-align=\"center\">en service<\/td><td class=\"has-text-align-center\" data-align=\"center\"><img loading=\"lazy\" decoding=\"async\" width=\"73\" height=\"73\" src=\"https:\/\/seal.transport-manager.net\/groupebvl\/wp-content\/uploads\/sites\/307\/2024\/06\/vier.png\" alt=\"\"><\/td><td class=\"has-text-align-center\" data-align=\"center\">TM-640-92<\/td><td><img loading=\"lazy\" decoding=\"async\" width=\"73\" height=\"73\" class=\"wp-image-1408\" style=\"width: 36px\" src=\"https:\/\/seal.transport-manager.net\/marshall\/wp-content\/uploads\/sites\/76\/2023\/02\/funf.png\" alt=\"\">: de D\u00e9cembre 2011 \u00e0 Juin 2023<br><img loading=\"lazy\" decoding=\"async\" width=\"73\" height=\"73\" class=\"wp-image-1409\" style=\"width: 36px\" src=\"https:\/\/seal.transport-manager.net\/marshall\/wp-content\/uploads\/sites\/76\/2023\/02\/vier.png\" alt=\"\">: depuis Septembre 2023<\/td><\/tr><tr><td class=\"has-text-align-center\" data-align=\"center\">SN4414<\/td><td class=\"has-text-align-center\" data-align=\"center\">9 Juillet 2011<\/td><td class=\"has-text-align-center\" data-align=\"center\">en service<\/td><td class=\"has-text-align-center\" data-align=\"center\"><img loading=\"lazy\" decoding=\"async\" width=\"73\" height=\"73\" src=\"https:\/\/seal.transport-manager.net\/groupebvl\/wp-content\/uploads\/sites\/307\/2024\/06\/vier.png\" alt=\"\"><\/td><td class=\"has-text-align-center\" data-align=\"center\">TM-640-91<\/td><td><img loading=\"lazy\" decoding=\"async\" width=\"73\" height=\"73\" class=\"wp-image-1408\" style=\"width: 36px\" src=\"https:\/\/seal.transport-manager.net\/marshall\/wp-content\/uploads\/sites\/76\/2023\/02\/funf.png\" alt=\"\">: de D\u00e9cembre 2011 \u00e0 Juin 2023<br><img loading=\"lazy\" decoding=\"async\" width=\"73\" height=\"73\" class=\"wp-image-1410\" style=\"width: 36px\" src=\"https:\/\/seal.transport-manager.net\/marshall\/wp-content\/uploads\/sites\/76\/2023\/02\/acht.png\" alt=\"\">: de Septembre 2023 \u00e0 Ao\u00fbt 2025<br><img loading=\"lazy\" decoding=\"async\" width=\"73\" height=\"73\" class=\"wp-image-1409\" style=\"width: 36px\" src=\"https:\/\/seal.transport-manager.net\/marshall\/wp-content\/uploads\/sites\/76\/2023\/02\/vier.png\" alt=\"\">: depuis Septembre 2025<\/td><\/tr><tr><td class=\"has-text-align-center\" data-align=\"center\">SN4415<\/td><td class=\"has-text-align-center\" data-align=\"center\">28 Juillet 2011<\/td><td class=\"has-text-align-center\" data-align=\"center\">en service<\/td><td class=\"has-text-align-center\" data-align=\"center\"><img loading=\"lazy\" decoding=\"async\" width=\"84\" height=\"73\" src=\"https:\/\/seal.transport-manager.net\/groupebvl\/wp-content\/uploads\/sites\/307\/2024\/06\/elf.png\" alt=\"\"><\/td><td class=\"has-text-align-center\" data-align=\"center\">TM-567-26<\/td><td><img loading=\"lazy\" decoding=\"async\" width=\"73\" height=\"73\" class=\"wp-image-1408\" style=\"width: 36px\" src=\"https:\/\/seal.transport-manager.net\/marshall\/wp-content\/uploads\/sites\/76\/2023\/02\/funf.png\" alt=\"\">: de D\u00e9cembre 2011 \u00e0 Juillet 2023<br><img loading=\"lazy\" decoding=\"async\" width=\"73\" height=\"73\" class=\"wp-image-1410\" style=\"width: 36px\" src=\"https:\/\/seal.transport-manager.net\/marshall\/wp-content\/uploads\/sites\/76\/2023\/02\/acht.png\" alt=\"\">: de Septembre 2023 \u00e0 Octobre 2025<br><img loading=\"lazy\" decoding=\"async\" width=\"84\" height=\"73\" class=\"wp-image-1419\" style=\"width: 42px\" src=\"https:\/\/seal.transport-manager.net\/marshall\/wp-content\/uploads\/sites\/76\/2023\/02\/elf.png\" alt=\"\">: depuis Octobre 2025<\/td><\/tr><tr><td class=\"has-text-align-center\" data-align=\"center\">SN4416<\/td><td class=\"has-text-align-center\" data-align=\"center\">9 Ao\u00fbt 2011<\/td><td class=\"has-text-align-center\" data-align=\"center\">en service<\/td><td class=\"has-text-align-center\" data-align=\"center\"><img loading=\"lazy\" decoding=\"async\" width=\"84\" height=\"73\" src=\"https:\/\/seal.transport-manager.net\/groupebvl\/wp-content\/uploads\/sites\/307\/2024\/06\/elf.png\" alt=\"\"><\/td><td class=\"has-text-align-center\" data-align=\"center\">TM-605-99<\/td><td><img loading=\"lazy\" decoding=\"async\" width=\"73\" height=\"73\" class=\"wp-image-1408\" style=\"width: 36px\" src=\"https:\/\/seal.transport-manager.net\/marshall\/wp-content\/uploads\/sites\/76\/2023\/02\/funf.png\" alt=\"\">: de D\u00e9cembre 2011 \u00e0 Juillet 2023<br><img loading=\"lazy\" decoding=\"async\" width=\"73\" height=\"73\" class=\"wp-image-1410\" style=\"width: 36px\" src=\"https:\/\/seal.transport-manager.net\/marshall\/wp-content\/uploads\/sites\/76\/2023\/02\/acht.png\" alt=\"\">: de Septembre 2023 \u00e0 Ao\u00fbt 2025<br><img loading=\"lazy\" decoding=\"async\" width=\"84\" height=\"73\" class=\"wp-image-1419\" style=\"width: 42px\" src=\"https:\/\/seal.transport-manager.net\/marshall\/wp-content\/uploads\/sites\/76\/2023\/02\/elf.png\" alt=\"\">: depuis Septembre 2025<\/td><\/tr><tr><td class=\"has-text-align-center\" data-align=\"center\">SN4417<\/td><td class=\"has-text-align-center\" data-align=\"center\">9 Ao\u00fbt 2011<\/td><td class=\"has-text-align-center\" data-align=\"center\">en service<\/td><td class=\"has-text-align-center\" data-align=\"center\"><img loading=\"lazy\" decoding=\"async\" width=\"84\" height=\"73\" src=\"https:\/\/seal.transport-manager.net\/groupebvl\/wp-content\/uploads\/sites\/307\/2024\/06\/elf.png\" alt=\"\"><\/td><td class=\"has-text-align-center\" data-align=\"center\">TM-605-98<\/td><td><img loading=\"lazy\" decoding=\"async\" width=\"73\" height=\"73\" class=\"wp-image-1408\" style=\"width: 36px\" src=\"https:\/\/seal.transport-manager.net\/marshall\/wp-content\/uploads\/sites\/76\/2023\/02\/funf.png\" alt=\"\">: de D\u00e9cembre 2011 \u00e0 Juillet 2023<br><img loading=\"lazy\" decoding=\"async\" width=\"84\" height=\"73\" class=\"wp-image-1419\" style=\"width: 42px\" src=\"https:\/\/seal.transport-manager.net\/marshall\/wp-content\/uploads\/sites\/76\/2023\/02\/elf.png\" alt=\"\">: depuis Septembre 2023<\/td><\/tr><tr><td class=\"has-text-align-center\" data-align=\"center\">SN4418<\/td><td class=\"has-text-align-center\" data-align=\"center\">3 Septembre 2011<\/td><td class=\"has-text-align-center\" data-align=\"center\">en service<\/td><td class=\"has-text-align-center\" data-align=\"center\"><img loading=\"lazy\" decoding=\"async\" width=\"84\" height=\"73\" src=\"https:\/\/seal.transport-manager.net\/groupebvl\/wp-content\/uploads\/sites\/307\/2024\/06\/elf.png\" alt=\"\"><\/td><td class=\"has-text-align-center\" data-align=\"center\">TM-548-58<\/td><td><img loading=\"lazy\" decoding=\"async\" width=\"73\" height=\"73\" class=\"wp-image-1408\" style=\"width: 36px\" src=\"https:\/\/seal.transport-manager.net\/marshall\/wp-content\/uploads\/sites\/76\/2023\/02\/funf.png\" alt=\"\">: de D\u00e9cembre 2011 \u00e0 Ao\u00fbt 2023<br><img loading=\"lazy\" decoding=\"async\" width=\"84\" height=\"73\" class=\"wp-image-1419\" style=\"width: 42px\" src=\"https:\/\/seal.transport-manager.net\/marshall\/wp-content\/uploads\/sites\/76\/2023\/02\/elf.png\" alt=\"\">: depuis Septembre 2023<\/td><\/tr><tr><td class=\"has-text-align-center\" data-align=\"center\">SN4419<\/td><td class=\"has-text-align-center\" data-align=\"center\">3 Septembre 2011<\/td><td class=\"has-text-align-center\" data-align=\"center\">en service<\/td><td class=\"has-text-align-center\" data-align=\"center\"><img loading=\"lazy\" decoding=\"async\" width=\"84\" height=\"73\" src=\"https:\/\/seal.transport-manager.net\/groupebvl\/wp-content\/uploads\/sites\/307\/2024\/06\/elf.png\" alt=\"\"><\/td><td class=\"has-text-align-center\" data-align=\"center\">TM-548-59<\/td><td><img loading=\"lazy\" decoding=\"async\" width=\"73\" height=\"73\" class=\"wp-image-1408\" style=\"width: 36px\" src=\"https:\/\/seal.transport-manager.net\/marshall\/wp-content\/uploads\/sites\/76\/2023\/02\/funf.png\" alt=\"\">: de D\u00e9cembre 2011 \u00e0 Ao\u00fbt 2023<br><img loading=\"lazy\" decoding=\"async\" width=\"84\" height=\"73\" class=\"wp-image-1419\" style=\"width: 42px\" src=\"https:\/\/seal.transport-manager.net\/marshall\/wp-content\/uploads\/sites\/76\/2023\/02\/elf.png\" alt=\"\">: depuis Septembre 2023<\/td><\/tr><tr><td class=\"has-text-align-center\" data-align=\"center\">SN4420<\/td><td class=\"has-text-align-center\" data-align=\"center\">22 Octobre 2011<\/td><td class=\"has-text-align-center\" data-align=\"center\">en service<\/td><td class=\"has-text-align-center\" data-align=\"center\"><img loading=\"lazy\" decoding=\"async\" width=\"84\" height=\"73\" src=\"https:\/\/seal.transport-manager.net\/groupebvl\/wp-content\/uploads\/sites\/307\/2024\/06\/elf.png\" alt=\"\"><\/td><td class=\"has-text-align-center\" data-align=\"center\">TM-593-32<\/td><td><img loading=\"lazy\" decoding=\"async\" width=\"73\" height=\"73\" class=\"wp-image-1408\" style=\"width: 36px\" src=\"https:\/\/seal.transport-manager.net\/marshall\/wp-content\/uploads\/sites\/76\/2023\/02\/funf.png\" alt=\"\">: de D\u00e9cembre 2011 \u00e0 Septembre 2023<br><img loading=\"lazy\" decoding=\"async\" width=\"84\" height=\"73\" class=\"wp-image-1419\" style=\"width: 42px\" src=\"https:\/\/seal.transport-manager.net\/marshall\/wp-content\/uploads\/sites\/76\/2023\/02\/elf.png\" alt=\"\">: depuis Novembre 2023<\/td><\/tr><tr><td class=\"has-text-align-center\" data-align=\"center\">SN4421<\/td><td class=\"has-text-align-center\" data-align=\"center\">22 Octobre 2011<\/td><td class=\"has-text-align-center\" data-align=\"center\">en service<\/td><td class=\"has-text-align-center\" data-align=\"center\"><img loading=\"lazy\" decoding=\"async\" width=\"84\" height=\"73\" src=\"https:\/\/seal.transport-manager.net\/groupebvl\/wp-content\/uploads\/sites\/307\/2024\/06\/elf.png\" alt=\"\"><\/td><td class=\"has-text-align-center\" data-align=\"center\">TM-593-33<\/td><td><img loading=\"lazy\" decoding=\"async\" width=\"73\" height=\"73\" class=\"wp-image-1408\" style=\"width: 36px\" src=\"https:\/\/seal.transport-manager.net\/marshall\/wp-content\/uploads\/sites\/76\/2023\/02\/funf.png\" alt=\"\">: de D\u00e9cembre 2011 \u00e0 Septembre 2023<br><img loading=\"lazy\" decoding=\"async\" width=\"84\" height=\"73\" class=\"wp-image-1419\" style=\"width: 42px\" src=\"https:\/\/seal.transport-manager.net\/marshall\/wp-content\/uploads\/sites\/76\/2023\/02\/elf.png\" alt=\"\">: depuis Novembre 2023<\/td><\/tr><tr><td class=\"has-text-align-center\" data-align=\"center\">SN4422<\/td><td class=\"has-text-align-center\" data-align=\"center\">26 Octobre 2011<\/td><td class=\"has-text-align-center\" data-align=\"center\">en service<\/td><td class=\"has-text-align-center\" data-align=\"center\"><img loading=\"lazy\" decoding=\"async\" width=\"84\" height=\"73\" src=\"https:\/\/seal.transport-manager.net\/groupebvl\/wp-content\/uploads\/sites\/307\/2024\/06\/elf.png\" alt=\"\"><\/td><td class=\"has-text-align-center\" data-align=\"center\">TM-588-05<\/td><td><img loading=\"lazy\" decoding=\"async\" width=\"73\" height=\"73\" class=\"wp-image-1408\" style=\"width: 36px\" src=\"https:\/\/seal.transport-manager.net\/marshall\/wp-content\/uploads\/sites\/76\/2023\/02\/funf.png\" alt=\"\">: de D\u00e9cembre 2011 \u00e0 Octobre 2023<br><img loading=\"lazy\" decoding=\"async\" width=\"84\" height=\"73\" class=\"wp-image-1419\" style=\"width: 42px\" src=\"https:\/\/seal.transport-manager.net\/marshall\/wp-content\/uploads\/sites\/76\/2023\/02\/elf.png\" alt=\"\">: depuis Novembre 2023<\/td><\/tr><tr><td class=\"has-text-align-center\" data-align=\"center\">SN4423<\/td><td class=\"has-text-align-center\" data-align=\"center\">5 D\u00e9cembre 2011<\/td><td class=\"has-text-align-center\" data-align=\"center\">en service<\/td><td class=\"has-text-align-center\" data-align=\"center\"><img loading=\"lazy\" decoding=\"async\" width=\"84\" height=\"73\" src=\"https:\/\/seal.transport-manager.net\/groupebvl\/wp-content\/uploads\/sites\/307\/2024\/06\/elf.png\" alt=\"\"><\/td><td class=\"has-text-align-center\" data-align=\"center\">TM-562-98<\/td><td><img loading=\"lazy\" decoding=\"async\" width=\"73\" height=\"73\" class=\"wp-image-1408\" style=\"width: 36px\" src=\"https:\/\/seal.transport-manager.net\/marshall\/wp-content\/uploads\/sites\/76\/2023\/02\/funf.png\" alt=\"\">: de D\u00e9cembre 2011 \u00e0 Octobre 2023<br><img loading=\"lazy\" decoding=\"async\" width=\"84\" height=\"73\" class=\"wp-image-1419\" style=\"width: 42px\" src=\"https:\/\/seal.transport-manager.net\/marshall\/wp-content\/uploads\/sites\/76\/2023\/02\/elf.png\" alt=\"\">: depuis Novembre 2023<\/td><\/tr><tr><td class=\"has-text-align-center\" data-align=\"center\">SN4424<\/td><td class=\"has-text-align-center\" data-align=\"center\">12 D\u00e9cembre 2011<\/td><td class=\"has-text-align-center\" data-align=\"center\">en service<\/td><td class=\"has-text-align-center\" data-align=\"center\"><img loading=\"lazy\" decoding=\"async\" width=\"84\" height=\"73\" src=\"https:\/\/seal.transport-manager.net\/groupebvl\/wp-content\/uploads\/sites\/307\/2024\/06\/elf.png\" alt=\"\"><\/td><td class=\"has-text-align-center\" data-align=\"center\">TM-609-49<\/td><td><img loading=\"lazy\" decoding=\"async\" width=\"73\" height=\"73\" class=\"wp-image-1408\" style=\"width: 36px\" src=\"https:\/\/seal.transport-manager.net\/marshall\/wp-content\/uploads\/sites\/76\/2023\/02\/funf.png\" alt=\"\">: de D\u00e9cembre 2011 \u00e0 Novembre 2023<br><img loading=\"lazy\" decoding=\"async\" width=\"84\" height=\"73\" class=\"wp-image-1419\" style=\"width: 42px\" src=\"https:\/\/seal.transport-manager.net\/marshall\/wp-content\/uploads\/sites\/76\/2023\/02\/elf.png\" alt=\"\">: depuis Novembre 2023<\/td><\/tr><tr><td class=\"has-text-align-center\" data-align=\"center\">SN4425<\/td><td class=\"has-text-align-center\" data-align=\"center\">12 d\u00e9cembre 2011<\/td><td class=\"has-text-align-center\" data-align=\"center\">en service<\/td><td class=\"has-text-align-center\" data-align=\"center\"><img loading=\"lazy\" decoding=\"async\" width=\"111\" height=\"73\" src=\"https:\/\/seal.transport-manager.net\/groupebvl\/wp-content\/uploads\/sites\/307\/2025\/02\/LTMp.png\" alt=\"\"><\/td><td class=\"has-text-align-center\" data-align=\"center\">TM-609-50<\/td><td><img loading=\"lazy\" decoding=\"async\" width=\"111\" height=\"73\" class=\"wp-image-2947\" style=\"width: 55px\" src=\"https:\/\/seal.transport-manager.net\/marshall\/wp-content\/uploads\/sites\/76\/2025\/02\/LTMp.png\" alt=\"\">&nbsp;: depuis D\u00e9cembre 2011<\/td><\/tr><tr><td class=\"has-text-align-center\" data-align=\"center\">SN4426<\/td><td class=\"has-text-align-center\" data-align=\"center\">18 D\u00e9cembre 2011<\/td><td class=\"has-text-align-center\" data-align=\"center\">en service<\/td><td class=\"has-text-align-center\" data-align=\"center\"><img loading=\"lazy\" decoding=\"async\" width=\"111\" height=\"73\" src=\"https:\/\/seal.transport-manager.net\/groupebvl\/wp-content\/uploads\/sites\/307\/2025\/02\/LTMp.png\" alt=\"\"><\/td><td class=\"has-text-align-center\" data-align=\"center\">TM-600-65<\/td><td><img loading=\"lazy\" decoding=\"async\" width=\"111\" height=\"73\" class=\"wp-image-2947\" style=\"width: 55px\" src=\"https:\/\/seal.transport-manager.net\/marshall\/wp-content\/uploads\/sites\/76\/2025\/02\/LTMp.png\" alt=\"\">&nbsp;: depuis D\u00e9cembre 2011<\/td><\/tr><tr><td class=\"has-text-align-center\" data-align=\"center\">SN4427<\/td><td class=\"has-text-align-center\" data-align=\"center\">18 D\u00e9cembre 2011<\/td><td class=\"has-text-align-center\" data-align=\"center\">en service<\/td><td class=\"has-text-align-center\" data-align=\"center\"><img loading=\"lazy\" decoding=\"async\" width=\"111\" height=\"73\" src=\"https:\/\/seal.transport-manager.net\/groupebvl\/wp-content\/uploads\/sites\/307\/2025\/02\/LTMp.png\" alt=\"\"><\/td><td class=\"has-text-align-center\" data-align=\"center\">TM-600-66<\/td><td><img loading=\"lazy\" decoding=\"async\" width=\"111\" height=\"73\" class=\"wp-image-2947\" style=\"width: 55px\" src=\"https:\/\/seal.transport-manager.net\/marshall\/wp-content\/uploads\/sites\/76\/2025\/02\/LTMp.png\" alt=\"\"> : depuis D\u00e9cembre 2011<\/td><\/tr><\/tbody><\/table><\/figure>\n\n\n\n<p><\/p>\n","protected":false},"excerpt":{"rendered":"<p>mise en service 2011 statut en service effectif 27 d\u00e9p\u00f4t Archambaud affectations Carri\u00e8re r\u00e9sum\u00e9e Le Omnicity GNV est command\u00e9 en 27 exemplaires par Transports Canard en 2011. Nomm\u00e9e SN4400 en &#8230; <a title=\"SN4400 &#8211; Scania Omnicity II GNV\" class=\"read-more\" href=\"https:\/\/seal.transport-manager.net\/marshall\/sn4400-scania-omnicity-ii-gnv\/\" aria-label=\"En savoir plus sur SN4400 &#8211; Scania Omnicity II GNV\">Lire la suite<\/a><\/p>\n","protected":false},"author":76,"featured_media":3654,"parent":0,"menu_order":0,"comment_status":"closed","ping_status":"closed","template":"","meta":{"footnotes":""},"class_list":["post-3129","page","type-page","status-publish","has-post-thumbnail"],"_links":{"self":[{"href":"https:\/\/seal.transport-manager.net\/marshall\/wp-json\/wp\/v2\/pages\/3129","targetHints":{"allow":["GET"]}}],"collection":[{"href":"https:\/\/seal.transport-manager.net\/marshall\/wp-json\/wp\/v2\/pages"}],"about":[{"href":"https:\/\/seal.transport-manager.net\/marshall\/wp-json\/wp\/v2\/types\/page"}],"author":[{"embeddable":true,"href":"https:\/\/seal.transport-manager.net\/marshall\/wp-json\/wp\/v2\/users\/76"}],"replies":[{"embeddable":true,"href":"https:\/\/seal.transport-manager.net\/marshall\/wp-json\/wp\/v2\/comments?post=3129"}],"version-history":[{"count":8,"href":"https:\/\/seal.transport-manager.net\/marshall\/wp-json\/wp\/v2\/pages\/3129\/revisions"}],"predecessor-version":[{"id":3892,"href":"https:\/\/seal.transport-manager.net\/marshall\/wp-json\/wp\/v2\/pages\/3129\/revisions\/3892"}],"wp:featuredmedia":[{"embeddable":true,"href":"https:\/\/seal.transport-manager.net\/marshall\/wp-json\/wp\/v2\/media\/3654"}],"wp:attachment":[{"href":"https:\/\/seal.transport-manager.net\/marshall\/wp-json\/wp\/v2\/media?parent=3129"}],"curies":[{"name":"wp","href":"https:\/\/api.w.org\/{rel}","templated":true}]}}