{"id":3132,"date":"2025-04-18T13:22:34","date_gmt":"2025-04-18T11:22:34","guid":{"rendered":"https:\/\/seal.transport-manager.net\/marshall\/?page_id=3132"},"modified":"2026-01-10T18:14:27","modified_gmt":"2026-01-10T17:14:27","slug":"vv4900-volvo-7700-hybrid","status":"publish","type":"page","link":"https:\/\/seal.transport-manager.net\/marshall\/vv4900-volvo-7700-hybrid\/","title":{"rendered":"VV4900 &#8211; Volvo 7700 Hybrid"},"content":{"rendered":"<div class=\"wp-block-image\">\n<figure class=\"aligncenter size-full\"><a href=\"https:\/\/i.ibb.co\/N69T3DbP\/7700-Hybrid-Canard.png\"><img loading=\"lazy\" decoding=\"async\" width=\"862\" height=\"360\" src=\"https:\/\/seal.transport-manager.net\/marshall\/wp-content\/uploads\/sites\/76\/2025\/02\/7700HybridCanard.png\" alt=\"\" class=\"wp-image-2988\" srcset=\"https:\/\/seal.transport-manager.net\/marshall\/wp-content\/uploads\/sites\/76\/2025\/02\/7700HybridCanard.png 862w, https:\/\/seal.transport-manager.net\/marshall\/wp-content\/uploads\/sites\/76\/2025\/02\/7700HybridCanard-300x125.png 300w, https:\/\/seal.transport-manager.net\/marshall\/wp-content\/uploads\/sites\/76\/2025\/02\/7700HybridCanard-768x321.png 768w\" sizes=\"auto, (max-width: 862px) 100vw, 862px\" \/><\/a><figcaption class=\"wp-element-caption\"><a href=\"https:\/\/i.ibb.co\/N69T3DbP\/7700-Hybrid-Canard.png\">cliquez pour agrandir<\/a><\/figcaption><\/figure>\n<\/div>\n\n\n<div class=\"wp-block-columns is-layout-flex wp-container-core-columns-is-layout-9d6595d7 wp-block-columns-is-layout-flex\">\n<div class=\"wp-block-column is-layout-flow wp-block-column-is-layout-flow\">\n<figure class=\"wp-block-table is-style-stripes\"><table class=\"has-fixed-layout\"><tbody><tr><td class=\"has-text-align-center\" data-align=\"center\">mise en service<\/td><td class=\"has-text-align-center\" data-align=\"center\">2011<\/td><\/tr><tr><td class=\"has-text-align-center\" data-align=\"center\">statut<\/td><td class=\"has-text-align-center\" data-align=\"center\">en service<\/td><\/tr><tr><td class=\"has-text-align-center\" data-align=\"center\">effectif<\/td><td class=\"has-text-align-center\" data-align=\"center\">11<\/td><\/tr><tr><td class=\"has-text-align-center\" data-align=\"center\">d\u00e9p\u00f4t<\/td><td class=\"has-text-align-center\" data-align=\"center\">Archambaud<\/td><\/tr><tr><td class=\"has-text-align-center\" data-align=\"center\">affectation<\/td><td class=\"has-text-align-center\" data-align=\"center\"><img loading=\"lazy\" decoding=\"async\" width=\"73\" height=\"73\" class=\"wp-image-1404\" style=\"width: 73px\" src=\"https:\/\/seal.transport-manager.net\/marshall\/wp-content\/uploads\/sites\/76\/2023\/02\/sechs.png\" alt=\"\"><\/td><\/tr><\/tbody><\/table><\/figure>\n\n\n\n<h3 class=\"wp-block-heading\">Carri\u00e8re r\u00e9sum\u00e9e<\/h3>\n\n\n\n<p>Le 7700 Hybrid est command\u00e9 en 11 exemplaires par Transports Canard en 2011. Nomm\u00e9e VV4900 en interne (<strong>V<\/strong>ol<strong>v<\/strong>o s\u00e9rie 4900), la s\u00e9rie est livr\u00e9e de f\u00e9vrier \u00e0 octobre 2011 et est alors d\u00e9ploy\u00e9e sur la ligne 7 du r\u00e9seau Citycanard nouvellement cr\u00e9\u00e9e. En 2024, alors que la ligne 7 gagne un nouveau parc 100% \u00e9lectrique de Hess LighTram 12, les 7700 Hybrid sont r\u00e9affect\u00e9s \u00e0 la ligne 6 du r\u00e9seau Citycanard, permettant le retrait d\u00e9finitif des GX 317 GNV qui l&rsquo;\u00e9quipaient.<\/p>\n\n\n\n<p>L&rsquo;objectif de cette commande \u00e9tait de comparer les performances financi\u00e8res et environnementales de l&rsquo;hybride avec celles du gaz naturel repr\u00e9sent\u00e9 par l&rsquo;Omnicity GNV achet\u00e9 la m\u00eame  ann\u00e9e.<\/p>\n<\/div>\n\n\n\n<div class=\"wp-block-column is-layout-flow wp-block-column-is-layout-flow\">\n<figure class=\"wp-block-table is-style-stripes\"><table class=\"has-fixed-layout\"><tbody><tr><td class=\"has-text-align-center\" data-align=\"center\">gamme<\/td><td class=\"has-text-align-center\" data-align=\"center\">7700<\/td><\/tr><tr><td class=\"has-text-align-center\" data-align=\"center\">constructeur<\/td><td class=\"has-text-align-center\" data-align=\"center\"><img loading=\"lazy\" decoding=\"async\" width=\"24\" height=\"15\" class=\"wp-image-2518\" style=\"width: 24px\" src=\"https:\/\/seal.transport-manager.net\/marshall\/wp-content\/uploads\/sites\/76\/2024\/09\/Suecia.png\" alt=\"\"> Volvo Buses<\/td><\/tr><tr><td class=\"has-text-align-center\" data-align=\"center\">cat\u00e9gorie<\/td><td class=\"has-text-align-center\" data-align=\"center\">urbain standard<\/td><\/tr><tr><td class=\"has-text-align-center\" data-align=\"center\">propulsion<\/td><td class=\"has-text-align-center\" data-align=\"center\"><img loading=\"lazy\" decoding=\"async\" width=\"61\" height=\"61\" class=\"wp-image-1026\" style=\"width: 61px\" src=\"https:\/\/seal.transport-manager.net\/marshall\/wp-content\/uploads\/sites\/76\/2022\/10\/HYB.png\" alt=\"\"><\/td><\/tr><tr><td class=\"has-text-align-center\" data-align=\"center\">commercialisation<\/td><td class=\"has-text-align-center\" data-align=\"center\">2009-2011<\/td><\/tr><tr><td class=\"has-text-align-center\" data-align=\"center\">l x L x h<\/td><td class=\"has-text-align-center\" data-align=\"center\">12,13 m x 2,55 m x 3,28 m<\/td><\/tr><tr><td class=\"has-text-align-center\" data-align=\"center\">capacit\u00e9<\/td><td class=\"has-text-align-center\" data-align=\"center\">98 pax (dont 25 assis)<\/td><\/tr><tr><td class=\"has-text-align-center\" data-align=\"center\">moteur<\/td><td class=\"has-text-align-center\" data-align=\"center\">Volvo D5F-215<br>5.1 L 4 cylindres en ligne en position longitudinale arri\u00e8re + cha\u00eene de traction \u00e9lectrique Volvo i-SAM<\/td><\/tr><tr><td class=\"has-text-align-center\" data-align=\"center\">puissance<\/td><td class=\"has-text-align-center\" data-align=\"center\">154 kW &#8211; 210 ch (partie thermique)<br>+<br>120 kW &#8211; 163 ch (partie \u00e9lectrique)<\/td><\/tr><tr><td class=\"has-text-align-center\" data-align=\"center\">site de fabrication<\/td><td class=\"has-text-align-center\" data-align=\"center\"><img loading=\"lazy\" decoding=\"async\" width=\"24\" height=\"15\" class=\"wp-image-2519\" style=\"width: 24px\" src=\"https:\/\/seal.transport-manager.net\/marshall\/wp-content\/uploads\/sites\/76\/2024\/09\/Polonia.png\" alt=\"\"> Wroclaw<\/td><\/tr><tr><td class=\"has-text-align-center\" data-align=\"center\">mod\u00e8les concurrents<br><em>(en 2011)<\/em><\/td><td class=\"has-text-align-center\" data-align=\"center\">Mercedes-Benz Citaro C1 facelift<br>Setra S 415 NF<br>Heuliez GX 327<br>Irisbus Citelis 12<br>MAN Lion&rsquo;s City<br>Scania Omnicity II<br>Solaris Urbino 12 III<br>Van Hool NewA330<br>VDL Citea SLF-120<\/td><\/tr><\/tbody><\/table><\/figure>\n<\/div>\n<\/div>\n\n\n\n<h3 class=\"wp-block-heading\">R\u00e9f\u00e9rencement du parc<\/h3>\n\n\n\n<figure class=\"wp-block-table is-style-stripes\"><table><tbody><tr><td class=\"has-text-align-center\" data-align=\"center\">n\u00b0<\/td><td class=\"has-text-align-center\" data-align=\"center\">date de m.e.s<\/td><td class=\"has-text-align-center\" data-align=\"center\">statut<\/td><td class=\"has-text-align-center\" data-align=\"center\">affectation courante<br>\/ date de retrait<\/td><td class=\"has-text-align-center\" data-align=\"center\">immat.<\/td><td>historique des affectations<\/td><\/tr><tr><td class=\"has-text-align-center\" data-align=\"center\">VV4901<\/td><td class=\"has-text-align-center\" data-align=\"center\">1 F\u00e9vrier 2011<\/td><td class=\"has-text-align-center\" data-align=\"center\">en service<\/td><td class=\"has-text-align-center\" data-align=\"center\"><img loading=\"lazy\" decoding=\"async\" width=\"73\" height=\"73\" src=\"https:\/\/seal.transport-manager.net\/groupebvl\/wp-content\/uploads\/sites\/307\/2024\/06\/sechs.png\" alt=\"\"><\/td><td class=\"has-text-align-center\" data-align=\"center\">TM-613-43<\/td><td><img loading=\"lazy\" decoding=\"async\" width=\"73\" height=\"73\" class=\"wp-image-1411\" style=\"width: 36px\" src=\"https:\/\/seal.transport-manager.net\/marshall\/wp-content\/uploads\/sites\/76\/2023\/02\/sieben.png\" alt=\"\">: de Juillet 2011 \u00e0 Juillet 2024<br><img loading=\"lazy\" decoding=\"async\" width=\"73\" height=\"73\" class=\"wp-image-1404\" style=\"width: 36px\" src=\"https:\/\/seal.transport-manager.net\/marshall\/wp-content\/uploads\/sites\/76\/2023\/02\/sechs.png\" alt=\"\">: depuis Juillet 2024<\/td><\/tr><tr><td class=\"has-text-align-center\" data-align=\"center\">VV4902<\/td><td class=\"has-text-align-center\" data-align=\"center\">1 F\u00e9vrier 2011<\/td><td class=\"has-text-align-center\" data-align=\"center\">en service<\/td><td class=\"has-text-align-center\" data-align=\"center\"><img loading=\"lazy\" decoding=\"async\" width=\"73\" height=\"73\" src=\"https:\/\/seal.transport-manager.net\/groupebvl\/wp-content\/uploads\/sites\/307\/2024\/06\/sechs.png\" alt=\"\"><\/td><td class=\"has-text-align-center\" data-align=\"center\">TM-613-644<\/td><td><img loading=\"lazy\" decoding=\"async\" width=\"73\" height=\"73\" class=\"wp-image-1411\" style=\"width: 36px\" src=\"https:\/\/seal.transport-manager.net\/marshall\/wp-content\/uploads\/sites\/76\/2023\/02\/sieben.png\" alt=\"\">: de Juillet 2011 \u00e0 Juillet 2024<br><img loading=\"lazy\" decoding=\"async\" width=\"73\" height=\"73\" class=\"wp-image-1404\" style=\"width: 36px\" src=\"https:\/\/seal.transport-manager.net\/marshall\/wp-content\/uploads\/sites\/76\/2023\/02\/sechs.png\" alt=\"\">: depuis Juillet 2024<\/td><\/tr><tr><td class=\"has-text-align-center\" data-align=\"center\">VV4903<\/td><td class=\"has-text-align-center\" data-align=\"center\">6 Mars 2011<\/td><td class=\"has-text-align-center\" data-align=\"center\">en service<\/td><td class=\"has-text-align-center\" data-align=\"center\"><img loading=\"lazy\" decoding=\"async\" width=\"73\" height=\"73\" src=\"https:\/\/seal.transport-manager.net\/groupebvl\/wp-content\/uploads\/sites\/307\/2024\/06\/sechs.png\" alt=\"\"><\/td><td class=\"has-text-align-center\" data-align=\"center\">TM-631-38<\/td><td><img loading=\"lazy\" decoding=\"async\" width=\"73\" height=\"73\" class=\"wp-image-1411\" style=\"width: 36px\" src=\"https:\/\/seal.transport-manager.net\/marshall\/wp-content\/uploads\/sites\/76\/2023\/02\/sieben.png\" alt=\"\">: de Juillet 2011 \u00e0 Ao\u00fbt 2024<br><img loading=\"lazy\" decoding=\"async\" width=\"73\" height=\"73\" class=\"wp-image-1404\" style=\"width: 36px\" src=\"https:\/\/seal.transport-manager.net\/marshall\/wp-content\/uploads\/sites\/76\/2023\/02\/sechs.png\" alt=\"\">: depuis Ao\u00fbt 2024<\/td><\/tr><tr><td class=\"has-text-align-center\" data-align=\"center\">VV4904<\/td><td class=\"has-text-align-center\" data-align=\"center\">6 Mars 2011<\/td><td class=\"has-text-align-center\" data-align=\"center\">en service<\/td><td class=\"has-text-align-center\" data-align=\"center\"><img loading=\"lazy\" decoding=\"async\" width=\"73\" height=\"73\" src=\"https:\/\/seal.transport-manager.net\/groupebvl\/wp-content\/uploads\/sites\/307\/2024\/06\/sechs.png\" alt=\"\"><\/td><td class=\"has-text-align-center\" data-align=\"center\">TM-631-37<\/td><td><img loading=\"lazy\" decoding=\"async\" width=\"73\" height=\"73\" class=\"wp-image-1411\" style=\"width: 36px\" src=\"https:\/\/seal.transport-manager.net\/marshall\/wp-content\/uploads\/sites\/76\/2023\/02\/sieben.png\" alt=\"\">: de Juillet 2011 \u00e0 Ao\u00fbt 2024<br><img loading=\"lazy\" decoding=\"async\" width=\"73\" height=\"73\" class=\"wp-image-1404\" style=\"width: 36px\" src=\"https:\/\/seal.transport-manager.net\/marshall\/wp-content\/uploads\/sites\/76\/2023\/02\/sechs.png\" alt=\"\">: depuis Ao\u00fbt 2024<\/td><\/tr><tr><td class=\"has-text-align-center\" data-align=\"center\">VV4905<\/td><td class=\"has-text-align-center\" data-align=\"center\">19 Mai 2011<\/td><td class=\"has-text-align-center\" data-align=\"center\">en service<\/td><td class=\"has-text-align-center\" data-align=\"center\"><img loading=\"lazy\" decoding=\"async\" width=\"73\" height=\"73\" src=\"https:\/\/seal.transport-manager.net\/groupebvl\/wp-content\/uploads\/sites\/307\/2024\/06\/sechs.png\" alt=\"\"><\/td><td class=\"has-text-align-center\" data-align=\"center\">TM-636-40<\/td><td><img loading=\"lazy\" decoding=\"async\" width=\"73\" height=\"73\" class=\"wp-image-1411\" style=\"width: 36px\" src=\"https:\/\/seal.transport-manager.net\/marshall\/wp-content\/uploads\/sites\/76\/2023\/02\/sieben.png\" alt=\"\">: de Juillet 2011 \u00e0 Septembre 2024<br><img loading=\"lazy\" decoding=\"async\" width=\"73\" height=\"73\" class=\"wp-image-1404\" style=\"width: 36px\" src=\"https:\/\/seal.transport-manager.net\/marshall\/wp-content\/uploads\/sites\/76\/2023\/02\/sechs.png\" alt=\"\">: depuis Septembre 2024<\/td><\/tr><tr><td class=\"has-text-align-center\" data-align=\"center\">VV4906<\/td><td class=\"has-text-align-center\" data-align=\"center\">19 Mai 2011<\/td><td class=\"has-text-align-center\" data-align=\"center\">en service<\/td><td class=\"has-text-align-center\" data-align=\"center\"><img loading=\"lazy\" decoding=\"async\" width=\"73\" height=\"73\" src=\"https:\/\/seal.transport-manager.net\/groupebvl\/wp-content\/uploads\/sites\/307\/2024\/06\/sechs.png\" alt=\"\"><\/td><td class=\"has-text-align-center\" data-align=\"center\">TM-636-39<\/td><td><img loading=\"lazy\" decoding=\"async\" width=\"73\" height=\"73\" class=\"wp-image-1411\" style=\"width: 36px\" src=\"https:\/\/seal.transport-manager.net\/marshall\/wp-content\/uploads\/sites\/76\/2023\/02\/sieben.png\" alt=\"\">: de Juillet 2011 \u00e0 Septembre 2024<br><img loading=\"lazy\" decoding=\"async\" width=\"73\" height=\"73\" class=\"wp-image-1404\" style=\"width: 36px\" src=\"https:\/\/seal.transport-manager.net\/marshall\/wp-content\/uploads\/sites\/76\/2023\/02\/sechs.png\" alt=\"\">: depuis Septembre 2024<\/td><\/tr><tr><td class=\"has-text-align-center\" data-align=\"center\">VV4907<\/td><td class=\"has-text-align-center\" data-align=\"center\">15 Juillet 2011<\/td><td class=\"has-text-align-center\" data-align=\"center\">en service<\/td><td class=\"has-text-align-center\" data-align=\"center\"><img loading=\"lazy\" decoding=\"async\" width=\"73\" height=\"73\" src=\"https:\/\/seal.transport-manager.net\/groupebvl\/wp-content\/uploads\/sites\/307\/2024\/06\/sechs.png\" alt=\"\"><\/td><td class=\"has-text-align-center\" data-align=\"center\">TM-620-48<\/td><td><img loading=\"lazy\" decoding=\"async\" width=\"73\" height=\"73\" class=\"wp-image-1411\" style=\"width: 36px\" src=\"https:\/\/seal.transport-manager.net\/marshall\/wp-content\/uploads\/sites\/76\/2023\/02\/sieben.png\" alt=\"\">: de Juillet 2011 \u00e0 Septembre 2024<br><img loading=\"lazy\" decoding=\"async\" width=\"73\" height=\"73\" class=\"wp-image-1404\" style=\"width: 36px\" src=\"https:\/\/seal.transport-manager.net\/marshall\/wp-content\/uploads\/sites\/76\/2023\/02\/sechs.png\" alt=\"\">: depuis Septembre 2024<\/td><\/tr><tr><td class=\"has-text-align-center\" data-align=\"center\">VV4908<\/td><td class=\"has-text-align-center\" data-align=\"center\">15 Juillet 2011<\/td><td class=\"has-text-align-center\" data-align=\"center\">en service<\/td><td class=\"has-text-align-center\" data-align=\"center\"><img loading=\"lazy\" decoding=\"async\" width=\"73\" height=\"73\" src=\"https:\/\/seal.transport-manager.net\/groupebvl\/wp-content\/uploads\/sites\/307\/2024\/06\/sechs.png\" alt=\"\"><\/td><td class=\"has-text-align-center\" data-align=\"center\">TM-620-49<\/td><td><img loading=\"lazy\" decoding=\"async\" width=\"73\" height=\"73\" class=\"wp-image-1411\" style=\"width: 36px\" src=\"https:\/\/seal.transport-manager.net\/marshall\/wp-content\/uploads\/sites\/76\/2023\/02\/sieben.png\" alt=\"\">: de Juillet 2011 \u00e0 Septembre 2024<br><img loading=\"lazy\" decoding=\"async\" width=\"73\" height=\"73\" class=\"wp-image-1404\" style=\"width: 36px\" src=\"https:\/\/seal.transport-manager.net\/marshall\/wp-content\/uploads\/sites\/76\/2023\/02\/sechs.png\" alt=\"\">: depuis Septembre 2024<\/td><\/tr><tr><td class=\"has-text-align-center\" data-align=\"center\">VV4909<\/td><td class=\"has-text-align-center\" data-align=\"center\">11 Septembre 2011<\/td><td class=\"has-text-align-center\" data-align=\"center\">en service<\/td><td class=\"has-text-align-center\" data-align=\"center\"><img loading=\"lazy\" decoding=\"async\" width=\"73\" height=\"73\" src=\"https:\/\/seal.transport-manager.net\/groupebvl\/wp-content\/uploads\/sites\/307\/2024\/06\/sechs.png\" alt=\"\"><\/td><td class=\"has-text-align-center\" data-align=\"center\">TM-639-62<\/td><td><img loading=\"lazy\" decoding=\"async\" width=\"73\" height=\"73\" class=\"wp-image-1411\" style=\"width: 36px\" src=\"https:\/\/seal.transport-manager.net\/marshall\/wp-content\/uploads\/sites\/76\/2023\/02\/sieben.png\" alt=\"\">: de Septembre 2011 \u00e0 Septembre 2024<br><img loading=\"lazy\" decoding=\"async\" width=\"73\" height=\"73\" class=\"wp-image-1404\" style=\"width: 36px\" src=\"https:\/\/seal.transport-manager.net\/marshall\/wp-content\/uploads\/sites\/76\/2023\/02\/sechs.png\" alt=\"\">: depuis Septembre 2024<\/td><\/tr><tr><td class=\"has-text-align-center\" data-align=\"center\">VV4910<\/td><td class=\"has-text-align-center\" data-align=\"center\">28 Octobre 2011<\/td><td class=\"has-text-align-center\" data-align=\"center\">en service<\/td><td class=\"has-text-align-center\" data-align=\"center\"><img loading=\"lazy\" decoding=\"async\" width=\"73\" height=\"73\" src=\"https:\/\/seal.transport-manager.net\/groupebvl\/wp-content\/uploads\/sites\/307\/2024\/06\/sechs.png\" alt=\"\"><\/td><td class=\"has-text-align-center\" data-align=\"center\">TM-627-68<\/td><td><img loading=\"lazy\" decoding=\"async\" width=\"73\" height=\"73\" class=\"wp-image-1411\" style=\"width: 36px\" src=\"https:\/\/seal.transport-manager.net\/marshall\/wp-content\/uploads\/sites\/76\/2023\/02\/sieben.png\" alt=\"\">: de Novembre 2011 \u00e0 Septembre 2024<br><img loading=\"lazy\" decoding=\"async\" width=\"73\" height=\"73\" class=\"wp-image-1404\" style=\"width: 36px\" src=\"https:\/\/seal.transport-manager.net\/marshall\/wp-content\/uploads\/sites\/76\/2023\/02\/sechs.png\" alt=\"\">: depuis Septembre 2024<\/td><\/tr><tr><td class=\"has-text-align-center\" data-align=\"center\">VV4911<\/td><td class=\"has-text-align-center\" data-align=\"center\">28 Octobre 2011<\/td><td class=\"has-text-align-center\" data-align=\"center\">en service<\/td><td class=\"has-text-align-center\" data-align=\"center\"><img loading=\"lazy\" decoding=\"async\" width=\"73\" height=\"73\" src=\"https:\/\/seal.transport-manager.net\/groupebvl\/wp-content\/uploads\/sites\/307\/2024\/06\/sechs.png\" alt=\"\"><\/td><td class=\"has-text-align-center\" data-align=\"center\">TM-627-67<\/td><td><img loading=\"lazy\" decoding=\"async\" width=\"73\" height=\"73\" class=\"wp-image-1411\" style=\"width: 36px\" src=\"https:\/\/seal.transport-manager.net\/marshall\/wp-content\/uploads\/sites\/76\/2023\/02\/sieben.png\" alt=\"\">: de Novembre 2011 \u00e0 Septembre 2024<br><img loading=\"lazy\" decoding=\"async\" width=\"73\" height=\"73\" class=\"wp-image-1404\" style=\"width: 36px\" src=\"https:\/\/seal.transport-manager.net\/marshall\/wp-content\/uploads\/sites\/76\/2023\/02\/sechs.png\" alt=\"\">: depuis Septembre 2024<\/td><\/tr><\/tbody><\/table><\/figure>\n\n\n\n<p><\/p>\n","protected":false},"excerpt":{"rendered":"<p>mise en service 2011 statut en service effectif 11 d\u00e9p\u00f4t Archambaud affectation Carri\u00e8re r\u00e9sum\u00e9e Le 7700 Hybrid est command\u00e9 en 11 exemplaires par Transports Canard en 2011. Nomm\u00e9e VV4900 en &#8230; <a title=\"VV4900 &#8211; Volvo 7700 Hybrid\" class=\"read-more\" href=\"https:\/\/seal.transport-manager.net\/marshall\/vv4900-volvo-7700-hybrid\/\" aria-label=\"En savoir plus sur VV4900 &#8211; Volvo 7700 Hybrid\">Lire la suite<\/a><\/p>\n","protected":false},"author":76,"featured_media":3656,"parent":0,"menu_order":0,"comment_status":"closed","ping_status":"closed","template":"","meta":{"footnotes":""},"class_list":["post-3132","page","type-page","status-publish","has-post-thumbnail"],"_links":{"self":[{"href":"https:\/\/seal.transport-manager.net\/marshall\/wp-json\/wp\/v2\/pages\/3132","targetHints":{"allow":["GET"]}}],"collection":[{"href":"https:\/\/seal.transport-manager.net\/marshall\/wp-json\/wp\/v2\/pages"}],"about":[{"href":"https:\/\/seal.transport-manager.net\/marshall\/wp-json\/wp\/v2\/types\/page"}],"author":[{"embeddable":true,"href":"https:\/\/seal.transport-manager.net\/marshall\/wp-json\/wp\/v2\/users\/76"}],"replies":[{"embeddable":true,"href":"https:\/\/seal.transport-manager.net\/marshall\/wp-json\/wp\/v2\/comments?post=3132"}],"version-history":[{"count":7,"href":"https:\/\/seal.transport-manager.net\/marshall\/wp-json\/wp\/v2\/pages\/3132\/revisions"}],"predecessor-version":[{"id":4335,"href":"https:\/\/seal.transport-manager.net\/marshall\/wp-json\/wp\/v2\/pages\/3132\/revisions\/4335"}],"wp:featuredmedia":[{"embeddable":true,"href":"https:\/\/seal.transport-manager.net\/marshall\/wp-json\/wp\/v2\/media\/3656"}],"wp:attachment":[{"href":"https:\/\/seal.transport-manager.net\/marshall\/wp-json\/wp\/v2\/media?parent=3132"}],"curies":[{"name":"wp","href":"https:\/\/api.w.org\/{rel}","templated":true}]}}