{"id":3138,"date":"2025-04-19T05:27:47","date_gmt":"2025-04-19T03:27:47","guid":{"rendered":"https:\/\/seal.transport-manager.net\/marshall\/?page_id=3138"},"modified":"2025-07-31T20:11:36","modified_gmt":"2025-07-31T18:11:36","slug":"iv3700-irisbus-europolis-hybride","status":"publish","type":"page","link":"https:\/\/seal.transport-manager.net\/marshall\/iv3700-irisbus-europolis-hybride\/","title":{"rendered":"IV3700 &#8211; Irisbus Europolis Hybride"},"content":{"rendered":"<div class=\"wp-block-image\">\n<figure class=\"aligncenter size-full\"><a href=\"https:\/\/i.ibb.co\/JwYdWNqg\/Europolis-Hybride-Canard.png\"><img loading=\"lazy\" decoding=\"async\" width=\"630\" height=\"360\" src=\"https:\/\/seal.transport-manager.net\/marshall\/wp-content\/uploads\/sites\/76\/2025\/02\/EuropolisHybrideCanard.png\" alt=\"\" class=\"wp-image-2992\" srcset=\"https:\/\/seal.transport-manager.net\/marshall\/wp-content\/uploads\/sites\/76\/2025\/02\/EuropolisHybrideCanard.png 630w, https:\/\/seal.transport-manager.net\/marshall\/wp-content\/uploads\/sites\/76\/2025\/02\/EuropolisHybrideCanard-300x171.png 300w\" sizes=\"auto, (max-width: 630px) 100vw, 630px\" \/><\/a><figcaption class=\"wp-element-caption\"><a href=\"https:\/\/i.ibb.co\/JwYdWNqg\/Europolis-Hybride-Canard.png\">cliquez pour agrandir<\/a><\/figcaption><\/figure>\n<\/div>\n\n\n<div class=\"wp-block-columns is-layout-flex wp-container-core-columns-is-layout-9d6595d7 wp-block-columns-is-layout-flex\">\n<div class=\"wp-block-column is-layout-flow wp-block-column-is-layout-flow\">\n<figure class=\"wp-block-table is-style-stripes\"><table><tbody><tr><td class=\"has-text-align-center\" data-align=\"center\">mise en service<\/td><td class=\"has-text-align-center\" data-align=\"center\">2010<\/td><\/tr><tr><td class=\"has-text-align-center\" data-align=\"center\">statut<\/td><td class=\"has-text-align-center\" data-align=\"center\">en service<\/td><\/tr><tr><td class=\"has-text-align-center\" data-align=\"center\">effectif<\/td><td class=\"has-text-align-center\" data-align=\"center\">8<\/td><\/tr><tr><td class=\"has-text-align-center\" data-align=\"center\">d\u00e9p\u00f4t<\/td><td class=\"has-text-align-center\" data-align=\"center\">Archambaud<\/td><\/tr><tr><td class=\"has-text-align-center\" data-align=\"center\">affectations<\/td><td class=\"has-text-align-center\" data-align=\"center\"><img loading=\"lazy\" decoding=\"async\" width=\"73\" height=\"73\" class=\"wp-image-1404\" style=\"width: 73px\" src=\"https:\/\/seal.transport-manager.net\/marshall\/wp-content\/uploads\/sites\/76\/2023\/02\/sechs.png\" alt=\"\"><img loading=\"lazy\" decoding=\"async\" width=\"84\" height=\"73\" class=\"wp-image-1953\" style=\"width: 84px\" src=\"https:\/\/seal.transport-manager.net\/marshall\/wp-content\/uploads\/sites\/76\/2023\/09\/Einundsechzig.png\" alt=\"\"><\/td><\/tr><\/tbody><\/table><\/figure>\n\n\n\n<h3 class=\"wp-block-heading\">Carri\u00e8re r\u00e9sum\u00e9e<\/h3>\n\n\n\n<p>L&rsquo;Europolis Hybride est command\u00e9 en 8 exemplaires par Transports Canard en 2010. Nomm\u00e9e IV3700 en interne (<strong>Iv<\/strong>eco s\u00e9rie 3700), la s\u00e9rie est livr\u00e9e de f\u00e9vrier \u00e0 novembre 2010 et est d\u00e9ploy\u00e9e sur la ligne 6 du r\u00e9seau Citycanard nouvellement mise en service. En effet, l&rsquo;\u00e9troitesse de l&rsquo;environnement urbain sur le parcours de la ligne n\u00e9cessitait l&#8217;emploi de v\u00e9hicules de petit gabarit. En 2023, du fait de l&rsquo;augmentation de la fr\u00e9quentation de la ligne, des am\u00e9nagements sont faits pour permettre une exploitation en standard. Ainsi, alors que des GX 317 GNV remplacent les Europolis en journ\u00e9e, ceux-ci conservent les services du soir et assurent \u00e9galement les T\u00e0D ainsi que la ligne 61 du r\u00e9seau Citycanard en compagnie de Volvo 7900 Hybrid 10 m. En 2025, alors que la filiale Citycanard T\u00e0D re\u00e7oit des nouveaux Navigo C pour les lignes 901 et 902, la ligne 6 gagne un Europolis d&rsquo;appoint pour les services du soir tandis que le reste du parc vient densifier la flotte de la ligne 61.<\/p>\n<\/div>\n\n\n\n<div class=\"wp-block-column is-layout-flow wp-block-column-is-layout-flow\">\n<figure class=\"wp-block-table is-style-stripes\"><table class=\"has-fixed-layout\"><tbody><tr><td class=\"has-text-align-center\" data-align=\"center\">gamme<\/td><td class=\"has-text-align-center\" data-align=\"center\">Europolis<\/td><\/tr><tr><td class=\"has-text-align-center\" data-align=\"center\">constructeur<\/td><td class=\"has-text-align-center\" data-align=\"center\"><img loading=\"lazy\" decoding=\"async\" width=\"21\" height=\"15\" class=\"wp-image-3139\" style=\"width: 21px\" src=\"https:\/\/seal.transport-manager.net\/marshall\/wp-content\/uploads\/sites\/76\/2025\/04\/Italia.png\" alt=\"\"> Iveco Irisbus \/ <img loading=\"lazy\" decoding=\"async\" width=\"21\" height=\"15\" class=\"wp-image-3139\" style=\"width: 21px\" src=\"https:\/\/seal.transport-manager.net\/marshall\/wp-content\/uploads\/sites\/76\/2025\/04\/Italia.png\" alt=\"\"> Cacciamali<\/td><\/tr><tr><td class=\"has-text-align-center\" data-align=\"center\">cat\u00e9gorie<\/td><td class=\"has-text-align-center\" data-align=\"center\">urbain midi<\/td><\/tr><tr><td class=\"has-text-align-center\" data-align=\"center\">propulsion<\/td><td class=\"has-text-align-center\" data-align=\"center\"><img loading=\"lazy\" decoding=\"async\" width=\"61\" height=\"61\" class=\"wp-image-1026\" style=\"width: 61px\" src=\"https:\/\/seal.transport-manager.net\/marshall\/wp-content\/uploads\/sites\/76\/2022\/10\/HYB.png\" alt=\"\"><\/td><\/tr><tr><td class=\"has-text-align-center\" data-align=\"center\">commercialisation<\/td><td class=\"has-text-align-center\" data-align=\"center\">1996-2010<\/td><\/tr><tr><td class=\"has-text-align-center\" data-align=\"center\">l x L x h<\/td><td class=\"has-text-align-center\" data-align=\"center\">7,4 m x 2,26 m x 3,1 m<\/td><\/tr><tr><td class=\"has-text-align-center\" data-align=\"center\">capacit\u00e9<\/td><td class=\"has-text-align-center\" data-align=\"center\">64 pax (dont 14 assis)<\/td><\/tr><tr><td class=\"has-text-align-center\" data-align=\"center\">moteur<\/td><td class=\"has-text-align-center\" data-align=\"center\">Iveco Tector 60<br>5.9 L 6 cylindres en ligne en position longitudinale arri\u00e8re<\/td><\/tr><tr><td class=\"has-text-align-center\" data-align=\"center\">puissance<\/td><td class=\"has-text-align-center\" data-align=\"center\">152 kW &#8211; 207 ch<\/td><\/tr><tr><td class=\"has-text-align-center\" data-align=\"center\">site de fabrication<\/td><td class=\"has-text-align-center\" data-align=\"center\"><img loading=\"lazy\" decoding=\"async\" width=\"21\" height=\"15\" class=\"wp-image-3139\" style=\"width: 21px\" src=\"https:\/\/seal.transport-manager.net\/marshall\/wp-content\/uploads\/sites\/76\/2025\/04\/Italia.png\" alt=\"\"> Mairano<\/td><\/tr><tr><td class=\"has-text-align-center\" data-align=\"center\">mod\u00e8les concurrents<br><em>(en 2010)<\/em><\/td><td class=\"has-text-align-center\" data-align=\"center\">Heuliez GX 127<br>Solaris Alpino<br>Van Hool NewA308<\/td><\/tr><\/tbody><\/table><\/figure>\n<\/div>\n<\/div>\n\n\n\n<h3 class=\"wp-block-heading\">R\u00e9f\u00e9rencement du parc<\/h3>\n\n\n\n<figure class=\"wp-block-table is-style-stripes\"><table><tbody><tr><td class=\"has-text-align-center\" data-align=\"center\">n\u00b0<\/td><td class=\"has-text-align-center\" data-align=\"center\">date de m.e.s<\/td><td class=\"has-text-align-center\" data-align=\"center\">statut<\/td><td class=\"has-text-align-center\" data-align=\"center\">affectation courante<br>\/ date de retrait<\/td><td class=\"has-text-align-center\" data-align=\"center\">immat.<\/td><td>historique des affectations<\/td><\/tr><tr><td class=\"has-text-align-center\" data-align=\"center\">IV3701<\/td><td class=\"has-text-align-center\" data-align=\"center\">25 F\u00e9vrier 2010<\/td><td class=\"has-text-align-center\" data-align=\"center\">en service<\/td><td class=\"has-text-align-center\" data-align=\"center\"><img loading=\"lazy\" decoding=\"async\" width=\"73\" height=\"73\" class=\"wp-image-1404\" style=\"width: 73px\" src=\"https:\/\/seal.transport-manager.net\/marshall\/wp-content\/uploads\/sites\/76\/2023\/02\/sechs.png\" alt=\"\"><\/td><td class=\"has-text-align-center\" data-align=\"center\">TM-582-31<\/td><td><img loading=\"lazy\" decoding=\"async\" width=\"73\" height=\"73\" class=\"wp-image-1404\" style=\"width: 36px\" src=\"https:\/\/seal.transport-manager.net\/marshall\/wp-content\/uploads\/sites\/76\/2023\/02\/sechs.png\" alt=\"\">: de Juillet 2010 \u00e0 Juillet 2023<br><img loading=\"lazy\" decoding=\"async\" width=\"111\" height=\"73\" class=\"wp-image-1873\" style=\"width: 55px\" src=\"https:\/\/seal.transport-manager.net\/marshall\/wp-content\/uploads\/sites\/76\/2023\/07\/neunhundertein.png\" alt=\"\">: de Juillet 2023 \u00e0 Mai 2025<br><img loading=\"lazy\" decoding=\"async\" width=\"73\" height=\"73\" class=\"wp-image-1404\" style=\"width: 36px\" src=\"https:\/\/seal.transport-manager.net\/marshall\/wp-content\/uploads\/sites\/76\/2023\/02\/sechs.png\" alt=\"\">: depuis Mai 2025<\/td><\/tr><tr><td class=\"has-text-align-center\" data-align=\"center\">IV3702<\/td><td class=\"has-text-align-center\" data-align=\"center\">25 F\u00e9vrier 2010<\/td><td class=\"has-text-align-center\" data-align=\"center\">en service<\/td><td class=\"has-text-align-center\" data-align=\"center\"><img loading=\"lazy\" decoding=\"async\" width=\"84\" height=\"73\" class=\"wp-image-1953\" style=\"width: 84px\" src=\"https:\/\/seal.transport-manager.net\/marshall\/wp-content\/uploads\/sites\/76\/2023\/09\/Einundsechzig.png\" alt=\"\"><\/td><td class=\"has-text-align-center\" data-align=\"center\">TM-582-30<\/td><td><img loading=\"lazy\" decoding=\"async\" width=\"73\" height=\"73\" class=\"wp-image-1404\" style=\"width: 36px\" src=\"https:\/\/seal.transport-manager.net\/marshall\/wp-content\/uploads\/sites\/76\/2023\/02\/sechs.png\" alt=\"\">: de Juillet 2010 \u00e0 Juillet 2023<br><img loading=\"lazy\" decoding=\"async\" width=\"111\" height=\"73\" class=\"wp-image-1873\" style=\"width: 55px\" src=\"https:\/\/seal.transport-manager.net\/marshall\/wp-content\/uploads\/sites\/76\/2023\/07\/neunhundertein.png\" alt=\"\">: de Juillet 2023 \u00e0 Mai 2025<br><img loading=\"lazy\" decoding=\"async\" width=\"84\" height=\"73\" class=\"wp-image-1953\" style=\"width: 42px\" src=\"https:\/\/seal.transport-manager.net\/marshall\/wp-content\/uploads\/sites\/76\/2023\/09\/Einundsechzig.png\" alt=\"\">: depuis Mai 2025<\/td><\/tr><tr><td class=\"has-text-align-center\" data-align=\"center\">IV3703<\/td><td class=\"has-text-align-center\" data-align=\"center\">21 Avril 2010<\/td><td class=\"has-text-align-center\" data-align=\"center\">en service<\/td><td class=\"has-text-align-center\" data-align=\"center\"><img loading=\"lazy\" decoding=\"async\" width=\"84\" height=\"73\" class=\"wp-image-1953\" style=\"width: 84px\" src=\"https:\/\/seal.transport-manager.net\/marshall\/wp-content\/uploads\/sites\/76\/2023\/09\/Einundsechzig.png\" alt=\"\"><\/td><td class=\"has-text-align-center\" data-align=\"center\">TM-570-63<\/td><td><img loading=\"lazy\" decoding=\"async\" width=\"73\" height=\"73\" class=\"wp-image-1404\" style=\"width: 36px\" src=\"https:\/\/seal.transport-manager.net\/marshall\/wp-content\/uploads\/sites\/76\/2023\/02\/sechs.png\" alt=\"\">: de Juillet 2010 \u00e0 Juillet 2023<br><img loading=\"lazy\" decoding=\"async\" width=\"111\" height=\"73\" class=\"wp-image-1873\" style=\"width: 55px\" src=\"https:\/\/seal.transport-manager.net\/marshall\/wp-content\/uploads\/sites\/76\/2023\/07\/neunhundertein.png\" alt=\"\">: de Juillet 2023 \u00e0 Mai 2025<br><img loading=\"lazy\" decoding=\"async\" width=\"84\" height=\"73\" class=\"wp-image-1953\" style=\"width: 42px\" src=\"https:\/\/seal.transport-manager.net\/marshall\/wp-content\/uploads\/sites\/76\/2023\/09\/Einundsechzig.png\" alt=\"\">: depuis Mai 2025<\/td><\/tr><tr><td class=\"has-text-align-center\" data-align=\"center\">IV3704<\/td><td class=\"has-text-align-center\" data-align=\"center\">11 Mai 2010<\/td><td class=\"has-text-align-center\" data-align=\"center\">en service<\/td><td class=\"has-text-align-center\" data-align=\"center\"><img loading=\"lazy\" decoding=\"async\" width=\"84\" height=\"73\" class=\"wp-image-1953\" style=\"width: 84px\" src=\"https:\/\/seal.transport-manager.net\/marshall\/wp-content\/uploads\/sites\/76\/2023\/09\/Einundsechzig.png\" alt=\"\"><\/td><td class=\"has-text-align-center\" data-align=\"center\">TM-576-28<\/td><td><img loading=\"lazy\" decoding=\"async\" width=\"73\" height=\"73\" class=\"wp-image-1404\" style=\"width: 36px\" src=\"https:\/\/seal.transport-manager.net\/marshall\/wp-content\/uploads\/sites\/76\/2023\/02\/sechs.png\" alt=\"\">: de Juillet 2010 \u00e0 Juillet 2023<br><img loading=\"lazy\" decoding=\"async\" width=\"110\" height=\"73\" class=\"wp-image-1874\" style=\"width: 55px\" src=\"https:\/\/seal.transport-manager.net\/marshall\/wp-content\/uploads\/sites\/76\/2023\/07\/neunhundertzwei.png\" alt=\"VIE\">: de Juillet 2023 \u00e0 Mai 2025<br><img loading=\"lazy\" decoding=\"async\" width=\"84\" height=\"73\" class=\"wp-image-1953\" style=\"width: 42px\" src=\"https:\/\/seal.transport-manager.net\/marshall\/wp-content\/uploads\/sites\/76\/2023\/09\/Einundsechzig.png\" alt=\"\">: depuis Mai 2025<\/td><\/tr><tr><td class=\"has-text-align-center\" data-align=\"center\">IV3705<\/td><td class=\"has-text-align-center\" data-align=\"center\">11 Mai 2010<\/td><td class=\"has-text-align-center\" data-align=\"center\">en service<\/td><td class=\"has-text-align-center\" data-align=\"center\"><img loading=\"lazy\" decoding=\"async\" width=\"84\" height=\"73\" class=\"wp-image-1953\" style=\"width: 84px\" src=\"https:\/\/seal.transport-manager.net\/marshall\/wp-content\/uploads\/sites\/76\/2023\/09\/Einundsechzig.png\" alt=\"\"><\/td><td class=\"has-text-align-center\" data-align=\"center\">TM-576-29<\/td><td><img loading=\"lazy\" decoding=\"async\" width=\"73\" height=\"73\" class=\"wp-image-1404\" style=\"width: 36px\" src=\"https:\/\/seal.transport-manager.net\/marshall\/wp-content\/uploads\/sites\/76\/2023\/02\/sechs.png\" alt=\"\">: de Juillet 2010 \u00e0 Juillet 2023<br><img loading=\"lazy\" decoding=\"async\" width=\"110\" height=\"73\" class=\"wp-image-1874\" style=\"width: 55px\" src=\"https:\/\/seal.transport-manager.net\/marshall\/wp-content\/uploads\/sites\/76\/2023\/07\/neunhundertzwei.png\" alt=\"VIE\">: de Juillet 2023 \u00e0 Mai 2025<br><img loading=\"lazy\" decoding=\"async\" width=\"84\" height=\"73\" class=\"wp-image-1953\" style=\"width: 42px\" src=\"https:\/\/seal.transport-manager.net\/marshall\/wp-content\/uploads\/sites\/76\/2023\/09\/Einundsechzig.png\" alt=\"\">: depuis Mai 2025<\/td><\/tr><tr><td class=\"has-text-align-center\" data-align=\"center\">IV3706<\/td><td class=\"has-text-align-center\" data-align=\"center\">13 Juillet 2010<\/td><td class=\"has-text-align-center\" data-align=\"center\">en service<\/td><td class=\"has-text-align-center\" data-align=\"center\"><img loading=\"lazy\" decoding=\"async\" width=\"84\" height=\"73\" class=\"wp-image-1953\" style=\"width: 84px\" src=\"https:\/\/seal.transport-manager.net\/marshall\/wp-content\/uploads\/sites\/76\/2023\/09\/Einundsechzig.png\" alt=\"\"><\/td><td class=\"has-text-align-center\" data-align=\"center\">TM-588-02<\/td><td><img loading=\"lazy\" decoding=\"async\" width=\"73\" height=\"73\" class=\"wp-image-1404\" style=\"width: 36px\" src=\"https:\/\/seal.transport-manager.net\/marshall\/wp-content\/uploads\/sites\/76\/2023\/02\/sechs.png\" alt=\"\">: de Juillet 2010 \u00e0 Ao\u00fbt 2023<br><img loading=\"lazy\" decoding=\"async\" width=\"110\" height=\"73\" class=\"wp-image-1874\" style=\"width: 55px\" src=\"https:\/\/seal.transport-manager.net\/marshall\/wp-content\/uploads\/sites\/76\/2023\/07\/neunhundertzwei.png\" alt=\"VIE\">: de Ao\u00fbt 2023 \u00e0 Mai 2025<br><img loading=\"lazy\" decoding=\"async\" width=\"84\" height=\"73\" class=\"wp-image-1953\" style=\"width: 42px\" src=\"https:\/\/seal.transport-manager.net\/marshall\/wp-content\/uploads\/sites\/76\/2023\/09\/Einundsechzig.png\" alt=\"\">: depuis Mai 2025<\/td><\/tr><tr><td class=\"has-text-align-center\" data-align=\"center\">IV3707<\/td><td class=\"has-text-align-center\" data-align=\"center\">19 Septembre 2010<\/td><td class=\"has-text-align-center\" data-align=\"center\">en service<\/td><td class=\"has-text-align-center\" data-align=\"center\"><img loading=\"lazy\" decoding=\"async\" width=\"73\" height=\"73\" src=\"https:\/\/seal.transport-manager.net\/groupebvl\/wp-content\/uploads\/sites\/307\/2024\/06\/sechs.png\" alt=\"\"><\/td><td class=\"has-text-align-center\" data-align=\"center\">TM-567-25<\/td><td><img loading=\"lazy\" decoding=\"async\" width=\"73\" height=\"73\" class=\"wp-image-1404\" style=\"width: 36px\" src=\"https:\/\/seal.transport-manager.net\/marshall\/wp-content\/uploads\/sites\/76\/2023\/02\/sechs.png\" alt=\"\">: depuis Septembre 2010<\/td><\/tr><tr><td class=\"has-text-align-center\" data-align=\"center\">IV3708<\/td><td class=\"has-text-align-center\" data-align=\"center\">13 Novembre 2010<\/td><td class=\"has-text-align-center\" data-align=\"center\">en service<\/td><td class=\"has-text-align-center\" data-align=\"center\"><img loading=\"lazy\" decoding=\"async\" width=\"84\" height=\"73\" src=\"https:\/\/seal.transport-manager.net\/groupebvl\/wp-content\/uploads\/sites\/307\/2024\/06\/Einundsechzig.png\" alt=\"\"><\/td><td class=\"has-text-align-center\" data-align=\"center\">TM-562-68<\/td><td><img loading=\"lazy\" decoding=\"async\" width=\"73\" height=\"73\" class=\"wp-image-1404\" style=\"width: 36px\" src=\"https:\/\/seal.transport-manager.net\/marshall\/wp-content\/uploads\/sites\/76\/2023\/02\/sechs.png\" alt=\"\">: de Novembre 2010 \u00e0 Ao\u00fbt 2023<br><img loading=\"lazy\" decoding=\"async\" width=\"84\" height=\"73\" class=\"wp-image-1953\" style=\"width: 42px\" src=\"https:\/\/seal.transport-manager.net\/marshall\/wp-content\/uploads\/sites\/76\/2023\/09\/Einundsechzig.png\" alt=\"\">: depuis Janvier 2024<\/td><\/tr><\/tbody><\/table><\/figure>\n\n\n\n<p><\/p>\n","protected":false},"excerpt":{"rendered":"<p>mise en service 2010 statut en service effectif 8 d\u00e9p\u00f4t Archambaud affectations Carri\u00e8re r\u00e9sum\u00e9e L&rsquo;Europolis Hybride est command\u00e9 en 8 exemplaires par Transports Canard en 2010. Nomm\u00e9e IV3700 en interne &#8230; <a title=\"IV3700 &#8211; Irisbus Europolis Hybride\" class=\"read-more\" href=\"https:\/\/seal.transport-manager.net\/marshall\/iv3700-irisbus-europolis-hybride\/\" aria-label=\"En savoir plus sur IV3700 &#8211; Irisbus Europolis Hybride\">Lire la suite<\/a><\/p>\n","protected":false},"author":76,"featured_media":3648,"parent":0,"menu_order":0,"comment_status":"closed","ping_status":"closed","template":"","meta":{"footnotes":""},"class_list":["post-3138","page","type-page","status-publish","has-post-thumbnail"],"_links":{"self":[{"href":"https:\/\/seal.transport-manager.net\/marshall\/wp-json\/wp\/v2\/pages\/3138","targetHints":{"allow":["GET"]}}],"collection":[{"href":"https:\/\/seal.transport-manager.net\/marshall\/wp-json\/wp\/v2\/pages"}],"about":[{"href":"https:\/\/seal.transport-manager.net\/marshall\/wp-json\/wp\/v2\/types\/page"}],"author":[{"embeddable":true,"href":"https:\/\/seal.transport-manager.net\/marshall\/wp-json\/wp\/v2\/users\/76"}],"replies":[{"embeddable":true,"href":"https:\/\/seal.transport-manager.net\/marshall\/wp-json\/wp\/v2\/comments?post=3138"}],"version-history":[{"count":6,"href":"https:\/\/seal.transport-manager.net\/marshall\/wp-json\/wp\/v2\/pages\/3138\/revisions"}],"predecessor-version":[{"id":3350,"href":"https:\/\/seal.transport-manager.net\/marshall\/wp-json\/wp\/v2\/pages\/3138\/revisions\/3350"}],"wp:featuredmedia":[{"embeddable":true,"href":"https:\/\/seal.transport-manager.net\/marshall\/wp-json\/wp\/v2\/media\/3648"}],"wp:attachment":[{"href":"https:\/\/seal.transport-manager.net\/marshall\/wp-json\/wp\/v2\/media?parent=3138"}],"curies":[{"name":"wp","href":"https:\/\/api.w.org\/{rel}","templated":true}]}}