{"id":3144,"date":"2025-04-19T06:01:09","date_gmt":"2025-04-19T04:01:09","guid":{"rendered":"https:\/\/seal.transport-manager.net\/marshall\/?page_id=3144"},"modified":"2025-10-27T22:13:51","modified_gmt":"2025-10-27T21:13:51","slug":"sn5500-scania-carsa-cs40-midicity","status":"publish","type":"page","link":"https:\/\/seal.transport-manager.net\/marshall\/sn5500-scania-carsa-cs40-midicity\/","title":{"rendered":"SN5500 &#8211; Scania-Carsa Midicity"},"content":{"rendered":"<div class=\"wp-block-image\">\n<figure class=\"aligncenter size-full\"><a href=\"https:\/\/i.ibb.co\/k66RZmL7\/CS40-Midicity-Canard.png\"><img loading=\"lazy\" decoding=\"async\" width=\"740\" height=\"300\" src=\"https:\/\/seal.transport-manager.net\/marshall\/wp-content\/uploads\/sites\/76\/2025\/02\/CS40MidicityCanard.png\" alt=\"\" class=\"wp-image-2985\" srcset=\"https:\/\/seal.transport-manager.net\/marshall\/wp-content\/uploads\/sites\/76\/2025\/02\/CS40MidicityCanard.png 740w, https:\/\/seal.transport-manager.net\/marshall\/wp-content\/uploads\/sites\/76\/2025\/02\/CS40MidicityCanard-300x122.png 300w\" sizes=\"auto, (max-width: 740px) 100vw, 740px\" \/><\/a><figcaption class=\"wp-element-caption\"><a href=\"https:\/\/i.ibb.co\/k66RZmL7\/CS40-Midicity-Canard.png\">cliquez pour agrandir<\/a><\/figcaption><\/figure>\n<\/div>\n\n\n<div class=\"wp-block-columns is-layout-flex wp-container-core-columns-is-layout-9d6595d7 wp-block-columns-is-layout-flex\">\n<div class=\"wp-block-column is-layout-flow wp-block-column-is-layout-flow\">\n<figure class=\"wp-block-table is-style-stripes\"><table class=\"has-fixed-layout\"><tbody><tr><td class=\"has-text-align-center\" data-align=\"center\">mise en service<\/td><td class=\"has-text-align-center\" data-align=\"center\">2011<\/td><\/tr><tr><td class=\"has-text-align-center\" data-align=\"center\">statut<\/td><td class=\"has-text-align-center\" data-align=\"center\">en service<\/td><\/tr><tr><td class=\"has-text-align-center\" data-align=\"center\">effectif<\/td><td class=\"has-text-align-center\" data-align=\"center\">9<\/td><\/tr><tr><td class=\"has-text-align-center\" data-align=\"center\">d\u00e9p\u00f4t<\/td><td class=\"has-text-align-center\" data-align=\"center\">Archambaud<\/td><\/tr><tr><td class=\"has-text-align-center\" data-align=\"center\">affectation<\/td><td class=\"has-text-align-center\" data-align=\"center\"><img loading=\"lazy\" decoding=\"async\" width=\"84\" height=\"73\" class=\"wp-image-2720\" style=\"width: 84px\" src=\"https:\/\/seal.transport-manager.net\/marshall\/wp-content\/uploads\/sites\/76\/2024\/12\/dreiundsechzig.png\" alt=\"\"><img loading=\"lazy\" decoding=\"async\" width=\"111\" height=\"73\" class=\"wp-image-2950\" style=\"width: 111px\" src=\"https:\/\/seal.transport-manager.net\/marshall\/wp-content\/uploads\/sites\/76\/2025\/02\/SSP.png\" alt=\"\"><\/td><\/tr><\/tbody><\/table><\/figure>\n\n\n\n<h3 class=\"wp-block-heading\">Carri\u00e8re r\u00e9sum\u00e9e<\/h3>\n\n\n\n<p>Le Carsa Midicity est command\u00e9 en 9 exemplaires par Transports Canard en 2011. Nomm\u00e9e SN5500 en interne (<strong>S<\/strong>ca<strong>n<\/strong>ia s\u00e9rie 5500), la s\u00e9rie est livr\u00e9e de f\u00e9vrier \u00e0 d\u00e9cembre 2011 et est d\u00e9ploy\u00e9e sur le service de navettes du parc Stratoparc Arnolpheville. En 2024, alors qu&rsquo;apr\u00e8s sa r\u00e9novation, Stratoparc rouvre ses portes, les Midicity sont incorpor\u00e9s au parc urbain de Transports Canard et mis en service sur la nouvelle ligne 63 du r\u00e9seau Citycanard. En 2025, une partie de ce parc est remplac\u00e9 par des Citibus et mis \u00e0 disposition pour les services sp\u00e9ciaux.<\/p>\n<\/div>\n\n\n\n<div class=\"wp-block-column is-layout-flow wp-block-column-is-layout-flow\">\n<figure class=\"wp-block-table is-style-stripes\"><table class=\"has-fixed-layout\"><tbody><tr><td class=\"has-text-align-center\" data-align=\"center\">gamme<\/td><td class=\"has-text-align-center\" data-align=\"center\">CS40<\/td><\/tr><tr><td class=\"has-text-align-center\" data-align=\"center\">constructeur<\/td><td class=\"has-text-align-center\" data-align=\"center\"><img loading=\"lazy\" decoding=\"async\" width=\"24\" height=\"15\" class=\"wp-image-2518\" style=\"width: 24px\" src=\"https:\/\/seal.transport-manager.net\/marshall\/wp-content\/uploads\/sites\/76\/2024\/09\/Suecia.png\" alt=\"\"> Scania \/ <img loading=\"lazy\" decoding=\"async\" width=\"21\" height=\"15\" class=\"wp-image-3107\" style=\"width: 21px\" src=\"https:\/\/seal.transport-manager.net\/marshall\/wp-content\/uploads\/sites\/76\/2025\/04\/Espana.png\" alt=\"\"> Carrocera Castrosua<\/td><\/tr><tr><td class=\"has-text-align-center\" data-align=\"center\">cat\u00e9gorie<\/td><td class=\"has-text-align-center\" data-align=\"center\">urbain court<\/td><\/tr><tr><td class=\"has-text-align-center\" data-align=\"center\">propulsion<\/td><td class=\"has-text-align-center\" data-align=\"center\"><img loading=\"lazy\" decoding=\"async\" width=\"61\" height=\"61\" class=\"wp-image-1029\" style=\"width: 61px\" src=\"https:\/\/seal.transport-manager.net\/marshall\/wp-content\/uploads\/sites\/76\/2022\/10\/D.png\" alt=\"\"><\/td><\/tr><tr><td class=\"has-text-align-center\" data-align=\"center\">commercialisation<\/td><td class=\"has-text-align-center\" data-align=\"center\">1996-2011<\/td><\/tr><tr><td class=\"has-text-align-center\" data-align=\"center\">l x L x h<\/td><td class=\"has-text-align-center\" data-align=\"center\">10,6 m x 2,55 m x 3,0 m<\/td><\/tr><tr><td class=\"has-text-align-center\" data-align=\"center\">capacit\u00e9<\/td><td class=\"has-text-align-center\" data-align=\"center\">85 pax (dont 24 assis)<\/td><\/tr><tr><td class=\"has-text-align-center\" data-align=\"center\">moteur<\/td><td class=\"has-text-align-center\" data-align=\"center\">Scania DC904C01<br>9.0 L 6 cylindres en ligne en position transversale arri\u00e8re<\/td><\/tr><tr><td class=\"has-text-align-center\" data-align=\"center\">puissance<\/td><td class=\"has-text-align-center\" data-align=\"center\">169 kW &#8211; 230 ch<\/td><\/tr><tr><td class=\"has-text-align-center\" data-align=\"center\">site de fabrication<\/td><td class=\"has-text-align-center\" data-align=\"center\"><img loading=\"lazy\" decoding=\"async\" width=\"21\" height=\"15\" class=\"wp-image-3107\" style=\"width: 21px\" src=\"https:\/\/seal.transport-manager.net\/marshall\/wp-content\/uploads\/sites\/76\/2025\/04\/Espana.png\" alt=\"\"> Saint-Jacques-de-Compostelle<\/td><\/tr><tr><td class=\"has-text-align-center\" data-align=\"center\">mod\u00e8les concurrents<br><em>(en 2011)<\/em><\/td><td class=\"has-text-align-center\" data-align=\"center\">Mercedes-Benz Citaro K C1 facelift<br>Heuliez GX 127 L<br>Irisbus Citelis 10<br>MAN Lion&rsquo;s City M<br>Solaris Urbino 10 III<br>Van Hool NewA309<\/td><\/tr><\/tbody><\/table><\/figure>\n<\/div>\n<\/div>\n\n\n\n<h3 class=\"wp-block-heading\">R\u00e9f\u00e9rencement du parc<\/h3>\n\n\n\n<figure class=\"wp-block-table is-style-stripes\"><table><tbody><tr><td class=\"has-text-align-center\" data-align=\"center\">n\u00b0<\/td><td class=\"has-text-align-center\" data-align=\"center\">date de m.e.s<\/td><td class=\"has-text-align-center\" data-align=\"center\">statut<\/td><td class=\"has-text-align-center\" data-align=\"center\">affectation courante<br>\/ date de retrait<\/td><td class=\"has-text-align-center\" data-align=\"center\">immat.<\/td><td>historique des affectations<\/td><\/tr><tr><td class=\"has-text-align-center\" data-align=\"center\">SN5501<\/td><td class=\"has-text-align-center\" data-align=\"center\">20 F\u00e9vrier 2011<\/td><td class=\"has-text-align-center\" data-align=\"center\">en service<\/td><td class=\"has-text-align-center\" data-align=\"center\"><img loading=\"lazy\" decoding=\"async\" width=\"84\" height=\"73\" src=\"https:\/\/seal.transport-manager.net\/groupebvl\/wp-content\/uploads\/sites\/307\/2025\/01\/dreiundsechzig.png\" alt=\"\"><\/td><td class=\"has-text-align-center\" data-align=\"center\">01-253-59<\/td><td>NVSA : de Juin 2011 \u00e0 Septembre 2022<br><img loading=\"lazy\" decoding=\"async\" width=\"84\" height=\"73\" class=\"wp-image-2720\" style=\"width: 42px\" src=\"https:\/\/seal.transport-manager.net\/marshall\/wp-content\/uploads\/sites\/76\/2024\/12\/dreiundsechzig.png\" alt=\"\">: depuis D\u00e9cembre 2024<\/td><\/tr><tr><td class=\"has-text-align-center\" data-align=\"center\">SN5502<\/td><td class=\"has-text-align-center\" data-align=\"center\">20 F\u00e9vrier 2011<\/td><td class=\"has-text-align-center\" data-align=\"center\">en service<\/td><td class=\"has-text-align-center\" data-align=\"center\"><img loading=\"lazy\" decoding=\"async\" width=\"84\" height=\"73\" src=\"https:\/\/seal.transport-manager.net\/groupebvl\/wp-content\/uploads\/sites\/307\/2025\/01\/dreiundsechzig.png\" alt=\"\"><\/td><td class=\"has-text-align-center\" data-align=\"center\">01-253-60<\/td><td>NVSA : de Juin 2011 \u00e0 Septembre 2022<br><img loading=\"lazy\" decoding=\"async\" width=\"84\" height=\"73\" class=\"wp-image-2720\" style=\"width: 42px\" src=\"https:\/\/seal.transport-manager.net\/marshall\/wp-content\/uploads\/sites\/76\/2024\/12\/dreiundsechzig.png\" alt=\"\">: depuis D\u00e9cembre 2024<\/td><\/tr><tr><td class=\"has-text-align-center\" data-align=\"center\">SN5503<\/td><td class=\"has-text-align-center\" data-align=\"center\">20 F\u00e9vrier 2011<\/td><td class=\"has-text-align-center\" data-align=\"center\">en service<\/td><td class=\"has-text-align-center\" data-align=\"center\"><img loading=\"lazy\" decoding=\"async\" width=\"84\" height=\"73\" src=\"https:\/\/seal.transport-manager.net\/groupebvl\/wp-content\/uploads\/sites\/307\/2025\/01\/dreiundsechzig.png\" alt=\"\"><\/td><td class=\"has-text-align-center\" data-align=\"center\">01-260-90<\/td><td>NVSA : de Juin 2011 \u00e0 Septembre 2022<br><img loading=\"lazy\" decoding=\"async\" width=\"84\" height=\"73\" class=\"wp-image-2720\" style=\"width: 42px\" src=\"https:\/\/seal.transport-manager.net\/marshall\/wp-content\/uploads\/sites\/76\/2024\/12\/dreiundsechzig.png\" alt=\"\">: depuis D\u00e9cembre 2024<\/td><\/tr><tr><td class=\"has-text-align-center\" data-align=\"center\">SN5504<\/td><td class=\"has-text-align-center\" data-align=\"center\">18 Juillet 2011<\/td><td class=\"has-text-align-center\" data-align=\"center\">en service<\/td><td class=\"has-text-align-center\" data-align=\"center\"><img loading=\"lazy\" decoding=\"async\" width=\"84\" height=\"73\" src=\"https:\/\/seal.transport-manager.net\/groupebvl\/wp-content\/uploads\/sites\/307\/2025\/01\/dreiundsechzig.png\" alt=\"\"><\/td><td class=\"has-text-align-center\" data-align=\"center\">01-239-69<\/td><td>NVSA : de Juillet 2011 \u00e0 Septembre 2022<br><img loading=\"lazy\" decoding=\"async\" width=\"84\" height=\"73\" class=\"wp-image-2720\" style=\"width: 42px\" src=\"https:\/\/seal.transport-manager.net\/marshall\/wp-content\/uploads\/sites\/76\/2024\/12\/dreiundsechzig.png\" alt=\"\">: depuis D\u00e9cembre 2024<\/td><\/tr><tr><td class=\"has-text-align-center\" data-align=\"center\">SN5505<\/td><td class=\"has-text-align-center\" data-align=\"center\">18 Juillet 2011<\/td><td class=\"has-text-align-center\" data-align=\"center\">en service<\/td><td class=\"has-text-align-center\" data-align=\"center\"><img loading=\"lazy\" decoding=\"async\" width=\"84\" height=\"73\" src=\"https:\/\/seal.transport-manager.net\/groupebvl\/wp-content\/uploads\/sites\/307\/2025\/01\/dreiundsechzig.png\" alt=\"\"><\/td><td class=\"has-text-align-center\" data-align=\"center\">01-257-14<\/td><td>NVSA : de Juillet 2011 \u00e0 Septembre 2022<br><img loading=\"lazy\" decoding=\"async\" width=\"84\" height=\"73\" class=\"wp-image-2720\" style=\"width: 42px\" src=\"https:\/\/seal.transport-manager.net\/marshall\/wp-content\/uploads\/sites\/76\/2024\/12\/dreiundsechzig.png\" alt=\"\">: depuis D\u00e9cembre 2024<\/td><\/tr><tr><td class=\"has-text-align-center\" data-align=\"center\">SN5506<\/td><td class=\"has-text-align-center\" data-align=\"center\">18 Juillet 2011<\/td><td class=\"has-text-align-center\" data-align=\"center\">en service<\/td><td class=\"has-text-align-center\" data-align=\"center\"><img loading=\"lazy\" decoding=\"async\" width=\"111\" height=\"73\" class=\"wp-image-2950\" style=\"width: 111px\" src=\"https:\/\/seal.transport-manager.net\/marshall\/wp-content\/uploads\/sites\/76\/2025\/02\/SSP.png\" alt=\"\"><\/td><td class=\"has-text-align-center\" data-align=\"center\">01-239-68<\/td><td>NVSA : de Juillet 2011 \u00e0 Septembre 2022<br><img loading=\"lazy\" decoding=\"async\" width=\"84\" height=\"73\" class=\"wp-image-2720\" style=\"width: 42px\" src=\"https:\/\/seal.transport-manager.net\/marshall\/wp-content\/uploads\/sites\/76\/2024\/12\/dreiundsechzig.png\" alt=\"\">: de D\u00e9cembre 2024 \u00e0 Juillet 2025<br><img loading=\"lazy\" decoding=\"async\" width=\"111\" height=\"73\" class=\"wp-image-2950\" style=\"width: 55px\" src=\"https:\/\/seal.transport-manager.net\/marshall\/wp-content\/uploads\/sites\/76\/2025\/02\/SSP.png\" alt=\"\">: depuis Juillet 2025<\/td><\/tr><tr><td class=\"has-text-align-center\" data-align=\"center\">SN5507<\/td><td class=\"has-text-align-center\" data-align=\"center\">16 Ao\u00fbt 2011<\/td><td class=\"has-text-align-center\" data-align=\"center\">en service<\/td><td class=\"has-text-align-center\" data-align=\"center\"><img loading=\"lazy\" decoding=\"async\" width=\"111\" height=\"73\" class=\"wp-image-2950\" style=\"width: 111px\" src=\"https:\/\/seal.transport-manager.net\/marshall\/wp-content\/uploads\/sites\/76\/2025\/02\/SSP.png\" alt=\"\"><\/td><td class=\"has-text-align-center\" data-align=\"center\">01-229-20<\/td><td>NVSA : de Octobre 2011 \u00e0 Septembre 2022<br><img loading=\"lazy\" decoding=\"async\" width=\"84\" height=\"73\" class=\"wp-image-2720\" style=\"width: 42px\" src=\"https:\/\/seal.transport-manager.net\/marshall\/wp-content\/uploads\/sites\/76\/2024\/12\/dreiundsechzig.png\" alt=\"\">: de D\u00e9cembre 2024 \u00e0 Juillet 2025<br><img loading=\"lazy\" decoding=\"async\" width=\"111\" height=\"73\" class=\"wp-image-2950\" style=\"width: 55px\" src=\"https:\/\/seal.transport-manager.net\/marshall\/wp-content\/uploads\/sites\/76\/2025\/02\/SSP.png\" alt=\"\">: depuis Juillet 2025<\/td><\/tr><tr><td class=\"has-text-align-center\" data-align=\"center\">SN5508<\/td><td class=\"has-text-align-center\" data-align=\"center\">16 Ao\u00fbt 2011<\/td><td class=\"has-text-align-center\" data-align=\"center\">en service<\/td><td class=\"has-text-align-center\" data-align=\"center\"><img loading=\"lazy\" decoding=\"async\" width=\"111\" height=\"73\" class=\"wp-image-2950\" style=\"width: 111px\" src=\"https:\/\/seal.transport-manager.net\/marshall\/wp-content\/uploads\/sites\/76\/2025\/02\/SSP.png\" alt=\"\"><\/td><td class=\"has-text-align-center\" data-align=\"center\">01-229-19<\/td><td>NVSA : de Octobre 2011 \u00e0 Septembre 2022<br><img loading=\"lazy\" decoding=\"async\" width=\"84\" height=\"73\" class=\"wp-image-2720\" style=\"width: 42px\" src=\"https:\/\/seal.transport-manager.net\/marshall\/wp-content\/uploads\/sites\/76\/2024\/12\/dreiundsechzig.png\" alt=\"\">: de D\u00e9cembre 2024 \u00e0 Juillet 2025<br><img loading=\"lazy\" decoding=\"async\" width=\"111\" height=\"73\" class=\"wp-image-2950\" style=\"width: 55px\" src=\"https:\/\/seal.transport-manager.net\/marshall\/wp-content\/uploads\/sites\/76\/2025\/02\/SSP.png\" alt=\"\">: depuis Juillet 2025<\/td><\/tr><tr><td class=\"has-text-align-center\" data-align=\"center\">SN5509<\/td><td class=\"has-text-align-center\" data-align=\"center\">16 D\u00e9cembre 2011<\/td><td class=\"has-text-align-center\" data-align=\"center\">en service<\/td><td class=\"has-text-align-center\" data-align=\"center\"><img loading=\"lazy\" decoding=\"async\" width=\"111\" height=\"73\" class=\"wp-image-2950\" style=\"width: 111px\" src=\"https:\/\/seal.transport-manager.net\/marshall\/wp-content\/uploads\/sites\/76\/2025\/02\/SSP.png\" alt=\"\"><\/td><td class=\"has-text-align-center\" data-align=\"center\">01-221-96<\/td><td>NVSA : de D\u00e9cembre 2011 \u00e0 Septembre 2022<br><img loading=\"lazy\" decoding=\"async\" width=\"84\" height=\"73\" class=\"wp-image-2720\" style=\"width: 42px\" src=\"https:\/\/seal.transport-manager.net\/marshall\/wp-content\/uploads\/sites\/76\/2024\/12\/dreiundsechzig.png\" alt=\"\">: de D\u00e9cembre 2024 \u00e0 Juillet 2025<br><img loading=\"lazy\" decoding=\"async\" width=\"111\" height=\"73\" class=\"wp-image-2950\" style=\"width: 55px\" src=\"https:\/\/seal.transport-manager.net\/marshall\/wp-content\/uploads\/sites\/76\/2025\/02\/SSP.png\" alt=\"\">: depuis Juillet 2025<\/td><\/tr><\/tbody><\/table><\/figure>\n\n\n\n<p><\/p>\n","protected":false},"excerpt":{"rendered":"<p>mise en service 2011 statut en service effectif 9 d\u00e9p\u00f4t Archambaud affectation Carri\u00e8re r\u00e9sum\u00e9e Le Carsa Midicity est command\u00e9 en 9 exemplaires par Transports Canard en 2011. Nomm\u00e9e SN5500 en &#8230; <a title=\"SN5500 &#8211; Scania-Carsa Midicity\" class=\"read-more\" href=\"https:\/\/seal.transport-manager.net\/marshall\/sn5500-scania-carsa-cs40-midicity\/\" aria-label=\"En savoir plus sur SN5500 &#8211; Scania-Carsa Midicity\">Lire la suite<\/a><\/p>\n","protected":false},"author":76,"featured_media":3654,"parent":0,"menu_order":0,"comment_status":"closed","ping_status":"closed","template":"","meta":{"footnotes":""},"class_list":["post-3144","page","type-page","status-publish","has-post-thumbnail"],"_links":{"self":[{"href":"https:\/\/seal.transport-manager.net\/marshall\/wp-json\/wp\/v2\/pages\/3144","targetHints":{"allow":["GET"]}}],"collection":[{"href":"https:\/\/seal.transport-manager.net\/marshall\/wp-json\/wp\/v2\/pages"}],"about":[{"href":"https:\/\/seal.transport-manager.net\/marshall\/wp-json\/wp\/v2\/types\/page"}],"author":[{"embeddable":true,"href":"https:\/\/seal.transport-manager.net\/marshall\/wp-json\/wp\/v2\/users\/76"}],"replies":[{"embeddable":true,"href":"https:\/\/seal.transport-manager.net\/marshall\/wp-json\/wp\/v2\/comments?post=3144"}],"version-history":[{"count":8,"href":"https:\/\/seal.transport-manager.net\/marshall\/wp-json\/wp\/v2\/pages\/3144\/revisions"}],"predecessor-version":[{"id":3973,"href":"https:\/\/seal.transport-manager.net\/marshall\/wp-json\/wp\/v2\/pages\/3144\/revisions\/3973"}],"wp:featuredmedia":[{"embeddable":true,"href":"https:\/\/seal.transport-manager.net\/marshall\/wp-json\/wp\/v2\/media\/3654"}],"wp:attachment":[{"href":"https:\/\/seal.transport-manager.net\/marshall\/wp-json\/wp\/v2\/media?parent=3144"}],"curies":[{"name":"wp","href":"https:\/\/api.w.org\/{rel}","templated":true}]}}