{"id":3672,"date":"2025-08-10T19:54:07","date_gmt":"2025-08-10T17:54:07","guid":{"rendered":"https:\/\/seal.transport-manager.net\/marshall\/?page_id=3672"},"modified":"2025-11-16T09:01:42","modified_gmt":"2025-11-16T08:01:42","slug":"fs9900-fast-scoler-5","status":"publish","type":"page","link":"https:\/\/seal.transport-manager.net\/marshall\/fs9900-fast-scoler-5\/","title":{"rendered":"FS9900 &#8211; Fast Scoler 5"},"content":{"rendered":"<div class=\"wp-block-image\">\n<figure class=\"aligncenter size-full\"><a href=\"https:\/\/i.ibb.co\/NdHmTbvr\/Scoler5-Canard.png\"><img loading=\"lazy\" decoding=\"async\" width=\"900\" height=\"360\" src=\"https:\/\/seal.transport-manager.net\/marshall\/wp-content\/uploads\/sites\/76\/2025\/08\/Scoler5Canard.png\" alt=\"\" class=\"wp-image-3673\" srcset=\"https:\/\/seal.transport-manager.net\/marshall\/wp-content\/uploads\/sites\/76\/2025\/08\/Scoler5Canard.png 900w, https:\/\/seal.transport-manager.net\/marshall\/wp-content\/uploads\/sites\/76\/2025\/08\/Scoler5Canard-300x120.png 300w, https:\/\/seal.transport-manager.net\/marshall\/wp-content\/uploads\/sites\/76\/2025\/08\/Scoler5Canard-768x307.png 768w\" sizes=\"auto, (max-width: 900px) 100vw, 900px\" \/><\/a><figcaption class=\"wp-element-caption\"><a href=\"https:\/\/i.ibb.co\/NdHmTbvr\/Scoler5-Canard.png\">cliquez pour agrandir<\/a><\/figcaption><\/figure>\n<\/div>\n\n\n<div class=\"wp-block-columns is-layout-flex wp-container-core-columns-is-layout-9d6595d7 wp-block-columns-is-layout-flex\">\n<div class=\"wp-block-column is-layout-flow wp-block-column-is-layout-flow\">\n<figure class=\"wp-block-table is-style-stripes\"><table class=\"has-fixed-layout\"><tbody><tr><td class=\"has-text-align-center\" data-align=\"center\">mise en service<\/td><td class=\"has-text-align-center\" data-align=\"center\">2015<\/td><\/tr><tr><td class=\"has-text-align-center\" data-align=\"center\">statut<\/td><td class=\"has-text-align-center\" data-align=\"center\">en service<\/td><\/tr><tr><td class=\"has-text-align-center\" data-align=\"center\">effectif<\/td><td class=\"has-text-align-center\" data-align=\"center\">2<\/td><\/tr><tr><td class=\"has-text-align-center\" data-align=\"center\">d\u00e9p\u00f4t<\/td><td class=\"has-text-align-center\" data-align=\"center\">Delalaune<\/td><\/tr><tr><td class=\"has-text-align-center\" data-align=\"center\">affectations<\/td><td class=\"has-text-align-center\" data-align=\"center\"><img loading=\"lazy\" decoding=\"async\" width=\"111\" height=\"73\" class=\"wp-image-3280\" style=\"width: 111px\" src=\"https:\/\/seal.transport-manager.net\/marshall\/wp-content\/uploads\/sites\/76\/2025\/05\/sechshundertundeins.png\" alt=\"\"><img loading=\"lazy\" decoding=\"async\" width=\"111\" height=\"73\" class=\"wp-image-3281\" style=\"width: 111px\" src=\"https:\/\/seal.transport-manager.net\/marshall\/wp-content\/uploads\/sites\/76\/2025\/05\/sechshundertundzwei.png\" alt=\"\"><\/td><\/tr><\/tbody><\/table><\/figure>\n\n\n\n<h3 class=\"wp-block-heading\">Carri\u00e8re r\u00e9sum\u00e9e<\/h3>\n\n\n\n<p>Le Scoler 5 est command\u00e9 en 2 exemplaires par Transports Canard en 2015. Nomm\u00e9e en interne FS9900 (<strong>F<\/strong>a<strong>s<\/strong>t s\u00e9rie 9900), la s\u00e9rie est livr\u00e9e en mars 2015 et d\u00e9ploy\u00e9e sur les lignes suburbaines scolaires Metrocanard S 601 et 602 (ancien r\u00e9seau S).<\/p>\n\n\n\n<p>Une tranche optionnelle de trois v\u00e9hicules suppl\u00e9mentaires \u00e9tait envisag\u00e9e pour homog\u00e9n\u00e9iser le parc scolaire. Mais peu convaincue par la rusticit\u00e9 du v\u00e9hicule, Transports Canard renoncera \u00e0 lever l&rsquo;option.<\/p>\n<\/div>\n\n\n\n<div class=\"wp-block-column is-layout-flow wp-block-column-is-layout-flow\">\n<figure class=\"wp-block-table is-style-stripes\"><table class=\"has-fixed-layout\"><tbody><tr><td class=\"has-text-align-center\" data-align=\"center\">gamme<\/td><td class=\"has-text-align-center\" data-align=\"center\">Scoler Kid<\/td><\/tr><tr><td class=\"has-text-align-center\" data-align=\"center\">constructeur<\/td><td class=\"has-text-align-center\" data-align=\"center\"><img loading=\"lazy\" decoding=\"async\" width=\"21\" height=\"15\" class=\"wp-image-2515\" style=\"width: 21px\" src=\"https:\/\/seal.transport-manager.net\/marshall\/wp-content\/uploads\/sites\/76\/2024\/09\/Francia.png\" alt=\"\"> Carrier Carrosserie<\/td><\/tr><tr><td class=\"has-text-align-center\" data-align=\"center\">cat\u00e9gorie<\/td><td class=\"has-text-align-center\" data-align=\"center\">autocar scolaire standard<\/td><\/tr><tr><td class=\"has-text-align-center\" data-align=\"center\">propulsion<\/td><td class=\"has-text-align-center\" data-align=\"center\"><img loading=\"lazy\" decoding=\"async\" width=\"61\" height=\"61\" class=\"wp-image-1029\" style=\"width: 61px\" src=\"https:\/\/seal.transport-manager.net\/marshall\/wp-content\/uploads\/sites\/76\/2022\/10\/D.png\" alt=\"\"><\/td><\/tr><tr><td class=\"has-text-align-center\" data-align=\"center\">commercialisation<\/td><td class=\"has-text-align-center\" data-align=\"center\">2013-2015<\/td><\/tr><tr><td class=\"has-text-align-center\" data-align=\"center\">l x L x h<\/td><td class=\"has-text-align-center\" data-align=\"center\">12,62 m x 2,54 m x 3,32 m<\/td><\/tr><tr><td class=\"has-text-align-center\" data-align=\"center\">capacit\u00e9<\/td><td class=\"has-text-align-center\" data-align=\"center\">58 pax<\/td><\/tr><tr><td class=\"has-text-align-center\" data-align=\"center\">moteur<\/td><td class=\"has-text-align-center\" data-align=\"center\">Renault dCi 6ACJ01<br>7.1 L 6 cylindres en ligne en position transversale avant<\/td><\/tr><tr><td class=\"has-text-align-center\" data-align=\"center\">puissance<\/td><td class=\"has-text-align-center\" data-align=\"center\">199 kW &#8211; 270 ch<\/td><\/tr><tr><td class=\"has-text-align-center\" data-align=\"center\">site de fabrication<\/td><td class=\"has-text-align-center\" data-align=\"center\"><img loading=\"lazy\" decoding=\"async\" width=\"21\" height=\"15\" class=\"wp-image-2515\" style=\"width: 21px\" src=\"https:\/\/seal.transport-manager.net\/marshall\/wp-content\/uploads\/sites\/76\/2024\/09\/Francia.png\" alt=\"\"> Alen\u00e7on<\/td><\/tr><tr><td class=\"has-text-align-center\" data-align=\"center\">mod\u00e8les concurrents<br><em>(en 2015)<\/em><\/td><td class=\"has-text-align-center\" data-align=\"center\">Mercedes-Benz Integro<br>Iveco Crossway Pop 13<br>Otokar Territo U<br>Temsa LD13 SB<br>Yutong IC13<\/td><\/tr><\/tbody><\/table><\/figure>\n<\/div>\n<\/div>\n\n\n\n<h3 class=\"wp-block-heading\">R\u00e9f\u00e9rencement du parc<\/h3>\n\n\n\n<figure class=\"wp-block-table is-style-stripes\"><table><tbody><tr><td class=\"has-text-align-center\" data-align=\"center\">n\u00b0<\/td><td class=\"has-text-align-center\" data-align=\"center\">date de m.e.s<\/td><td class=\"has-text-align-center\" data-align=\"center\">statut<\/td><td class=\"has-text-align-center\" data-align=\"center\">affectation courante<br>\/ date de retrait<\/td><td class=\"has-text-align-center\" data-align=\"center\">immat.<\/td><td>historique des affectations<\/td><\/tr><tr><td class=\"has-text-align-center\" data-align=\"center\">FS9901<\/td><td class=\"has-text-align-center\" data-align=\"center\">27 Mars 2015<\/td><td class=\"has-text-align-center\" data-align=\"center\">en service<\/td><td class=\"has-text-align-center\" data-align=\"center\"><img loading=\"lazy\" decoding=\"async\" width=\"111\" height=\"73\" class=\"wp-image-3280\" style=\"width: 111px\" src=\"https:\/\/seal.transport-manager.net\/marshall\/wp-content\/uploads\/sites\/76\/2025\/05\/sechshundertundeins.png\" alt=\"\"><img loading=\"lazy\" decoding=\"async\" width=\"111\" height=\"73\" class=\"wp-image-3281\" style=\"width: 111px\" src=\"https:\/\/seal.transport-manager.net\/marshall\/wp-content\/uploads\/sites\/76\/2025\/05\/sechshundertundzwei.png\" alt=\"\"><\/td><td class=\"has-text-align-center\" data-align=\"center\">01-454-79<\/td><td><img loading=\"lazy\" decoding=\"async\" width=\"111\" height=\"73\" class=\"wp-image-3280\" style=\"width: 55px\" src=\"https:\/\/seal.transport-manager.net\/marshall\/wp-content\/uploads\/sites\/76\/2025\/05\/sechshundertundeins.png\" alt=\"\"><img loading=\"lazy\" decoding=\"async\" width=\"111\" height=\"73\" class=\"wp-image-3281\" style=\"width: 55px\" src=\"https:\/\/seal.transport-manager.net\/marshall\/wp-content\/uploads\/sites\/76\/2025\/05\/sechshundertundzwei.png\" alt=\"\">: depuis Septembre 2015<\/td><\/tr><tr><td class=\"has-text-align-center\" data-align=\"center\">FS9902<\/td><td class=\"has-text-align-center\" data-align=\"center\">27 Mars 2015<\/td><td class=\"has-text-align-center\" data-align=\"center\">en service<\/td><td class=\"has-text-align-center\" data-align=\"center\"><img loading=\"lazy\" decoding=\"async\" width=\"111\" height=\"73\" class=\"wp-image-3280\" style=\"width: 111px\" src=\"https:\/\/seal.transport-manager.net\/marshall\/wp-content\/uploads\/sites\/76\/2025\/05\/sechshundertundeins.png\" alt=\"\"><img loading=\"lazy\" decoding=\"async\" width=\"111\" height=\"73\" class=\"wp-image-3281\" style=\"width: 111px\" src=\"https:\/\/seal.transport-manager.net\/marshall\/wp-content\/uploads\/sites\/76\/2025\/05\/sechshundertundzwei.png\" alt=\"\"><\/td><td class=\"has-text-align-center\" data-align=\"center\">01-454-80<\/td><td><img loading=\"lazy\" decoding=\"async\" width=\"111\" height=\"73\" class=\"wp-image-3280\" style=\"width: 55px\" src=\"https:\/\/seal.transport-manager.net\/marshall\/wp-content\/uploads\/sites\/76\/2025\/05\/sechshundertundeins.png\" alt=\"\"><img loading=\"lazy\" decoding=\"async\" width=\"111\" height=\"73\" class=\"wp-image-3281\" style=\"width: 55px\" src=\"https:\/\/seal.transport-manager.net\/marshall\/wp-content\/uploads\/sites\/76\/2025\/05\/sechshundertundzwei.png\" alt=\"\">: depuis Septembre 2015<\/td><\/tr><\/tbody><\/table><\/figure>\n","protected":false},"excerpt":{"rendered":"<p>mise en service 2015 statut en service effectif 2 d\u00e9p\u00f4t Delalaune affectations Carri\u00e8re r\u00e9sum\u00e9e Le Scoler 5 est command\u00e9 en 2 exemplaires par Transports Canard en 2015. Nomm\u00e9e en interne &#8230; <a title=\"FS9900 &#8211; Fast Scoler 5\" class=\"read-more\" href=\"https:\/\/seal.transport-manager.net\/marshall\/fs9900-fast-scoler-5\/\" aria-label=\"En savoir plus sur FS9900 &#8211; Fast Scoler 5\">Lire la suite<\/a><\/p>\n","protected":false},"author":76,"featured_media":3645,"parent":0,"menu_order":0,"comment_status":"closed","ping_status":"closed","template":"","meta":{"footnotes":""},"class_list":["post-3672","page","type-page","status-publish","has-post-thumbnail"],"_links":{"self":[{"href":"https:\/\/seal.transport-manager.net\/marshall\/wp-json\/wp\/v2\/pages\/3672","targetHints":{"allow":["GET"]}}],"collection":[{"href":"https:\/\/seal.transport-manager.net\/marshall\/wp-json\/wp\/v2\/pages"}],"about":[{"href":"https:\/\/seal.transport-manager.net\/marshall\/wp-json\/wp\/v2\/types\/page"}],"author":[{"embeddable":true,"href":"https:\/\/seal.transport-manager.net\/marshall\/wp-json\/wp\/v2\/users\/76"}],"replies":[{"embeddable":true,"href":"https:\/\/seal.transport-manager.net\/marshall\/wp-json\/wp\/v2\/comments?post=3672"}],"version-history":[{"count":5,"href":"https:\/\/seal.transport-manager.net\/marshall\/wp-json\/wp\/v2\/pages\/3672\/revisions"}],"predecessor-version":[{"id":4153,"href":"https:\/\/seal.transport-manager.net\/marshall\/wp-json\/wp\/v2\/pages\/3672\/revisions\/4153"}],"wp:featuredmedia":[{"embeddable":true,"href":"https:\/\/seal.transport-manager.net\/marshall\/wp-json\/wp\/v2\/media\/3645"}],"wp:attachment":[{"href":"https:\/\/seal.transport-manager.net\/marshall\/wp-json\/wp\/v2\/media?parent=3672"}],"curies":[{"name":"wp","href":"https:\/\/api.w.org\/{rel}","templated":true}]}}