{"id":3854,"date":"2025-09-21T21:25:53","date_gmt":"2025-09-21T19:25:53","guid":{"rendered":"https:\/\/seal.transport-manager.net\/marshall\/?page_id=3854"},"modified":"2025-11-16T09:03:16","modified_gmt":"2025-11-16T08:03:16","slug":"ta11100-temsa-ld-13","status":"publish","type":"page","link":"https:\/\/seal.transport-manager.net\/marshall\/ta11100-temsa-ld-13\/","title":{"rendered":"TA11100 &#8211; Temsa LD 13"},"content":{"rendered":"<div class=\"wp-block-image\">\n<figure class=\"aligncenter size-full\"><a href=\"https:\/\/i.ibb.co\/hJLJJtV6\/LD13-SBCanard.png\"><img loading=\"lazy\" decoding=\"async\" width=\"900\" height=\"360\" src=\"https:\/\/seal.transport-manager.net\/marshall\/wp-content\/uploads\/sites\/76\/2025\/09\/LD13SBCanard.png\" alt=\"\" class=\"wp-image-3855\" srcset=\"https:\/\/seal.transport-manager.net\/marshall\/wp-content\/uploads\/sites\/76\/2025\/09\/LD13SBCanard.png 900w, https:\/\/seal.transport-manager.net\/marshall\/wp-content\/uploads\/sites\/76\/2025\/09\/LD13SBCanard-300x120.png 300w, https:\/\/seal.transport-manager.net\/marshall\/wp-content\/uploads\/sites\/76\/2025\/09\/LD13SBCanard-768x307.png 768w\" sizes=\"auto, (max-width: 900px) 100vw, 900px\" \/><\/a><figcaption class=\"wp-element-caption\"><a href=\"https:\/\/i.ibb.co\/hJLJJtV6\/LD13-SBCanard.png\">cliquez pour agrandir<\/a><\/figcaption><\/figure>\n<\/div>\n\n\n<div class=\"wp-block-columns is-layout-flex wp-container-core-columns-is-layout-9d6595d7 wp-block-columns-is-layout-flex\">\n<div class=\"wp-block-column is-layout-flow wp-block-column-is-layout-flow\">\n<figure class=\"wp-block-table is-style-stripes\"><table><tbody><tr><td class=\"has-text-align-center\" data-align=\"center\">mise en service<\/td><td class=\"has-text-align-center\" data-align=\"center\">2020<\/td><\/tr><tr><td class=\"has-text-align-center\" data-align=\"center\">statut<\/td><td class=\"has-text-align-center\" data-align=\"center\">en service<\/td><\/tr><tr><td class=\"has-text-align-center\" data-align=\"center\">effectif<\/td><td class=\"has-text-align-center\" data-align=\"center\">4<\/td><\/tr><tr><td class=\"has-text-align-center\" data-align=\"center\">d\u00e9p\u00f4t<\/td><td class=\"has-text-align-center\" data-align=\"center\">Delalaune<\/td><\/tr><tr><td class=\"has-text-align-center\" data-align=\"center\">affectations<\/td><td class=\"has-text-align-center\" data-align=\"center\"><img loading=\"lazy\" decoding=\"async\" width=\"111\" height=\"73\" class=\"wp-image-3280\" style=\"width: 111px\" src=\"https:\/\/seal.transport-manager.net\/marshall\/wp-content\/uploads\/sites\/76\/2025\/05\/sechshundertundeins.png\" alt=\"\"><img loading=\"lazy\" decoding=\"async\" width=\"111\" height=\"73\" class=\"wp-image-3281\" style=\"width: 111px\" src=\"https:\/\/seal.transport-manager.net\/marshall\/wp-content\/uploads\/sites\/76\/2025\/05\/sechshundertundzwei.png\" alt=\"\"><img loading=\"lazy\" decoding=\"async\" width=\"111\" height=\"73\" class=\"wp-image-3441\" style=\"width: 111px\" src=\"https:\/\/seal.transport-manager.net\/marshall\/wp-content\/uploads\/sites\/76\/2025\/06\/sechshunderteinundfunfzig.png\" alt=\"\"><img loading=\"lazy\" decoding=\"async\" width=\"111\" height=\"73\" class=\"wp-image-3442\" style=\"width: 111px\" src=\"https:\/\/seal.transport-manager.net\/marshall\/wp-content\/uploads\/sites\/76\/2025\/06\/sechshundertzweiundfunfzig.png\" alt=\"\"><\/td><\/tr><\/tbody><\/table><\/figure>\n\n\n\n<h3 class=\"wp-block-heading\">Carri\u00e8re r\u00e9sum\u00e9e<\/h3>\n\n\n\n<p>Le LD 13 est command\u00e9 en 4 exemplaires par Transports Canard en 2020. Nomm\u00e9e TA11100 en interne (<strong>T<\/strong>ems<strong>a<\/strong> s\u00e9rie 11100), la s\u00e9rie est livr\u00e9e de f\u00e9vrier \u00e0 octobre 2020 et assure le service sur toutes les lignes Metrocanard S et Regiocanard S (ancien r\u00e9seau S).<\/p>\n<\/div>\n\n\n\n<div class=\"wp-block-column is-layout-flow wp-block-column-is-layout-flow\">\n<figure class=\"wp-block-table is-style-stripes\"><table class=\"has-fixed-layout\"><tbody><tr><td class=\"has-text-align-center\" data-align=\"center\">gamme<\/td><td class=\"has-text-align-center\" data-align=\"center\">LD<\/td><\/tr><tr><td class=\"has-text-align-center\" data-align=\"center\">constructeur<\/td><td class=\"has-text-align-center\" data-align=\"center\"><img loading=\"lazy\" decoding=\"async\" width=\"21\" height=\"14\" class=\"wp-image-3126\" style=\"width: 21px\" src=\"https:\/\/seal.transport-manager.net\/marshall\/wp-content\/uploads\/sites\/76\/2025\/04\/Turquia.png\" alt=\"\"> Temsa<\/td><\/tr><tr><td class=\"has-text-align-center\" data-align=\"center\">cat\u00e9gorie<\/td><td class=\"has-text-align-center\" data-align=\"center\">autocar polyvalent standard<\/td><\/tr><tr><td class=\"has-text-align-center\" data-align=\"center\">propulsion<\/td><td class=\"has-text-align-center\" data-align=\"center\"><img loading=\"lazy\" decoding=\"async\" width=\"61\" height=\"61\" class=\"wp-image-1029\" style=\"width: 61px\" src=\"https:\/\/seal.transport-manager.net\/marshall\/wp-content\/uploads\/sites\/76\/2022\/10\/D.png\" alt=\"\"><\/td><\/tr><tr><td class=\"has-text-align-center\" data-align=\"center\">commercialisation<\/td><td class=\"has-text-align-center\" data-align=\"center\">depuis 2015<\/td><\/tr><tr><td class=\"has-text-align-center\" data-align=\"center\">l x L x h<\/td><td class=\"has-text-align-center\" data-align=\"center\">13,05 m x 2,55 m x 3,35 m<\/td><\/tr><tr><td class=\"has-text-align-center\" data-align=\"center\">capacit\u00e9<\/td><td class=\"has-text-align-center\" data-align=\"center\">63 pax<\/td><\/tr><tr><td class=\"has-text-align-center\" data-align=\"center\">moteur<\/td><td class=\"has-text-align-center\" data-align=\"center\">Cummins ISB6.7<br>6.7 L 6 cylindres en ligne en position longitudinale arri\u00e8re<\/td><\/tr><tr><td class=\"has-text-align-center\" data-align=\"center\">puissance<\/td><td class=\"has-text-align-center\" data-align=\"center\">235 kW &#8211; 320 ch<\/td><\/tr><tr><td class=\"has-text-align-center\" data-align=\"center\">site de fabrication<\/td><td class=\"has-text-align-center\" data-align=\"center\"><img loading=\"lazy\" decoding=\"async\" width=\"21\" height=\"14\" class=\"wp-image-3126\" style=\"width: 21px\" src=\"https:\/\/seal.transport-manager.net\/marshall\/wp-content\/uploads\/sites\/76\/2025\/04\/Turquia.png\" alt=\"\"> Adana<\/td><\/tr><tr><td class=\"has-text-align-center\" data-align=\"center\">mod\u00e8les concurrents<br><em>(en 2020)<\/em><\/td><td class=\"has-text-align-center\" data-align=\"center\">Mercedes-Benz Intouro M<br>Setra S 416 \u00dcL<br>Iveco Crossway Line 13<br>Otokar Territo U<br>Yutong IC13<br>MAN Lion&rsquo;s Intercity C<br>Scania Interlink LD13<br>Irizar i4 13<\/td><\/tr><\/tbody><\/table><\/figure>\n<\/div>\n<\/div>\n\n\n\n<h3 class=\"wp-block-heading\">R\u00e9f\u00e9rencement du parc<\/h3>\n\n\n\n<figure class=\"wp-block-table is-style-stripes\"><table><tbody><tr><td class=\"has-text-align-center\" data-align=\"center\">n\u00b0<\/td><td class=\"has-text-align-center\" data-align=\"center\">date de m.e.s<\/td><td class=\"has-text-align-center\" data-align=\"center\">statut<\/td><td class=\"has-text-align-center\" data-align=\"center\">affectation courante<br>\/ date de retrait<\/td><td class=\"has-text-align-center\" data-align=\"center\">immat.<\/td><td>historique des affectations<\/td><\/tr><tr><td class=\"has-text-align-center\" data-align=\"center\">TA11101<\/td><td class=\"has-text-align-center\" data-align=\"center\">22 F\u00e9vrier 2020<\/td><td class=\"has-text-align-center\" data-align=\"center\">en service<\/td><td class=\"has-text-align-center\" data-align=\"center\"><img loading=\"lazy\" decoding=\"async\" width=\"111\" height=\"73\" class=\"wp-image-3280\" style=\"width: 111px\" src=\"https:\/\/seal.transport-manager.net\/marshall\/wp-content\/uploads\/sites\/76\/2025\/05\/sechshundertundeins.png\" alt=\"\"><img loading=\"lazy\" decoding=\"async\" width=\"111\" height=\"73\" class=\"wp-image-3281\" style=\"width: 111px\" src=\"https:\/\/seal.transport-manager.net\/marshall\/wp-content\/uploads\/sites\/76\/2025\/05\/sechshundertundzwei.png\" alt=\"\"><img loading=\"lazy\" decoding=\"async\" width=\"111\" height=\"73\" class=\"wp-image-3441\" style=\"width: 111px\" src=\"https:\/\/seal.transport-manager.net\/marshall\/wp-content\/uploads\/sites\/76\/2025\/06\/sechshunderteinundfunfzig.png\" alt=\"\"><img loading=\"lazy\" decoding=\"async\" width=\"111\" height=\"73\" class=\"wp-image-3442\" style=\"width: 111px\" src=\"https:\/\/seal.transport-manager.net\/marshall\/wp-content\/uploads\/sites\/76\/2025\/06\/sechshundertzweiundfunfzig.png\" alt=\"\"><\/td><td class=\"has-text-align-center\" data-align=\"center\">01-490-37<\/td><td><img loading=\"lazy\" decoding=\"async\" width=\"111\" height=\"73\" class=\"wp-image-3280\" style=\"width: 55px\" src=\"https:\/\/seal.transport-manager.net\/marshall\/wp-content\/uploads\/sites\/76\/2025\/05\/sechshundertundeins.png\" alt=\"\"><img loading=\"lazy\" decoding=\"async\" width=\"111\" height=\"73\" class=\"wp-image-3281\" style=\"width: 55px\" src=\"https:\/\/seal.transport-manager.net\/marshall\/wp-content\/uploads\/sites\/76\/2025\/05\/sechshundertundzwei.png\" alt=\"\"><img loading=\"lazy\" decoding=\"async\" width=\"111\" height=\"73\" class=\"wp-image-3441\" style=\"width: 55px\" src=\"https:\/\/seal.transport-manager.net\/marshall\/wp-content\/uploads\/sites\/76\/2025\/06\/sechshunderteinundfunfzig.png\" alt=\"\"><img loading=\"lazy\" decoding=\"async\" width=\"111\" height=\"73\" class=\"wp-image-3442\" style=\"width: 55px\" src=\"https:\/\/seal.transport-manager.net\/marshall\/wp-content\/uploads\/sites\/76\/2025\/06\/sechshundertzweiundfunfzig.png\" alt=\"\">: depuis Mars 2020<\/td><\/tr><tr><td class=\"has-text-align-center\" data-align=\"center\">TA11102<\/td><td class=\"has-text-align-center\" data-align=\"center\">22 F\u00e9vrier 2020<\/td><td class=\"has-text-align-center\" data-align=\"center\">en service<\/td><td class=\"has-text-align-center\" data-align=\"center\"><img loading=\"lazy\" decoding=\"async\" width=\"111\" height=\"73\" class=\"wp-image-3280\" style=\"width: 111px\" src=\"https:\/\/seal.transport-manager.net\/marshall\/wp-content\/uploads\/sites\/76\/2025\/05\/sechshundertundeins.png\" alt=\"\"><img loading=\"lazy\" decoding=\"async\" width=\"111\" height=\"73\" class=\"wp-image-3281\" style=\"width: 111px\" src=\"https:\/\/seal.transport-manager.net\/marshall\/wp-content\/uploads\/sites\/76\/2025\/05\/sechshundertundzwei.png\" alt=\"\"><img loading=\"lazy\" decoding=\"async\" width=\"111\" height=\"73\" class=\"wp-image-3441\" style=\"width: 111px\" src=\"https:\/\/seal.transport-manager.net\/marshall\/wp-content\/uploads\/sites\/76\/2025\/06\/sechshunderteinundfunfzig.png\" alt=\"\"><img loading=\"lazy\" decoding=\"async\" width=\"111\" height=\"73\" class=\"wp-image-3442\" style=\"width: 111px\" src=\"https:\/\/seal.transport-manager.net\/marshall\/wp-content\/uploads\/sites\/76\/2025\/06\/sechshundertzweiundfunfzig.png\" alt=\"\"><\/td><td class=\"has-text-align-center\" data-align=\"center\">01-490-38<\/td><td><img loading=\"lazy\" decoding=\"async\" width=\"111\" height=\"73\" class=\"wp-image-3280\" style=\"width: 55px\" src=\"https:\/\/seal.transport-manager.net\/marshall\/wp-content\/uploads\/sites\/76\/2025\/05\/sechshundertundeins.png\" alt=\"\"><img loading=\"lazy\" decoding=\"async\" width=\"111\" height=\"73\" class=\"wp-image-3281\" style=\"width: 55px\" src=\"https:\/\/seal.transport-manager.net\/marshall\/wp-content\/uploads\/sites\/76\/2025\/05\/sechshundertundzwei.png\" alt=\"\"><img loading=\"lazy\" decoding=\"async\" width=\"111\" height=\"73\" class=\"wp-image-3441\" style=\"width: 55px\" src=\"https:\/\/seal.transport-manager.net\/marshall\/wp-content\/uploads\/sites\/76\/2025\/06\/sechshunderteinundfunfzig.png\" alt=\"\"><img loading=\"lazy\" decoding=\"async\" width=\"111\" height=\"73\" class=\"wp-image-3442\" style=\"width: 55px\" src=\"https:\/\/seal.transport-manager.net\/marshall\/wp-content\/uploads\/sites\/76\/2025\/06\/sechshundertzweiundfunfzig.png\" alt=\"\">: depuis Mars 2020<\/td><\/tr><tr><td class=\"has-text-align-center\" data-align=\"center\">TA11103<\/td><td class=\"has-text-align-center\" data-align=\"center\">3 Octobre 2020<\/td><td class=\"has-text-align-center\" data-align=\"center\">en service<\/td><td class=\"has-text-align-center\" data-align=\"center\"><img loading=\"lazy\" decoding=\"async\" width=\"111\" height=\"73\" class=\"wp-image-3280\" style=\"width: 111px\" src=\"https:\/\/seal.transport-manager.net\/marshall\/wp-content\/uploads\/sites\/76\/2025\/05\/sechshundertundeins.png\" alt=\"\"><img loading=\"lazy\" decoding=\"async\" width=\"111\" height=\"73\" class=\"wp-image-3281\" style=\"width: 111px\" src=\"https:\/\/seal.transport-manager.net\/marshall\/wp-content\/uploads\/sites\/76\/2025\/05\/sechshundertundzwei.png\" alt=\"\"><img loading=\"lazy\" decoding=\"async\" width=\"111\" height=\"73\" class=\"wp-image-3441\" style=\"width: 111px\" src=\"https:\/\/seal.transport-manager.net\/marshall\/wp-content\/uploads\/sites\/76\/2025\/06\/sechshunderteinundfunfzig.png\" alt=\"\"><img loading=\"lazy\" decoding=\"async\" width=\"111\" height=\"73\" class=\"wp-image-3442\" style=\"width: 111px\" src=\"https:\/\/seal.transport-manager.net\/marshall\/wp-content\/uploads\/sites\/76\/2025\/06\/sechshundertzweiundfunfzig.png\" alt=\"\"><\/td><td class=\"has-text-align-center\" data-align=\"center\">01-481-41<\/td><td><img loading=\"lazy\" decoding=\"async\" width=\"111\" height=\"73\" class=\"wp-image-3280\" style=\"width: 55px\" src=\"https:\/\/seal.transport-manager.net\/marshall\/wp-content\/uploads\/sites\/76\/2025\/05\/sechshundertundeins.png\" alt=\"\"><img loading=\"lazy\" decoding=\"async\" width=\"111\" height=\"73\" class=\"wp-image-3281\" style=\"width: 55px\" src=\"https:\/\/seal.transport-manager.net\/marshall\/wp-content\/uploads\/sites\/76\/2025\/05\/sechshundertundzwei.png\" alt=\"\"><img loading=\"lazy\" decoding=\"async\" width=\"111\" height=\"73\" class=\"wp-image-3441\" style=\"width: 55px\" src=\"https:\/\/seal.transport-manager.net\/marshall\/wp-content\/uploads\/sites\/76\/2025\/06\/sechshunderteinundfunfzig.png\" alt=\"\"><img loading=\"lazy\" decoding=\"async\" width=\"111\" height=\"73\" class=\"wp-image-3442\" style=\"width: 55px\" src=\"https:\/\/seal.transport-manager.net\/marshall\/wp-content\/uploads\/sites\/76\/2025\/06\/sechshundertzweiundfunfzig.png\" alt=\"\">: depuis Octobre 2020<\/td><\/tr><tr><td class=\"has-text-align-center\" data-align=\"center\">TA11104<\/td><td class=\"has-text-align-center\" data-align=\"center\">3 Octobre 2020<\/td><td class=\"has-text-align-center\" data-align=\"center\">en service<\/td><td class=\"has-text-align-center\" data-align=\"center\"><img loading=\"lazy\" decoding=\"async\" width=\"111\" height=\"73\" class=\"wp-image-3280\" style=\"width: 111px\" src=\"https:\/\/seal.transport-manager.net\/marshall\/wp-content\/uploads\/sites\/76\/2025\/05\/sechshundertundeins.png\" alt=\"\"><img loading=\"lazy\" decoding=\"async\" width=\"111\" height=\"73\" class=\"wp-image-3281\" style=\"width: 111px\" src=\"https:\/\/seal.transport-manager.net\/marshall\/wp-content\/uploads\/sites\/76\/2025\/05\/sechshundertundzwei.png\" alt=\"\"><img loading=\"lazy\" decoding=\"async\" width=\"111\" height=\"73\" class=\"wp-image-3441\" style=\"width: 111px\" src=\"https:\/\/seal.transport-manager.net\/marshall\/wp-content\/uploads\/sites\/76\/2025\/06\/sechshunderteinundfunfzig.png\" alt=\"\"><img loading=\"lazy\" decoding=\"async\" width=\"111\" height=\"73\" class=\"wp-image-3442\" style=\"width: 111px\" src=\"https:\/\/seal.transport-manager.net\/marshall\/wp-content\/uploads\/sites\/76\/2025\/06\/sechshundertzweiundfunfzig.png\" alt=\"\"><\/td><td class=\"has-text-align-center\" data-align=\"center\">01-481-42<\/td><td><img loading=\"lazy\" decoding=\"async\" width=\"111\" height=\"73\" class=\"wp-image-3280\" style=\"width: 55px\" src=\"https:\/\/seal.transport-manager.net\/marshall\/wp-content\/uploads\/sites\/76\/2025\/05\/sechshundertundeins.png\" alt=\"\"><img loading=\"lazy\" decoding=\"async\" width=\"111\" height=\"73\" class=\"wp-image-3281\" style=\"width: 55px\" src=\"https:\/\/seal.transport-manager.net\/marshall\/wp-content\/uploads\/sites\/76\/2025\/05\/sechshundertundzwei.png\" alt=\"\"><img loading=\"lazy\" decoding=\"async\" width=\"111\" height=\"73\" class=\"wp-image-3441\" style=\"width: 55px\" src=\"https:\/\/seal.transport-manager.net\/marshall\/wp-content\/uploads\/sites\/76\/2025\/06\/sechshunderteinundfunfzig.png\" alt=\"\"><img loading=\"lazy\" decoding=\"async\" width=\"111\" height=\"73\" class=\"wp-image-3442\" style=\"width: 55px\" src=\"https:\/\/seal.transport-manager.net\/marshall\/wp-content\/uploads\/sites\/76\/2025\/06\/sechshundertzweiundfunfzig.png\" alt=\"\">: depuis Octobre 2020<\/td><\/tr><\/tbody><\/table><\/figure>\n","protected":false},"excerpt":{"rendered":"<p>mise en service 2020 statut en service effectif 4 d\u00e9p\u00f4t Delalaune affectations Carri\u00e8re r\u00e9sum\u00e9e Le LD 13 est command\u00e9 en 4 exemplaires par Transports Canard en 2020. Nomm\u00e9e TA11100 en &#8230; <a title=\"TA11100 &#8211; Temsa LD 13\" class=\"read-more\" href=\"https:\/\/seal.transport-manager.net\/marshall\/ta11100-temsa-ld-13\/\" aria-label=\"En savoir plus sur TA11100 &#8211; Temsa LD 13\">Lire la suite<\/a><\/p>\n","protected":false},"author":76,"featured_media":3655,"parent":0,"menu_order":0,"comment_status":"closed","ping_status":"closed","template":"","meta":{"footnotes":""},"class_list":["post-3854","page","type-page","status-publish","has-post-thumbnail"],"_links":{"self":[{"href":"https:\/\/seal.transport-manager.net\/marshall\/wp-json\/wp\/v2\/pages\/3854","targetHints":{"allow":["GET"]}}],"collection":[{"href":"https:\/\/seal.transport-manager.net\/marshall\/wp-json\/wp\/v2\/pages"}],"about":[{"href":"https:\/\/seal.transport-manager.net\/marshall\/wp-json\/wp\/v2\/types\/page"}],"author":[{"embeddable":true,"href":"https:\/\/seal.transport-manager.net\/marshall\/wp-json\/wp\/v2\/users\/76"}],"replies":[{"embeddable":true,"href":"https:\/\/seal.transport-manager.net\/marshall\/wp-json\/wp\/v2\/comments?post=3854"}],"version-history":[{"count":3,"href":"https:\/\/seal.transport-manager.net\/marshall\/wp-json\/wp\/v2\/pages\/3854\/revisions"}],"predecessor-version":[{"id":4155,"href":"https:\/\/seal.transport-manager.net\/marshall\/wp-json\/wp\/v2\/pages\/3854\/revisions\/4155"}],"wp:featuredmedia":[{"embeddable":true,"href":"https:\/\/seal.transport-manager.net\/marshall\/wp-json\/wp\/v2\/media\/3655"}],"wp:attachment":[{"href":"https:\/\/seal.transport-manager.net\/marshall\/wp-json\/wp\/v2\/media?parent=3854"}],"curies":[{"name":"wp","href":"https:\/\/api.w.org\/{rel}","templated":true}]}}