{"id":4038,"date":"2025-11-02T11:16:58","date_gmt":"2025-11-02T10:16:58","guid":{"rendered":"https:\/\/seal.transport-manager.net\/marshall\/?page_id=4038"},"modified":"2025-12-16T07:14:15","modified_gmt":"2025-12-16T06:14:15","slug":"ta15700-temsa-md7","status":"publish","type":"page","link":"https:\/\/seal.transport-manager.net\/marshall\/ta15700-temsa-md7\/","title":{"rendered":"TA15700 &#8211; Temsa MD7"},"content":{"rendered":"<div class=\"wp-block-image\">\n<figure class=\"aligncenter size-full\"><a href=\"https:\/\/i.ibb.co\/Z61GzfdG\/MD7-Canard.png\"><img loading=\"lazy\" decoding=\"async\" width=\"670\" height=\"360\" src=\"https:\/\/seal.transport-manager.net\/marshall\/wp-content\/uploads\/sites\/76\/2025\/11\/MD7Canard.png\" alt=\"\" class=\"wp-image-4039\" srcset=\"https:\/\/seal.transport-manager.net\/marshall\/wp-content\/uploads\/sites\/76\/2025\/11\/MD7Canard.png 670w, https:\/\/seal.transport-manager.net\/marshall\/wp-content\/uploads\/sites\/76\/2025\/11\/MD7Canard-300x161.png 300w\" sizes=\"auto, (max-width: 670px) 100vw, 670px\" \/><\/a><figcaption class=\"wp-element-caption\"><a href=\"https:\/\/i.ibb.co\/Z61GzfdG\/MD7-Canard.png\">cliquez pour agrandir<\/a><\/figcaption><\/figure>\n<\/div>\n\n\n<div class=\"wp-block-columns is-layout-flex wp-container-core-columns-is-layout-9d6595d7 wp-block-columns-is-layout-flex\">\n<div class=\"wp-block-column is-layout-flow wp-block-column-is-layout-flow\">\n<figure class=\"wp-block-table is-style-stripes\"><table class=\"has-fixed-layout\"><tbody><tr><td class=\"has-text-align-center\" data-align=\"center\">mise en service<\/td><td class=\"has-text-align-center\" data-align=\"center\">2025<\/td><\/tr><tr><td class=\"has-text-align-center\" data-align=\"center\">statut<\/td><td class=\"has-text-align-center\" data-align=\"center\">en service<\/td><\/tr><tr><td class=\"has-text-align-center\" data-align=\"center\">effectif<\/td><td class=\"has-text-align-center\" data-align=\"center\">7<\/td><\/tr><tr><td class=\"has-text-align-center\" data-align=\"center\">d\u00e9pot<\/td><td class=\"has-text-align-center\" data-align=\"center\">Delalaune<\/td><\/tr><tr><td class=\"has-text-align-center\" data-align=\"center\">affectation<\/td><td class=\"has-text-align-center\" data-align=\"center\"><img loading=\"lazy\" decoding=\"async\" width=\"111\" height=\"73\" class=\"wp-image-3559\" style=\"width: 111px\" src=\"https:\/\/seal.transport-manager.net\/marshall\/wp-content\/uploads\/sites\/76\/2025\/07\/zweihundertundzwei.png\" alt=\"\"><img loading=\"lazy\" decoding=\"async\" width=\"111\" height=\"73\" class=\"wp-image-2947\" style=\"width: 111px\" src=\"https:\/\/seal.transport-manager.net\/marshall\/wp-content\/uploads\/sites\/76\/2025\/02\/LTMp.png\" alt=\"\"><\/td><\/tr><\/tbody><\/table><\/figure>\n\n\n\n<h3 class=\"wp-block-heading\">Carri\u00e8re r\u00e9sum\u00e9e<\/h3>\n\n\n\n<p>Le MD7 est command\u00e9 en 7 exemplaires par Transports Canard en 2025. Nomm\u00e9e TA15700 en interne (<strong>T<\/strong>ems<strong>a<\/strong> s\u00e9rie 15700), la s\u00e9rie est livr\u00e9e en novembre-d\u00e9cembre 2025 et constitue une partie du parc roulant de la ligne 202 du r\u00e9seau Regiocanard ainsi que des lignes Regiocanard temporaires.<\/p>\n<\/div>\n\n\n\n<div class=\"wp-block-column is-layout-flow wp-block-column-is-layout-flow\">\n<figure class=\"wp-block-table is-style-stripes\"><table class=\"has-fixed-layout\"><tbody><tr><td class=\"has-text-align-center\" data-align=\"center\">gamme<\/td><td class=\"has-text-align-center\" data-align=\"center\">MD7<\/td><\/tr><tr><td class=\"has-text-align-center\" data-align=\"center\">constructeur<\/td><td class=\"has-text-align-center\" data-align=\"center\"><img loading=\"lazy\" decoding=\"async\" width=\"21\" height=\"14\" class=\"wp-image-3126\" style=\"width: 21px\" src=\"https:\/\/seal.transport-manager.net\/marshall\/wp-content\/uploads\/sites\/76\/2025\/04\/Turquia.png\" alt=\"\"> Temsa<\/td><\/tr><tr><td class=\"has-text-align-center\" data-align=\"center\">cat\u00e9gorie<\/td><td class=\"has-text-align-center\" data-align=\"center\">midicar interurbain<\/td><\/tr><tr><td class=\"has-text-align-center\" data-align=\"center\">propulsion<\/td><td class=\"has-text-align-center\" data-align=\"center\"><img loading=\"lazy\" decoding=\"async\" width=\"61\" height=\"61\" class=\"wp-image-1029\" style=\"width: 61px\" src=\"https:\/\/seal.transport-manager.net\/marshall\/wp-content\/uploads\/sites\/76\/2022\/10\/D.png\" alt=\"\"><\/td><\/tr><tr><td class=\"has-text-align-center\" data-align=\"center\">commercialisation<\/td><td class=\"has-text-align-center\" data-align=\"center\">2016-2025<\/td><\/tr><tr><td class=\"has-text-align-center\" data-align=\"center\">l x L x h<\/td><td class=\"has-text-align-center\" data-align=\"center\">7,75 m x 2,40 m x 3,35 m<\/td><\/tr><tr><td class=\"has-text-align-center\" data-align=\"center\">capacit\u00e9<\/td><td class=\"has-text-align-center\" data-align=\"center\">34 pax<\/td><\/tr><tr><td class=\"has-text-align-center\" data-align=\"center\">moteur<\/td><td class=\"has-text-align-center\" data-align=\"center\">Cummins ISB4.5<br>4.5 L 4 cylindres en ligne en position longitudinale avant<\/td><\/tr><tr><td class=\"has-text-align-center\" data-align=\"center\">puissance<\/td><td class=\"has-text-align-center\" data-align=\"center\">136 kW &#8211; 185 ch<\/td><\/tr><tr><td class=\"has-text-align-center\" data-align=\"center\">site de fabrication<\/td><td class=\"has-text-align-center\" data-align=\"center\"><img loading=\"lazy\" decoding=\"async\" width=\"21\" height=\"14\" class=\"wp-image-3126\" style=\"width: 21px\" src=\"https:\/\/seal.transport-manager.net\/marshall\/wp-content\/uploads\/sites\/76\/2025\/04\/Turquia.png\" alt=\"\"> Adana<\/td><\/tr><tr><td class=\"has-text-align-center\" data-align=\"center\">mod\u00e8les concurrents<br><em>(en 2025)<\/em><\/td><td class=\"has-text-align-center\" data-align=\"center\">Isuzu Turquoise<br>Otokar Navigo U 7.8<\/td><\/tr><\/tbody><\/table><\/figure>\n<\/div>\n<\/div>\n\n\n\n<h3 class=\"wp-block-heading\">R\u00e9f\u00e9rencement du parc<\/h3>\n\n\n\n<figure class=\"wp-block-table is-style-stripes\"><table><tbody><tr><td class=\"has-text-align-center\" data-align=\"center\">n\u00b0<\/td><td class=\"has-text-align-center\" data-align=\"center\">date de m.e.s<\/td><td class=\"has-text-align-center\" data-align=\"center\">statut<\/td><td class=\"has-text-align-center\" data-align=\"center\">affectation courante<br>\/ date de retrait<\/td><td class=\"has-text-align-center\" data-align=\"center\">immat.<\/td><td>historique des affectations<\/td><\/tr><tr><td class=\"has-text-align-center\" data-align=\"center\">TA15701<\/td><td class=\"has-text-align-center\" data-align=\"center\">4 Novembre 2025<\/td><td class=\"has-text-align-center\" data-align=\"center\">en service<\/td><td class=\"has-text-align-center\" data-align=\"center\"><img loading=\"lazy\" decoding=\"async\" width=\"111\" height=\"73\" class=\"wp-image-3559\" style=\"width: 111px\" src=\"https:\/\/seal.transport-manager.net\/marshall\/wp-content\/uploads\/sites\/76\/2025\/07\/zweihundertundzwei.png\" alt=\"\"><\/td><td class=\"has-text-align-center\" data-align=\"center\">01-528-03<\/td><td><img loading=\"lazy\" decoding=\"async\" width=\"111\" height=\"73\" class=\"wp-image-3559\" style=\"width: 55px\" src=\"https:\/\/seal.transport-manager.net\/marshall\/wp-content\/uploads\/sites\/76\/2025\/07\/zweihundertundzwei.png\" alt=\"\">: depuis Novembre 2025<\/td><\/tr><tr><td class=\"has-text-align-center\" data-align=\"center\">TA15702<\/td><td class=\"has-text-align-center\" data-align=\"center\">4 Novembre 2025<\/td><td class=\"has-text-align-center\" data-align=\"center\">en service<\/td><td class=\"has-text-align-center\" data-align=\"center\"><img loading=\"lazy\" decoding=\"async\" width=\"111\" height=\"73\" class=\"wp-image-3559\" style=\"width: 111px\" src=\"https:\/\/seal.transport-manager.net\/marshall\/wp-content\/uploads\/sites\/76\/2025\/07\/zweihundertundzwei.png\" alt=\"\"><\/td><td class=\"has-text-align-center\" data-align=\"center\">01-528-04<\/td><td><img loading=\"lazy\" decoding=\"async\" width=\"111\" height=\"73\" class=\"wp-image-3559\" style=\"width: 55px\" src=\"https:\/\/seal.transport-manager.net\/marshall\/wp-content\/uploads\/sites\/76\/2025\/07\/zweihundertundzwei.png\" alt=\"\">: depuis Novembre 2025<\/td><\/tr><tr><td class=\"has-text-align-center\" data-align=\"center\">TA15703<\/td><td class=\"has-text-align-center\" data-align=\"center\">17 Novembre 2025<\/td><td class=\"has-text-align-center\" data-align=\"center\">en service<\/td><td class=\"has-text-align-center\" data-align=\"center\"><img loading=\"lazy\" decoding=\"async\" width=\"111\" height=\"73\" class=\"wp-image-3559\" style=\"width: 111px\" src=\"https:\/\/seal.transport-manager.net\/marshall\/wp-content\/uploads\/sites\/76\/2025\/07\/zweihundertundzwei.png\" alt=\"\"><\/td><td class=\"has-text-align-center\" data-align=\"center\">01-541-00<\/td><td><img loading=\"lazy\" decoding=\"async\" width=\"111\" height=\"73\" class=\"wp-image-3559\" style=\"width: 55px\" src=\"https:\/\/seal.transport-manager.net\/marshall\/wp-content\/uploads\/sites\/76\/2025\/07\/zweihundertundzwei.png\" alt=\"\">: depuis Novembre 2025<\/td><\/tr><tr><td class=\"has-text-align-center\" data-align=\"center\">TA15704<\/td><td class=\"has-text-align-center\" data-align=\"center\">17 Novembre 2025<\/td><td class=\"has-text-align-center\" data-align=\"center\">en service<\/td><td class=\"has-text-align-center\" data-align=\"center\"><img loading=\"lazy\" decoding=\"async\" width=\"111\" height=\"73\" class=\"wp-image-3559\" style=\"width: 111px\" src=\"https:\/\/seal.transport-manager.net\/marshall\/wp-content\/uploads\/sites\/76\/2025\/07\/zweihundertundzwei.png\" alt=\"\"><\/td><td class=\"has-text-align-center\" data-align=\"center\">01-541-01<\/td><td><img loading=\"lazy\" decoding=\"async\" width=\"111\" height=\"73\" class=\"wp-image-3559\" style=\"width: 55px\" src=\"https:\/\/seal.transport-manager.net\/marshall\/wp-content\/uploads\/sites\/76\/2025\/07\/zweihundertundzwei.png\" alt=\"\">: depuis Novembre 2025<\/td><\/tr><tr><td class=\"has-text-align-center\" data-align=\"center\">TA15705<\/td><td class=\"has-text-align-center\" data-align=\"center\">17 Novembre 2025<\/td><td class=\"has-text-align-center\" data-align=\"center\">en service<\/td><td class=\"has-text-align-center\" data-align=\"center\"><img loading=\"lazy\" decoding=\"async\" width=\"111\" height=\"73\" class=\"wp-image-2947\" style=\"width: 111px\" src=\"https:\/\/seal.transport-manager.net\/marshall\/wp-content\/uploads\/sites\/76\/2025\/02\/LTMp.png\" alt=\"\"><\/td><td class=\"has-text-align-center\" data-align=\"center\">01-541-02<\/td><td><img loading=\"lazy\" decoding=\"async\" width=\"111\" height=\"73\" class=\"wp-image-2947\" style=\"width: 55px\" src=\"https:\/\/seal.transport-manager.net\/marshall\/wp-content\/uploads\/sites\/76\/2025\/02\/LTMp.png\" alt=\"\">: depuis Novembre 2025<\/td><\/tr><tr><td class=\"has-text-align-center\" data-align=\"center\">TA15706<\/td><td class=\"has-text-align-center\" data-align=\"center\">5 D\u00e9cembre 2025<\/td><td class=\"has-text-align-center\" data-align=\"center\">en service<\/td><td class=\"has-text-align-center\" data-align=\"center\"><img loading=\"lazy\" decoding=\"async\" width=\"111\" height=\"73\" class=\"wp-image-2947\" style=\"width: 111px\" src=\"https:\/\/seal.transport-manager.net\/marshall\/wp-content\/uploads\/sites\/76\/2025\/02\/LTMp.png\" alt=\"\"><\/td><td class=\"has-text-align-center\" data-align=\"center\">01-559-04<\/td><td><img loading=\"lazy\" decoding=\"async\" width=\"111\" height=\"73\" class=\"wp-image-2947\" style=\"width: 55px\" src=\"https:\/\/seal.transport-manager.net\/marshall\/wp-content\/uploads\/sites\/76\/2025\/02\/LTMp.png\" alt=\"\">: depuis D\u00e9cembre 2025<\/td><\/tr><tr><td class=\"has-text-align-center\" data-align=\"center\">TA15707<\/td><td class=\"has-text-align-center\" data-align=\"center\">5 D\u00e9cembre 2025<\/td><td class=\"has-text-align-center\" data-align=\"center\">en service<\/td><td class=\"has-text-align-center\" data-align=\"center\"><img loading=\"lazy\" decoding=\"async\" width=\"111\" height=\"73\" class=\"wp-image-2947\" style=\"width: 111px\" src=\"https:\/\/seal.transport-manager.net\/marshall\/wp-content\/uploads\/sites\/76\/2025\/02\/LTMp.png\" alt=\"\"><\/td><td class=\"has-text-align-center\" data-align=\"center\">01-559-05<\/td><td><img loading=\"lazy\" decoding=\"async\" width=\"111\" height=\"73\" class=\"wp-image-2947\" style=\"width: 55px\" src=\"https:\/\/seal.transport-manager.net\/marshall\/wp-content\/uploads\/sites\/76\/2025\/02\/LTMp.png\" alt=\"\">: depuis D\u00e9cembre 2025<\/td><\/tr><\/tbody><\/table><\/figure>\n","protected":false},"excerpt":{"rendered":"<p>mise en service 2025 statut en service effectif 7 d\u00e9pot Delalaune affectation Carri\u00e8re r\u00e9sum\u00e9e Le MD7 est command\u00e9 en 7 exemplaires par Transports Canard en 2025. Nomm\u00e9e TA15700 en interne &#8230; <a title=\"TA15700 &#8211; Temsa MD7\" class=\"read-more\" href=\"https:\/\/seal.transport-manager.net\/marshall\/ta15700-temsa-md7\/\" aria-label=\"En savoir plus sur TA15700 &#8211; Temsa MD7\">Lire la suite<\/a><\/p>\n","protected":false},"author":76,"featured_media":3655,"parent":0,"menu_order":0,"comment_status":"closed","ping_status":"closed","template":"","meta":{"footnotes":""},"class_list":["post-4038","page","type-page","status-publish","has-post-thumbnail"],"_links":{"self":[{"href":"https:\/\/seal.transport-manager.net\/marshall\/wp-json\/wp\/v2\/pages\/4038","targetHints":{"allow":["GET"]}}],"collection":[{"href":"https:\/\/seal.transport-manager.net\/marshall\/wp-json\/wp\/v2\/pages"}],"about":[{"href":"https:\/\/seal.transport-manager.net\/marshall\/wp-json\/wp\/v2\/types\/page"}],"author":[{"embeddable":true,"href":"https:\/\/seal.transport-manager.net\/marshall\/wp-json\/wp\/v2\/users\/76"}],"replies":[{"embeddable":true,"href":"https:\/\/seal.transport-manager.net\/marshall\/wp-json\/wp\/v2\/comments?post=4038"}],"version-history":[{"count":10,"href":"https:\/\/seal.transport-manager.net\/marshall\/wp-json\/wp\/v2\/pages\/4038\/revisions"}],"predecessor-version":[{"id":4269,"href":"https:\/\/seal.transport-manager.net\/marshall\/wp-json\/wp\/v2\/pages\/4038\/revisions\/4269"}],"wp:featuredmedia":[{"embeddable":true,"href":"https:\/\/seal.transport-manager.net\/marshall\/wp-json\/wp\/v2\/media\/3655"}],"wp:attachment":[{"href":"https:\/\/seal.transport-manager.net\/marshall\/wp-json\/wp\/v2\/media?parent=4038"}],"curies":[{"name":"wp","href":"https:\/\/api.w.org\/{rel}","templated":true}]}}