{"id":4041,"date":"2025-11-02T11:40:03","date_gmt":"2025-11-02T10:40:03","guid":{"rendered":"https:\/\/seal.transport-manager.net\/marshall\/?page_id=4041"},"modified":"2026-02-19T06:59:32","modified_gmt":"2026-02-19T05:59:32","slug":"np17700-neoplan-skyliner-express","status":"publish","type":"page","link":"https:\/\/seal.transport-manager.net\/marshall\/np17700-neoplan-skyliner-express\/","title":{"rendered":"NP17700 &#8211; Neoplan Skyliner Express"},"content":{"rendered":"<div class=\"wp-block-image\">\n<figure class=\"aligncenter size-full\"><a href=\"https:\/\/i.ibb.co\/hF47fNmB\/P06-Skyliner-Canard.png\"><img loading=\"lazy\" decoding=\"async\" width=\"980\" height=\"360\" src=\"https:\/\/seal.transport-manager.net\/marshall\/wp-content\/uploads\/sites\/76\/2025\/11\/P06SkylinerCanard.png\" alt=\"\" class=\"wp-image-4042\" srcset=\"https:\/\/seal.transport-manager.net\/marshall\/wp-content\/uploads\/sites\/76\/2025\/11\/P06SkylinerCanard.png 980w, https:\/\/seal.transport-manager.net\/marshall\/wp-content\/uploads\/sites\/76\/2025\/11\/P06SkylinerCanard-300x110.png 300w, https:\/\/seal.transport-manager.net\/marshall\/wp-content\/uploads\/sites\/76\/2025\/11\/P06SkylinerCanard-768x282.png 768w\" sizes=\"auto, (max-width: 980px) 100vw, 980px\" \/><\/a><figcaption class=\"wp-element-caption\"><a href=\"https:\/\/i.ibb.co\/hF47fNmB\/P06-Skyliner-Canard.png\">cliquez pour agrandir<\/a><\/figcaption><\/figure>\n<\/div>\n\n\n<div class=\"wp-block-columns is-layout-flex wp-container-core-columns-is-layout-9d6595d7 wp-block-columns-is-layout-flex\">\n<div class=\"wp-block-column is-layout-flow wp-block-column-is-layout-flow\">\n<figure class=\"wp-block-table is-style-stripes\"><table><tbody><tr><td class=\"has-text-align-center\" data-align=\"center\">mise en service<\/td><td class=\"has-text-align-center\" data-align=\"center\">2025-2026<\/td><\/tr><tr><td class=\"has-text-align-center\" data-align=\"center\">statut<\/td><td class=\"has-text-align-center\" data-align=\"center\">en service<\/td><\/tr><tr><td class=\"has-text-align-center\" data-align=\"center\">effectif<\/td><td class=\"has-text-align-center\" data-align=\"center\">11<\/td><\/tr><tr><td class=\"has-text-align-center\" data-align=\"center\">d\u00e9p\u00f4t<\/td><td class=\"has-text-align-center\" data-align=\"center\">Delalaune<\/td><\/tr><tr><td class=\"has-text-align-center\" data-align=\"center\">affectation<\/td><td class=\"has-text-align-center\" data-align=\"center\"><img loading=\"lazy\" decoding=\"async\" width=\"111\" height=\"73\" class=\"wp-image-3558\" style=\"width: 111px\" src=\"https:\/\/seal.transport-manager.net\/marshall\/wp-content\/uploads\/sites\/76\/2025\/07\/zweihundertundeins.png\" alt=\"\"><img loading=\"lazy\" decoding=\"async\" width=\"111\" height=\"73\" class=\"wp-image-3559\" style=\"width: 111px\" src=\"https:\/\/seal.transport-manager.net\/marshall\/wp-content\/uploads\/sites\/76\/2025\/07\/zweihundertundzwei.png\" alt=\"\"><img loading=\"lazy\" decoding=\"async\" width=\"111\" height=\"73\" class=\"wp-image-3560\" style=\"width: 111px\" src=\"https:\/\/seal.transport-manager.net\/marshall\/wp-content\/uploads\/sites\/76\/2025\/07\/zweihundertunddrei.png\" alt=\"\"><\/td><\/tr><\/tbody><\/table><\/figure>\n\n\n\n<h3 class=\"wp-block-heading\">Carri\u00e8re r\u00e9sum\u00e9e<\/h3>\n\n\n\n<p>Le Skyliner Express est command\u00e9 en 11 exemplaires par Transports Canard en 2025. Nomm\u00e9e en interne NP17700 (<strong>N<\/strong>eo<strong>p<\/strong>lan s\u00e9rie 17700), la s\u00e9rie est livr\u00e9e de novembre 2025 \u00e0 f\u00e9vrier 2026 et \u00e9quipe partiellement les lignes 201, 202 et 203 du r\u00e9seau Regiocanard, notamment pour les services en heure de pointe.<\/p>\n<\/div>\n\n\n\n<div class=\"wp-block-column is-layout-flow wp-block-column-is-layout-flow\">\n<figure class=\"wp-block-table is-style-stripes\"><table class=\"has-fixed-layout\"><tbody><tr><td class=\"has-text-align-center\" data-align=\"center\">gamme<\/td><td class=\"has-text-align-center\" data-align=\"center\">Skyliner (P06)<\/td><\/tr><tr><td class=\"has-text-align-center\" data-align=\"center\">constructeur<\/td><td class=\"has-text-align-center\" data-align=\"center\"><img loading=\"lazy\" decoding=\"async\" width=\"25\" height=\"15\" class=\"wp-image-2513\" style=\"width: 25px\" src=\"https:\/\/seal.transport-manager.net\/marshall\/wp-content\/uploads\/sites\/76\/2024\/09\/Germania.png\" alt=\"\"> Neoplan<\/td><\/tr><tr><td class=\"has-text-align-center\" data-align=\"center\">cat\u00e9gorie<\/td><td class=\"has-text-align-center\" data-align=\"center\">autocar long \u00e0 deux \u00e9tages interurbain<\/td><\/tr><tr><td class=\"has-text-align-center\" data-align=\"center\">propulsion<\/td><td class=\"has-text-align-center\" data-align=\"center\"><img loading=\"lazy\" decoding=\"async\" width=\"61\" height=\"61\" class=\"wp-image-1029\" style=\"width: 61px\" src=\"https:\/\/seal.transport-manager.net\/marshall\/wp-content\/uploads\/sites\/76\/2022\/10\/D.png\" alt=\"\"><\/td><\/tr><tr><td class=\"has-text-align-center\" data-align=\"center\">commercialisation<\/td><td class=\"has-text-align-center\" data-align=\"center\">depuis 2018<\/td><\/tr><tr><td class=\"has-text-align-center\" data-align=\"center\">l x L x h<\/td><td class=\"has-text-align-center\" data-align=\"center\">14,00 m x 2,55 m x 4,00 m<\/td><\/tr><tr><td class=\"has-text-align-center\" data-align=\"center\">capacit\u00e9<\/td><td class=\"has-text-align-center\" data-align=\"center\">96 pax<\/td><\/tr><tr><td class=\"has-text-align-center\" data-align=\"center\">moteur<\/td><td class=\"has-text-align-center\" data-align=\"center\">MAN D2676LOH40<br>12.4 L 6 cylindres en ligne en position longitudinale arri\u00e8re<\/td><\/tr><tr><td class=\"has-text-align-center\" data-align=\"center\">puissance<\/td><td class=\"has-text-align-center\" data-align=\"center\">382 kW &#8211; 520 ch<\/td><\/tr><tr><td class=\"has-text-align-center\" data-align=\"center\">site de fabrication<\/td><td class=\"has-text-align-center\" data-align=\"center\"><img loading=\"lazy\" decoding=\"async\" width=\"25\" height=\"15\" class=\"wp-image-2513\" style=\"width: 25px\" src=\"https:\/\/seal.transport-manager.net\/marshall\/wp-content\/uploads\/sites\/76\/2024\/09\/Germania.png\" alt=\"\"> Plauen<\/td><\/tr><tr><td class=\"has-text-align-center\" data-align=\"center\">mod\u00e8les concurrents<br><em>(en 2025)<\/em><\/td><td class=\"has-text-align-center\" data-align=\"center\">Setra S 531 DT<br>Volvo 9700 DD<br>Van Hool TDX27 Astromega<br>VDL Futura FDD2-141<\/td><\/tr><\/tbody><\/table><\/figure>\n<\/div>\n<\/div>\n\n\n\n<h3 class=\"wp-block-heading\">R\u00e9f\u00e9rencement du parc<\/h3>\n\n\n\n<figure class=\"wp-block-table is-style-stripes\"><table><tbody><tr><td class=\"has-text-align-center\" data-align=\"center\">n\u00b0<\/td><td class=\"has-text-align-center\" data-align=\"center\">date de m.e.s<\/td><td class=\"has-text-align-center\" data-align=\"center\">statut<\/td><td class=\"has-text-align-center\" data-align=\"center\">affectation courante<br>\/ date de retrait<\/td><td class=\"has-text-align-center\" data-align=\"center\">immat.<\/td><td>historique des affectations<\/td><\/tr><tr><td class=\"has-text-align-center\" data-align=\"center\">NP17701<\/td><td class=\"has-text-align-center\" data-align=\"center\">4 Novembre 2025<\/td><td class=\"has-text-align-center\" data-align=\"center\">en service<\/td><td class=\"has-text-align-center\" data-align=\"center\"><img loading=\"lazy\" decoding=\"async\" width=\"111\" height=\"73\" class=\"wp-image-3558\" style=\"width: 111px\" src=\"https:\/\/seal.transport-manager.net\/marshall\/wp-content\/uploads\/sites\/76\/2025\/07\/zweihundertundeins.png\" alt=\"\"><\/td><td class=\"has-text-align-center\" data-align=\"center\">01-529-89<\/td><td><img loading=\"lazy\" decoding=\"async\" width=\"111\" height=\"73\" class=\"wp-image-3558\" style=\"width: 55px\" src=\"https:\/\/seal.transport-manager.net\/marshall\/wp-content\/uploads\/sites\/76\/2025\/07\/zweihundertundeins.png\" alt=\"\">: depuis Novembre 2025<\/td><\/tr><tr><td class=\"has-text-align-center\" data-align=\"center\">NP17702<\/td><td class=\"has-text-align-center\" data-align=\"center\">4 Novembre 2025<\/td><td class=\"has-text-align-center\" data-align=\"center\">en service<\/td><td class=\"has-text-align-center\" data-align=\"center\"><img loading=\"lazy\" decoding=\"async\" width=\"111\" height=\"73\" class=\"wp-image-3558\" style=\"width: 111px\" src=\"https:\/\/seal.transport-manager.net\/marshall\/wp-content\/uploads\/sites\/76\/2025\/07\/zweihundertundeins.png\" alt=\"\"><\/td><td class=\"has-text-align-center\" data-align=\"center\">01-529-90<\/td><td><img loading=\"lazy\" decoding=\"async\" width=\"111\" height=\"73\" class=\"wp-image-3558\" style=\"width: 55px\" src=\"https:\/\/seal.transport-manager.net\/marshall\/wp-content\/uploads\/sites\/76\/2025\/07\/zweihundertundeins.png\" alt=\"\">: depuis Novembre 2025<\/td><\/tr><tr><td class=\"has-text-align-center\" data-align=\"center\">NP17703<\/td><td class=\"has-text-align-center\" data-align=\"center\">14 Novembre 2025<\/td><td class=\"has-text-align-center\" data-align=\"center\">en service<\/td><td class=\"has-text-align-center\" data-align=\"center\"><img loading=\"lazy\" decoding=\"async\" width=\"111\" height=\"73\" class=\"wp-image-3559\" style=\"width: 111px\" src=\"https:\/\/seal.transport-manager.net\/marshall\/wp-content\/uploads\/sites\/76\/2025\/07\/zweihundertundzwei.png\" alt=\"\"><\/td><td class=\"has-text-align-center\" data-align=\"center\">01-539-06<\/td><td><img loading=\"lazy\" decoding=\"async\" width=\"111\" height=\"73\" class=\"wp-image-3559\" style=\"width: 55px\" src=\"https:\/\/seal.transport-manager.net\/marshall\/wp-content\/uploads\/sites\/76\/2025\/07\/zweihundertundzwei.png\" alt=\"\">: depuis Novembre 2025<\/td><\/tr><tr><td class=\"has-text-align-center\" data-align=\"center\">NP17704<\/td><td class=\"has-text-align-center\" data-align=\"center\">14 Novembre 2025<\/td><td class=\"has-text-align-center\" data-align=\"center\">en service<\/td><td class=\"has-text-align-center\" data-align=\"center\"><img loading=\"lazy\" decoding=\"async\" width=\"111\" height=\"73\" class=\"wp-image-3559\" style=\"width: 111px\" src=\"https:\/\/seal.transport-manager.net\/marshall\/wp-content\/uploads\/sites\/76\/2025\/07\/zweihundertundzwei.png\" alt=\"\"><\/td><td class=\"has-text-align-center\" data-align=\"center\">01-539-07<\/td><td><img loading=\"lazy\" decoding=\"async\" width=\"111\" height=\"73\" class=\"wp-image-3559\" style=\"width: 55px\" src=\"https:\/\/seal.transport-manager.net\/marshall\/wp-content\/uploads\/sites\/76\/2025\/07\/zweihundertundzwei.png\" alt=\"\">: depuis Novembre 2025<\/td><\/tr><tr><td class=\"has-text-align-center\" data-align=\"center\">NP17705<\/td><td class=\"has-text-align-center\" data-align=\"center\">25 Novembre 2025<\/td><td class=\"has-text-align-center\" data-align=\"center\">en service<\/td><td class=\"has-text-align-center\" data-align=\"center\"><img loading=\"lazy\" decoding=\"async\" width=\"111\" height=\"73\" class=\"wp-image-3560\" style=\"width: 111px\" src=\"https:\/\/seal.transport-manager.net\/marshall\/wp-content\/uploads\/sites\/76\/2025\/07\/zweihundertunddrei.png\" alt=\"\"><\/td><td class=\"has-text-align-center\" data-align=\"center\">01-548-03<\/td><td><img loading=\"lazy\" decoding=\"async\" width=\"111\" height=\"73\" class=\"wp-image-3560\" style=\"width: 55px\" src=\"https:\/\/seal.transport-manager.net\/marshall\/wp-content\/uploads\/sites\/76\/2025\/07\/zweihundertunddrei.png\" alt=\"\">: depuis D\u00e9cembre 2025<\/td><\/tr><tr><td class=\"has-text-align-center\" data-align=\"center\">NP17706<\/td><td class=\"has-text-align-center\" data-align=\"center\">25 Novembre 2025<\/td><td class=\"has-text-align-center\" data-align=\"center\">en service<\/td><td class=\"has-text-align-center\" data-align=\"center\"><img loading=\"lazy\" decoding=\"async\" width=\"111\" height=\"73\" class=\"wp-image-3560\" style=\"width: 111px\" src=\"https:\/\/seal.transport-manager.net\/marshall\/wp-content\/uploads\/sites\/76\/2025\/07\/zweihundertunddrei.png\" alt=\"\"><\/td><td class=\"has-text-align-center\" data-align=\"center\">01-548-04<\/td><td><img loading=\"lazy\" decoding=\"async\" width=\"111\" height=\"73\" class=\"wp-image-3560\" style=\"width: 55px\" src=\"https:\/\/seal.transport-manager.net\/marshall\/wp-content\/uploads\/sites\/76\/2025\/07\/zweihundertunddrei.png\" alt=\"\">: depuis D\u00e9cembre 2025<\/td><\/tr><tr><td class=\"has-text-align-center\" data-align=\"center\">NP17707<\/td><td class=\"has-text-align-center\" data-align=\"center\">6 Janvier 2026<\/td><td class=\"has-text-align-center\" data-align=\"center\">en service<\/td><td class=\"has-text-align-center\" data-align=\"center\"><img loading=\"lazy\" decoding=\"async\" width=\"111\" height=\"73\" class=\"wp-image-3560\" style=\"width: 111px\" src=\"https:\/\/seal.transport-manager.net\/marshall\/wp-content\/uploads\/sites\/76\/2025\/07\/zweihundertunddrei.png\" alt=\"\"><\/td><td class=\"has-text-align-center\" data-align=\"center\">01-588-71<\/td><td><img loading=\"lazy\" decoding=\"async\" width=\"111\" height=\"73\" class=\"wp-image-3560\" style=\"width: 55px\" src=\"https:\/\/seal.transport-manager.net\/marshall\/wp-content\/uploads\/sites\/76\/2025\/07\/zweihundertunddrei.png\" alt=\"\">: depuis Janvier 2026<\/td><\/tr><tr><td class=\"has-text-align-center\" data-align=\"center\">NP17708<\/td><td class=\"has-text-align-center\" data-align=\"center\">30 Janvier 2026<\/td><td class=\"has-text-align-center\" data-align=\"center\">en service<\/td><td class=\"has-text-align-center\" data-align=\"center\"><img loading=\"lazy\" decoding=\"async\" width=\"111\" height=\"73\" class=\"wp-image-3558\" style=\"width: 111px\" src=\"https:\/\/seal.transport-manager.net\/marshall\/wp-content\/uploads\/sites\/76\/2025\/07\/zweihundertundeins.png\" alt=\"\"><\/td><td class=\"has-text-align-center\" data-align=\"center\">01-611-05<\/td><td><img loading=\"lazy\" decoding=\"async\" width=\"111\" height=\"73\" class=\"wp-image-3558\" style=\"width: 55px\" src=\"https:\/\/seal.transport-manager.net\/marshall\/wp-content\/uploads\/sites\/76\/2025\/07\/zweihundertundeins.png\" alt=\"\">: depuis F\u00e9vrier 2026<\/td><\/tr><tr><td class=\"has-text-align-center\" data-align=\"center\">NP17709<\/td><td class=\"has-text-align-center\" data-align=\"center\">30 Janvier 2026<\/td><td class=\"has-text-align-center\" data-align=\"center\">en service<\/td><td class=\"has-text-align-center\" data-align=\"center\"><img loading=\"lazy\" decoding=\"async\" width=\"111\" height=\"73\" class=\"wp-image-3558\" style=\"width: 111px\" src=\"https:\/\/seal.transport-manager.net\/marshall\/wp-content\/uploads\/sites\/76\/2025\/07\/zweihundertundeins.png\" alt=\"\"><\/td><td class=\"has-text-align-center\" data-align=\"center\">01-611-06<\/td><td><img loading=\"lazy\" decoding=\"async\" width=\"111\" height=\"73\" class=\"wp-image-3558\" style=\"width: 55px\" src=\"https:\/\/seal.transport-manager.net\/marshall\/wp-content\/uploads\/sites\/76\/2025\/07\/zweihundertundeins.png\" alt=\"\">: depuis F\u00e9vrier 2026<\/td><\/tr><tr><td class=\"has-text-align-center\" data-align=\"center\">NP17710<\/td><td class=\"has-text-align-center\" data-align=\"center\">12 F\u00e9vrier 2026<\/td><td class=\"has-text-align-center\" data-align=\"center\">en service<\/td><td class=\"has-text-align-center\" data-align=\"center\"><img loading=\"lazy\" decoding=\"async\" width=\"111\" height=\"73\" class=\"wp-image-3560\" style=\"width: 111px\" src=\"https:\/\/seal.transport-manager.net\/marshall\/wp-content\/uploads\/sites\/76\/2025\/07\/zweihundertunddrei.png\" alt=\"\"><\/td><td class=\"has-text-align-center\" data-align=\"center\">01-623-08<\/td><td><img loading=\"lazy\" decoding=\"async\" width=\"111\" height=\"73\" class=\"wp-image-3560\" style=\"width: 55px\" src=\"https:\/\/seal.transport-manager.net\/marshall\/wp-content\/uploads\/sites\/76\/2025\/07\/zweihundertunddrei.png\" alt=\"\">: depuis F\u00e9vrier 2026<\/td><\/tr><tr><td class=\"has-text-align-center\" data-align=\"center\">NP17711<\/td><td class=\"has-text-align-center\" data-align=\"center\">12 F\u00e9vrier 2026<\/td><td class=\"has-text-align-center\" data-align=\"center\">en service<\/td><td class=\"has-text-align-center\" data-align=\"center\"><img loading=\"lazy\" decoding=\"async\" width=\"111\" height=\"73\" class=\"wp-image-3560\" style=\"width: 111px\" src=\"https:\/\/seal.transport-manager.net\/marshall\/wp-content\/uploads\/sites\/76\/2025\/07\/zweihundertunddrei.png\" alt=\"\"><\/td><td class=\"has-text-align-center\" data-align=\"center\">01-623-09<\/td><td><img loading=\"lazy\" decoding=\"async\" width=\"111\" height=\"73\" class=\"wp-image-3560\" style=\"width: 55px\" src=\"https:\/\/seal.transport-manager.net\/marshall\/wp-content\/uploads\/sites\/76\/2025\/07\/zweihundertunddrei.png\" alt=\"\">: depuis F\u00e9vrier 2026<\/td><\/tr><\/tbody><\/table><\/figure>\n","protected":false},"excerpt":{"rendered":"<p>mise en service 2025-2026 statut en service effectif 11 d\u00e9p\u00f4t Delalaune affectation Carri\u00e8re r\u00e9sum\u00e9e Le Skyliner Express est command\u00e9 en 11 exemplaires par Transports Canard en 2025. Nomm\u00e9e en interne &#8230; <a title=\"NP17700 &#8211; Neoplan Skyliner Express\" class=\"read-more\" href=\"https:\/\/seal.transport-manager.net\/marshall\/np17700-neoplan-skyliner-express\/\" aria-label=\"En savoir plus sur NP17700 &#8211; Neoplan Skyliner Express\">Lire la suite<\/a><\/p>\n","protected":false},"author":76,"featured_media":3651,"parent":0,"menu_order":0,"comment_status":"closed","ping_status":"closed","template":"","meta":{"footnotes":""},"class_list":["post-4041","page","type-page","status-publish","has-post-thumbnail"],"_links":{"self":[{"href":"https:\/\/seal.transport-manager.net\/marshall\/wp-json\/wp\/v2\/pages\/4041","targetHints":{"allow":["GET"]}}],"collection":[{"href":"https:\/\/seal.transport-manager.net\/marshall\/wp-json\/wp\/v2\/pages"}],"about":[{"href":"https:\/\/seal.transport-manager.net\/marshall\/wp-json\/wp\/v2\/types\/page"}],"author":[{"embeddable":true,"href":"https:\/\/seal.transport-manager.net\/marshall\/wp-json\/wp\/v2\/users\/76"}],"replies":[{"embeddable":true,"href":"https:\/\/seal.transport-manager.net\/marshall\/wp-json\/wp\/v2\/comments?post=4041"}],"version-history":[{"count":18,"href":"https:\/\/seal.transport-manager.net\/marshall\/wp-json\/wp\/v2\/pages\/4041\/revisions"}],"predecessor-version":[{"id":4430,"href":"https:\/\/seal.transport-manager.net\/marshall\/wp-json\/wp\/v2\/pages\/4041\/revisions\/4430"}],"wp:featuredmedia":[{"embeddable":true,"href":"https:\/\/seal.transport-manager.net\/marshall\/wp-json\/wp\/v2\/media\/3651"}],"wp:attachment":[{"href":"https:\/\/seal.transport-manager.net\/marshall\/wp-json\/wp\/v2\/media?parent=4041"}],"curies":[{"name":"wp","href":"https:\/\/api.w.org\/{rel}","templated":true}]}}