{"id":4116,"date":"2025-11-15T18:03:36","date_gmt":"2025-11-15T17:03:36","guid":{"rendered":"https:\/\/seal.transport-manager.net\/marshall\/?page_id=4116"},"modified":"2026-02-02T07:04:34","modified_gmt":"2026-02-02T06:04:34","slug":"ch15400-hess-lightram-10","status":"publish","type":"page","link":"https:\/\/seal.transport-manager.net\/marshall\/ch15400-hess-lightram-10\/","title":{"rendered":"CH15400 &#8211; Hess LighTram 10"},"content":{"rendered":"<div class=\"wp-block-image\">\n<figure class=\"aligncenter size-full\"><a href=\"https:\/\/i.ibb.co\/BKsqGksd\/Ligh-Tram10-Canard.png\"><img loading=\"lazy\" decoding=\"async\" width=\"770\" height=\"360\" src=\"https:\/\/seal.transport-manager.net\/marshall\/wp-content\/uploads\/sites\/76\/2025\/11\/LighTram10Canard.png\" alt=\"\" class=\"wp-image-4117\" srcset=\"https:\/\/seal.transport-manager.net\/marshall\/wp-content\/uploads\/sites\/76\/2025\/11\/LighTram10Canard.png 770w, https:\/\/seal.transport-manager.net\/marshall\/wp-content\/uploads\/sites\/76\/2025\/11\/LighTram10Canard-300x140.png 300w, https:\/\/seal.transport-manager.net\/marshall\/wp-content\/uploads\/sites\/76\/2025\/11\/LighTram10Canard-768x359.png 768w\" sizes=\"auto, (max-width: 770px) 100vw, 770px\" \/><\/a><figcaption class=\"wp-element-caption\"><a href=\"https:\/\/i.ibb.co\/BKsqGksd\/Ligh-Tram10-Canard.png\">cliquez pour agrandir<\/a><\/figcaption><\/figure>\n<\/div>\n\n\n<div class=\"wp-block-columns is-layout-flex wp-container-core-columns-is-layout-9d6595d7 wp-block-columns-is-layout-flex\">\n<div class=\"wp-block-column is-layout-flow wp-block-column-is-layout-flow\">\n<figure class=\"wp-block-table is-style-stripes\"><table class=\"has-fixed-layout\"><tbody><tr><td class=\"has-text-align-center\" data-align=\"center\">mise en service<\/td><td class=\"has-text-align-center\" data-align=\"center\">2025-2026<\/td><\/tr><tr><td class=\"has-text-align-center\" data-align=\"center\">statut<\/td><td class=\"has-text-align-center\" data-align=\"center\">en service<\/td><\/tr><tr><td class=\"has-text-align-center\" data-align=\"center\">effectif<\/td><td class=\"has-text-align-center\" data-align=\"center\">7<\/td><\/tr><tr><td class=\"has-text-align-center\" data-align=\"center\">d\u00e9p\u00f4t<\/td><td class=\"has-text-align-center\" data-align=\"center\">Bellevarde<\/td><\/tr><tr><td class=\"has-text-align-center\" data-align=\"center\">affectation<\/td><td class=\"has-text-align-center\" data-align=\"center\"><img loading=\"lazy\" decoding=\"async\" width=\"84\" height=\"73\" class=\"wp-image-2773\" style=\"width: 84px\" src=\"https:\/\/seal.transport-manager.net\/marshall\/wp-content\/uploads\/sites\/76\/2024\/12\/zweiundsechzig.png\" alt=\"\"><\/td><\/tr><\/tbody><\/table><\/figure>\n\n\n\n<h3 class=\"wp-block-heading\">Carri\u00e8re r\u00e9sum\u00e9e<\/h3>\n\n\n\n<p>Le LighTram 10 est command\u00e9 en 7 exemplaires par Transports Canard en 2025. Nomm\u00e9e CH15400 en interne (<strong>C<\/strong>arrosserie <strong>H<\/strong>ess s\u00e9rie 15400), la s\u00e9rie est livr\u00e9e de novembre 2025 \u00e0 janvier 2026 et \u00e9quipe partiellement la ligne Citycanard 62, en compl\u00e9ment des Citibus qui y \u00e9taient d\u00e9j\u00e0.<\/p>\n<\/div>\n\n\n\n<div class=\"wp-block-column is-layout-flow wp-block-column-is-layout-flow\">\n<figure class=\"wp-block-table is-style-stripes\"><table class=\"has-fixed-layout\"><tbody><tr><td class=\"has-text-align-center\" data-align=\"center\">gamme<\/td><td class=\"has-text-align-center\" data-align=\"center\">LighTram 4<\/td><\/tr><tr><td class=\"has-text-align-center\" data-align=\"center\">constructeur<\/td><td class=\"has-text-align-center\" data-align=\"center\"><img loading=\"lazy\" decoding=\"async\" width=\"15\" height=\"15\" class=\"wp-image-3101\" style=\"width: 15px\" src=\"https:\/\/seal.transport-manager.net\/marshall\/wp-content\/uploads\/sites\/76\/2025\/04\/Suiza.png\" alt=\"\"> Carrosserie Hess<\/td><\/tr><tr><td class=\"has-text-align-center\" data-align=\"center\">cat\u00e9gorie<\/td><td class=\"has-text-align-center\" data-align=\"center\">urbain court<\/td><\/tr><tr><td class=\"has-text-align-center\" data-align=\"center\">propulsion<\/td><td class=\"has-text-align-center\" data-align=\"center\"><img loading=\"lazy\" decoding=\"async\" width=\"61\" height=\"61\" class=\"wp-image-1352\" style=\"width: 61px\" src=\"https:\/\/seal.transport-manager.net\/marshall\/wp-content\/uploads\/sites\/76\/2023\/01\/EV.png\" alt=\"\"><\/td><\/tr><tr><td class=\"has-text-align-center\" data-align=\"center\">commercialisation<\/td><td class=\"has-text-align-center\" data-align=\"center\">depuis 2018<\/td><\/tr><tr><td class=\"has-text-align-center\" data-align=\"center\">l x L x h<\/td><td class=\"has-text-align-center\" data-align=\"center\">10,79 m x 2,55 m x 3,3 m<\/td><\/tr><tr><td class=\"has-text-align-center\" data-align=\"center\">capacit\u00e9<\/td><td class=\"has-text-align-center\" data-align=\"center\">62 pax (dont 27 assis)<\/td><\/tr><tr><td class=\"has-text-align-center\" data-align=\"center\">moteur<\/td><td class=\"has-text-align-center\" data-align=\"center\">Siemens 1DB2016<br>\u00e9lectromoteur sur l&rsquo;essieu arri\u00e8re<\/td><\/tr><tr><td class=\"has-text-align-center\" data-align=\"center\">puissance<\/td><td class=\"has-text-align-center\" data-align=\"center\">200 kW &#8211; 272 ch<\/td><\/tr><tr><td class=\"has-text-align-center\" data-align=\"center\">suite de fabrication<\/td><td class=\"has-text-align-center\" data-align=\"center\"><img loading=\"lazy\" decoding=\"async\" width=\"15\" height=\"15\" class=\"wp-image-3101\" style=\"width: 15px\" src=\"https:\/\/seal.transport-manager.net\/marshall\/wp-content\/uploads\/sites\/76\/2025\/04\/Suiza.png\" alt=\"\"> Bellach<\/td><\/tr><tr><td class=\"has-text-align-center\" data-align=\"center\">mod\u00e8les concurrents<br><em>(en 2025)<\/em><\/td><td class=\"has-text-align-center\" data-align=\"center\">Mercedes-Benz eCitaro K<br>Heuliez GX 137 L E<br>MAN Lion&rsquo;s City 10E<br>Irizar ie Bus 10.8<\/td><\/tr><\/tbody><\/table><\/figure>\n<\/div>\n<\/div>\n\n\n\n<h3 class=\"wp-block-heading\">R\u00e9f\u00e9rencement du parc<\/h3>\n\n\n\n<figure class=\"wp-block-table is-style-stripes\"><table><tbody><tr><td class=\"has-text-align-center\" data-align=\"center\">n\u00b0<\/td><td class=\"has-text-align-center\" data-align=\"center\">date de m.e.s<\/td><td class=\"has-text-align-center\" data-align=\"center\">statut<\/td><td class=\"has-text-align-center\" data-align=\"center\">affectation courante<br>\/ date de retrait<\/td><td class=\"has-text-align-center\" data-align=\"center\">immat.<\/td><td class=\"has-text-align-left\" data-align=\"left\">historique des affectations<\/td><td><\/td><\/tr><tr><td class=\"has-text-align-center\" data-align=\"center\">CH15401<\/td><td class=\"has-text-align-center\" data-align=\"center\">17 Novembre 2025<\/td><td class=\"has-text-align-center\" data-align=\"center\">en service<\/td><td class=\"has-text-align-center\" data-align=\"center\"><img loading=\"lazy\" decoding=\"async\" width=\"84\" height=\"73\" class=\"wp-image-2773\" style=\"width: 84px\" src=\"https:\/\/seal.transport-manager.net\/marshall\/wp-content\/uploads\/sites\/76\/2024\/12\/zweiundsechzig.png\" alt=\"\"><\/td><td class=\"has-text-align-center\" data-align=\"center\">01-542-05<\/td><td class=\"has-text-align-left\" data-align=\"left\"><img loading=\"lazy\" decoding=\"async\" width=\"84\" height=\"73\" class=\"wp-image-2773\" style=\"width: 42px\" src=\"https:\/\/seal.transport-manager.net\/marshall\/wp-content\/uploads\/sites\/76\/2024\/12\/zweiundsechzig.png\" alt=\"\">: depuis Novembre 2025<\/td><td><\/td><\/tr><tr><td class=\"has-text-align-center\" data-align=\"center\">CH15402<\/td><td class=\"has-text-align-center\" data-align=\"center\">7 D\u00e9cembre 2025<\/td><td class=\"has-text-align-center\" data-align=\"center\">en service<\/td><td class=\"has-text-align-center\" data-align=\"center\"><img loading=\"lazy\" decoding=\"async\" width=\"84\" height=\"73\" class=\"wp-image-2773\" style=\"width: 84px\" src=\"https:\/\/seal.transport-manager.net\/marshall\/wp-content\/uploads\/sites\/76\/2024\/12\/zweiundsechzig.png\" alt=\"\"><\/td><td class=\"has-text-align-center\" data-align=\"center\">01-561-92<\/td><td class=\"has-text-align-left\" data-align=\"left\"><img loading=\"lazy\" decoding=\"async\" width=\"84\" height=\"73\" class=\"wp-image-2773\" style=\"width: 42px\" src=\"https:\/\/seal.transport-manager.net\/marshall\/wp-content\/uploads\/sites\/76\/2024\/12\/zweiundsechzig.png\" alt=\"\">: depuis D\u00e9cembre 2025<\/td><td><\/td><\/tr><tr><td class=\"has-text-align-center\" data-align=\"center\">CH15403<\/td><td class=\"has-text-align-center\" data-align=\"center\">7 D\u00e9cembre 2025<\/td><td class=\"has-text-align-center\" data-align=\"center\">en service<\/td><td class=\"has-text-align-center\" data-align=\"center\"><img loading=\"lazy\" decoding=\"async\" width=\"84\" height=\"73\" class=\"wp-image-2773\" style=\"width: 84px\" src=\"https:\/\/seal.transport-manager.net\/marshall\/wp-content\/uploads\/sites\/76\/2024\/12\/zweiundsechzig.png\" alt=\"\"><\/td><td class=\"has-text-align-center\" data-align=\"center\">01-561-93<\/td><td class=\"has-text-align-left\" data-align=\"left\"><img loading=\"lazy\" decoding=\"async\" width=\"84\" height=\"73\" class=\"wp-image-2773\" style=\"width: 42px\" src=\"https:\/\/seal.transport-manager.net\/marshall\/wp-content\/uploads\/sites\/76\/2024\/12\/zweiundsechzig.png\" alt=\"\">: depuis D\u00e9cembre 2025<\/td><td><\/td><\/tr><tr><td class=\"has-text-align-center\" data-align=\"center\">CH15404<\/td><td class=\"has-text-align-center\" data-align=\"center\">9 Janvier 2026<\/td><td class=\"has-text-align-center\" data-align=\"center\">en service<\/td><td class=\"has-text-align-center\" data-align=\"center\"><img loading=\"lazy\" decoding=\"async\" width=\"84\" height=\"73\" class=\"wp-image-2773\" style=\"width: 84px\" src=\"https:\/\/seal.transport-manager.net\/marshall\/wp-content\/uploads\/sites\/76\/2024\/12\/zweiundsechzig.png\" alt=\"\"><\/td><td class=\"has-text-align-center\" data-align=\"center\">01-590-63<\/td><td class=\"has-text-align-left\" data-align=\"left\"><img loading=\"lazy\" decoding=\"async\" width=\"84\" height=\"73\" class=\"wp-image-2773\" style=\"width: 42px\" src=\"https:\/\/seal.transport-manager.net\/marshall\/wp-content\/uploads\/sites\/76\/2024\/12\/zweiundsechzig.png\" alt=\"\">: depuis Janvier 2026<\/td><td><\/td><\/tr><tr><td class=\"has-text-align-center\" data-align=\"center\">CH15405<\/td><td class=\"has-text-align-center\" data-align=\"center\">9 Janvier 2026<\/td><td class=\"has-text-align-center\" data-align=\"center\">en service<\/td><td class=\"has-text-align-center\" data-align=\"center\"><img loading=\"lazy\" decoding=\"async\" width=\"84\" height=\"73\" class=\"wp-image-2773\" style=\"width: 84px\" src=\"https:\/\/seal.transport-manager.net\/marshall\/wp-content\/uploads\/sites\/76\/2024\/12\/zweiundsechzig.png\" alt=\"\"><\/td><td class=\"has-text-align-center\" data-align=\"center\">01-590-64<\/td><td class=\"has-text-align-left\" data-align=\"left\"><img loading=\"lazy\" decoding=\"async\" width=\"84\" height=\"73\" class=\"wp-image-2773\" style=\"width: 42px\" src=\"https:\/\/seal.transport-manager.net\/marshall\/wp-content\/uploads\/sites\/76\/2024\/12\/zweiundsechzig.png\" alt=\"\">: depuis Janvier 2026<\/td><td><\/td><\/tr><tr><td class=\"has-text-align-center\" data-align=\"center\">CH15406<\/td><td class=\"has-text-align-center\" data-align=\"center\">22 Janvier 2026<\/td><td class=\"has-text-align-center\" data-align=\"center\">en service<\/td><td class=\"has-text-align-center\" data-align=\"center\"><img loading=\"lazy\" decoding=\"async\" width=\"84\" height=\"73\" class=\"wp-image-2773\" style=\"width: 84px\" src=\"https:\/\/seal.transport-manager.net\/marshall\/wp-content\/uploads\/sites\/76\/2024\/12\/zweiundsechzig.png\" alt=\"\"><\/td><td class=\"has-text-align-center\" data-align=\"center\">01-604-10<\/td><td class=\"has-text-align-left\" data-align=\"left\"><img loading=\"lazy\" decoding=\"async\" width=\"84\" height=\"73\" class=\"wp-image-2773\" style=\"width: 42px\" src=\"https:\/\/seal.transport-manager.net\/marshall\/wp-content\/uploads\/sites\/76\/2024\/12\/zweiundsechzig.png\" alt=\"\">: depuis F\u00e9vrier 2026<\/td><td><\/td><\/tr><tr><td class=\"has-text-align-center\" data-align=\"center\">CH15407<\/td><td class=\"has-text-align-center\" data-align=\"center\">22 Janvier 2026<\/td><td class=\"has-text-align-center\" data-align=\"center\">en service<\/td><td class=\"has-text-align-center\" data-align=\"center\"><img loading=\"lazy\" decoding=\"async\" width=\"84\" height=\"73\" class=\"wp-image-2773\" style=\"width: 84px\" src=\"https:\/\/seal.transport-manager.net\/marshall\/wp-content\/uploads\/sites\/76\/2024\/12\/zweiundsechzig.png\" alt=\"\"><\/td><td class=\"has-text-align-center\" data-align=\"center\">01-604-11<\/td><td class=\"has-text-align-left\" data-align=\"left\"><img loading=\"lazy\" decoding=\"async\" width=\"84\" height=\"73\" class=\"wp-image-2773\" style=\"width: 42px\" src=\"https:\/\/seal.transport-manager.net\/marshall\/wp-content\/uploads\/sites\/76\/2024\/12\/zweiundsechzig.png\" alt=\"\">: depuis F\u00e9vrier 2026<\/td><td><\/td><\/tr><\/tbody><\/table><\/figure>\n","protected":false},"excerpt":{"rendered":"<p>mise en service 2025-2026 statut en service effectif 7 d\u00e9p\u00f4t Bellevarde affectation Carri\u00e8re r\u00e9sum\u00e9e Le LighTram 10 est command\u00e9 en 7 exemplaires par Transports Canard en 2025. Nomm\u00e9e CH15400 en &#8230; <a title=\"CH15400 &#8211; Hess LighTram 10\" class=\"read-more\" href=\"https:\/\/seal.transport-manager.net\/marshall\/ch15400-hess-lightram-10\/\" aria-label=\"En savoir plus sur CH15400 &#8211; Hess LighTram 10\">Lire la suite<\/a><\/p>\n","protected":false},"author":76,"featured_media":3644,"parent":0,"menu_order":0,"comment_status":"closed","ping_status":"closed","template":"","meta":{"footnotes":""},"class_list":["post-4116","page","type-page","status-publish","has-post-thumbnail"],"_links":{"self":[{"href":"https:\/\/seal.transport-manager.net\/marshall\/wp-json\/wp\/v2\/pages\/4116","targetHints":{"allow":["GET"]}}],"collection":[{"href":"https:\/\/seal.transport-manager.net\/marshall\/wp-json\/wp\/v2\/pages"}],"about":[{"href":"https:\/\/seal.transport-manager.net\/marshall\/wp-json\/wp\/v2\/types\/page"}],"author":[{"embeddable":true,"href":"https:\/\/seal.transport-manager.net\/marshall\/wp-json\/wp\/v2\/users\/76"}],"replies":[{"embeddable":true,"href":"https:\/\/seal.transport-manager.net\/marshall\/wp-json\/wp\/v2\/comments?post=4116"}],"version-history":[{"count":12,"href":"https:\/\/seal.transport-manager.net\/marshall\/wp-json\/wp\/v2\/pages\/4116\/revisions"}],"predecessor-version":[{"id":4407,"href":"https:\/\/seal.transport-manager.net\/marshall\/wp-json\/wp\/v2\/pages\/4116\/revisions\/4407"}],"wp:featuredmedia":[{"embeddable":true,"href":"https:\/\/seal.transport-manager.net\/marshall\/wp-json\/wp\/v2\/media\/3644"}],"wp:attachment":[{"href":"https:\/\/seal.transport-manager.net\/marshall\/wp-json\/wp\/v2\/media?parent=4116"}],"curies":[{"name":"wp","href":"https:\/\/api.w.org\/{rel}","templated":true}]}}