{"id":4163,"date":"2025-11-17T22:23:38","date_gmt":"2025-11-17T21:23:38","guid":{"rendered":"https:\/\/seal.transport-manager.net\/marshall\/?page_id=4163"},"modified":"2025-11-17T22:23:39","modified_gmt":"2025-11-17T21:23:39","slug":"ligne-regiocanard-202","status":"publish","type":"page","link":"https:\/\/seal.transport-manager.net\/marshall\/ligne-regiocanard-202\/","title":{"rendered":"Ligne Regiocanard 202"},"content":{"rendered":"\n<h2 class=\"wp-block-heading\">Fr\u00e2chay &#8211; Le C\u00f4ne de Nimrod &lt;&gt; Valussargues &#8211; Gare Routi\u00e8re<\/h2>\n\n\n\n<div class=\"wp-block-buttons is-content-justification-center is-layout-flex wp-container-core-buttons-is-layout-16018d1d wp-block-buttons-is-layout-flex\">\n<div class=\"wp-block-button\"><a class=\"wp-block-button__link has-base-3-color has-text-color has-background has-link-color wp-element-button\" href=\"https:\/\/i.ibb.co\/Xf65XLx3\/Plan-Canardline202.png\" style=\"background-color:#dc241f\">Plan d\u00e9taill\u00e9 de la ligne Regiocanard 202<\/a><\/div>\n\n\n\n<div class=\"wp-block-button\"><a class=\"wp-block-button__link has-base-3-color has-text-color has-background has-link-color wp-element-button\" href=\"https:\/\/i.ibb.co\/4Z7vzPd9\/Fichehoraire-Canardline202.png\" style=\"background-color:#dc241f\">Fiche-horaire de la ligne Regiocanard 202<\/a><\/div>\n<\/div>\n\n\n\n<p>  <\/p>\n\n\n\n<figure class=\"wp-block-table aligncenter is-style-stripes\"><table><tbody><tr><td class=\"has-text-align-center\" data-align=\"center\"><img loading=\"lazy\" decoding=\"async\" width=\"111\" height=\"73\" class=\"wp-image-3559\" style=\"width: 111px\" src=\"https:\/\/seal.transport-manager.net\/marshall\/wp-content\/uploads\/sites\/76\/2025\/07\/zweihundertundzwei.png\" alt=\"\"><\/td><td class=\"has-text-align-center\" data-align=\"center\"><img loading=\"lazy\" decoding=\"async\" width=\"170\" height=\"80\" class=\"wp-image-3282\" style=\"width: 150px\" src=\"https:\/\/seal.transport-manager.net\/marshall\/wp-content\/uploads\/sites\/76\/2025\/05\/13I.png\" alt=\"\"><\/td><\/tr><tr><td class=\"has-text-align-center\" data-align=\"center\">longueur<\/td><td class=\"has-text-align-center\" data-align=\"center\">29,0 km<\/td><\/tr><tr><td class=\"has-text-align-center\" data-align=\"center\">temps de trajet indicatif<\/td><td class=\"has-text-align-center\" data-align=\"center\">37 minutes<\/td><\/tr><tr><td class=\"has-text-align-center\" data-align=\"center\">nombre de stations<\/td><td class=\"has-text-align-center\" data-align=\"center\">4<\/td><\/tr><tr><td class=\"has-text-align-center\" data-align=\"center\">communes desservies<\/td><td class=\"has-text-align-center\" data-align=\"center\">Fr\u00e2chay-la-Vindicte<br>Ussargues<br>Valcenn\u0153il<br>Valussargues<\/td><\/tr><tr><td class=\"has-text-align-center\" data-align=\"center\">mat\u00e9riel roulant<\/td><td class=\"has-text-align-center\" data-align=\"center\">MD7<br>Skyliner Express<\/td><\/tr><\/tbody><\/table><\/figure>\n","protected":false},"excerpt":{"rendered":"<p>Fr\u00e2chay &#8211; Le C\u00f4ne de Nimrod &lt;&gt; Valussargues &#8211; Gare Routi\u00e8re longueur 29,0 km temps de trajet indicatif 37 minutes nombre de stations 4 communes desservies Fr\u00e2chay-la-VindicteUssarguesValcenn\u0153ilValussargues mat\u00e9riel roulant MD7Skyliner &#8230; <a title=\"Ligne Regiocanard 202\" class=\"read-more\" href=\"https:\/\/seal.transport-manager.net\/marshall\/ligne-regiocanard-202\/\" aria-label=\"En savoir plus sur Ligne Regiocanard 202\">Lire la suite<\/a><\/p>\n","protected":false},"author":76,"featured_media":3559,"parent":0,"menu_order":0,"comment_status":"closed","ping_status":"closed","template":"","meta":{"footnotes":""},"class_list":["post-4163","page","type-page","status-publish","has-post-thumbnail"],"_links":{"self":[{"href":"https:\/\/seal.transport-manager.net\/marshall\/wp-json\/wp\/v2\/pages\/4163","targetHints":{"allow":["GET"]}}],"collection":[{"href":"https:\/\/seal.transport-manager.net\/marshall\/wp-json\/wp\/v2\/pages"}],"about":[{"href":"https:\/\/seal.transport-manager.net\/marshall\/wp-json\/wp\/v2\/types\/page"}],"author":[{"embeddable":true,"href":"https:\/\/seal.transport-manager.net\/marshall\/wp-json\/wp\/v2\/users\/76"}],"replies":[{"embeddable":true,"href":"https:\/\/seal.transport-manager.net\/marshall\/wp-json\/wp\/v2\/comments?post=4163"}],"version-history":[{"count":1,"href":"https:\/\/seal.transport-manager.net\/marshall\/wp-json\/wp\/v2\/pages\/4163\/revisions"}],"predecessor-version":[{"id":4164,"href":"https:\/\/seal.transport-manager.net\/marshall\/wp-json\/wp\/v2\/pages\/4163\/revisions\/4164"}],"wp:featuredmedia":[{"embeddable":true,"href":"https:\/\/seal.transport-manager.net\/marshall\/wp-json\/wp\/v2\/media\/3559"}],"wp:attachment":[{"href":"https:\/\/seal.transport-manager.net\/marshall\/wp-json\/wp\/v2\/media?parent=4163"}],"curies":[{"name":"wp","href":"https:\/\/api.w.org\/{rel}","templated":true}]}}