{"id":105,"date":"2022-11-13T11:29:57","date_gmt":"2022-11-13T10:29:57","guid":{"rendered":"https:\/\/seal.transport-manager.net\/orizo\/?page_id=105"},"modified":"2026-02-24T21:43:34","modified_gmt":"2026-02-24T20:43:34","slug":"a-propos","status":"publish","type":"page","link":"https:\/\/seal.transport-manager.net\/orizo\/a-propos\/","title":{"rendered":"\u00c0 propos"},"content":{"rendered":"\n<figure class=\"wp-block-image alignfull size-full\"><img loading=\"lazy\" decoding=\"async\" width=\"2501\" height=\"226\" src=\"https:\/\/seal.transport-manager.net\/orizo\/wp-content\/uploads\/sites\/54\/2025\/06\/A-propos-02.png\" alt=\"\" class=\"wp-image-2199\" srcset=\"https:\/\/seal.transport-manager.net\/orizo\/wp-content\/uploads\/sites\/54\/2025\/06\/A-propos-02.png 2501w, https:\/\/seal.transport-manager.net\/orizo\/wp-content\/uploads\/sites\/54\/2025\/06\/A-propos-02-300x27.png 300w, https:\/\/seal.transport-manager.net\/orizo\/wp-content\/uploads\/sites\/54\/2025\/06\/A-propos-02-1024x93.png 1024w, https:\/\/seal.transport-manager.net\/orizo\/wp-content\/uploads\/sites\/54\/2025\/06\/A-propos-02-768x69.png 768w, https:\/\/seal.transport-manager.net\/orizo\/wp-content\/uploads\/sites\/54\/2025\/06\/A-propos-02-1536x139.png 1536w, https:\/\/seal.transport-manager.net\/orizo\/wp-content\/uploads\/sites\/54\/2025\/06\/A-propos-02-2048x185.png 2048w\" sizes=\"auto, (max-width: 2501px) 100vw, 2501px\" \/><\/figure>\n\n\n\n<div class=\"wp-block-columns alignfull is-not-stacked-on-mobile is-layout-flex wp-container-core-columns-is-layout-28f84493 wp-block-columns-is-layout-flex\">\n<div class=\"wp-block-column is-layout-flow wp-block-column-is-layout-flow\" style=\"flex-basis:5%\"><\/div>\n\n\n\n<div class=\"wp-block-column is-layout-flow wp-block-column-is-layout-flow\">\n<hr class=\"wp-block-separator has-text-color has-white-color has-alpha-channel-opacity has-white-background-color has-background is-style-wide\" \/>\n\n\n\n<p>RTPA est la soci\u00e9t\u00e9 de transports publics de l\u2019agglom\u00e9ration de Probourg depuis f\u00e9vrier 2022. Notre principal objectif est de reporter les flux de d\u00e9placements vers les transports en commun. Pour cela, de nombreuses mesures ont \u00e9t\u00e9 ou seront mises en place, telle que l\u2019augmentation progressive de l\u2019offre de transport, ou encore la cr\u00e9ation d\u2019une tarification adapt\u00e9e \u00e0 tous.<\/p>\n\n\n\n<p>Notre r\u00e9seau se compose de vingt-cinq lignes r\u00e9guli\u00e8res, de deux lignes \u00e0 la demande et de quatre lignes scolaires. Notre r\u00e9seau dessert l&rsquo;ensemble de la ville de Probourg ainsi que les communes d&rsquo;Arronay, Brinte, Clorent, Lacanac, Le Roto, Ludorgue, Lusignol, Minia, Naubourg, Salanbourg, Tutillus et Vantigue.<\/p>\n\n\n\n<p>RTPA, soci\u00e9t\u00e9 \u00e0 l\u2019avant-garde de la technologie op\u00e8re d\u00e9j\u00e0 sa transition vers des \u00e9nergies plus propres pour ses v\u00e9hicules, avec un parc de v\u00e9hicules roulant exclusivement au GNV et \u00e0 l&rsquo;\u00e9lectricit\u00e9, mais aussi en \u00e9quipant l&rsquo;ensemble de ses v\u00e9hicules de ports USB. Notre parc de v\u00e9hicules est \u00e9galement \u00e9quip\u00e9 du WiFi, et l&rsquo;information pour vos voyages sera prochainement facilit\u00e9e aux arr\u00eats Bus+.<\/p>\n\n\n\n<p>La mobilit\u00e9 de demain est actuellement pr\u00e9par\u00e9e, avec les travaux du tramway.<\/p>\n\n\n\n<p>L\u2019avenir est d\u00e9j\u00e0 l\u00e0. \u00c0 nous de nous adapter, afin de le rendre meilleur.<\/p>\n\n\n\n<p>RTPA \u2013 \u00c0 vos c\u00f4t\u00e9s, tous les jours, ensemble.<\/p>\n\n\n\n<hr class=\"wp-block-separator has-alpha-channel-opacity\" \/>\n\n\n\n<h2 class=\"wp-block-heading has-header-gradient-color has-text-color\">Notre parc de v\u00e9hicules (au 8 f\u00e9vrier 2026)<\/h2>\n\n\n\n<p>Gr\u00e2ce \u00e0 notre parc de v\u00e9hicules compos\u00e9 de bus de plusieurs longueurs diff\u00e9rentes, nous assurons des services adapt\u00e9s \u00e0 vos besoins, que ce soit sur une ligne peu fr\u00e9quent\u00e9e ou vectrice de grands besoins de mobilit\u00e9.<\/p>\n\n\n\n<p>Notre parc roule exclusivement au gaz naturel, sauf les mod\u00e8les Heuliez fonctionnant \u00e0 l&rsquo;\u00e9lectricit\u00e9.<\/p>\n\n\n\n<div class=\"wp-block-media-text is-stacked-on-mobile\" style=\"grid-template-columns:23% auto\"><figure class=\"wp-block-media-text__media\"><img loading=\"lazy\" decoding=\"async\" width=\"1024\" height=\"477\" src=\"https:\/\/seal.transport-manager.net\/orizo\/wp-content\/uploads\/sites\/54\/2025\/09\/Daily-City-GNV-1024x477.png\" alt=\"\" class=\"wp-image-2336 size-full\" srcset=\"https:\/\/seal.transport-manager.net\/orizo\/wp-content\/uploads\/sites\/54\/2025\/09\/Daily-City-GNV-1024x477.png 1024w, https:\/\/seal.transport-manager.net\/orizo\/wp-content\/uploads\/sites\/54\/2025\/09\/Daily-City-GNV-300x140.png 300w, https:\/\/seal.transport-manager.net\/orizo\/wp-content\/uploads\/sites\/54\/2025\/09\/Daily-City-GNV-768x358.png 768w, https:\/\/seal.transport-manager.net\/orizo\/wp-content\/uploads\/sites\/54\/2025\/09\/Daily-City-GNV-1536x716.png 1536w, https:\/\/seal.transport-manager.net\/orizo\/wp-content\/uploads\/sites\/54\/2025\/09\/Daily-City-GNV.png 1628w\" sizes=\"auto, (max-width: 1024px) 100vw, 1024px\" \/><\/figure><div class=\"wp-block-media-text__content\">\n<h3 class=\"wp-block-heading\">Iveco Daily City<\/h3>\n\n\n\n<p>6 v\u00e9hicules<\/p>\n\n\n\n<p><img decoding=\"async\" class=\"wp-image-1989\" style=\"width:auto;height:30px\" src=\"https:\/\/seal.transport-manager.net\/orizo\/wp-content\/uploads\/sites\/54\/2025\/09\/P60.png\" alt=\"\"><img decoding=\"async\" class=\"wp-image-1989\" style=\"width:auto;height:30px\" src=\"https:\/\/seal.transport-manager.net\/orizo\/wp-content\/uploads\/sites\/54\/2025\/09\/P901.png\" alt=\"\"><img decoding=\"async\" class=\"wp-image-1989\" style=\"width:auto;height:30px\" src=\"https:\/\/seal.transport-manager.net\/orizo\/wp-content\/uploads\/sites\/54\/2025\/09\/P902.png\" alt=\"\"><\/p>\n<\/div><\/div>\n\n\n\n<hr class=\"wp-block-separator has-alpha-channel-opacity is-style-dots\" \/>\n\n\n\n<div class=\"wp-block-media-text is-stacked-on-mobile\" style=\"grid-template-columns:30% auto\"><figure class=\"wp-block-media-text__media\"><img loading=\"lazy\" decoding=\"async\" width=\"2560\" height=\"765\" src=\"https:\/\/seal.transport-manager.net\/orizo\/wp-content\/uploads\/sites\/54\/2025\/09\/GX137L-scaled.png\" alt=\"\" class=\"wp-image-2339 size-full\" srcset=\"https:\/\/seal.transport-manager.net\/orizo\/wp-content\/uploads\/sites\/54\/2025\/09\/GX137L-scaled.png 2560w, https:\/\/seal.transport-manager.net\/orizo\/wp-content\/uploads\/sites\/54\/2025\/09\/GX137L-300x90.png 300w, https:\/\/seal.transport-manager.net\/orizo\/wp-content\/uploads\/sites\/54\/2025\/09\/GX137L-1024x306.png 1024w, https:\/\/seal.transport-manager.net\/orizo\/wp-content\/uploads\/sites\/54\/2025\/09\/GX137L-768x229.png 768w, https:\/\/seal.transport-manager.net\/orizo\/wp-content\/uploads\/sites\/54\/2025\/09\/GX137L-1536x459.png 1536w, https:\/\/seal.transport-manager.net\/orizo\/wp-content\/uploads\/sites\/54\/2025\/09\/GX137L-2048x612.png 2048w\" sizes=\"auto, (max-width: 2560px) 100vw, 2560px\" \/><\/figure><div class=\"wp-block-media-text__content\">\n<h3 class=\"wp-block-heading\">Heuliez GX 137 L ELEC<\/h3>\n\n\n\n<p>15 v\u00e9hicules<\/p>\n\n\n\n<p><img decoding=\"async\" class=\"wp-image-1989\" style=\"width:auto;height:30px\" src=\"https:\/\/seal.transport-manager.net\/orizo\/wp-content\/uploads\/sites\/54\/2025\/09\/P62.png\" alt=\"\"><img decoding=\"async\" class=\"wp-image-1989\" style=\"width:auto;height:30px\" src=\"https:\/\/seal.transport-manager.net\/orizo\/wp-content\/uploads\/sites\/54\/2025\/09\/P63.png\" alt=\"\"><img decoding=\"async\" class=\"wp-image-1989\" style=\"width:auto;height:30px\" src=\"https:\/\/seal.transport-manager.net\/orizo\/wp-content\/uploads\/sites\/54\/2025\/09\/P64.png\" alt=\"\"><\/p>\n<\/div><\/div>\n\n\n\n<hr class=\"wp-block-separator has-alpha-channel-opacity is-style-dots\" \/>\n\n\n\n<div class=\"wp-block-media-text is-stacked-on-mobile\" style=\"grid-template-columns:30% auto\"><figure class=\"wp-block-media-text__media\"><img loading=\"lazy\" decoding=\"async\" width=\"2202\" height=\"692\" src=\"https:\/\/seal.transport-manager.net\/orizo\/wp-content\/uploads\/sites\/54\/2025\/09\/Iveco-Urbanway-10-GNV.png\" alt=\"\" class=\"wp-image-2337 size-full\" srcset=\"https:\/\/seal.transport-manager.net\/orizo\/wp-content\/uploads\/sites\/54\/2025\/09\/Iveco-Urbanway-10-GNV.png 2202w, https:\/\/seal.transport-manager.net\/orizo\/wp-content\/uploads\/sites\/54\/2025\/09\/Iveco-Urbanway-10-GNV-300x94.png 300w, https:\/\/seal.transport-manager.net\/orizo\/wp-content\/uploads\/sites\/54\/2025\/09\/Iveco-Urbanway-10-GNV-1024x322.png 1024w, https:\/\/seal.transport-manager.net\/orizo\/wp-content\/uploads\/sites\/54\/2025\/09\/Iveco-Urbanway-10-GNV-768x241.png 768w, https:\/\/seal.transport-manager.net\/orizo\/wp-content\/uploads\/sites\/54\/2025\/09\/Iveco-Urbanway-10-GNV-1536x483.png 1536w, https:\/\/seal.transport-manager.net\/orizo\/wp-content\/uploads\/sites\/54\/2025\/09\/Iveco-Urbanway-10-GNV-2048x644.png 2048w\" sizes=\"auto, (max-width: 2202px) 100vw, 2202px\" \/><\/figure><div class=\"wp-block-media-text__content\">\n<h3 class=\"wp-block-heading\">Iveco Urbanway 10<\/h3>\n\n\n\n<p>11 v\u00e9hicules<\/p>\n\n\n\n<p><img decoding=\"async\" class=\"wp-image-1989\" style=\"width:auto;height:30px\" src=\"https:\/\/seal.transport-manager.net\/orizo\/wp-content\/uploads\/sites\/54\/2025\/09\/P61.png\" alt=\"\"><\/p>\n<\/div><\/div>\n\n\n\n<hr class=\"wp-block-separator has-alpha-channel-opacity is-style-dots\" \/>\n\n\n\n<div class=\"wp-block-media-text is-stacked-on-mobile\" style=\"grid-template-columns:36% auto\"><figure class=\"wp-block-media-text__media\"><img loading=\"lazy\" decoding=\"async\" width=\"1024\" height=\"313\" src=\"https:\/\/seal.transport-manager.net\/orizo\/wp-content\/uploads\/sites\/54\/2022\/11\/Aucune-image...-1024x313.png\" alt=\"\" class=\"wp-image-237 size-full\" srcset=\"https:\/\/seal.transport-manager.net\/orizo\/wp-content\/uploads\/sites\/54\/2022\/11\/Aucune-image...-1024x313.png 1024w, https:\/\/seal.transport-manager.net\/orizo\/wp-content\/uploads\/sites\/54\/2022\/11\/Aucune-image...-300x92.png 300w, https:\/\/seal.transport-manager.net\/orizo\/wp-content\/uploads\/sites\/54\/2022\/11\/Aucune-image...-768x235.png 768w, https:\/\/seal.transport-manager.net\/orizo\/wp-content\/uploads\/sites\/54\/2022\/11\/Aucune-image...-1536x470.png 1536w, https:\/\/seal.transport-manager.net\/orizo\/wp-content\/uploads\/sites\/54\/2022\/11\/Aucune-image...-2048x626.png 2048w\" sizes=\"auto, (max-width: 1024px) 100vw, 1024px\" \/><\/figure><div class=\"wp-block-media-text__content\">\n<h3 class=\"wp-block-heading\">Heuliez GX 337 ELEC<\/h3>\n\n\n\n<p>5 v\u00e9hicules<\/p>\n\n\n\n<p><img decoding=\"async\" class=\"wp-image-1989\" style=\"width:auto;height:30px\" src=\"https:\/\/seal.transport-manager.net\/orizo\/wp-content\/uploads\/sites\/54\/2025\/09\/U7.png\" alt=\"\"><\/p>\n<\/div><\/div>\n\n\n\n<hr class=\"wp-block-separator has-alpha-channel-opacity is-style-dots\" \/>\n\n\n\n<div class=\"wp-block-media-text is-stacked-on-mobile\" style=\"grid-template-columns:36% auto\"><figure class=\"wp-block-media-text__media\"><img loading=\"lazy\" decoding=\"async\" width=\"2496\" height=\"748\" src=\"https:\/\/seal.transport-manager.net\/orizo\/wp-content\/uploads\/sites\/54\/2025\/09\/Urbanway-12-GNV.png\" alt=\"\" class=\"wp-image-2341 size-full\" srcset=\"https:\/\/seal.transport-manager.net\/orizo\/wp-content\/uploads\/sites\/54\/2025\/09\/Urbanway-12-GNV.png 2496w, https:\/\/seal.transport-manager.net\/orizo\/wp-content\/uploads\/sites\/54\/2025\/09\/Urbanway-12-GNV-300x90.png 300w, https:\/\/seal.transport-manager.net\/orizo\/wp-content\/uploads\/sites\/54\/2025\/09\/Urbanway-12-GNV-1024x307.png 1024w, https:\/\/seal.transport-manager.net\/orizo\/wp-content\/uploads\/sites\/54\/2025\/09\/Urbanway-12-GNV-768x230.png 768w, https:\/\/seal.transport-manager.net\/orizo\/wp-content\/uploads\/sites\/54\/2025\/09\/Urbanway-12-GNV-1536x460.png 1536w, https:\/\/seal.transport-manager.net\/orizo\/wp-content\/uploads\/sites\/54\/2025\/09\/Urbanway-12-GNV-2048x614.png 2048w\" sizes=\"auto, (max-width: 2496px) 100vw, 2496px\" \/><\/figure><div class=\"wp-block-media-text__content\">\n<h3 class=\"wp-block-heading\">Iveco Urbanway 12<\/h3>\n\n\n\n<p>15 v\u00e9hicules<\/p>\n\n\n\n<p><img decoding=\"async\" class=\"wp-image-1989\" style=\"width:auto;height:30px\" src=\"https:\/\/seal.transport-manager.net\/orizo\/wp-content\/uploads\/sites\/54\/2025\/09\/U7.png\" alt=\"\"><img decoding=\"async\" class=\"wp-image-1989\" style=\"width:auto;height:30px\" src=\"https:\/\/seal.transport-manager.net\/orizo\/wp-content\/uploads\/sites\/54\/2025\/09\/U13.png\" alt=\"\"><\/p>\n<\/div><\/div>\n\n\n\n<hr class=\"wp-block-separator has-alpha-channel-opacity is-style-dots\" \/>\n\n\n\n<div class=\"wp-block-media-text is-stacked-on-mobile\" style=\"grid-template-columns:36% auto\"><figure class=\"wp-block-media-text__media\"><img loading=\"lazy\" decoding=\"async\" width=\"2560\" height=\"645\" src=\"https:\/\/seal.transport-manager.net\/orizo\/wp-content\/uploads\/sites\/54\/2025\/09\/Solaris-Urbino-IV-12-GNV-scaled.png\" alt=\"\" class=\"wp-image-2340 size-full\" srcset=\"https:\/\/seal.transport-manager.net\/orizo\/wp-content\/uploads\/sites\/54\/2025\/09\/Solaris-Urbino-IV-12-GNV-scaled.png 2560w, https:\/\/seal.transport-manager.net\/orizo\/wp-content\/uploads\/sites\/54\/2025\/09\/Solaris-Urbino-IV-12-GNV-300x76.png 300w, https:\/\/seal.transport-manager.net\/orizo\/wp-content\/uploads\/sites\/54\/2025\/09\/Solaris-Urbino-IV-12-GNV-1024x258.png 1024w, https:\/\/seal.transport-manager.net\/orizo\/wp-content\/uploads\/sites\/54\/2025\/09\/Solaris-Urbino-IV-12-GNV-768x193.png 768w, https:\/\/seal.transport-manager.net\/orizo\/wp-content\/uploads\/sites\/54\/2025\/09\/Solaris-Urbino-IV-12-GNV-1536x387.png 1536w, https:\/\/seal.transport-manager.net\/orizo\/wp-content\/uploads\/sites\/54\/2025\/09\/Solaris-Urbino-IV-12-GNV-2048x516.png 2048w\" sizes=\"auto, (max-width: 2560px) 100vw, 2560px\" \/><\/figure><div class=\"wp-block-media-text__content\">\n<h3 class=\"wp-block-heading\">Solaris Urbino 12 IV<\/h3>\n\n\n\n<p>21 v\u00e9hicules<\/p>\n\n\n\n<p><img decoding=\"async\" class=\"wp-image-1989\" style=\"width:auto;height:30px\" src=\"https:\/\/seal.transport-manager.net\/orizo\/wp-content\/uploads\/sites\/54\/2025\/09\/U4.png\" alt=\"\"><img decoding=\"async\" class=\"wp-image-1989\" style=\"width:auto;height:30px\" src=\"https:\/\/seal.transport-manager.net\/orizo\/wp-content\/uploads\/sites\/54\/2025\/09\/U11.png\" alt=\"\"><img decoding=\"async\" class=\"wp-image-1989\" style=\"width:auto;height:30px\" src=\"https:\/\/seal.transport-manager.net\/orizo\/wp-content\/uploads\/sites\/54\/2025\/09\/U12.png\" alt=\"\"><\/p>\n<\/div><\/div>\n\n\n\n<hr class=\"wp-block-separator has-alpha-channel-opacity is-style-dots\" \/>\n\n\n\n<div class=\"wp-block-media-text is-stacked-on-mobile\" style=\"grid-template-columns:36% auto\"><figure class=\"wp-block-media-text__media\"><img loading=\"lazy\" decoding=\"async\" width=\"1024\" height=\"313\" src=\"https:\/\/seal.transport-manager.net\/orizo\/wp-content\/uploads\/sites\/54\/2022\/11\/Aucune-image...-1024x313.png\" alt=\"\" class=\"wp-image-237 size-full\" srcset=\"https:\/\/seal.transport-manager.net\/orizo\/wp-content\/uploads\/sites\/54\/2022\/11\/Aucune-image...-1024x313.png 1024w, https:\/\/seal.transport-manager.net\/orizo\/wp-content\/uploads\/sites\/54\/2022\/11\/Aucune-image...-300x92.png 300w, https:\/\/seal.transport-manager.net\/orizo\/wp-content\/uploads\/sites\/54\/2022\/11\/Aucune-image...-768x235.png 768w, https:\/\/seal.transport-manager.net\/orizo\/wp-content\/uploads\/sites\/54\/2022\/11\/Aucune-image...-1536x470.png 1536w, https:\/\/seal.transport-manager.net\/orizo\/wp-content\/uploads\/sites\/54\/2022\/11\/Aucune-image...-2048x626.png 2048w\" sizes=\"auto, (max-width: 1024px) 100vw, 1024px\" \/><\/figure><div class=\"wp-block-media-text__content\">\n<h3 class=\"wp-block-heading\">Heuliez GX 337 LINIUM ELEC<\/h3>\n\n\n\n<p>2 v\u00e9hicules<\/p>\n\n\n\n<p><img decoding=\"async\" class=\"wp-image-1989\" style=\"width:auto;height:30px\" src=\"https:\/\/seal.transport-manager.net\/orizo\/wp-content\/uploads\/sites\/54\/2025\/09\/B3.png\" alt=\"\"><\/p>\n<\/div><\/div>\n\n\n\n<hr class=\"wp-block-separator has-alpha-channel-opacity is-style-dots\" \/>\n\n\n\n<div class=\"wp-block-media-text is-stacked-on-mobile\" style=\"grid-template-columns:36% auto\"><figure class=\"wp-block-media-text__media\"><img loading=\"lazy\" decoding=\"async\" width=\"1024\" height=\"305\" src=\"https:\/\/seal.transport-manager.net\/orizo\/wp-content\/uploads\/sites\/54\/2026\/02\/Iveco-Crealis-12-1024x305.png\" alt=\"\" class=\"wp-image-2462 size-full\" srcset=\"https:\/\/seal.transport-manager.net\/orizo\/wp-content\/uploads\/sites\/54\/2026\/02\/Iveco-Crealis-12-1024x305.png 1024w, https:\/\/seal.transport-manager.net\/orizo\/wp-content\/uploads\/sites\/54\/2026\/02\/Iveco-Crealis-12-300x89.png 300w, https:\/\/seal.transport-manager.net\/orizo\/wp-content\/uploads\/sites\/54\/2026\/02\/Iveco-Crealis-12-768x229.png 768w, https:\/\/seal.transport-manager.net\/orizo\/wp-content\/uploads\/sites\/54\/2026\/02\/Iveco-Crealis-12-1536x457.png 1536w, https:\/\/seal.transport-manager.net\/orizo\/wp-content\/uploads\/sites\/54\/2026\/02\/Iveco-Crealis-12-2048x610.png 2048w\" sizes=\"auto, (max-width: 1024px) 100vw, 1024px\" \/><\/figure><div class=\"wp-block-media-text__content\">\n<h3 class=\"wp-block-heading\">Iveco Cr\u00e9alis 12<\/h3>\n\n\n\n<p>18 v\u00e9hicules<\/p>\n\n\n\n<p><img decoding=\"async\" class=\"wp-image-1989\" style=\"width:auto;height:30px\" src=\"https:\/\/seal.transport-manager.net\/orizo\/wp-content\/uploads\/sites\/54\/2025\/09\/B3.png\" alt=\"\"><\/p>\n<\/div><\/div>\n\n\n\n<hr class=\"wp-block-separator has-alpha-channel-opacity is-style-dots\" \/>\n\n\n\n<div class=\"wp-block-media-text is-stacked-on-mobile\" style=\"grid-template-columns:36% auto\"><figure class=\"wp-block-media-text__media\"><img loading=\"lazy\" decoding=\"async\" width=\"2560\" height=\"652\" src=\"https:\/\/seal.transport-manager.net\/orizo\/wp-content\/uploads\/sites\/54\/2026\/01\/Iveco-Crossway-LE-City-scaled.png\" alt=\"\" class=\"wp-image-2405 size-full\" srcset=\"https:\/\/seal.transport-manager.net\/orizo\/wp-content\/uploads\/sites\/54\/2026\/01\/Iveco-Crossway-LE-City-scaled.png 2560w, https:\/\/seal.transport-manager.net\/orizo\/wp-content\/uploads\/sites\/54\/2026\/01\/Iveco-Crossway-LE-City-300x76.png 300w, https:\/\/seal.transport-manager.net\/orizo\/wp-content\/uploads\/sites\/54\/2026\/01\/Iveco-Crossway-LE-City-1024x261.png 1024w, https:\/\/seal.transport-manager.net\/orizo\/wp-content\/uploads\/sites\/54\/2026\/01\/Iveco-Crossway-LE-City-768x196.png 768w, https:\/\/seal.transport-manager.net\/orizo\/wp-content\/uploads\/sites\/54\/2026\/01\/Iveco-Crossway-LE-City-1536x391.png 1536w, https:\/\/seal.transport-manager.net\/orizo\/wp-content\/uploads\/sites\/54\/2026\/01\/Iveco-Crossway-LE-City-2048x522.png 2048w\" sizes=\"auto, (max-width: 2560px) 100vw, 2560px\" \/><\/figure><div class=\"wp-block-media-text__content\">\n<h3 class=\"wp-block-heading\">Iveco Crossway LE City<\/h3>\n\n\n\n<p>20 v\u00e9hicules<\/p>\n\n\n\n<p><img decoding=\"async\" class=\"wp-image-1989\" style=\"width:auto;height:30px\" src=\"https:\/\/seal.transport-manager.net\/orizo\/wp-content\/uploads\/sites\/54\/2025\/09\/U12.png\" alt=\"\"><img decoding=\"async\" class=\"wp-image-1989\" style=\"width:auto;height:30px\" src=\"https:\/\/seal.transport-manager.net\/orizo\/wp-content\/uploads\/sites\/54\/2025\/09\/U101.png\" alt=\"\"><img decoding=\"async\" class=\"wp-image-1989\" style=\"width:auto;height:30px\" src=\"https:\/\/seal.transport-manager.net\/orizo\/wp-content\/uploads\/sites\/54\/2025\/09\/U102.png\" alt=\"\"><img decoding=\"async\" class=\"wp-image-1989\" style=\"width:auto;height:30px\" src=\"https:\/\/seal.transport-manager.net\/orizo\/wp-content\/uploads\/sites\/54\/2025\/09\/U103.png\" alt=\"\"><img decoding=\"async\" class=\"wp-image-1989\" style=\"width:auto;height:30px\" src=\"https:\/\/seal.transport-manager.net\/orizo\/wp-content\/uploads\/sites\/54\/2025\/09\/S601.png\" alt=\"\"><img decoding=\"async\" class=\"wp-image-1989\" style=\"width:auto;height:30px\" src=\"https:\/\/seal.transport-manager.net\/orizo\/wp-content\/uploads\/sites\/54\/2025\/09\/S602.png\" alt=\"\"><\/p>\n<\/div><\/div>\n\n\n\n<hr class=\"wp-block-separator has-alpha-channel-opacity is-style-dots\" \/>\n\n\n\n<div class=\"wp-block-media-text is-stacked-on-mobile\" style=\"grid-template-columns:36% auto\"><figure class=\"wp-block-media-text__media\"><img loading=\"lazy\" decoding=\"async\" width=\"2560\" height=\"703\" src=\"https:\/\/seal.transport-manager.net\/orizo\/wp-content\/uploads\/sites\/54\/2026\/01\/Iveco-Crossway-LINE-scaled.png\" alt=\"\" class=\"wp-image-2407 size-full\" srcset=\"https:\/\/seal.transport-manager.net\/orizo\/wp-content\/uploads\/sites\/54\/2026\/01\/Iveco-Crossway-LINE-scaled.png 2560w, https:\/\/seal.transport-manager.net\/orizo\/wp-content\/uploads\/sites\/54\/2026\/01\/Iveco-Crossway-LINE-300x82.png 300w, https:\/\/seal.transport-manager.net\/orizo\/wp-content\/uploads\/sites\/54\/2026\/01\/Iveco-Crossway-LINE-1024x281.png 1024w, https:\/\/seal.transport-manager.net\/orizo\/wp-content\/uploads\/sites\/54\/2026\/01\/Iveco-Crossway-LINE-768x211.png 768w, https:\/\/seal.transport-manager.net\/orizo\/wp-content\/uploads\/sites\/54\/2026\/01\/Iveco-Crossway-LINE-1536x422.png 1536w, https:\/\/seal.transport-manager.net\/orizo\/wp-content\/uploads\/sites\/54\/2026\/01\/Iveco-Crossway-LINE-2048x563.png 2048w\" sizes=\"auto, (max-width: 2560px) 100vw, 2560px\" \/><\/figure><div class=\"wp-block-media-text__content\">\n<h3 class=\"wp-block-heading\">Iveco Crossway LINE<\/h3>\n\n\n\n<p>17 v\u00e9hicules<\/p>\n\n\n\n<p><img decoding=\"async\" class=\"wp-image-1989\" style=\"width:auto;height:30px\" src=\"https:\/\/seal.transport-manager.net\/orizo\/wp-content\/uploads\/sites\/54\/2025\/09\/L201.png\" alt=\"\"><img decoding=\"async\" class=\"wp-image-1989\" style=\"width:auto;height:30px\" src=\"https:\/\/seal.transport-manager.net\/orizo\/wp-content\/uploads\/sites\/54\/2025\/09\/L202.png\" alt=\"\"><img decoding=\"async\" class=\"wp-image-1989\" style=\"width:auto;height:30px\" src=\"https:\/\/seal.transport-manager.net\/orizo\/wp-content\/uploads\/sites\/54\/2025\/09\/L203.png\" alt=\"\"><img decoding=\"async\" class=\"wp-image-1989\" style=\"width:auto;height:30px\" src=\"https:\/\/seal.transport-manager.net\/orizo\/wp-content\/uploads\/sites\/54\/2025\/09\/S651.png\" alt=\"\"><img decoding=\"async\" class=\"wp-image-1989\" style=\"width:auto;height:30px\" src=\"https:\/\/seal.transport-manager.net\/orizo\/wp-content\/uploads\/sites\/54\/2025\/09\/S652.png\" alt=\"\"><\/p>\n<\/div><\/div>\n\n\n\n<hr class=\"wp-block-separator has-alpha-channel-opacity is-style-dots\" \/>\n\n\n\n<div class=\"wp-block-media-text is-stacked-on-mobile\" style=\"grid-template-columns:45% auto\"><figure class=\"wp-block-media-text__media\"><img loading=\"lazy\" decoding=\"async\" width=\"2560\" height=\"575\" src=\"https:\/\/seal.transport-manager.net\/orizo\/wp-content\/uploads\/sites\/54\/2026\/01\/Man-Lions-City-L-scaled.png\" alt=\"\" class=\"wp-image-2415 size-full\" srcset=\"https:\/\/seal.transport-manager.net\/orizo\/wp-content\/uploads\/sites\/54\/2026\/01\/Man-Lions-City-L-scaled.png 2560w, https:\/\/seal.transport-manager.net\/orizo\/wp-content\/uploads\/sites\/54\/2026\/01\/Man-Lions-City-L-300x67.png 300w, https:\/\/seal.transport-manager.net\/orizo\/wp-content\/uploads\/sites\/54\/2026\/01\/Man-Lions-City-L-1024x230.png 1024w, https:\/\/seal.transport-manager.net\/orizo\/wp-content\/uploads\/sites\/54\/2026\/01\/Man-Lions-City-L-768x173.png 768w, https:\/\/seal.transport-manager.net\/orizo\/wp-content\/uploads\/sites\/54\/2026\/01\/Man-Lions-City-L-1536x345.png 1536w, https:\/\/seal.transport-manager.net\/orizo\/wp-content\/uploads\/sites\/54\/2026\/01\/Man-Lions-City-L-2048x460.png 2048w\" sizes=\"auto, (max-width: 2560px) 100vw, 2560px\" \/><\/figure><div class=\"wp-block-media-text__content\">\n<h3 class=\"wp-block-heading\">Man Lion&rsquo;s City L<\/h3>\n\n\n\n<p>16 v\u00e9hicules<\/p>\n\n\n\n<p><img decoding=\"async\" class=\"wp-image-1989\" style=\"width:auto;height:30px\" src=\"https:\/\/seal.transport-manager.net\/orizo\/wp-content\/uploads\/sites\/54\/2025\/09\/U8.png\" alt=\"\"><img decoding=\"async\" class=\"wp-image-1989\" style=\"width:auto;height:30px\" src=\"https:\/\/seal.transport-manager.net\/orizo\/wp-content\/uploads\/sites\/54\/2025\/09\/U9.png\" alt=\"\"><\/p>\n<\/div><\/div>\n\n\n\n<hr class=\"wp-block-separator has-alpha-channel-opacity is-style-dots\" \/>\n\n\n\n<div class=\"wp-block-media-text is-stacked-on-mobile\" style=\"grid-template-columns:45% auto\"><figure class=\"wp-block-media-text__media\"><img loading=\"lazy\" decoding=\"async\" width=\"2560\" height=\"560\" src=\"https:\/\/seal.transport-manager.net\/orizo\/wp-content\/uploads\/sites\/54\/2026\/01\/Solaris-Urbino-III-15-GNV-1-scaled.png\" alt=\"\" class=\"wp-image-2419 size-full\" srcset=\"https:\/\/seal.transport-manager.net\/orizo\/wp-content\/uploads\/sites\/54\/2026\/01\/Solaris-Urbino-III-15-GNV-1-scaled.png 2560w, https:\/\/seal.transport-manager.net\/orizo\/wp-content\/uploads\/sites\/54\/2026\/01\/Solaris-Urbino-III-15-GNV-1-300x66.png 300w, https:\/\/seal.transport-manager.net\/orizo\/wp-content\/uploads\/sites\/54\/2026\/01\/Solaris-Urbino-III-15-GNV-1-1024x224.png 1024w, https:\/\/seal.transport-manager.net\/orizo\/wp-content\/uploads\/sites\/54\/2026\/01\/Solaris-Urbino-III-15-GNV-1-768x168.png 768w, https:\/\/seal.transport-manager.net\/orizo\/wp-content\/uploads\/sites\/54\/2026\/01\/Solaris-Urbino-III-15-GNV-1-1536x336.png 1536w, https:\/\/seal.transport-manager.net\/orizo\/wp-content\/uploads\/sites\/54\/2026\/01\/Solaris-Urbino-III-15-GNV-1-2048x448.png 2048w\" sizes=\"auto, (max-width: 2560px) 100vw, 2560px\" \/><\/figure><div class=\"wp-block-media-text__content\">\n<h3 class=\"wp-block-heading\">Solaris Urbino 15 III<\/h3>\n\n\n\n<p>6 v\u00e9hicules<\/p>\n\n\n\n<p><img decoding=\"async\" class=\"wp-image-1989\" style=\"width:auto;height:30px\" src=\"https:\/\/seal.transport-manager.net\/orizo\/wp-content\/uploads\/sites\/54\/2025\/09\/U6.png\" alt=\"\"><\/p>\n<\/div><\/div>\n\n\n\n<hr class=\"wp-block-separator has-alpha-channel-opacity is-style-dots\" \/>\n\n\n\n<div class=\"wp-block-media-text is-stacked-on-mobile\" style=\"grid-template-columns:54% auto\"><figure class=\"wp-block-media-text__media\"><img loading=\"lazy\" decoding=\"async\" width=\"1024\" height=\"313\" src=\"https:\/\/seal.transport-manager.net\/orizo\/wp-content\/uploads\/sites\/54\/2022\/11\/Aucune-image...-1024x313.png\" alt=\"\" class=\"wp-image-237 size-full\" srcset=\"https:\/\/seal.transport-manager.net\/orizo\/wp-content\/uploads\/sites\/54\/2022\/11\/Aucune-image...-1024x313.png 1024w, https:\/\/seal.transport-manager.net\/orizo\/wp-content\/uploads\/sites\/54\/2022\/11\/Aucune-image...-300x92.png 300w, https:\/\/seal.transport-manager.net\/orizo\/wp-content\/uploads\/sites\/54\/2022\/11\/Aucune-image...-768x235.png 768w, https:\/\/seal.transport-manager.net\/orizo\/wp-content\/uploads\/sites\/54\/2022\/11\/Aucune-image...-1536x470.png 1536w, https:\/\/seal.transport-manager.net\/orizo\/wp-content\/uploads\/sites\/54\/2022\/11\/Aucune-image...-2048x626.png 2048w\" sizes=\"auto, (max-width: 1024px) 100vw, 1024px\" \/><\/figure><div class=\"wp-block-media-text__content\">\n<h3 class=\"wp-block-heading\">Heuliez GX 437 ELEC<\/h3>\n\n\n\n<p>23 v\u00e9hicules<\/p>\n\n\n\n<p><img decoding=\"async\" class=\"wp-image-1989\" style=\"width:auto;height:30px\" src=\"https:\/\/seal.transport-manager.net\/orizo\/wp-content\/uploads\/sites\/54\/2025\/09\/U10.png\" alt=\"\"><\/p>\n<\/div><\/div>\n\n\n\n<hr class=\"wp-block-separator has-alpha-channel-opacity is-style-dots\" \/>\n\n\n\n<div class=\"wp-block-media-text is-stacked-on-mobile\" style=\"grid-template-columns:54% auto\"><figure class=\"wp-block-media-text__media\"><img loading=\"lazy\" decoding=\"async\" width=\"2560\" height=\"492\" src=\"https:\/\/seal.transport-manager.net\/orizo\/wp-content\/uploads\/sites\/54\/2026\/01\/Irisbus-Citelis-18-scaled.png\" alt=\"\" class=\"wp-image-2421 size-full\" srcset=\"https:\/\/seal.transport-manager.net\/orizo\/wp-content\/uploads\/sites\/54\/2026\/01\/Irisbus-Citelis-18-scaled.png 2560w, https:\/\/seal.transport-manager.net\/orizo\/wp-content\/uploads\/sites\/54\/2026\/01\/Irisbus-Citelis-18-300x58.png 300w, https:\/\/seal.transport-manager.net\/orizo\/wp-content\/uploads\/sites\/54\/2026\/01\/Irisbus-Citelis-18-1024x197.png 1024w, https:\/\/seal.transport-manager.net\/orizo\/wp-content\/uploads\/sites\/54\/2026\/01\/Irisbus-Citelis-18-768x148.png 768w, https:\/\/seal.transport-manager.net\/orizo\/wp-content\/uploads\/sites\/54\/2026\/01\/Irisbus-Citelis-18-1536x295.png 1536w, https:\/\/seal.transport-manager.net\/orizo\/wp-content\/uploads\/sites\/54\/2026\/01\/Irisbus-Citelis-18-2048x394.png 2048w\" sizes=\"auto, (max-width: 2560px) 100vw, 2560px\" \/><\/figure><div class=\"wp-block-media-text__content\">\n<h3 class=\"wp-block-heading\">Irisbus Citelis 18<\/h3>\n\n\n\n<p>13 v\u00e9hicules<\/p>\n\n\n\n<p><img decoding=\"async\" class=\"wp-image-1989\" style=\"width:auto;height:30px\" src=\"https:\/\/seal.transport-manager.net\/orizo\/wp-content\/uploads\/sites\/54\/2025\/09\/U10.png\" alt=\"\"><\/p>\n<\/div><\/div>\n\n\n\n<hr class=\"wp-block-separator has-alpha-channel-opacity is-style-dots\" \/>\n\n\n\n<div class=\"wp-block-media-text is-stacked-on-mobile\" style=\"grid-template-columns:54% auto\"><figure class=\"wp-block-media-text__media\"><img loading=\"lazy\" decoding=\"async\" width=\"2560\" height=\"492\" src=\"https:\/\/seal.transport-manager.net\/orizo\/wp-content\/uploads\/sites\/54\/2026\/01\/Urbanway-18-GNV-scaled.png\" alt=\"\" class=\"wp-image-2423 size-full\" srcset=\"https:\/\/seal.transport-manager.net\/orizo\/wp-content\/uploads\/sites\/54\/2026\/01\/Urbanway-18-GNV-scaled.png 2560w, https:\/\/seal.transport-manager.net\/orizo\/wp-content\/uploads\/sites\/54\/2026\/01\/Urbanway-18-GNV-300x58.png 300w, https:\/\/seal.transport-manager.net\/orizo\/wp-content\/uploads\/sites\/54\/2026\/01\/Urbanway-18-GNV-1024x197.png 1024w, https:\/\/seal.transport-manager.net\/orizo\/wp-content\/uploads\/sites\/54\/2026\/01\/Urbanway-18-GNV-768x148.png 768w, https:\/\/seal.transport-manager.net\/orizo\/wp-content\/uploads\/sites\/54\/2026\/01\/Urbanway-18-GNV-1536x295.png 1536w, https:\/\/seal.transport-manager.net\/orizo\/wp-content\/uploads\/sites\/54\/2026\/01\/Urbanway-18-GNV-2048x394.png 2048w\" sizes=\"auto, (max-width: 2560px) 100vw, 2560px\" \/><\/figure><div class=\"wp-block-media-text__content\">\n<h3 class=\"wp-block-heading\">Iveco Urbanway 18<\/h3>\n\n\n\n<p>2 v\u00e9hicules<\/p>\n\n\n\n<p><\/p>\n<\/div><\/div>\n\n\n\n<hr class=\"wp-block-separator has-alpha-channel-opacity is-style-dots\" \/>\n\n\n\n<div class=\"wp-block-media-text is-stacked-on-mobile\" style=\"grid-template-columns:54% auto\"><figure class=\"wp-block-media-text__media\"><img loading=\"lazy\" decoding=\"async\" width=\"2560\" height=\"432\" src=\"https:\/\/seal.transport-manager.net\/orizo\/wp-content\/uploads\/sites\/54\/2026\/01\/Solaris-Urbino-IV-18-GNV-scaled.png\" alt=\"\" class=\"wp-image-2425 size-full\" srcset=\"https:\/\/seal.transport-manager.net\/orizo\/wp-content\/uploads\/sites\/54\/2026\/01\/Solaris-Urbino-IV-18-GNV-scaled.png 2560w, https:\/\/seal.transport-manager.net\/orizo\/wp-content\/uploads\/sites\/54\/2026\/01\/Solaris-Urbino-IV-18-GNV-300x51.png 300w, https:\/\/seal.transport-manager.net\/orizo\/wp-content\/uploads\/sites\/54\/2026\/01\/Solaris-Urbino-IV-18-GNV-1024x173.png 1024w, https:\/\/seal.transport-manager.net\/orizo\/wp-content\/uploads\/sites\/54\/2026\/01\/Solaris-Urbino-IV-18-GNV-768x130.png 768w, https:\/\/seal.transport-manager.net\/orizo\/wp-content\/uploads\/sites\/54\/2026\/01\/Solaris-Urbino-IV-18-GNV-1536x259.png 1536w, https:\/\/seal.transport-manager.net\/orizo\/wp-content\/uploads\/sites\/54\/2026\/01\/Solaris-Urbino-IV-18-GNV-2048x346.png 2048w\" sizes=\"auto, (max-width: 2560px) 100vw, 2560px\" \/><\/figure><div class=\"wp-block-media-text__content\">\n<h3 class=\"wp-block-heading\">Solaris Urbino 18 IV<\/h3>\n\n\n\n<p>18 v\u00e9hicules<\/p>\n\n\n\n<p><img decoding=\"async\" class=\"wp-image-1989\" style=\"width:auto;height:30px\" src=\"https:\/\/seal.transport-manager.net\/orizo\/wp-content\/uploads\/sites\/54\/2025\/09\/U5.png\" alt=\"\"><\/p>\n<\/div><\/div>\n\n\n\n<hr class=\"wp-block-separator has-alpha-channel-opacity is-style-dots\" \/>\n\n\n\n<div class=\"wp-block-media-text is-stacked-on-mobile\" style=\"grid-template-columns:54% auto\"><figure class=\"wp-block-media-text__media\"><img loading=\"lazy\" decoding=\"async\" width=\"1024\" height=\"209\" src=\"https:\/\/seal.transport-manager.net\/orizo\/wp-content\/uploads\/sites\/54\/2026\/02\/Irisbus-Crealis-Neo-18-1024x209.png\" alt=\"\" class=\"wp-image-2460 size-full\" srcset=\"https:\/\/seal.transport-manager.net\/orizo\/wp-content\/uploads\/sites\/54\/2026\/02\/Irisbus-Crealis-Neo-18-1024x209.png 1024w, https:\/\/seal.transport-manager.net\/orizo\/wp-content\/uploads\/sites\/54\/2026\/02\/Irisbus-Crealis-Neo-18-300x61.png 300w, https:\/\/seal.transport-manager.net\/orizo\/wp-content\/uploads\/sites\/54\/2026\/02\/Irisbus-Crealis-Neo-18-768x157.png 768w, https:\/\/seal.transport-manager.net\/orizo\/wp-content\/uploads\/sites\/54\/2026\/02\/Irisbus-Crealis-Neo-18-1536x314.png 1536w, https:\/\/seal.transport-manager.net\/orizo\/wp-content\/uploads\/sites\/54\/2026\/02\/Irisbus-Crealis-Neo-18-2048x418.png 2048w\" sizes=\"auto, (max-width: 1024px) 100vw, 1024px\" \/><\/figure><div class=\"wp-block-media-text__content\">\n<h3 class=\"wp-block-heading\">Irisbus Cr\u00e9alis N\u00e9o 18<\/h3>\n\n\n\n<p>1 v\u00e9hicule<\/p>\n\n\n\n<p><\/p>\n<\/div><\/div>\n\n\n\n<hr class=\"wp-block-separator has-alpha-channel-opacity is-style-dots\" \/>\n\n\n\n<div class=\"wp-block-media-text is-stacked-on-mobile\" style=\"grid-template-columns:54% auto\"><figure class=\"wp-block-media-text__media\"><img loading=\"lazy\" decoding=\"async\" width=\"1024\" height=\"313\" src=\"https:\/\/seal.transport-manager.net\/orizo\/wp-content\/uploads\/sites\/54\/2022\/11\/Aucune-image...-1024x313.png\" alt=\"\" class=\"wp-image-237 size-full\" srcset=\"https:\/\/seal.transport-manager.net\/orizo\/wp-content\/uploads\/sites\/54\/2022\/11\/Aucune-image...-1024x313.png 1024w, https:\/\/seal.transport-manager.net\/orizo\/wp-content\/uploads\/sites\/54\/2022\/11\/Aucune-image...-300x92.png 300w, https:\/\/seal.transport-manager.net\/orizo\/wp-content\/uploads\/sites\/54\/2022\/11\/Aucune-image...-768x235.png 768w, https:\/\/seal.transport-manager.net\/orizo\/wp-content\/uploads\/sites\/54\/2022\/11\/Aucune-image...-1536x470.png 1536w, https:\/\/seal.transport-manager.net\/orizo\/wp-content\/uploads\/sites\/54\/2022\/11\/Aucune-image...-2048x626.png 2048w\" sizes=\"auto, (max-width: 1024px) 100vw, 1024px\" \/><\/figure><div class=\"wp-block-media-text__content\">\n<h3 class=\"wp-block-heading\">Iveco Cr\u00e9alis 18<\/h3>\n\n\n\n<p>19 v\u00e9hicules<\/p>\n\n\n\n<p><img decoding=\"async\" class=\"wp-image-1989\" style=\"width:auto;height:30px\" src=\"https:\/\/seal.transport-manager.net\/orizo\/wp-content\/uploads\/sites\/54\/2025\/09\/B1.png\" alt=\"\"><img decoding=\"async\" class=\"wp-image-1989\" style=\"width:auto;height:30px\" src=\"https:\/\/seal.transport-manager.net\/orizo\/wp-content\/uploads\/sites\/54\/2025\/09\/B2.png\" alt=\"\"><\/p>\n<\/div><\/div>\n\n\n\n<hr class=\"wp-block-separator has-alpha-channel-opacity is-style-dots\" \/>\n\n\n\n<div class=\"wp-block-media-text is-stacked-on-mobile\" style=\"grid-template-columns:54% auto\"><figure class=\"wp-block-media-text__media\"><img loading=\"lazy\" decoding=\"async\" width=\"1024\" height=\"313\" src=\"https:\/\/seal.transport-manager.net\/orizo\/wp-content\/uploads\/sites\/54\/2022\/11\/Aucune-image...-1024x313.png\" alt=\"\" class=\"wp-image-237 size-full\" srcset=\"https:\/\/seal.transport-manager.net\/orizo\/wp-content\/uploads\/sites\/54\/2022\/11\/Aucune-image...-1024x313.png 1024w, https:\/\/seal.transport-manager.net\/orizo\/wp-content\/uploads\/sites\/54\/2022\/11\/Aucune-image...-300x92.png 300w, https:\/\/seal.transport-manager.net\/orizo\/wp-content\/uploads\/sites\/54\/2022\/11\/Aucune-image...-768x235.png 768w, https:\/\/seal.transport-manager.net\/orizo\/wp-content\/uploads\/sites\/54\/2022\/11\/Aucune-image...-1536x470.png 1536w, https:\/\/seal.transport-manager.net\/orizo\/wp-content\/uploads\/sites\/54\/2022\/11\/Aucune-image...-2048x626.png 2048w\" sizes=\"auto, (max-width: 1024px) 100vw, 1024px\" \/><\/figure><div class=\"wp-block-media-text__content\">\n<h3 class=\"wp-block-heading\">Iveco Urbanway 18 BHNS<\/h3>\n\n\n\n<p>2 v\u00e9hicules<\/p>\n\n\n\n<p><\/p>\n<\/div><\/div>\n\n\n\n<hr class=\"wp-block-separator has-alpha-channel-opacity is-style-dots\" \/>\n\n\n\n<div class=\"wp-block-media-text is-stacked-on-mobile\" style=\"grid-template-columns:72% auto\"><figure class=\"wp-block-media-text__media\"><img loading=\"lazy\" decoding=\"async\" width=\"1024\" height=\"137\" src=\"https:\/\/seal.transport-manager.net\/orizo\/wp-content\/uploads\/sites\/54\/2026\/02\/Van-Hool-Exquicity-24-1024x137.png\" alt=\"\" class=\"wp-image-2458 size-full\" srcset=\"https:\/\/seal.transport-manager.net\/orizo\/wp-content\/uploads\/sites\/54\/2026\/02\/Van-Hool-Exquicity-24-1024x137.png 1024w, https:\/\/seal.transport-manager.net\/orizo\/wp-content\/uploads\/sites\/54\/2026\/02\/Van-Hool-Exquicity-24-300x40.png 300w, https:\/\/seal.transport-manager.net\/orizo\/wp-content\/uploads\/sites\/54\/2026\/02\/Van-Hool-Exquicity-24-768x103.png 768w, https:\/\/seal.transport-manager.net\/orizo\/wp-content\/uploads\/sites\/54\/2026\/02\/Van-Hool-Exquicity-24-1536x206.png 1536w, https:\/\/seal.transport-manager.net\/orizo\/wp-content\/uploads\/sites\/54\/2026\/02\/Van-Hool-Exquicity-24-2048x274.png 2048w\" sizes=\"auto, (max-width: 1024px) 100vw, 1024px\" \/><\/figure><div class=\"wp-block-media-text__content\">\n<h3 class=\"wp-block-heading\">Van Hool Exqui.City 24<\/h3>\n\n\n\n<p>12 v\u00e9hicules<\/p>\n\n\n\n<p><img decoding=\"async\" class=\"wp-image-1989\" style=\"width:auto;height:30px\" src=\"https:\/\/seal.transport-manager.net\/orizo\/wp-content\/uploads\/sites\/54\/2025\/09\/B2.png\" alt=\"\"><\/p>\n<\/div><\/div>\n\n\n\n<hr class=\"wp-block-separator has-alpha-channel-opacity is-style-wide\" \/>\n\n\n\n<h2 class=\"wp-block-heading has-header-gradient-color has-text-color\">Notre mus\u00e9e de v\u00e9hicules<\/h2>\n\n\n\n<p>Au fil de notre histoire, nous avons pu conserver en bon \u00e9tat plusieurs v\u00e9hicules, ayant marqu\u00e9 notre pass\u00e9.<\/p>\n\n\n\n<p>Ces v\u00e9hicules peuvent \u00eatre utilis\u00e9s lors d&rsquo;\u00e9v\u00e8nements sp\u00e9ciaux afin de promouvoir l&rsquo;historique des services de transports probourgeois.<\/p>\n\n\n\n<p>Ceux-ci vous sont pr\u00e9sent\u00e9s par ordre chronologique.<\/p>\n\n\n\n<div class=\"wp-block-media-text is-stacked-on-mobile\" style=\"grid-template-columns:36% auto\"><figure class=\"wp-block-media-text__media\"><img loading=\"lazy\" decoding=\"async\" width=\"1024\" height=\"313\" src=\"https:\/\/seal.transport-manager.net\/orizo\/wp-content\/uploads\/sites\/54\/2022\/11\/Aucune-image...-1024x313.png\" alt=\"\" class=\"wp-image-237 size-full\" srcset=\"https:\/\/seal.transport-manager.net\/orizo\/wp-content\/uploads\/sites\/54\/2022\/11\/Aucune-image...-1024x313.png 1024w, https:\/\/seal.transport-manager.net\/orizo\/wp-content\/uploads\/sites\/54\/2022\/11\/Aucune-image...-300x92.png 300w, https:\/\/seal.transport-manager.net\/orizo\/wp-content\/uploads\/sites\/54\/2022\/11\/Aucune-image...-768x235.png 768w, https:\/\/seal.transport-manager.net\/orizo\/wp-content\/uploads\/sites\/54\/2022\/11\/Aucune-image...-1536x470.png 1536w, https:\/\/seal.transport-manager.net\/orizo\/wp-content\/uploads\/sites\/54\/2022\/11\/Aucune-image...-2048x626.png 2048w\" sizes=\"auto, (max-width: 1024px) 100vw, 1024px\" \/><\/figure><div class=\"wp-block-media-text__content\">\n<h3 class=\"wp-block-heading\">Saviem SC4 (1962)<\/h3>\n\n\n\n<p>Autobus standard<\/p>\n<\/div><\/div>\n\n\n\n<hr class=\"wp-block-separator has-alpha-channel-opacity is-style-dots\" \/>\n\n\n\n<div class=\"wp-block-media-text is-stacked-on-mobile\" style=\"grid-template-columns:27% auto\"><figure class=\"wp-block-media-text__media\"><img loading=\"lazy\" decoding=\"async\" width=\"1024\" height=\"313\" src=\"https:\/\/seal.transport-manager.net\/orizo\/wp-content\/uploads\/sites\/54\/2022\/11\/Aucune-image...-1024x313.png\" alt=\"\" class=\"wp-image-237 size-full\" srcset=\"https:\/\/seal.transport-manager.net\/orizo\/wp-content\/uploads\/sites\/54\/2022\/11\/Aucune-image...-1024x313.png 1024w, https:\/\/seal.transport-manager.net\/orizo\/wp-content\/uploads\/sites\/54\/2022\/11\/Aucune-image...-300x92.png 300w, https:\/\/seal.transport-manager.net\/orizo\/wp-content\/uploads\/sites\/54\/2022\/11\/Aucune-image...-768x235.png 768w, https:\/\/seal.transport-manager.net\/orizo\/wp-content\/uploads\/sites\/54\/2022\/11\/Aucune-image...-1536x470.png 1536w, https:\/\/seal.transport-manager.net\/orizo\/wp-content\/uploads\/sites\/54\/2022\/11\/Aucune-image...-2048x626.png 2048w\" sizes=\"auto, (max-width: 1024px) 100vw, 1024px\" \/><\/figure><div class=\"wp-block-media-text__content\">\n<h3 class=\"wp-block-heading\">Saviem SC1 (1964)<\/h3>\n\n\n\n<p>Midicar<\/p>\n<\/div><\/div>\n\n\n\n<hr class=\"wp-block-separator has-alpha-channel-opacity is-style-dots\" \/>\n\n\n\n<div class=\"wp-block-media-text is-stacked-on-mobile\" style=\"grid-template-columns:27% auto\"><figure class=\"wp-block-media-text__media\"><img loading=\"lazy\" decoding=\"async\" width=\"1024\" height=\"313\" src=\"https:\/\/seal.transport-manager.net\/orizo\/wp-content\/uploads\/sites\/54\/2022\/11\/Aucune-image...-1024x313.png\" alt=\"\" class=\"wp-image-237 size-full\" srcset=\"https:\/\/seal.transport-manager.net\/orizo\/wp-content\/uploads\/sites\/54\/2022\/11\/Aucune-image...-1024x313.png 1024w, https:\/\/seal.transport-manager.net\/orizo\/wp-content\/uploads\/sites\/54\/2022\/11\/Aucune-image...-300x92.png 300w, https:\/\/seal.transport-manager.net\/orizo\/wp-content\/uploads\/sites\/54\/2022\/11\/Aucune-image...-768x235.png 768w, https:\/\/seal.transport-manager.net\/orizo\/wp-content\/uploads\/sites\/54\/2022\/11\/Aucune-image...-1536x470.png 1536w, https:\/\/seal.transport-manager.net\/orizo\/wp-content\/uploads\/sites\/54\/2022\/11\/Aucune-image...-2048x626.png 2048w\" sizes=\"auto, (max-width: 1024px) 100vw, 1024px\" \/><\/figure><div class=\"wp-block-media-text__content\">\n<h3 class=\"wp-block-heading\">Saviem SC5 (1969)<\/h3>\n\n\n\n<p>Midicar<\/p>\n<\/div><\/div>\n\n\n\n<hr class=\"wp-block-separator has-alpha-channel-opacity is-style-dots\" \/>\n\n\n\n<div class=\"wp-block-media-text is-stacked-on-mobile\" style=\"grid-template-columns:36% auto\"><figure class=\"wp-block-media-text__media\"><img loading=\"lazy\" decoding=\"async\" width=\"1024\" height=\"313\" src=\"https:\/\/seal.transport-manager.net\/orizo\/wp-content\/uploads\/sites\/54\/2022\/11\/Aucune-image...-1024x313.png\" alt=\"\" class=\"wp-image-237 size-full\" srcset=\"https:\/\/seal.transport-manager.net\/orizo\/wp-content\/uploads\/sites\/54\/2022\/11\/Aucune-image...-1024x313.png 1024w, https:\/\/seal.transport-manager.net\/orizo\/wp-content\/uploads\/sites\/54\/2022\/11\/Aucune-image...-300x92.png 300w, https:\/\/seal.transport-manager.net\/orizo\/wp-content\/uploads\/sites\/54\/2022\/11\/Aucune-image...-768x235.png 768w, https:\/\/seal.transport-manager.net\/orizo\/wp-content\/uploads\/sites\/54\/2022\/11\/Aucune-image...-1536x470.png 1536w, https:\/\/seal.transport-manager.net\/orizo\/wp-content\/uploads\/sites\/54\/2022\/11\/Aucune-image...-2048x626.png 2048w\" sizes=\"auto, (max-width: 1024px) 100vw, 1024px\" \/><\/figure><div class=\"wp-block-media-text__content\">\n<h3 class=\"wp-block-heading\">Renault PR 14 (1982)<\/h3>\n\n\n\n<p>Autocar<\/p>\n<\/div><\/div>\n\n\n\n<hr class=\"wp-block-separator has-alpha-channel-opacity is-style-dots\" \/>\n\n\n\n<div class=\"wp-block-media-text is-stacked-on-mobile\" style=\"grid-template-columns:54% auto\"><figure class=\"wp-block-media-text__media\"><img loading=\"lazy\" decoding=\"async\" width=\"1024\" height=\"313\" src=\"https:\/\/seal.transport-manager.net\/orizo\/wp-content\/uploads\/sites\/54\/2022\/11\/Aucune-image...-1024x313.png\" alt=\"\" class=\"wp-image-237 size-full\" srcset=\"https:\/\/seal.transport-manager.net\/orizo\/wp-content\/uploads\/sites\/54\/2022\/11\/Aucune-image...-1024x313.png 1024w, https:\/\/seal.transport-manager.net\/orizo\/wp-content\/uploads\/sites\/54\/2022\/11\/Aucune-image...-300x92.png 300w, https:\/\/seal.transport-manager.net\/orizo\/wp-content\/uploads\/sites\/54\/2022\/11\/Aucune-image...-768x235.png 768w, https:\/\/seal.transport-manager.net\/orizo\/wp-content\/uploads\/sites\/54\/2022\/11\/Aucune-image...-1536x470.png 1536w, https:\/\/seal.transport-manager.net\/orizo\/wp-content\/uploads\/sites\/54\/2022\/11\/Aucune-image...-2048x626.png 2048w\" sizes=\"auto, (max-width: 1024px) 100vw, 1024px\" \/><\/figure><div class=\"wp-block-media-text__content\">\n<h3 class=\"wp-block-heading\">Renault PR 180.2 (1991)<\/h3>\n\n\n\n<p>Autobus articul\u00e9<\/p>\n<\/div><\/div>\n\n\n\n<hr class=\"wp-block-separator has-alpha-channel-opacity is-style-dots\" \/>\n\n\n\n<div class=\"wp-block-media-text is-stacked-on-mobile\" style=\"grid-template-columns:54% auto\"><figure class=\"wp-block-media-text__media\"><img loading=\"lazy\" decoding=\"async\" width=\"1024\" height=\"313\" src=\"https:\/\/seal.transport-manager.net\/orizo\/wp-content\/uploads\/sites\/54\/2022\/11\/Aucune-image...-1024x313.png\" alt=\"\" class=\"wp-image-237 size-full\" srcset=\"https:\/\/seal.transport-manager.net\/orizo\/wp-content\/uploads\/sites\/54\/2022\/11\/Aucune-image...-1024x313.png 1024w, https:\/\/seal.transport-manager.net\/orizo\/wp-content\/uploads\/sites\/54\/2022\/11\/Aucune-image...-300x92.png 300w, https:\/\/seal.transport-manager.net\/orizo\/wp-content\/uploads\/sites\/54\/2022\/11\/Aucune-image...-768x235.png 768w, https:\/\/seal.transport-manager.net\/orizo\/wp-content\/uploads\/sites\/54\/2022\/11\/Aucune-image...-1536x470.png 1536w, https:\/\/seal.transport-manager.net\/orizo\/wp-content\/uploads\/sites\/54\/2022\/11\/Aucune-image...-2048x626.png 2048w\" sizes=\"auto, (max-width: 1024px) 100vw, 1024px\" \/><\/figure><div class=\"wp-block-media-text__content\">\n<h3 class=\"wp-block-heading\">Irisbus Agora L (2002)<\/h3>\n\n\n\n<p>Autobus articul\u00e9<\/p>\n<\/div><\/div>\n\n\n\n<p><em>Retrouvez les informations sur les cr\u00e9ateurs des d\u00e9coupes vierges sur la page <a href=\"https:\/\/seal.transport-manager.net\/orizo\/credits\/\" data-type=\"page\" data-id=\"490\">Cr\u00e9dits<\/a>.<\/em><\/p>\n<\/div>\n\n\n\n<div class=\"wp-block-column is-layout-flow wp-block-column-is-layout-flow\" style=\"flex-basis:5%\"><\/div>\n<\/div>\n","protected":false},"excerpt":{"rendered":"<p>RTPA est la soci\u00e9t\u00e9 de transports publics de l\u2019agglom\u00e9ration de Probourg depuis f\u00e9vrier 2022. Notre principal objectif est de reporter les flux de d\u00e9placements vers les transports en commun. Pour cela, de nombreuses mesures ont \u00e9t\u00e9 ou seront mises en place, telle que l\u2019augmentation progressive de l\u2019offre de transport, ou [&hellip;]<\/p>\n","protected":false},"author":54,"featured_media":0,"parent":0,"menu_order":0,"comment_status":"closed","ping_status":"closed","template":"page-templates\/template-pagebuilder-full-width.php","meta":{"_EventAllDay":false,"_EventTimezone":"","_EventStartDate":"","_EventEndDate":"","_EventStartDateUTC":"","_EventEndDateUTC":"","_EventShowMap":false,"_EventShowMapLink":false,"_EventURL":"","_EventCost":"","_EventCostDescription":"","_EventCurrencySymbol":"","_EventCurrencyCode":"","_EventCurrencyPosition":"","_EventDateTimeSeparator":"","_EventTimeRangeSeparator":"","_EventOrganizerID":[],"_EventVenueID":[],"_OrganizerEmail":"","_OrganizerPhone":"","_OrganizerWebsite":"","_VenueAddress":"","_VenueCity":"","_VenueCountry":"","_VenueProvince":"","_VenueState":"","_VenueZip":"","_VenuePhone":"","_VenueURL":"","_VenueStateProvince":"","_VenueLat":"","_VenueLng":"","_VenueShowMap":false,"_VenueShowMapLink":false,"footnotes":""},"class_list":["post-105","page","type-page","status-publish","hentry"],"_links":{"self":[{"href":"https:\/\/seal.transport-manager.net\/orizo\/wp-json\/wp\/v2\/pages\/105","targetHints":{"allow":["GET"]}}],"collection":[{"href":"https:\/\/seal.transport-manager.net\/orizo\/wp-json\/wp\/v2\/pages"}],"about":[{"href":"https:\/\/seal.transport-manager.net\/orizo\/wp-json\/wp\/v2\/types\/page"}],"author":[{"embeddable":true,"href":"https:\/\/seal.transport-manager.net\/orizo\/wp-json\/wp\/v2\/users\/54"}],"replies":[{"embeddable":true,"href":"https:\/\/seal.transport-manager.net\/orizo\/wp-json\/wp\/v2\/comments?post=105"}],"version-history":[{"count":77,"href":"https:\/\/seal.transport-manager.net\/orizo\/wp-json\/wp\/v2\/pages\/105\/revisions"}],"predecessor-version":[{"id":2471,"href":"https:\/\/seal.transport-manager.net\/orizo\/wp-json\/wp\/v2\/pages\/105\/revisions\/2471"}],"wp:attachment":[{"href":"https:\/\/seal.transport-manager.net\/orizo\/wp-json\/wp\/v2\/media?parent=105"}],"curies":[{"name":"wp","href":"https:\/\/api.w.org\/{rel}","templated":true}]}}