{"id":2213,"date":"2025-06-25T21:23:31","date_gmt":"2025-06-25T19:23:31","guid":{"rendered":"https:\/\/seal.transport-manager.net\/orizo\/?page_id=2213"},"modified":"2026-03-12T20:37:52","modified_gmt":"2026-03-12T19:37:52","slug":"tramway","status":"publish","type":"page","link":"https:\/\/seal.transport-manager.net\/orizo\/tramway\/","title":{"rendered":"Ligne A du tramway"},"content":{"rendered":"\n<figure class=\"wp-block-image alignfull size-full\"><img loading=\"lazy\" decoding=\"async\" width=\"2501\" height=\"226\" src=\"https:\/\/seal.transport-manager.net\/orizo\/wp-content\/uploads\/sites\/54\/2025\/06\/Tram-02.png\" alt=\"\" class=\"wp-image-2212\" srcset=\"https:\/\/seal.transport-manager.net\/orizo\/wp-content\/uploads\/sites\/54\/2025\/06\/Tram-02.png 2501w, https:\/\/seal.transport-manager.net\/orizo\/wp-content\/uploads\/sites\/54\/2025\/06\/Tram-02-300x27.png 300w, https:\/\/seal.transport-manager.net\/orizo\/wp-content\/uploads\/sites\/54\/2025\/06\/Tram-02-1024x93.png 1024w, https:\/\/seal.transport-manager.net\/orizo\/wp-content\/uploads\/sites\/54\/2025\/06\/Tram-02-768x69.png 768w, https:\/\/seal.transport-manager.net\/orizo\/wp-content\/uploads\/sites\/54\/2025\/06\/Tram-02-1536x139.png 1536w, https:\/\/seal.transport-manager.net\/orizo\/wp-content\/uploads\/sites\/54\/2025\/06\/Tram-02-2048x185.png 2048w\" sizes=\"auto, (max-width: 2501px) 100vw, 2501px\" \/><\/figure>\n\n\n\n<div class=\"wp-block-columns alignfull is-layout-flex wp-container-core-columns-is-layout-28f84493 wp-block-columns-is-layout-flex\">\n<div class=\"wp-block-column is-layout-flow wp-block-column-is-layout-flow\" style=\"flex-basis:5%\"><\/div>\n\n\n\n<div class=\"wp-block-column is-layout-flow wp-block-column-is-layout-flow\">\n<h2 class=\"wp-block-heading\">Ligne A du tramway<\/h2>\n\n\n\n<p class=\"has-medium-font-size\">Afin d&rsquo;absorber le fort trafic sur l&rsquo;axe nord-est sud-ouest de Probourg, des travaux sont en cours afin de cr\u00e9er une ligne de tramway correspondant aux lignes actuelles B2 et 4.<\/p>\n\n\n\n<p>Retrouvez sur cette page toutes les informations utiles sur le tramway.<\/p>\n\n\n\n<h3 class=\"wp-block-heading has-medium-font-size\" id=\"la-ligne\">Trac\u00e9 de la ligne<\/h3>\n\n\n\n<p>La ligne reliera l&rsquo;A\u00e9roport International \u00e0 la Clinique Saint-Paul via la Place de l&rsquo;Europe et la Gare Centrale.<\/p>\n\n\n\n<p>Retrouvez ci-dessous le plan du tramway, avec les principales modifications du r\u00e9seau bus qui accompagneront sa mise en service.<\/p>\n\n\n\n<div data-wp-interactive=\"core\/file\" class=\"wp-block-file\"><object data-wp-bind--hidden=\"!state.hasPdfPreview\" hidden class=\"wp-block-file__embed\" data=\"https:\/\/seal.transport-manager.net\/orizo\/wp-content\/uploads\/sites\/54\/2025\/12\/Plan-projet-tram.pdf\" type=\"application\/pdf\" style=\"width:100%;height:700px\" aria-label=\"Contenu embarqu\u00e9 Plan projet tram.\"><\/object><a id=\"wp-block-file--media-4bbb001a-2b4e-486f-9871-11995f5fc6fc\" href=\"https:\/\/seal.transport-manager.net\/orizo\/wp-content\/uploads\/sites\/54\/2025\/12\/Plan-projet-tram.pdf\" target=\"_blank\" rel=\"noreferrer noopener\">Plan projet tram<\/a><a href=\"https:\/\/seal.transport-manager.net\/orizo\/wp-content\/uploads\/sites\/54\/2025\/12\/Plan-projet-tram.pdf\" class=\"wp-block-file__button wp-element-button\" download aria-describedby=\"wp-block-file--media-4bbb001a-2b4e-486f-9871-11995f5fc6fc\">T\u00e9l\u00e9charger<\/a><\/div>\n\n\n\n<h3 class=\"wp-block-heading\" id=\"les-horaires\">Mise en service et horaires<\/h3>\n\n\n\n<p>La mise en service du tramway est pr\u00e9vue pour le lundi 17 ao\u00fbt 2026. Cela permettra un rodage en douceur durant deux semaines avant la rentr\u00e9e de septembre.<\/p>\n\n\n\n<p>La ligne A circule 7 jours sur 7, et sur de larges plages horaires. Du jeudi au lundi, la ligne circule 24 heures sur 24 entre la Place de l&rsquo;Europe et la Clinique Saint-Paul : id\u00e9al pour vos sorties !<\/p>\n\n\n\n<p>Voici les fr\u00e9quences pr\u00e9visionnelles de votre ligne de tramway :<\/p>\n\n\n\n<figure class=\"wp-block-table is-style-stripes\"><table class=\"has-fixed-layout\"><tbody><tr><td>En journ\u00e9e<\/td><td>En heures de pointe<\/td><td>T\u00f4t le matin et le soir<\/td><td>La nuit*<\/td><\/tr><tr><td>7\/8 minutes<\/td><td>5\/6 minutes<\/td><td>15 minutes<\/td><td>30 minutes<\/td><\/tr><\/tbody><\/table><figcaption class=\"wp-element-caption\">Fr\u00e9quences du lundi au vendredi<\/figcaption><\/figure>\n\n\n\n<hr class=\"wp-block-separator has-alpha-channel-opacity is-style-dots\" \/>\n\n\n\n<figure class=\"wp-block-table is-style-stripes\"><table class=\"has-fixed-layout\"><tbody><tr><td>En journ\u00e9e<\/td><td>En heures de pointe<\/td><td>T\u00f4t le matin et le soir<\/td><td>La nuit*<\/td><\/tr><tr><td>8\/10 minutes<\/td><td>7\/8 minutes<\/td><td>12 minutes<\/td><td>30 minutes<\/td><\/tr><\/tbody><\/table><figcaption class=\"wp-element-caption\">Fr\u00e9quences le samedi<\/figcaption><\/figure>\n\n\n\n<hr class=\"wp-block-separator has-alpha-channel-opacity is-style-dots\" \/>\n\n\n\n<figure class=\"wp-block-table is-style-stripes\"><table class=\"has-fixed-layout\"><tbody><tr><td>En journ\u00e9e<\/td><td>En heures de pointe<\/td><td>La nuit*<\/td><\/tr><tr><td>15 minutes<\/td><td>10 minutes<\/td><td>30 minutes<\/td><\/tr><\/tbody><\/table><figcaption class=\"wp-element-caption\">Fr\u00e9quences le dimanche et les jours f\u00e9ri\u00e9s<\/figcaption><\/figure>\n\n\n\n<p>*la nuit : uniquement du jeudi soir au lundi matin, entre les stations Place de l&rsquo;Europe et Clinique Saint-Paul.<\/p>\n\n\n\n<h3 class=\"wp-block-heading\" id=\"les-services\">Services<\/h3>\n\n\n\n<p>Les rames de tramway, modernes et spacieuses, vous proposent de nombreux services. Retrouvez une connexion Internet stable durant votre trajet ainsi que des ports USB pour vos appareils.<\/p>\n\n\n\n<p>Les \u00e9crans d&rsquo;information vous accompagnent durant votre d\u00e9placement et vous informent sur les prochains arr\u00eats et les correspondances.<\/p>\n\n\n\n<p>Les stations sont s\u00e9curis\u00e9es et \u00e9quip\u00e9es d&rsquo;abris, d&rsquo;\u00e9crans d&rsquo;information indiquant les prochains passages et de distributeurs de titres de transport.<\/p>\n\n\n\n<h3 class=\"wp-block-heading\" id=\"les-travaux\">Travaux<\/h3>\n\n\n\n<p>Les travaux de la ligne A sont actuellement en cours. Voici le calendrier pr\u00e9visionnel des travaux :<\/p>\n\n\n\n<ul class=\"wp-block-list\">\n<li>Jusqu&rsquo;au 8 f\u00e9vrier : tron\u00e7on de Gare Centrale \u00e0 Place de l&rsquo;Europe<\/li>\n\n\n\n<li>du 8 f\u00e9vrier au 8 mai : tron\u00e7ons de Gare Centrale \u00e0 Clinique Saint-Paul et de Place de l&rsquo;Europe \u00e0 A\u00e9roport International<\/li>\n<\/ul>\n\n\n\n<p>Les travaux sont r\u00e9alis\u00e9s en plusieurs phases afin de limiter les perturbations sur vos trajets du quotidien. Retrouvez tous les d\u00e9tails sur la page info trafic, en agence et sur vos points d&rsquo;arr\u00eats.<\/p>\n\n\n\n<p>N&rsquo;h\u00e9sitez \u00e9galement pas \u00e0 donner votre avis via le <a href=\"https:\/\/seal.transport-manager.net\/orizo\/a-propos\/contactez-nous\/\" data-type=\"page\" data-id=\"109\">formulaire de contact disponible sur notre site<\/a> !<\/p>\n\n\n\n<h3 class=\"wp-block-heading\" id=\"les-actualit\u00e9s\">Actualit\u00e9s du tramway<\/h3>\n\n\n\n<div class=\"wp-block-query is-layout-flow wp-block-query-is-layout-flow\"><ul class=\"columns-2 wp-block-post-template is-layout-grid wp-container-core-post-template-is-layout-d94fdf01 wp-block-post-template-is-layout-grid\"><li class=\"wp-block-post post-2439 post type-post status-publish format-standard has-post-thumbnail hentry category-actualites category-info-reseau tag-13 tag-b2 tag-tram\">\n\n<div class=\"wp-block-columns are-vertically-aligned-center is-layout-flex wp-container-core-columns-is-layout-28f84493 wp-block-columns-is-layout-flex\">\n<div class=\"wp-block-column is-vertically-aligned-center is-layout-flow wp-block-column-is-layout-flow\" style=\"flex-basis:25%\"><figure class=\"wp-block-post-featured-image\"><a href=\"https:\/\/seal.transport-manager.net\/orizo\/actualites\/2026\/02\/08\/2439\/\" target=\"_self\"  ><img loading=\"lazy\" decoding=\"async\" width=\"2560\" height=\"1707\" src=\"https:\/\/seal.transport-manager.net\/orizo\/wp-content\/uploads\/sites\/54\/2026\/02\/Tram-travaux_Information-generale-scaled.png\" class=\"attachment-post-thumbnail size-post-thumbnail wp-post-image\" alt=\"Tramway : les travaux avancent\" style=\"object-fit:cover;\" srcset=\"https:\/\/seal.transport-manager.net\/orizo\/wp-content\/uploads\/sites\/54\/2026\/02\/Tram-travaux_Information-generale-scaled.png 2560w, https:\/\/seal.transport-manager.net\/orizo\/wp-content\/uploads\/sites\/54\/2026\/02\/Tram-travaux_Information-generale-300x200.png 300w, https:\/\/seal.transport-manager.net\/orizo\/wp-content\/uploads\/sites\/54\/2026\/02\/Tram-travaux_Information-generale-1024x683.png 1024w, https:\/\/seal.transport-manager.net\/orizo\/wp-content\/uploads\/sites\/54\/2026\/02\/Tram-travaux_Information-generale-768x512.png 768w, https:\/\/seal.transport-manager.net\/orizo\/wp-content\/uploads\/sites\/54\/2026\/02\/Tram-travaux_Information-generale-1536x1024.png 1536w, https:\/\/seal.transport-manager.net\/orizo\/wp-content\/uploads\/sites\/54\/2026\/02\/Tram-travaux_Information-generale-2048x1365.png 2048w, https:\/\/seal.transport-manager.net\/orizo\/wp-content\/uploads\/sites\/54\/2026\/02\/Tram-travaux_Information-generale-360x240.png 360w\" sizes=\"auto, (max-width: 2560px) 100vw, 2560px\" \/><\/a><\/figure><\/div>\n\n\n\n<div class=\"wp-block-column is-vertically-aligned-center is-layout-flow wp-block-column-is-layout-flow\" style=\"flex-basis:75%\"><h2 class=\"wp-block-post-title\"><a href=\"https:\/\/seal.transport-manager.net\/orizo\/actualites\/2026\/02\/08\/2439\/\" target=\"_self\" >Tramway : les travaux avancent<\/a><\/h2><\/div>\n<\/div>\n\n<\/li><li class=\"wp-block-post post-2353 post type-post status-publish format-standard has-post-thumbnail hentry category-actualites category-info-reseau tag-bus-plus tag-34 tag-49 tag-50 tag-51 tag-35 tag-44 tag-45 tag-52 tag-53 tag-54 tag-13 tag-15 tag-16 tag-36 tag-55 tag-56 tag-37 tag-46 tag-47 tag-48 tag-57 tag-58 tag-17 tag-32 tag-ligne-9 tag-ligne-901 tag-ligne-902 tag-b1 tag-b2 tag-b3 tag-tram\">\n\n<div class=\"wp-block-columns are-vertically-aligned-center is-layout-flex wp-container-core-columns-is-layout-28f84493 wp-block-columns-is-layout-flex\">\n<div class=\"wp-block-column is-vertically-aligned-center is-layout-flow wp-block-column-is-layout-flow\" style=\"flex-basis:25%\"><figure class=\"wp-block-post-featured-image\"><a href=\"https:\/\/seal.transport-manager.net\/orizo\/actualites\/2025\/12\/31\/2353\/\" target=\"_self\"  ><img loading=\"lazy\" decoding=\"async\" width=\"11251\" height=\"7500\" src=\"https:\/\/seal.transport-manager.net\/orizo\/wp-content\/uploads\/sites\/54\/2025\/12\/Bientot-sur-votre-reseau_Nouveaute.png\" class=\"attachment-post-thumbnail size-post-thumbnail wp-post-image\" alt=\"Les \u00e9volutions du r\u00e9seau en 2026\" style=\"object-fit:cover;\" \/><\/a><\/figure><\/div>\n\n\n\n<div class=\"wp-block-column is-vertically-aligned-center is-layout-flow wp-block-column-is-layout-flow\" style=\"flex-basis:75%\"><h2 class=\"wp-block-post-title\"><a href=\"https:\/\/seal.transport-manager.net\/orizo\/actualites\/2025\/12\/31\/2353\/\" target=\"_self\" >Les \u00e9volutions du r\u00e9seau en 2026<\/a><\/h2><\/div>\n<\/div>\n\n<\/li><li class=\"wp-block-post post-2217 post type-post status-publish format-standard has-post-thumbnail hentry category-actualites category-info-reseau category-info-trafic tag-tram\">\n\n<div class=\"wp-block-columns are-vertically-aligned-center is-layout-flex wp-container-core-columns-is-layout-28f84493 wp-block-columns-is-layout-flex\">\n<div class=\"wp-block-column is-vertically-aligned-center is-layout-flow wp-block-column-is-layout-flow\" style=\"flex-basis:25%\"><figure class=\"wp-block-post-featured-image\"><a href=\"https:\/\/seal.transport-manager.net\/orizo\/actualites\/2025\/06\/25\/2217\/\" target=\"_self\"  ><img loading=\"lazy\" decoding=\"async\" width=\"2560\" height=\"1706\" src=\"https:\/\/seal.transport-manager.net\/orizo\/wp-content\/uploads\/sites\/54\/2025\/06\/Tram_etudes_Nouveaute-scaled.png\" class=\"attachment-post-thumbnail size-post-thumbnail wp-post-image\" alt=\"Tramway\" style=\"object-fit:cover;\" srcset=\"https:\/\/seal.transport-manager.net\/orizo\/wp-content\/uploads\/sites\/54\/2025\/06\/Tram_etudes_Nouveaute-scaled.png 2560w, https:\/\/seal.transport-manager.net\/orizo\/wp-content\/uploads\/sites\/54\/2025\/06\/Tram_etudes_Nouveaute-300x200.png 300w, https:\/\/seal.transport-manager.net\/orizo\/wp-content\/uploads\/sites\/54\/2025\/06\/Tram_etudes_Nouveaute-1024x683.png 1024w, https:\/\/seal.transport-manager.net\/orizo\/wp-content\/uploads\/sites\/54\/2025\/06\/Tram_etudes_Nouveaute-768x512.png 768w, https:\/\/seal.transport-manager.net\/orizo\/wp-content\/uploads\/sites\/54\/2025\/06\/Tram_etudes_Nouveaute-1536x1024.png 1536w, https:\/\/seal.transport-manager.net\/orizo\/wp-content\/uploads\/sites\/54\/2025\/06\/Tram_etudes_Nouveaute-2048x1365.png 2048w, https:\/\/seal.transport-manager.net\/orizo\/wp-content\/uploads\/sites\/54\/2025\/06\/Tram_etudes_Nouveaute-360x240.png 360w\" sizes=\"auto, (max-width: 2560px) 100vw, 2560px\" \/><\/a><\/figure><\/div>\n\n\n\n<div class=\"wp-block-column is-vertically-aligned-center is-layout-flow wp-block-column-is-layout-flow\" style=\"flex-basis:75%\"><h2 class=\"wp-block-post-title\"><a href=\"https:\/\/seal.transport-manager.net\/orizo\/actualites\/2025\/06\/25\/2217\/\" target=\"_self\" >Tramway<\/a><\/h2><\/div>\n<\/div>\n\n<\/li><\/ul><\/div>\n\n\n\n<p>Les services de la RTPA restent \u00e0 votre disposition pour tout renseignement compl\u00e9mentaire.<\/p>\n\n\n\n<p class=\"has-large-font-size\">+ rapide<br>+ fr\u00e9quent<br>+ confortable<br>+ s\u00fbr<br>Le tramway arrive !<\/p>\n<\/div>\n\n\n\n<div class=\"wp-block-column is-layout-flow wp-block-column-is-layout-flow\" style=\"flex-basis:5%\"><\/div>\n<\/div>\n","protected":false},"excerpt":{"rendered":"<p>Ligne A du tramway Afin d&rsquo;absorber le fort trafic sur l&rsquo;axe nord-est sud-ouest de Probourg, des travaux sont en cours afin de cr\u00e9er une ligne de tramway correspondant aux lignes actuelles B2 et 4. Retrouvez sur cette page toutes les informations utiles sur le tramway. Trac\u00e9 de la ligne La [&hellip;]<\/p>\n","protected":false},"author":54,"featured_media":0,"parent":0,"menu_order":0,"comment_status":"closed","ping_status":"closed","template":"page-templates\/template-pagebuilder-full-width.php","meta":{"_EventAllDay":false,"_EventTimezone":"","_EventStartDate":"","_EventEndDate":"","_EventStartDateUTC":"","_EventEndDateUTC":"","_EventShowMap":false,"_EventShowMapLink":false,"_EventURL":"","_EventCost":"","_EventCostDescription":"","_EventCurrencySymbol":"","_EventCurrencyCode":"","_EventCurrencyPosition":"","_EventDateTimeSeparator":"","_EventTimeRangeSeparator":"","_EventOrganizerID":[],"_EventVenueID":[],"_OrganizerEmail":"","_OrganizerPhone":"","_OrganizerWebsite":"","_VenueAddress":"","_VenueCity":"","_VenueCountry":"","_VenueProvince":"","_VenueState":"","_VenueZip":"","_VenuePhone":"","_VenueURL":"","_VenueStateProvince":"","_VenueLat":"","_VenueLng":"","_VenueShowMap":false,"_VenueShowMapLink":false,"footnotes":""},"class_list":["post-2213","page","type-page","status-publish","hentry"],"_links":{"self":[{"href":"https:\/\/seal.transport-manager.net\/orizo\/wp-json\/wp\/v2\/pages\/2213","targetHints":{"allow":["GET"]}}],"collection":[{"href":"https:\/\/seal.transport-manager.net\/orizo\/wp-json\/wp\/v2\/pages"}],"about":[{"href":"https:\/\/seal.transport-manager.net\/orizo\/wp-json\/wp\/v2\/types\/page"}],"author":[{"embeddable":true,"href":"https:\/\/seal.transport-manager.net\/orizo\/wp-json\/wp\/v2\/users\/54"}],"replies":[{"embeddable":true,"href":"https:\/\/seal.transport-manager.net\/orizo\/wp-json\/wp\/v2\/comments?post=2213"}],"version-history":[{"count":6,"href":"https:\/\/seal.transport-manager.net\/orizo\/wp-json\/wp\/v2\/pages\/2213\/revisions"}],"predecessor-version":[{"id":2478,"href":"https:\/\/seal.transport-manager.net\/orizo\/wp-json\/wp\/v2\/pages\/2213\/revisions\/2478"}],"wp:attachment":[{"href":"https:\/\/seal.transport-manager.net\/orizo\/wp-json\/wp\/v2\/media?parent=2213"}],"curies":[{"name":"wp","href":"https:\/\/api.w.org\/{rel}","templated":true}]}}