{"id":44,"date":"2022-11-12T13:47:49","date_gmt":"2022-11-12T12:47:49","guid":{"rendered":"https:\/\/seal.transport-manager.net\/orizo\/?page_id=44"},"modified":"2025-05-01T20:12:57","modified_gmt":"2025-05-01T18:12:57","slug":"accueil","status":"publish","type":"page","link":"https:\/\/seal.transport-manager.net\/orizo\/","title":{"rendered":"Accueil"},"content":{"rendered":"\n<div class=\"wp-block-columns alignwide is-layout-flex wp-container-core-columns-is-layout-28f84493 wp-block-columns-is-layout-flex\">\n<div class=\"wp-block-column is-layout-flow wp-block-column-is-layout-flow\">\n<script data-js='tribe-events-view-nonce-data' type='application\/json'>{\"tvn1\":\"8b895f5abb\",\"tvn2\":\"\"}<\/script>\n\n\n\n<p>Vos transports dans l&rsquo;Agglom\u00e9ration de Probourg Levabeuge avec la R\u00e9gie des Transports de Probourg Agglom\u00e9ration (RTPA) !<\/p>\n\n\n\n<p>Depuis f\u00e9vrier 2022, nous vous transportons partout, o\u00f9 vous le souhaitez \u00e0 Probourg.<\/p>\n\n\n\n<p>Votre r\u00e9seau de transports publics op\u00e8re actuellement une vingtaine de lignes r\u00e9guli\u00e8res dans Probourg et son agglom\u00e9ration avec pr\u00e8s de 200 v\u00e9hicules et plus de 550 employ\u00e9s.<\/p>\n\n\n\n<p>Choisir la RTPA pour ses d\u00e9placements, c&rsquo;est faire le choix d&rsquo;un avenir durable, d&rsquo;\u00e9conomies et de tranquillit\u00e9.<\/p>\n<\/div>\n<\/div>\n","protected":false},"excerpt":{"rendered":"<p>Vos transports dans l&rsquo;Agglom\u00e9ration de Probourg Levabeuge avec la R\u00e9gie des Transports de Probourg Agglom\u00e9ration (RTPA) ! Depuis f\u00e9vrier 2022, nous vous transportons partout, o\u00f9 vous le souhaitez \u00e0 Probourg. Votre r\u00e9seau de transports publics op\u00e8re actuellement une vingtaine de lignes r\u00e9guli\u00e8res dans Probourg et son agglom\u00e9ration avec pr\u00e8s de [&hellip;]<\/p>\n","protected":false},"author":54,"featured_media":0,"parent":0,"menu_order":0,"comment_status":"closed","ping_status":"closed","template":"","meta":{"_EventAllDay":false,"_EventTimezone":"","_EventStartDate":"","_EventEndDate":"","_EventStartDateUTC":"","_EventEndDateUTC":"","_EventShowMap":false,"_EventShowMapLink":false,"_EventURL":"","_EventCost":"","_EventCostDescription":"","_EventCurrencySymbol":"","_EventCurrencyCode":"","_EventCurrencyPosition":"","_EventDateTimeSeparator":"","_EventTimeRangeSeparator":"","_EventOrganizerID":[],"_EventVenueID":[],"_OrganizerEmail":"","_OrganizerPhone":"","_OrganizerWebsite":"","_VenueAddress":"","_VenueCity":"","_VenueCountry":"","_VenueProvince":"","_VenueState":"","_VenueZip":"","_VenuePhone":"","_VenueURL":"","_VenueStateProvince":"","_VenueLat":"","_VenueLng":"","_VenueShowMap":false,"_VenueShowMapLink":false,"footnotes":""},"class_list":["post-44","page","type-page","status-publish","hentry"],"_links":{"self":[{"href":"https:\/\/seal.transport-manager.net\/orizo\/wp-json\/wp\/v2\/pages\/44","targetHints":{"allow":["GET"]}}],"collection":[{"href":"https:\/\/seal.transport-manager.net\/orizo\/wp-json\/wp\/v2\/pages"}],"about":[{"href":"https:\/\/seal.transport-manager.net\/orizo\/wp-json\/wp\/v2\/types\/page"}],"author":[{"embeddable":true,"href":"https:\/\/seal.transport-manager.net\/orizo\/wp-json\/wp\/v2\/users\/54"}],"replies":[{"embeddable":true,"href":"https:\/\/seal.transport-manager.net\/orizo\/wp-json\/wp\/v2\/comments?post=44"}],"version-history":[{"count":17,"href":"https:\/\/seal.transport-manager.net\/orizo\/wp-json\/wp\/v2\/pages\/44\/revisions"}],"predecessor-version":[{"id":2098,"href":"https:\/\/seal.transport-manager.net\/orizo\/wp-json\/wp\/v2\/pages\/44\/revisions\/2098"}],"wp:attachment":[{"href":"https:\/\/seal.transport-manager.net\/orizo\/wp-json\/wp\/v2\/media?parent=44"}],"curies":[{"name":"wp","href":"https:\/\/api.w.org\/{rel}","templated":true}]}}